{"id":22,"date":"2019-09-08T16:48:33","date_gmt":"2019-09-08T16:48:33","guid":{"rendered":"https:\/\/www.cavallcartro.cat\/escoles\/llim-espigol\/?page_id=22"},"modified":"2026-03-31T13:32:51","modified_gmt":"2026-03-31T13:32:51","slug":"inici","status":"publish","type":"page","link":"https:\/\/www.cavallcartro.cat\/escoles\/llim-espigol-sant-pere-de-ribes\/","title":{"rendered":"Inici"},"content":{"rendered":"<div class=\"wpb-content-wrapper\">[vc_row full_width=&#8221;stretch_row&#8221; css=&#8221;.vc_custom_1678736218894{padding-top: 100px !important;padding-bottom: 50px !important;background-image: url(https:\/\/www.cavallcartro.cat\/escoles\/llip-la-baldufa\/wp-content\/uploads\/sites\/3\/2017\/09\/fons1.jpg?id=39) !important;}&#8221;][vc_column][vc_column_text]\n<h1>Estimades fam\u00edlies, benvingudes a la LLIM L&#8217;ESP\u00cdGOL, Sant Pere de Ribes<\/h1>\n<p>Estem molt contentes de donar-vos la benvinguda a la nostra Llar, on <strong>les portes sempre estaran obertes per a vosaltres<\/strong>. Aqu\u00ed hi teniu cabuda totes i tots. Des del m\u00e9s gran fins el m\u00e9s xic, tots sou importants per a nosaltres.[\/vc_column_text][\/vc_column][\/vc_row][vc_row full_width=&#8221;stretch_row&#8221; el_id=&#8221;qui-som&#8221; css=&#8221;.vc_custom_1500032841736{padding-top: 150px !important;}&#8221;][vc_column width=&#8221;1\/4&#8243;]<div  class=\"swmsc_fancy_heading swmsc_fancy_heading_center fh_icon_fancyHeadingNoIcon\" style=\"margin-top:40px;margin-bottom:40px;\">\n\t\t\t\t\t\t<div class=\"swmsc_fancy_heading_text\" style=\"font-size:30px;line-height:36px;\">\n\t\t\t\t\t\t\t\n<h1>Qui som?<\/h1>\n\n\t\t\t\t\t\t\t<div class=\"swmsc_fancy_heading_border\">\n\t\t\t\t\t\t\t\t<span class=\"swmsc_fancy_heading_border1\" style=\"background:#f8b54d;\"><\/span>\n\t\t\t\t\t\t\t\t<span class=\"swmsc_fancy_heading_border2\" style=\"background:#f8b54d;\"><\/span>\n\t\t\t\t\t\t\t\t<span class=\"swmsc_fancy_heading_icon\"><i class=\"fa fa-fancyHeadingNoIcon\"  style=\"color:#8373ce;\"><\/i><\/span>\n\t\t\t\t\t\t\t<\/div>\n\t\t\t\t\t\t<\/div>\n\t\t\t\t\t<\/div>[\/vc_column][vc_column width=&#8221;3\/4&#8243; css=&#8221;.vc_custom_1506676119457{padding-top: 50px !important;}&#8221;][vc_column_text]Som un equip educatiu amb <strong>m\u00e9s de 10 anys d\u2019experi\u00e8ncia<\/strong> en el camp de la petita inf\u00e0ncia.<\/p>\n<p>El nostre objectiu principal \u00e9s <strong>la felicitat de l&#8217;infant<\/strong>. Creem espais i situacions on se senti c\u00f2mode per a <strong>desenvolupar totes les seves capacitats<\/strong>.<\/p>\n<p>La Llar est\u00e0 situada en un <strong>entorn natural<\/strong> que ens ofereix m\u00faltiples possibilitats de descoberta, i prou a prop del nucli urb\u00e0 per poder con\u00e8ixer i viure els seus espais i les seves festes.[\/vc_column_text][\/vc_column][\/vc_row][vc_row full_width=&#8221;stretch_row&#8221; el_id=&#8221;horaris&#8221; css=&#8221;.vc_custom_1499942765676{padding-top: 150px !important;}&#8221;][vc_column width=&#8221;1\/4&#8243;]<div  class=\"swmsc_fancy_heading swmsc_fancy_heading_center fh_icon_fancyHeadingNoIcon\" style=\"margin-top:40px;margin-bottom:40px;\">\n\t\t\t\t\t\t<div class=\"swmsc_fancy_heading_text\" style=\"font-size:30px;line-height:36px;\">\n\t\t\t\t\t\t\t\n<h1>Horaris<\/h1>\n\n\t\t\t\t\t\t\t<div class=\"swmsc_fancy_heading_border\">\n\t\t\t\t\t\t\t\t<span class=\"swmsc_fancy_heading_border1\" style=\"background:#f8b54d;\"><\/span>\n\t\t\t\t\t\t\t\t<span class=\"swmsc_fancy_heading_border2\" style=\"background:#f8b54d;\"><\/span>\n\t\t\t\t\t\t\t\t<span class=\"swmsc_fancy_heading_icon\"><i class=\"fa fa-fancyHeadingNoIcon\"  style=\"color:#8373ce;\"><\/i><\/span>\n\t\t\t\t\t\t\t<\/div>\n\t\t\t\t\t\t<\/div>\n\t\t\t\t\t<\/div>[\/vc_column][vc_column width=&#8221;3\/4&#8243; css=&#8221;.vc_custom_1506676126679{padding-top: 50px !important;}&#8221;][vc_column_text css=&#8221;&#8221;]<strong>Horari d\u2019acollida matinal<\/strong> per a les fam\u00edlies que ho necessitin: de 7:45 h a 9:00 h<br \/>\n<strong>Horari lectiu:<\/strong> de 9:00 h a 12:30 h i de 15:00 h a 17:00 h<br \/>\n<strong>Horari de menjador i descans:<\/strong> de 12:30 h a 15:00 h[\/vc_column_text][\/vc_column][\/vc_row][vc_row full_width=&#8221;stretch_row&#8221; el_id=&#8221;calendari&#8221; css=&#8221;.vc_custom_1499942774068{padding-top: 150px !important;}&#8221;][vc_column width=&#8221;1\/4&#8243;]<div  class=\"swmsc_fancy_heading swmsc_fancy_heading_center fh_icon_fancyHeadingNoIcon\" style=\"margin-top:40px;margin-bottom:40px;\">\n\t\t\t\t\t\t<div class=\"swmsc_fancy_heading_text\" style=\"font-size:30px;line-height:36px;\">\n\t\t\t\t\t\t\t\n<h1>Calendari<\/h1>\n\n\t\t\t\t\t\t\t<div class=\"swmsc_fancy_heading_border\">\n\t\t\t\t\t\t\t\t<span class=\"swmsc_fancy_heading_border1\" style=\"background:#f8b54d;\"><\/span>\n\t\t\t\t\t\t\t\t<span class=\"swmsc_fancy_heading_border2\" style=\"background:#f8b54d;\"><\/span>\n\t\t\t\t\t\t\t\t<span class=\"swmsc_fancy_heading_icon\"><i class=\"fa fa-fancyHeadingNoIcon\"  style=\"color:#8373ce;\"><\/i><\/span>\n\t\t\t\t\t\t\t<\/div>\n\t\t\t\t\t\t<\/div>\n\t\t\t\t\t<\/div>[\/vc_column][vc_column width=&#8221;3\/4&#8243; css=&#8221;.vc_custom_1506676134880{padding-top: 50px !important;}&#8221;]<div  class=\"swmsc_image_lightbox  image_left\" >\n\n\t\t\t\t\t\t<div class=\"swmsc_image_lightbox_img\"><img decoding=\"async\" alt=\"\" src=\"https:\/\/www.cavallcartro.cat\/escoles\/llim-espigol-sant-pere-de-ribes\/wp-content\/uploads\/sites\/33\/2025\/09\/calendari-25-26.jpg\" class=\"\" style=\"border-radius:10px;\" \/><div class=\"swmsc_img_overlay\" style=\"border-radius:10px;\">\n\t\t\t\t\t\t\t\t\t\t\t\t<a class=\"\" href=\"https:\/\/www.cavallcartro.cat\/escoles\/llim-espigol-sant-pere-de-ribes\/wp-content\/uploads\/sites\/33\/2025\/09\/calendari-25-26.jpg\" title=\"\" target=\"_blank\" >\n\t\t\t\t\t\t\t\t\t\t\t\t\t<i class=\"fa fa-link\"><\/i>\n\t\t\t\t\t\t\t\t\t\t\t\t<\/a>\n\t\t\t\t\t\t\t\t\t\t\t<\/div><\/div><\/div><div  class=\"swmsc_image_lightbox  image_left\" >\n\n\t\t\t\t\t\t<div class=\"swmsc_image_lightbox_img\"><img decoding=\"async\" alt=\"\" src=\"https:\/\/www.cavallcartro.cat\/escoles\/llim-espigol-sant-pere-de-ribes\/wp-content\/uploads\/sites\/33\/2025\/09\/Calendari-25-26-Espigol.jpg\" class=\"\" style=\"border-radius:10px;\" \/><div class=\"swmsc_img_overlay\" style=\"border-radius:10px;\">\n\t\t\t\t\t\t\t\t\t\t\t\t<a class=\"\" href=\"https:\/\/www.cavallcartro.cat\/escoles\/llim-espigol-sant-pere-de-ribes\/wp-content\/uploads\/sites\/33\/2025\/09\/Calendari-25-26-Espigol.jpg\" title=\"\" target=\"_blank\" >\n\t\t\t\t\t\t\t\t\t\t\t\t\t<i class=\"fa fa-link\"><\/i>\n\t\t\t\t\t\t\t\t\t\t\t\t<\/a>\n\t\t\t\t\t\t\t\t\t\t\t<\/div><\/div><\/div>[\/vc_column][\/vc_row][vc_row full_width=&#8221;stretch_row&#8221; el_id=&#8221;aules&#8221; css=&#8221;.vc_custom_1499942782522{padding-top: 150px !important;}&#8221;][vc_column width=&#8221;1\/4&#8243;]<div  class=\"swmsc_fancy_heading swmsc_fancy_heading_center fh_icon_fancyHeadingNoIcon\" style=\"margin-top:40px;margin-bottom:40px;\">\n\t\t\t\t\t\t<div class=\"swmsc_fancy_heading_text\" style=\"font-size:30px;line-height:36px;\">\n\t\t\t\t\t\t\t\n<h1>Aules<\/h1>\n\n\t\t\t\t\t\t\t<div class=\"swmsc_fancy_heading_border\">\n\t\t\t\t\t\t\t\t<span class=\"swmsc_fancy_heading_border1\" style=\"background:#f8b54d;\"><\/span>\n\t\t\t\t\t\t\t\t<span class=\"swmsc_fancy_heading_border2\" style=\"background:#f8b54d;\"><\/span>\n\t\t\t\t\t\t\t\t<span class=\"swmsc_fancy_heading_icon\"><i class=\"fa fa-fancyHeadingNoIcon\"  style=\"color:#8373ce;\"><\/i><\/span>\n\t\t\t\t\t\t\t<\/div>\n\t\t\t\t\t\t<\/div>\n\t\t\t\t\t<\/div>[\/vc_column][vc_column width=&#8221;3\/4&#8243; css=&#8221;.vc_custom_1506676143590{padding-top: 50px !important;}&#8221;][vc_row_inner][vc_column_inner width=&#8221;1\/3&#8243;]<div class=\"center\"><div  class=\"swmsc_image_lightbox  image_center\" >\n\n\t\t\t\t\t\t<div class=\"swmsc_image_lightbox_img\"><img decoding=\"async\" alt=\"\" src=\"https:\/\/www.cavallcartro.cat\/escoles\/llim-espigol-sant-pere-de-ribes\/wp-content\/uploads\/sites\/33\/2022\/02\/PICAROLS.jpg\" class=\"\" style=\"border-radius:10px;\" \/><div class=\"swmsc_img_overlay\" style=\"border-radius:10px;\">\n\t\t\t\t\t\t\t\t\t\t\t\t<a class=\"swmsc_popup_img\" href=\"https:\/\/www.cavallcartro.cat\/escoles\/llim-espigol-sant-pere-de-ribes\/wp-content\/uploads\/sites\/33\/2022\/02\/PICAROLS.jpg\" title=\"\" target=\"_self\" >\n\t\t\t\t\t\t\t\t\t\t\t\t\t<i class=\"fa fa-search\"><\/i>\n\t\t\t\t\t\t\t\t\t\t\t\t<\/a>\n\t\t\t\t\t\t\t\t\t\t\t<\/div><\/div><\/div><\/div><div  class=\"swmsc_text_block\" > \n<p style=\"text-align: center;\" align=\"JUSTIFY\"><strong>Aula de nadons ELS PICAROLS<\/strong><\/p>\n<p style=\"text-align: center;\" align=\"JUSTIFY\">Espai adaptat a les necessitats dels m\u00e9s menuts, amb sortida al pati petit, espai d\u2019higiene i de descans separat.<\/p>\n<\/div>[\/vc_column_inner][vc_column_inner width=&#8221;1\/3&#8243;]<div class=\"center\"><div  class=\"swmsc_image_lightbox  image_center\" >\n\n\t\t\t\t\t\t<div class=\"swmsc_image_lightbox_img\"><img decoding=\"async\" alt=\"\" src=\"https:\/\/www.cavallcartro.cat\/escoles\/llim-espigol-sant-pere-de-ribes\/wp-content\/uploads\/sites\/33\/2022\/02\/GITANES.jpg\" class=\"\" style=\"border-radius:10px;\" \/><div class=\"swmsc_img_overlay\" style=\"border-radius:10px;\">\n\t\t\t\t\t\t\t\t\t\t\t\t<a class=\"swmsc_popup_img\" href=\"https:\/\/www.cavallcartro.cat\/escoles\/llim-espigol-sant-pere-de-ribes\/wp-content\/uploads\/sites\/33\/2022\/02\/GITANES.jpg\" title=\"\" target=\"_self\" >\n\t\t\t\t\t\t\t\t\t\t\t\t\t<i class=\"fa fa-search\"><\/i>\n\t\t\t\t\t\t\t\t\t\t\t\t<\/a>\n\t\t\t\t\t\t\t\t\t\t\t<\/div><\/div><\/div><\/div><div  class=\"swmsc_text_block\" > \n<p style=\"text-align: center;\" align=\"JUSTIFY\"><strong>Aula de 1-2 anys LES GITANES<\/strong><\/p>\n<p style=\"text-align: center;\" align=\"JUSTIFY\">Estan\u00e7a amb molta llum, sortida al pati petit i espai d\u2019higiene a la mida dels infants.<\/p>\n<\/div>[\/vc_column_inner][vc_column_inner width=&#8221;1\/3&#8243;]<div class=\"center\"><div  class=\"swmsc_image_lightbox  image_center\" >\n\n\t\t\t\t\t\t<div class=\"swmsc_image_lightbox_img\"><img decoding=\"async\" alt=\"\" src=\"https:\/\/www.cavallcartro.cat\/escoles\/llim-espigol-sant-pere-de-ribes\/wp-content\/uploads\/sites\/33\/2022\/02\/DIMONIS.jpg\" class=\"\" style=\"border-radius:10px;\" \/><div class=\"swmsc_img_overlay\" style=\"border-radius:10px;\">\n\t\t\t\t\t\t\t\t\t\t\t\t<a class=\"swmsc_popup_img\" href=\"https:\/\/www.cavallcartro.cat\/escoles\/llim-espigol-sant-pere-de-ribes\/wp-content\/uploads\/sites\/33\/2022\/02\/DIMONIS.jpg\" title=\"\" target=\"_self\" >\n\t\t\t\t\t\t\t\t\t\t\t\t\t<i class=\"fa fa-search\"><\/i>\n\t\t\t\t\t\t\t\t\t\t\t\t<\/a>\n\t\t\t\t\t\t\t\t\t\t\t<\/div><\/div><\/div><\/div><div  class=\"swmsc_text_block\" > \n<p style=\"text-align: center;\" align=\"JUSTIFY\"><strong>Aula de 1-2 anys ELS DIMONIS<\/strong><\/p>\n<p style=\"text-align: center;\" align=\"JUSTIFY\">Estan\u00e7a amb molta llum, sortida al pati petit i espai d\u2019higiene a la mida dels infants.<\/p>\n<\/div>[\/vc_column_inner][\/vc_row_inner][vc_row_inner][vc_column_inner width=&#8221;1\/3&#8243;]<div class=\"center\"><div  class=\"swmsc_image_lightbox  image_center\" >\n\n\t\t\t\t\t\t<div class=\"swmsc_image_lightbox_img\"><img decoding=\"async\" alt=\"\" src=\"https:\/\/www.cavallcartro.cat\/escoles\/llim-espigol-sant-pere-de-ribes\/wp-content\/uploads\/sites\/33\/2022\/02\/DRACS.jpg\" class=\"\" style=\"border-radius:10px;\" \/><div class=\"swmsc_img_overlay\" style=\"border-radius:10px;\">\n\t\t\t\t\t\t\t\t\t\t\t\t<a class=\"swmsc_popup_img\" href=\"https:\/\/www.cavallcartro.cat\/escoles\/llim-espigol-sant-pere-de-ribes\/wp-content\/uploads\/sites\/33\/2022\/02\/DRACS.jpg\" title=\"\" target=\"_self\" >\n\t\t\t\t\t\t\t\t\t\t\t\t\t<i class=\"fa fa-search\"><\/i>\n\t\t\t\t\t\t\t\t\t\t\t\t<\/a>\n\t\t\t\t\t\t\t\t\t\t\t<\/div><\/div><\/div><\/div><div  class=\"swmsc_text_block\" > \n<p style=\"text-align: center;\" align=\"JUSTIFY\"><strong>Aula de 2-3 anys ELS DRACS<br \/>\n<\/strong><\/p>\n<p style=\"text-align: center;\" align=\"JUSTIFY\">Estan\u00e7a dels m\u00e9s grans amb espais de joc simb\u00f2lic i sortida al pati gran.<\/p>\n<\/div>[\/vc_column_inner][vc_column_inner width=&#8221;1\/3&#8243;]<div class=\"center\"><div  class=\"swmsc_image_lightbox  image_center\" >\n\n\t\t\t\t\t\t<div class=\"swmsc_image_lightbox_img\"><img decoding=\"async\" alt=\"\" src=\"https:\/\/www.cavallcartro.cat\/escoles\/llim-espigol-sant-pere-de-ribes\/wp-content\/uploads\/sites\/33\/2022\/02\/GEGANTS.jpg\" class=\"\" style=\"border-radius:10px;\" \/><div class=\"swmsc_img_overlay\" style=\"border-radius:10px;\">\n\t\t\t\t\t\t\t\t\t\t\t\t<a class=\"swmsc_popup_img\" href=\"https:\/\/www.cavallcartro.cat\/escoles\/llim-espigol-sant-pere-de-ribes\/wp-content\/uploads\/sites\/33\/2022\/02\/GEGANTS.jpg\" title=\"\" target=\"_self\" >\n\t\t\t\t\t\t\t\t\t\t\t\t\t<i class=\"fa fa-search\"><\/i>\n\t\t\t\t\t\t\t\t\t\t\t\t<\/a>\n\t\t\t\t\t\t\t\t\t\t\t<\/div><\/div><\/div><\/div><div  class=\"swmsc_text_block\" > \n<p style=\"text-align: center;\" align=\"JUSTIFY\"><strong>Aula de 2-3 anys ELS GEGANTS<br \/>\n<\/strong><\/p>\n<p style=\"text-align: center;\" align=\"JUSTIFY\">Estan\u00e7a dels m\u00e9s grans amb espais de joc simb\u00f2lic i sortida al pati gran.<\/p>\n<\/div>[\/vc_column_inner][vc_column_inner width=&#8221;1\/3&#8243;]<div class=\"center\"><div  class=\"swmsc_image_lightbox  image_center\" >\n\n\t\t\t\t\t\t<div class=\"swmsc_image_lightbox_img\"><img decoding=\"async\" alt=\"\" src=\"https:\/\/www.cavallcartro.cat\/escoles\/llim-espigol-sant-pere-de-ribes\/wp-content\/uploads\/sites\/33\/2020\/01\/llim-espigol-sant-pere-de-ribes-menjador.jpg\" class=\"\" style=\"border-radius:10px;\" \/><div class=\"swmsc_img_overlay\" style=\"border-radius:10px;\">\n\t\t\t\t\t\t\t\t\t\t\t\t<a class=\"swmsc_popup_img\" href=\"https:\/\/www.cavallcartro.cat\/escoles\/llim-espigol\/wp-content\/uploads\/sites\/33\/2020\/01\/llim-espigol-sant-pere-de-ribes-menjador.jpg\" title=\"\" target=\"_self\" >\n\t\t\t\t\t\t\t\t\t\t\t\t\t<i class=\"fa fa-search\"><\/i>\n\t\t\t\t\t\t\t\t\t\t\t\t<\/a>\n\t\t\t\t\t\t\t\t\t\t\t<\/div><\/div><\/div><\/div><div  class=\"swmsc_text_block\" > \n<p style=\"text-align: center;\" align=\"JUSTIFY\"><strong>EL MENJADOR<br \/>\n<\/strong><\/p>\n<p style=\"text-align: center;\" align=\"JUSTIFY\">Un espai acollidor on gaudim de l\u2019estona del dinar.<\/p>\n<\/div>[\/vc_column_inner][\/vc_row_inner][vc_row_inner][vc_column_inner width=&#8221;1\/3&#8243;]<div class=\"center\"><div  class=\"swmsc_image_lightbox  image_center\" >\n\n\t\t\t\t\t\t<div class=\"swmsc_image_lightbox_img\"><img decoding=\"async\" alt=\"\" src=\"https:\/\/www.cavallcartro.cat\/escoles\/llim-espigol-sant-pere-de-ribes\/wp-content\/uploads\/sites\/33\/2022\/02\/jardi-gran.jpg\" class=\"\" style=\"border-radius:10px;\" \/><div class=\"swmsc_img_overlay\" style=\"border-radius:10px;\">\n\t\t\t\t\t\t\t\t\t\t\t\t<a class=\"swmsc_popup_img\" href=\"https:\/\/www.cavallcartro.cat\/escoles\/llim-espigol-sant-pere-de-ribes\/wp-content\/uploads\/sites\/33\/2022\/02\/jardi-gran.jpg\" title=\"\" target=\"_self\" >\n\t\t\t\t\t\t\t\t\t\t\t\t\t<i class=\"fa fa-search\"><\/i>\n\t\t\t\t\t\t\t\t\t\t\t\t<\/a>\n\t\t\t\t\t\t\t\t\t\t\t<\/div><\/div><\/div><\/div><div  class=\"swmsc_text_block\" > \n<p style=\"text-align: center;\" align=\"JUSTIFY\"><strong>EL JARD\u00cd GRAN<br \/>\n<\/strong><\/p>\n<p style=\"text-align: center;\" align=\"JUSTIFY\">Un espai obert amb moltes possibilitats motrius i ple racons per descobrir.<\/p>\n<\/div>[\/vc_column_inner][vc_column_inner width=&#8221;1\/3&#8243;]<div class=\"center\"><div  class=\"swmsc_image_lightbox  image_center\" >\n\n\t\t\t\t\t\t<div class=\"swmsc_image_lightbox_img\"><img decoding=\"async\" alt=\"\" src=\"https:\/\/www.cavallcartro.cat\/escoles\/llim-espigol-sant-pere-de-ribes\/wp-content\/uploads\/sites\/33\/2020\/01\/llim-espigol-sant-pere-de-ribes-pati-petit.jpg\" class=\"\" style=\"border-radius:10px;\" \/><div class=\"swmsc_img_overlay\" style=\"border-radius:10px;\">\n\t\t\t\t\t\t\t\t\t\t\t\t<a class=\"swmsc_popup_img\" href=\"https:\/\/www.cavallcartro.cat\/escoles\/llim-espigol\/wp-content\/uploads\/sites\/33\/2020\/01\/llim-espigol-sant-pere-de-ribes-pati-petit.jpg\" title=\"\" target=\"_self\" >\n\t\t\t\t\t\t\t\t\t\t\t\t\t<i class=\"fa fa-search\"><\/i>\n\t\t\t\t\t\t\t\t\t\t\t\t<\/a>\n\t\t\t\t\t\t\t\t\t\t\t<\/div><\/div><\/div><\/div><div  class=\"swmsc_text_block\" > \n<p style=\"text-align: center;\" align=\"JUSTIFY\"><strong>EL JARD\u00cd PETIT<br \/>\n<\/strong><\/p>\n<p style=\"text-align: center;\" align=\"JUSTIFY\">Un espai a l\u2019aire lliure molt acollidor per als m\u00e9s petits de la Llar.<\/p>\n<\/div>[\/vc_column_inner][\/vc_row_inner][\/vc_column][\/vc_row][vc_row full_width=&#8221;stretch_row&#8221; el_id=&#8221;menus&#8221; css=&#8221;.vc_custom_1500032698252{padding-top: 150px !important;}&#8221;][vc_column width=&#8221;1\/4&#8243;]<div  class=\"swmsc_fancy_heading swmsc_fancy_heading_center fh_icon_fancyHeadingNoIcon\" style=\"margin-top:40px;margin-bottom:40px;\">\n\t\t\t\t\t\t<div class=\"swmsc_fancy_heading_text\" style=\"font-size:30px;line-height:36px;\">\n\t\t\t\t\t\t\t\n<h1>Men\u00fas<\/h1>\n\n\t\t\t\t\t\t\t<div class=\"swmsc_fancy_heading_border\">\n\t\t\t\t\t\t\t\t<span class=\"swmsc_fancy_heading_border1\" style=\"background:#f8b54d;\"><\/span>\n\t\t\t\t\t\t\t\t<span class=\"swmsc_fancy_heading_border2\" style=\"background:#f8b54d;\"><\/span>\n\t\t\t\t\t\t\t\t<span class=\"swmsc_fancy_heading_icon\"><i class=\"fa fa-fancyHeadingNoIcon\"  style=\"color:#8373ce;\"><\/i><\/span>\n\t\t\t\t\t\t\t<\/div>\n\t\t\t\t\t\t<\/div>\n\t\t\t\t\t<\/div>[\/vc_column][vc_column width=&#8221;3\/4&#8243; css=&#8221;.vc_custom_1506676149789{padding-top: 50px !important;}&#8221;][vc_row_inner][vc_column_inner]<div  class=\"swmsc_text_block\" > \n<p style=\"text-align: center;\">Men\u00fa triturat sense peix<\/p>\n<\/div><div  class=\"swmsc_image_lightbox  image_left\" >\n\n\t\t\t\t\t\t<div class=\"swmsc_image_lightbox_img\"><img decoding=\"async\" alt=\"\" src=\"https:\/\/www.cavallcartro.cat\/escoles\/llim-espigol-sant-pere-de-ribes\/wp-content\/uploads\/sites\/33\/2026\/03\/Menu-Verdura-amb-Carn.jpg\" class=\"\" style=\"border-radius:10px;\" \/><div class=\"swmsc_img_overlay\" style=\"border-radius:10px;\">\n\t\t\t\t\t\t\t\t\t\t\t\t<a class=\"\" href=\"https:\/\/www.cavallcartro.cat\/escoles\/llim-espigol-sant-pere-de-ribes\/wp-content\/uploads\/sites\/33\/2026\/03\/Menu-Verdura-amb-Carn.jpg\" title=\"\" target=\"_blank\" >\n\t\t\t\t\t\t\t\t\t\t\t\t\t<i class=\"fa fa-link\"><\/i>\n\t\t\t\t\t\t\t\t\t\t\t\t<\/a>\n\t\t\t\t\t\t\t\t\t\t\t<\/div><\/div><\/div><div  class=\"swmsc_text_block\" > \n<p style=\"text-align: center;\">Men\u00fa triturat amb peix i llegum<\/p>\n<\/div><div  class=\"swmsc_image_lightbox  image_left\" >\n\n\t\t\t\t\t\t<div class=\"swmsc_image_lightbox_img\"><img decoding=\"async\" alt=\"\" src=\"https:\/\/www.cavallcartro.cat\/escoles\/llim-espigol-sant-pere-de-ribes\/wp-content\/uploads\/sites\/33\/2026\/03\/Triturat-de-Verdura-carn-peix-o-llegum.jpg\" class=\"\" style=\"border-radius:10px;\" \/><div class=\"swmsc_img_overlay\" style=\"border-radius:10px;\">\n\t\t\t\t\t\t\t\t\t\t\t\t<a class=\"\" href=\"https:\/\/www.cavallcartro.cat\/escoles\/llim-espigol-sant-pere-de-ribes\/wp-content\/uploads\/sites\/33\/2026\/03\/Triturat-de-Verdura-carn-peix-o-llegum.jpg\" title=\"\" target=\"_blank\" >\n\t\t\t\t\t\t\t\t\t\t\t\t\t<i class=\"fa fa-link\"><\/i>\n\t\t\t\t\t\t\t\t\t\t\t\t<\/a>\n\t\t\t\t\t\t\t\t\t\t\t<\/div><\/div><\/div><div  class=\"swmsc_text_block\" > \n<p style=\"text-align: center;\">Men\u00fa normal<\/p>\n<\/div><div  class=\"swmsc_image_lightbox  image_left\" >\n\n\t\t\t\t\t\t<div class=\"swmsc_image_lightbox_img\"><img decoding=\"async\" alt=\"\" src=\"https:\/\/www.cavallcartro.cat\/escoles\/llim-espigol-sant-pere-de-ribes\/wp-content\/uploads\/sites\/33\/2026\/03\/Menu-Basal-1.jpg\" class=\"\" style=\"border-radius:10px;\" \/><div class=\"swmsc_img_overlay\" style=\"border-radius:10px;\">\n\t\t\t\t\t\t\t\t\t\t\t\t<a class=\"\" href=\"https:\/\/www.cavallcartro.cat\/escoles\/llim-espigol-sant-pere-de-ribes\/wp-content\/uploads\/sites\/33\/2026\/03\/Menu-Basal-1.jpg\" title=\"\" target=\"_blank\" >\n\t\t\t\t\t\t\t\t\t\t\t\t\t<i class=\"fa fa-link\"><\/i>\n\t\t\t\t\t\t\t\t\t\t\t\t<\/a>\n\t\t\t\t\t\t\t\t\t\t\t<\/div><\/div><\/div>[\/vc_column_inner][\/vc_row_inner][\/vc_column][\/vc_row]\n<\/div>","protected":false},"excerpt":{"rendered":"<p>Llar d&#8217;Infants Municipal L&#8217;Esp\u00edgol, de Sant Pere de Ribes. Creem espais i situacions on l&#8217;infant se senti c\u00f2mode per a desenvolupar les seves capacitats.<\/p>\n","protected":false},"author":1,"featured_media":0,"parent":0,"menu_order":0,"comment_status":"closed","ping_status":"closed","template":"","meta":{"footnotes":""},"class_list":["post-22","page","type-page","status-publish","hentry"],"yoast_head":"<!-- This site is optimized with the Yoast SEO plugin v27.5 - https:\/\/yoast.com\/product\/yoast-seo-wordpress\/ -->\n<title>LLIM L&#039;Esp\u00edgol, escola bressol municipal Sant Pere de Ribes<\/title>\n<meta name=\"description\" content=\"Llar d&#039;Infants Municipal L&#039;Esp\u00edgol, de Sant Pere de Ribes. Creem espais i situacions on l&#039;infant se senti c\u00f2mode per a desenvolupar les seves capacitats.\" \/>\n<meta name=\"robots\" content=\"index, follow, max-snippet:-1, max-image-preview:large, max-video-preview:-1\" \/>\n<link rel=\"canonical\" href=\"https:\/\/www.cavallcartro.cat\/escoles\/llim-espigol-sant-pere-de-ribes\/\" \/>\n<meta property=\"og:locale\" content=\"ca_ES\" \/>\n<meta property=\"og:type\" content=\"article\" \/>\n<meta property=\"og:title\" content=\"LLIM L&#039;Esp\u00edgol, escola bressol municipal Sant Pere de Ribes\" \/>\n<meta property=\"og:description\" content=\"Llar d&#039;Infants Municipal L&#039;Esp\u00edgol, de Sant Pere de Ribes. Creem espais i situacions on l&#039;infant se senti c\u00f2mode per a desenvolupar les seves capacitats.\" \/>\n<meta property=\"og:url\" content=\"https:\/\/www.cavallcartro.cat\/escoles\/llim-espigol-sant-pere-de-ribes\/\" \/>\n<meta property=\"og:site_name\" content=\"LLIM L&#039;ESP\u00cdGOL. Llar d&#039;Infants Municipal de Sant Pere de Ribes\" \/>\n<meta property=\"article:modified_time\" content=\"2026-03-31T13:32:51+00:00\" \/>\n<meta name=\"twitter:card\" content=\"summary_large_image\" \/>\n<meta name=\"twitter:label1\" content=\"Temps estimat de lectura\" \/>\n\t<meta name=\"twitter:data1\" content=\"4 minuts\" \/>\n<script type=\"application\/ld+json\" class=\"yoast-schema-graph\">{\"@context\":\"https:\\\/\\\/schema.org\",\"@graph\":[{\"@type\":\"WebPage\",\"@id\":\"https:\\\/\\\/www.cavallcartro.cat\\\/escoles\\\/llim-espigol-sant-pere-de-ribes\\\/\",\"url\":\"https:\\\/\\\/www.cavallcartro.cat\\\/escoles\\\/llim-espigol-sant-pere-de-ribes\\\/\",\"name\":\"LLIM L'Esp\u00edgol, escola bressol municipal Sant Pere de Ribes\",\"isPartOf\":{\"@id\":\"https:\\\/\\\/www.cavallcartro.cat\\\/escoles\\\/llim-espigol-sant-pere-de-ribes\\\/#website\"},\"datePublished\":\"2019-09-08T16:48:33+00:00\",\"dateModified\":\"2026-03-31T13:32:51+00:00\",\"description\":\"Llar d'Infants Municipal L'Esp\u00edgol, de Sant Pere de Ribes. Creem espais i situacions on l'infant se senti c\u00f2mode per a desenvolupar les seves capacitats.\",\"breadcrumb\":{\"@id\":\"https:\\\/\\\/www.cavallcartro.cat\\\/escoles\\\/llim-espigol-sant-pere-de-ribes\\\/#breadcrumb\"},\"inLanguage\":\"ca\",\"potentialAction\":[{\"@type\":\"ReadAction\",\"target\":[\"https:\\\/\\\/www.cavallcartro.cat\\\/escoles\\\/llim-espigol-sant-pere-de-ribes\\\/\"]}]},{\"@type\":\"BreadcrumbList\",\"@id\":\"https:\\\/\\\/www.cavallcartro.cat\\\/escoles\\\/llim-espigol-sant-pere-de-ribes\\\/#breadcrumb\",\"itemListElement\":[{\"@type\":\"ListItem\",\"position\":1,\"name\":\"Portada\",\"item\":\"https:\\\/\\\/www.cavallcartro.cat\\\/escoles\\\/llim-espigol-sant-pere-de-ribes\\\/\"},{\"@type\":\"ListItem\",\"position\":2,\"name\":\"Inici\"}]},{\"@type\":\"WebSite\",\"@id\":\"https:\\\/\\\/www.cavallcartro.cat\\\/escoles\\\/llim-espigol-sant-pere-de-ribes\\\/#website\",\"url\":\"https:\\\/\\\/www.cavallcartro.cat\\\/escoles\\\/llim-espigol-sant-pere-de-ribes\\\/\",\"name\":\"LLIM L&#039;ESP\u00cdGOL. Llar d&#039;Infants Municipal de Sant Pere de Ribes\",\"description\":\"Llar d&#039;Infants Municipal L&#039;Esp\u00edgol, de Sant Pere de Ribes. Creem espais i situacions on l&#039;infant se senti c\u00f2mode per a desenvolupar les seves capacitats.\",\"potentialAction\":[{\"@type\":\"SearchAction\",\"target\":{\"@type\":\"EntryPoint\",\"urlTemplate\":\"https:\\\/\\\/www.cavallcartro.cat\\\/escoles\\\/llim-espigol-sant-pere-de-ribes\\\/?s={search_term_string}\"},\"query-input\":{\"@type\":\"PropertyValueSpecification\",\"valueRequired\":true,\"valueName\":\"search_term_string\"}}],\"inLanguage\":\"ca\"}]}<\/script>\n<!-- \/ Yoast SEO plugin. -->","yoast_head_json":{"title":"LLIM L'Esp\u00edgol, escola bressol municipal Sant Pere de Ribes","description":"Llar d'Infants Municipal L'Esp\u00edgol, de Sant Pere de Ribes. Creem espais i situacions on l'infant se senti c\u00f2mode per a desenvolupar les seves capacitats.","robots":{"index":"index","follow":"follow","max-snippet":"max-snippet:-1","max-image-preview":"max-image-preview:large","max-video-preview":"max-video-preview:-1"},"canonical":"https:\/\/www.cavallcartro.cat\/escoles\/llim-espigol-sant-pere-de-ribes\/","og_locale":"ca_ES","og_type":"article","og_title":"LLIM L'Esp\u00edgol, escola bressol municipal Sant Pere de Ribes","og_description":"Llar d'Infants Municipal L'Esp\u00edgol, de Sant Pere de Ribes. Creem espais i situacions on l'infant se senti c\u00f2mode per a desenvolupar les seves capacitats.","og_url":"https:\/\/www.cavallcartro.cat\/escoles\/llim-espigol-sant-pere-de-ribes\/","og_site_name":"LLIM L&#039;ESP\u00cdGOL. Llar d&#039;Infants Municipal de Sant Pere de Ribes","article_modified_time":"2026-03-31T13:32:51+00:00","twitter_card":"summary_large_image","twitter_misc":{"Temps estimat de lectura":"4 minuts"},"schema":{"@context":"https:\/\/schema.org","@graph":[{"@type":"WebPage","@id":"https:\/\/www.cavallcartro.cat\/escoles\/llim-espigol-sant-pere-de-ribes\/","url":"https:\/\/www.cavallcartro.cat\/escoles\/llim-espigol-sant-pere-de-ribes\/","name":"LLIM L'Esp\u00edgol, escola bressol municipal Sant Pere de Ribes","isPartOf":{"@id":"https:\/\/www.cavallcartro.cat\/escoles\/llim-espigol-sant-pere-de-ribes\/#website"},"datePublished":"2019-09-08T16:48:33+00:00","dateModified":"2026-03-31T13:32:51+00:00","description":"Llar d'Infants Municipal L'Esp\u00edgol, de Sant Pere de Ribes. Creem espais i situacions on l'infant se senti c\u00f2mode per a desenvolupar les seves capacitats.","breadcrumb":{"@id":"https:\/\/www.cavallcartro.cat\/escoles\/llim-espigol-sant-pere-de-ribes\/#breadcrumb"},"inLanguage":"ca","potentialAction":[{"@type":"ReadAction","target":["https:\/\/www.cavallcartro.cat\/escoles\/llim-espigol-sant-pere-de-ribes\/"]}]},{"@type":"BreadcrumbList","@id":"https:\/\/www.cavallcartro.cat\/escoles\/llim-espigol-sant-pere-de-ribes\/#breadcrumb","itemListElement":[{"@type":"ListItem","position":1,"name":"Portada","item":"https:\/\/www.cavallcartro.cat\/escoles\/llim-espigol-sant-pere-de-ribes\/"},{"@type":"ListItem","position":2,"name":"Inici"}]},{"@type":"WebSite","@id":"https:\/\/www.cavallcartro.cat\/escoles\/llim-espigol-sant-pere-de-ribes\/#website","url":"https:\/\/www.cavallcartro.cat\/escoles\/llim-espigol-sant-pere-de-ribes\/","name":"LLIM L&#039;ESP\u00cdGOL. Llar d&#039;Infants Municipal de Sant Pere de Ribes","description":"Llar d&#039;Infants Municipal L&#039;Esp\u00edgol, de Sant Pere de Ribes. Creem espais i situacions on l&#039;infant se senti c\u00f2mode per a desenvolupar les seves capacitats.","potentialAction":[{"@type":"SearchAction","target":{"@type":"EntryPoint","urlTemplate":"https:\/\/www.cavallcartro.cat\/escoles\/llim-espigol-sant-pere-de-ribes\/?s={search_term_string}"},"query-input":{"@type":"PropertyValueSpecification","valueRequired":true,"valueName":"search_term_string"}}],"inLanguage":"ca"}]}},"_links":{"self":[{"href":"https:\/\/www.cavallcartro.cat\/escoles\/llim-espigol-sant-pere-de-ribes\/wp-json\/wp\/v2\/pages\/22","targetHints":{"allow":["GET"]}}],"collection":[{"href":"https:\/\/www.cavallcartro.cat\/escoles\/llim-espigol-sant-pere-de-ribes\/wp-json\/wp\/v2\/pages"}],"about":[{"href":"https:\/\/www.cavallcartro.cat\/escoles\/llim-espigol-sant-pere-de-ribes\/wp-json\/wp\/v2\/types\/page"}],"author":[{"embeddable":true,"href":"https:\/\/www.cavallcartro.cat\/escoles\/llim-espigol-sant-pere-de-ribes\/wp-json\/wp\/v2\/users\/1"}],"replies":[{"embeddable":true,"href":"https:\/\/www.cavallcartro.cat\/escoles\/llim-espigol-sant-pere-de-ribes\/wp-json\/wp\/v2\/comments?post=22"}],"version-history":[{"count":108,"href":"https:\/\/www.cavallcartro.cat\/escoles\/llim-espigol-sant-pere-de-ribes\/wp-json\/wp\/v2\/pages\/22\/revisions"}],"predecessor-version":[{"id":48,"href":"https:\/\/www.cavallcartro.cat\/escoles\/llim-espigol-sant-pere-de-ribes\/wp-json\/wp\/v2\/pages\/22\/revisions\/48"}],"wp:attachment":[{"href":"https:\/\/www.cavallcartro.cat\/escoles\/llim-espigol-sant-pere-de-ribes\/wp-json\/wp\/v2\/media?parent=22"}],"curies":[{"name":"wp","href":"https:\/\/api.w.org\/{rel}","templated":true}]}}