{"id":33,"date":"2018-05-30T17:09:05","date_gmt":"2018-05-30T17:09:05","guid":{"rendered":"http:\/\/www.cavallcartro.cat\/escoles\/llim-el-cargol\/?page_id=33"},"modified":"2026-03-31T13:38:23","modified_gmt":"2026-03-31T13:38:23","slug":"inici","status":"publish","type":"page","link":"https:\/\/www.cavallcartro.cat\/escoles\/llim-el-cargol\/","title":{"rendered":"Inici"},"content":{"rendered":"<div class=\"wpb-content-wrapper\">[vc_row full_width=&#8221;stretch_row&#8221; css=&#8221;.vc_custom_1506069431306{padding-top: 100px !important;padding-bottom: 100px !important;background-image: url(https:\/\/www.cavallcartro.cat\/escoles\/llip-la-baldufa\/wp-content\/uploads\/sites\/3\/2017\/09\/fons1.jpg?id=39) !important;}&#8221;][vc_column width=&#8221;2\/3&#8243;][vc_column_text]\n<h1>Fam\u00edlies, benvingudes a LLIM El Cargol<\/h1>\n<p>Estimades fam\u00edlies, benvingudes a la Llar d&#8217;Infants Municipal El Cargol, de Sant Pere de Ribes.<\/p>\n<p>Si esteu buscant una llar d&#8217;infants per al vostre petit\/a, us convidem a visitar-nos per poder <strong>compartir amb vosaltres el nostre projecte educatiu aix\u00ed com la masia que ens acull<\/strong>. Per nosaltres, les <strong>fam\u00edlies teniu un paper clau<\/strong> i \u00e9s per aquest motiu que no ens podem esperar a con\u00e8ixer-vos per comen\u00e7ar a <strong>crear lla\u00e7os<\/strong> i comen\u00e7ar un cam\u00ed plegats.[\/vc_column_text][\/vc_column][vc_column width=&#8221;1\/3&#8243;]<div  class=\"swmsc_image_lightbox  image_left\" >\n\n\t\t\t\t\t\t<div class=\"swmsc_image_lightbox_img\"><img decoding=\"async\" alt=\"\" src=\"https:\/\/www.cavallcartro.cat\/escoles\/llim-el-cargol\/wp-content\/uploads\/sites\/29\/2018\/05\/logo-llim-el-cargol.jpg\" class=\"\" style=\"border-radius:10px;\" \/><\/div><\/div>[\/vc_column][\/vc_row][vc_row full_width=&#8221;stretch_row&#8221; el_id=&#8221;qui-som&#8221; css=&#8221;.vc_custom_1500032841736{padding-top: 150px !important;}&#8221;][vc_column width=&#8221;1\/4&#8243;]<div  class=\"swmsc_fancy_heading swmsc_fancy_heading_center fh_icon_fancyHeadingNoIcon\" style=\"margin-top:40px;margin-bottom:40px;\">\n\t\t\t\t\t\t<div class=\"swmsc_fancy_heading_text\" style=\"font-size:30px;line-height:36px;\">\n\t\t\t\t\t\t\t\n<h1>Qui som?<\/h1>\n\n\t\t\t\t\t\t\t<div class=\"swmsc_fancy_heading_border\">\n\t\t\t\t\t\t\t\t<span class=\"swmsc_fancy_heading_border1\" style=\"background:#f8b54d;\"><\/span>\n\t\t\t\t\t\t\t\t<span class=\"swmsc_fancy_heading_border2\" style=\"background:#f8b54d;\"><\/span>\n\t\t\t\t\t\t\t\t<span class=\"swmsc_fancy_heading_icon\"><i class=\"fa fa-fancyHeadingNoIcon\"  style=\"color:#8373ce;\"><\/i><\/span>\n\t\t\t\t\t\t\t<\/div>\n\t\t\t\t\t\t<\/div>\n\t\t\t\t\t<\/div>[\/vc_column][vc_column width=&#8221;3\/4&#8243; css=&#8221;.vc_custom_1506676119457{padding-top: 50px !important;}&#8221;][vc_column_text]La Llar d\u2019Infants Municipal El Cargol \u00e9s un centre que ofereix l\u2019acompanyament educatiu en el primer cicle d\u2019Educaci\u00f3 Infantil.<\/p>\n<p>Aquest curs escolar tenim l\u2019oferta educativa seg\u00fcent:<\/p>\n<ul>\n<li><strong>L\u2019aula espai harmonia:<\/strong> infants de 4 mesos a 1 any (8 places)<\/li>\n<li><strong>L\u2019aula espai el taller:<\/strong> infants d\u20191 a 2 anys (13 places)<\/li>\n<li><strong>L\u2019aula espai art\u00edstic<\/strong> d\u20191 a 2 anys (13 places)<\/li>\n<li><strong>L\u2019aula espai simb\u00f2lic:<\/strong> 2 a 3 anys (20 places)<\/li>\n<li><strong>L\u2019aula espai joc i moviment:<\/strong> 2 a 3 anys (20 places)<\/li>\n<\/ul>\n[\/vc_column_text][\/vc_column][\/vc_row][vc_row full_width=&#8221;stretch_row&#8221; el_id=&#8221;horaris&#8221; css=&#8221;.vc_custom_1499942765676{padding-top: 150px !important;}&#8221;][vc_column width=&#8221;1\/4&#8243;]<div  class=\"swmsc_fancy_heading swmsc_fancy_heading_center fh_icon_fancyHeadingNoIcon\" style=\"margin-top:40px;margin-bottom:40px;\">\n\t\t\t\t\t\t<div class=\"swmsc_fancy_heading_text\" style=\"font-size:30px;line-height:36px;\">\n\t\t\t\t\t\t\t\n<h1>Horaris<\/h1>\n\n\t\t\t\t\t\t\t<div class=\"swmsc_fancy_heading_border\">\n\t\t\t\t\t\t\t\t<span class=\"swmsc_fancy_heading_border1\" style=\"background:#f8b54d;\"><\/span>\n\t\t\t\t\t\t\t\t<span class=\"swmsc_fancy_heading_border2\" style=\"background:#f8b54d;\"><\/span>\n\t\t\t\t\t\t\t\t<span class=\"swmsc_fancy_heading_icon\"><i class=\"fa fa-fancyHeadingNoIcon\"  style=\"color:#8373ce;\"><\/i><\/span>\n\t\t\t\t\t\t\t<\/div>\n\t\t\t\t\t\t<\/div>\n\t\t\t\t\t<\/div>[\/vc_column][vc_column width=&#8221;3\/4&#8243; css=&#8221;.vc_custom_1506676126679{padding-top: 50px !important;}&#8221;][vc_column_text css=&#8221;&#8221;]L\u2019horari escolar \u00e9s de dilluns a divendres des del mes de setembre al mes de juliol.<\/p>\n<p>Durant el mes de setembre (aix\u00ed com sempre que hi ha una incorporaci\u00f3 en algun altre moment del curs) valorem molt el per\u00edode d\u2019acolliment. Aquest \u00e9s d\u2019un m\u00ednim de tres setmanes en les quals un adult referent (pare i mare preferiblement si no avis, tiets o cangurs) acompanyar\u00e0 a l\u2019infant en aquesta nova aventura d\u2019entrada a la llar. \u00c9s un per\u00edode on petits i grans ens acollim i ens anem coneixent per tal de poder-nos acompanyar i sentir-nos segurs en aquest nou espai.<\/p>\n<p>Hi ha un <strong>servei d\u2019acollida<\/strong> per a aquelles fam\u00edlies que ho necessitin de 7:45h. \u2013 9:00h.<\/p>\n<p><strong>L\u2019horari lectiu<\/strong> \u00e9s de 9:00h.-12:30h i de 15:00h.- 17:00h.<\/p>\n<p>Hi ha un <strong>servei de menjador<\/strong> de 12:30h.-15:00h.<\/p>\n<p>Tot i els horaris establerts, som una escola que <strong>vetllem per respectar els ritmes dels infants<\/strong>. D\u2019aquesta manera, prenent de refer\u00e8ncia els horaris establerts alhora que tenim flexibilitat per tal de poder tenir unes <strong>entrades i sortides relaxades<\/strong>, acollint el dia a dia i les realitats de cada una de les fam\u00edlies.[\/vc_column_text][\/vc_column][\/vc_row][vc_row full_width=&#8221;stretch_row&#8221; el_id=&#8221;calendari&#8221; css=&#8221;.vc_custom_1499942774068{padding-top: 150px !important;}&#8221;][vc_column width=&#8221;1\/4&#8243;]<div  class=\"swmsc_fancy_heading swmsc_fancy_heading_center fh_icon_fancyHeadingNoIcon\" style=\"margin-top:40px;margin-bottom:40px;\">\n\t\t\t\t\t\t<div class=\"swmsc_fancy_heading_text\" style=\"font-size:30px;line-height:36px;\">\n\t\t\t\t\t\t\t\n<h1>Calendari<\/h1>\n\n\t\t\t\t\t\t\t<div class=\"swmsc_fancy_heading_border\">\n\t\t\t\t\t\t\t\t<span class=\"swmsc_fancy_heading_border1\" style=\"background:#f8b54d;\"><\/span>\n\t\t\t\t\t\t\t\t<span class=\"swmsc_fancy_heading_border2\" style=\"background:#f8b54d;\"><\/span>\n\t\t\t\t\t\t\t\t<span class=\"swmsc_fancy_heading_icon\"><i class=\"fa fa-fancyHeadingNoIcon\"  style=\"color:#8373ce;\"><\/i><\/span>\n\t\t\t\t\t\t\t<\/div>\n\t\t\t\t\t\t<\/div>\n\t\t\t\t\t<\/div>[\/vc_column][vc_column width=&#8221;3\/4&#8243; css=&#8221;.vc_custom_1506676134880{padding-top: 50px !important;}&#8221;][vc_row_inner css=&#8221;.vc_custom_1527852023027{padding-top: 25px !important;}&#8221;][vc_column_inner]<div  class=\"swmsc_image_lightbox  image_left\" >\n\n\t\t\t\t\t\t<div class=\"swmsc_image_lightbox_img\"><img decoding=\"async\" alt=\"\" src=\"\" class=\"\" style=\"border-radius:10px;\" \/><div class=\"swmsc_img_overlay\" style=\"border-radius:10px;\">\n\t\t\t\t\t\t\t\t\t\t\t\t<a class=\"swmsc_popup_img\" href=\"https:\/\/www.cavallcartro.cat\/escoles\/llim-el-cargol\/wp-content\/uploads\/sites\/29\/2024\/09\/Calendari-24-25.jpg\" title=\"\" target=\"_self\" >\n\t\t\t\t\t\t\t\t\t\t\t\t\t<i class=\"fa fa-search\"><\/i>\n\t\t\t\t\t\t\t\t\t\t\t\t<\/a>\n\t\t\t\t\t\t\t\t\t\t\t<\/div><\/div><\/div><div  class=\"swmsc_image_lightbox  image_left\" >\n\n\t\t\t\t\t\t<div class=\"swmsc_image_lightbox_img\"><img decoding=\"async\" alt=\"\" src=\"\" class=\"\" style=\"border-radius:10px;\" \/><div class=\"swmsc_img_overlay\" style=\"border-radius:10px;\">\n\t\t\t\t\t\t\t\t\t\t\t\t<a class=\"swmsc_popup_img\" href=\"https:\/\/www.cavallcartro.cat\/escoles\/llim-el-cargol\/wp-content\/uploads\/sites\/29\/2024\/09\/Calendari-24-25-2.jpg\" title=\"\" target=\"_self\" >\n\t\t\t\t\t\t\t\t\t\t\t\t\t<i class=\"fa fa-search\"><\/i>\n\t\t\t\t\t\t\t\t\t\t\t\t<\/a>\n\t\t\t\t\t\t\t\t\t\t\t<\/div><\/div><\/div>[\/vc_column_inner][\/vc_row_inner][\/vc_column][\/vc_row][vc_row full_width=&#8221;stretch_row&#8221; el_id=&#8221;aules&#8221; css=&#8221;.vc_custom_1499942782522{padding-top: 150px !important;}&#8221;][vc_column width=&#8221;1\/4&#8243;]<div  class=\"swmsc_fancy_heading swmsc_fancy_heading_center fh_icon_fancyHeadingNoIcon\" style=\"margin-top:40px;margin-bottom:40px;\">\n\t\t\t\t\t\t<div class=\"swmsc_fancy_heading_text\" style=\"font-size:30px;line-height:36px;\">\n\t\t\t\t\t\t\t\n<h1>Aules<\/h1>\n\n\t\t\t\t\t\t\t<div class=\"swmsc_fancy_heading_border\">\n\t\t\t\t\t\t\t\t<span class=\"swmsc_fancy_heading_border1\" style=\"background:#f8b54d;\"><\/span>\n\t\t\t\t\t\t\t\t<span class=\"swmsc_fancy_heading_border2\" style=\"background:#f8b54d;\"><\/span>\n\t\t\t\t\t\t\t\t<span class=\"swmsc_fancy_heading_icon\"><i class=\"fa fa-fancyHeadingNoIcon\"  style=\"color:#8373ce;\"><\/i><\/span>\n\t\t\t\t\t\t\t<\/div>\n\t\t\t\t\t\t<\/div>\n\t\t\t\t\t<\/div>[\/vc_column][vc_column width=&#8221;3\/4&#8243; css=&#8221;.vc_custom_1506676143590{padding-top: 50px !important;}&#8221;][vc_row_inner][vc_column_inner width=&#8221;1\/3&#8243;]<div class=\"center\"><div  class=\"swmsc_image_lightbox  image_center\" >\n\n\t\t\t\t\t\t<div class=\"swmsc_image_lightbox_img\"><img decoding=\"async\" alt=\"\" src=\"https:\/\/www.cavallcartro.cat\/escoles\/llim-el-cargol\/wp-content\/uploads\/sites\/29\/2023\/04\/IMG_2240.jpeg\" class=\"\" style=\"border-radius:10px;\" \/><div class=\"swmsc_img_overlay\" style=\"border-radius:10px;\">\n\t\t\t\t\t\t\t\t\t\t\t\t<a class=\"swmsc_popup_img\" href=\"https:\/\/www.cavallcartro.cat\/escoles\/llim-el-cargol\/wp-content\/uploads\/sites\/29\/2018\/06\/LLIM-EL-CARGOL-HARMONIA.jpg\" title=\"\" target=\"_self\" >\n\t\t\t\t\t\t\t\t\t\t\t\t\t<i class=\"fa fa-search\"><\/i>\n\t\t\t\t\t\t\t\t\t\t\t\t<\/a>\n\t\t\t\t\t\t\t\t\t\t\t<\/div><\/div><\/div><\/div><div  class=\"swmsc_text_block\" > \n<p style=\"text-align: center;\"><strong>Espai Harmonia <\/strong><strong>0-1 anys<\/strong><\/p>\n<p style=\"text-align: left;\">\u00c9s l&#8217;espai que acull als infants m\u00e9s petits de l&#8217;escola, des dels quatre mesos a un any.<br \/>\n\u00c9s un espai c\u00e0lid i acollidor. Tamb\u00e9 una de les aules que va tenint m\u00e9s\u00a0canvis, ja que\u00a0en aquesta primera etapa els infants passen per fases ben diferents i en cadascuna intentem cobrir les necessitats que ens demana cada infant.<\/p>\n<p style=\"text-align: left;\">Cuidem que els colors i els materials tinguin tonalitats c\u00e0lides, alegres i acollidores per fer de l&#8217;espai un educador m\u00e9s.<\/p>\n<p style=\"text-align: left;\">Anem fent propostes variades tant a l&#8217;interior com a l&#8217;exterior per tal de poder gaudir dels recursos que ens ofereix cada espai.<\/p>\n<p style=\"text-align: left;\">Pel que fa al descans, tenim una zona relaxada, amb poca llum i amb els matalassos\u00a0arran\u00a0de terra per tal que els infants quan tinguin la necessitat de descansar puguin anar agafant l&#8217;h\u00e0bit de poder anar de manera aut\u00f2noma\u00a0a estirar-se.<\/p>\n<\/div>[\/vc_column_inner][vc_column_inner width=&#8221;1\/3&#8243;]<div class=\"center\"><div  class=\"swmsc_image_lightbox  image_center\" >\n\n\t\t\t\t\t\t<div class=\"swmsc_image_lightbox_img\"><img decoding=\"async\" alt=\"\" src=\"https:\/\/www.cavallcartro.cat\/escoles\/llim-el-cargol\/wp-content\/uploads\/sites\/29\/2018\/05\/LLIM-EL-CARGOL-TALLER.jpg\" class=\"\" style=\"border-radius:10px;\" \/><div class=\"swmsc_img_overlay\" style=\"border-radius:10px;\">\n\t\t\t\t\t\t\t\t\t\t\t\t<a class=\"swmsc_popup_img\" href=\"https:\/\/www.cavallcartro.cat\/escoles\/llim-el-cargol\/wp-content\/uploads\/sites\/29\/2018\/05\/LLIM-EL-CARGOL-TALLER.jpg\" title=\"\" target=\"_self\" >\n\t\t\t\t\t\t\t\t\t\t\t\t\t<i class=\"fa fa-search\"><\/i>\n\t\t\t\t\t\t\t\t\t\t\t\t<\/a>\n\t\t\t\t\t\t\t\t\t\t\t<\/div><\/div><\/div><\/div><div  class=\"swmsc_text_block\" > \n<p style=\"text-align: center;\"><strong>Espai Taller 1-2 anys<br \/>\n<\/strong><\/p>\n<p style=\"text-align: left;\">Aquesta \u00e9s una aula que acull a un dels grups d\u2019un a dos anys.<\/p>\n<p style=\"text-align: left;\">Podem trobar materials per fomentar l\u2019experimentaci\u00f3, la creaci\u00f3 i la imaginaci\u00f3.<\/p>\n<p style=\"text-align: left;\">En aquest espai creem propostes per provocar que els infants siguin creatius, experimentin i cre\u00efn a partir de materials no estructurats com poden ser: materials reciclats (caixes de cartr\u00f3, diaris, ampolles, taps, cordes, etc.) aix\u00ed com elements naturals (sorra, terra, aigua, petxines, pedres, pinyes, etc.). Panells de descoberta com el que es veu a la imatge per aprendre a obrir i tancar llums, etc.<\/p>\n<p style=\"text-align: center;\"><strong>\u00a0<\/strong><\/p>\n<\/div>[\/vc_column_inner][vc_column_inner width=&#8221;1\/3&#8243;]<div class=\"center\"><div  class=\"swmsc_image_lightbox  image_center\" >\n\n\t\t\t\t\t\t<div class=\"swmsc_image_lightbox_img\"><img decoding=\"async\" alt=\"\" src=\"https:\/\/www.cavallcartro.cat\/escoles\/llim-el-cargol\/wp-content\/uploads\/sites\/29\/2023\/04\/IMG_2228.jpeg\" class=\"\" style=\"border-radius:10px;\" \/><div class=\"swmsc_img_overlay\" style=\"border-radius:10px;\">\n\t\t\t\t\t\t\t\t\t\t\t\t<a class=\"swmsc_popup_img\" href=\"https:\/\/www.cavallcartro.cat\/escoles\/llim-el-cargol\/wp-content\/uploads\/sites\/29\/2018\/05\/LLIM-EL-CARGOL-HORA-CONTE.jpg\" title=\"\" target=\"_self\" >\n\t\t\t\t\t\t\t\t\t\t\t\t\t<i class=\"fa fa-search\"><\/i>\n\t\t\t\t\t\t\t\t\t\t\t\t<\/a>\n\t\t\t\t\t\t\t\t\t\t\t<\/div><\/div><\/div><\/div><div  class=\"swmsc_text_block\" > \n<p style=\"text-align: center;\"><strong>Espai Art\u00edstic 1-2 anys<br \/>\n<\/strong><\/p>\n<p>Aquesta \u00e9s una aula que acull a un dels grups d\u2019un a dos anys.<\/p>\n<p>Podem trobar materials per fomentar l\u2019experimentaci\u00f3 i l\u2019exploraci\u00f3 a trav\u00e9s de diferents suports: safates amb diferents materials sensorials (sorra, aigua, pedres\u2026), murals amb pintura, fang o plastilina, etc.<\/p>\n<p>En aquest espai els nens i nenes exploren lliurement diferents objectes i materials en l\u2019\u00e0mbit sensorial i perceptiu. Reconeixen les caracter\u00edstiques dels objectes, poden veure com canvien en alguns. Posen en joc tots els sentits, els miren, els oloren, els tasten, els toquen i els escolten.<\/p>\n<p>&nbsp;<\/p>\n<p>L&#8217;experimentaci\u00f3 permet que l&#8217;aprenentatge sigui significatiu. Aquest aprenentatge posa \u00e8mfasi en la creaci\u00f3, en l&#8217;evoluci\u00f3 i relaci\u00f3 entre els conceptes. Com per exemple, tocar el gel i descobrir que est\u00e0 fred o mullar el paper i observar com es trenca.<\/div>[\/vc_column_inner][\/vc_row_inner][vc_row_inner][vc_column_inner width=&#8221;1\/3&#8243;]<div class=\"center\"><div  class=\"swmsc_image_lightbox  image_center\" >\n\n\t\t\t\t\t\t<div class=\"swmsc_image_lightbox_img\"><img decoding=\"async\" alt=\"\" src=\"https:\/\/www.cavallcartro.cat\/escoles\/llim-el-cargol\/wp-content\/uploads\/sites\/29\/2023\/04\/IMG_2249.jpeg\" class=\"\" style=\"border-radius:10px;\" \/><div class=\"swmsc_img_overlay\" style=\"border-radius:10px;\">\n\t\t\t\t\t\t\t\t\t\t\t\t<a class=\"swmsc_popup_img\" href=\"https:\/\/www.cavallcartro.cat\/escoles\/llim-el-cargol\/wp-content\/uploads\/sites\/29\/2021\/09\/LLIM-EL-CARGOL-SIMBOLIC.jpg\" title=\"\" target=\"_self\" >\n\t\t\t\t\t\t\t\t\t\t\t\t\t<i class=\"fa fa-search\"><\/i>\n\t\t\t\t\t\t\t\t\t\t\t\t<\/a>\n\t\t\t\t\t\t\t\t\t\t\t<\/div><\/div><\/div><\/div><div  class=\"swmsc_text_block\" > \n<p style=\"text-align: center;\"><strong>Espai Simb\u00f2lic 2-3 anys<br \/>\n<\/strong><\/p>\n<p style=\"text-align: left;\">Aquesta \u00e9s una aula que acull a un dels grups de dos a tres anys.<\/p>\n<p style=\"text-align: left;\">Est\u00e0 preparada per les propostes de <strong>l\u2019ambient simb\u00f2lic<\/strong>. Podem trobar materials per fomentar el treball d\u2019imitar, de representar el m\u00f3n que els envolta.<\/p>\n<p style=\"text-align: left;\">Podem trobar materials per a jugar a la cuineta, per fer veure que som mares i pares, que som cuiners\/es, que anem al mercat a comprar, aix\u00ed com l\u2019espai del metge o ens cuidem de que se\u2019ns curin tots els mals. Un espai que tamb\u00e9 els agrada molt \u00e9s l\u2019espai de la granja, \u00e9s un espai on anem canviant els animals per tal de provocar diferents situacions: animals de granja, de la selva, del mar, fam\u00edlies d\u2019animals: mascle, femella i fillets, aliments, coves per amagar-se, roques per escalar, etc.<\/p>\n<p style=\"text-align: center;\"><strong>\u00a0<\/strong><\/p>\n<\/div>[\/vc_column_inner][vc_column_inner width=&#8221;1\/3&#8243;]<div class=\"center\"><div  class=\"swmsc_image_lightbox  image_center\" >\n\n\t\t\t\t\t\t<div class=\"swmsc_image_lightbox_img\"><img decoding=\"async\" alt=\"\" src=\"https:\/\/www.cavallcartro.cat\/escoles\/llim-el-cargol\/wp-content\/uploads\/sites\/29\/2023\/04\/IMG_2247.jpeg\" class=\"\" style=\"border-radius:10px;\" \/><div class=\"swmsc_img_overlay\" style=\"border-radius:10px;\">\n\t\t\t\t\t\t\t\t\t\t\t\t<a class=\"swmsc_popup_img\" href=\"https:\/\/www.cavallcartro.cat\/escoles\/llim-el-cargol\/wp-content\/uploads\/sites\/29\/2021\/09\/LLIM-EL-CARGOL-JOC-MOVIMENT.jpg\" title=\"\" target=\"_self\" >\n\t\t\t\t\t\t\t\t\t\t\t\t\t<i class=\"fa fa-search\"><\/i>\n\t\t\t\t\t\t\t\t\t\t\t\t<\/a>\n\t\t\t\t\t\t\t\t\t\t\t<\/div><\/div><\/div><\/div><div  class=\"swmsc_text_block\" > \n<p style=\"text-align: center;\"><strong>Espai Joc i Moviment 2-3 anys<br \/>\n<\/strong><\/p>\n<p style=\"text-align: left;\">Aquesta \u00e9s una aula que acull a un dels grups de dos a tres anys.<\/p>\n<p style=\"text-align: left;\">Est\u00e0 preparada per les propostes de <strong>l\u2019ambient de joc i moviment<\/strong>. Podem trobar materials per fomentar el treball de la motricitat fina (enfilar, construir, apilar, etc.), aix\u00ed com tamb\u00e9 la motricitat grossa (enfilar-nos, saltar, rodolar, lliscar), espais que conviden al moviment (estructures toves i r\u00edgides) aix\u00ed com materials de relaxaci\u00f3 (teles, plomes, complements per fer massatges, etc.).<\/p>\n<p style=\"text-align: left;\">Tamb\u00e9 segons l\u2019ambient que vulguem crear podem acompanyar les propostes amb m\u00fasica de diferents estils per tal de jugar amb un element m\u00e9s.<\/p>\n<\/div>[\/vc_column_inner][vc_column_inner width=&#8221;1\/3&#8243;]<div class=\"center\"><div  class=\"swmsc_image_lightbox  image_center\" >\n\n\t\t\t\t\t\t<div class=\"swmsc_image_lightbox_img\"><img decoding=\"async\" alt=\"\" src=\"https:\/\/www.cavallcartro.cat\/escoles\/llim-el-cargol\/wp-content\/uploads\/sites\/29\/2023\/04\/IMG_2246.jpg\" class=\"\" style=\"border-radius:10px;\" \/><div class=\"swmsc_img_overlay\" style=\"border-radius:10px;\">\n\t\t\t\t\t\t\t\t\t\t\t\t<a class=\"swmsc_popup_img\" href=\"https:\/\/www.cavallcartro.cat\/escoles\/llim-el-cargol\/wp-content\/uploads\/sites\/29\/2018\/05\/LLIM-EL-CARGOL-JARDI.jpg\" title=\"\" target=\"_self\" >\n\t\t\t\t\t\t\t\t\t\t\t\t\t<i class=\"fa fa-search\"><\/i>\n\t\t\t\t\t\t\t\t\t\t\t\t<\/a>\n\t\t\t\t\t\t\t\t\t\t\t<\/div><\/div><\/div><\/div><div  class=\"swmsc_text_block\" > \n<p style=\"text-align: center;\"><strong>Espai Jard\u00ed<\/strong><\/p>\n<p style=\"text-align: left;\">Aquesta \u00e9s un espai ple d\u2019oportunitats per explorar i descobrir. Els infants tenen una connexi\u00f3 especial amb la natura i per ells cada dia es converteix en una aventura.<\/p>\n<p style=\"text-align: left;\">Fomentem la descoberta de l\u2019entorn, l\u2019observaci\u00f3, la cura dels animals i plantes que puguin trobar en el seu espai de joc, etc.<\/p>\n<p style=\"text-align: left;\">Fem propostes ben diferents per provocar aprenentatges m\u00e9s rics. Espais amb sorra i estris, troncs de diferents mides i pesos, pati musical, lupes i pots per observar els petits insectes, regadores i aigua per cuidar l\u2019hortet i observar com creixen els aliments, observar com els canvis de temps ens aporten noves oportunitats: el sol ens ofereix el joc d\u2019ombres, la pluja petits rierols i bassals per saltar, el vent petits branquillons i fulles, \u00e9s una meravella tot el que aquest espai ens ofereix.<\/p>\n<\/div>[\/vc_column_inner][\/vc_row_inner][vc_row_inner][vc_column_inner width=&#8221;1\/3&#8243;]<div class=\"center\"><div  class=\"swmsc_image_lightbox  image_center\" >\n\n\t\t\t\t\t\t<div class=\"swmsc_image_lightbox_img\"><img decoding=\"async\" alt=\"\" src=\"https:\/\/www.cavallcartro.cat\/escoles\/llim-el-cargol\/wp-content\/uploads\/sites\/29\/2023\/04\/D654F056-A155-4EFE-AEDB-06DF284B2668.jpeg\" class=\"\" style=\"border-radius:10px;\" \/><div class=\"swmsc_img_overlay\" style=\"border-radius:10px;\">\n\t\t\t\t\t\t\t\t\t\t\t\t<a class=\"swmsc_popup_img\" href=\"https:\/\/www.cavallcartro.cat\/escoles\/llim-el-cargol\/wp-content\/uploads\/sites\/29\/2021\/09\/LLIM-EL-CARGOL-MENJADOR.jpg\" title=\"\" target=\"_self\" >\n\t\t\t\t\t\t\t\t\t\t\t\t\t<i class=\"fa fa-search\"><\/i>\n\t\t\t\t\t\t\t\t\t\t\t\t<\/a>\n\t\t\t\t\t\t\t\t\t\t\t<\/div><\/div><\/div><\/div><div  class=\"swmsc_text_block\" > \n<p style=\"text-align: center;\"><strong>Espai Menjador<\/strong><\/p>\n<p style=\"text-align: left;\">L\u2019espai del menjador \u00e9s un espai molt important,<\/p>\n<p style=\"text-align: left;\">Per una banda estem fomentant uns h\u00e0bits alimentaris saludables, una bona actitud davant del menjar. Tot aix\u00f2 envoltat d\u2019un clima relaxat en el que convidem a tastar tots els aliments fent un treball d\u2019anar ampliant els seus gustos al llarg del curs.<\/p>\n<p style=\"text-align: left;\">Tamb\u00e9 \u00e9s un espai on intentem que es cre\u00ef un clima de confian\u00e7a, ja que habitualment apareix una conversa espont\u00e0nia entre els infants o els infants i els acompanyants adults expressant emocions i viv\u00e8ncies del seu dia a dia.<\/p>\n<p style=\"text-align: left;\">Tamb\u00e9 treballem l\u2019autonomia. Els infants s\u00f3n els protagonistes un cop m\u00e9s, separant en els dos recipients el menjar sobrant dels estris de cuina. Aix\u00ed com el dia que tenim l\u00e0ctic poder dipositar l\u2019env\u00e0s al contenidor groc. Fomentant d\u2019aquesta manera una consci\u00e8ncia del reciclatge i del respecte pel medi ambient des de ben petits.<\/p>\n<p style=\"text-align: left;\">Tenim molta sort de poder tenir un hort. Aquest ens d\u00f3na moltes oportunitats per a observar el creixement dels aliments, poder regar, collir i experimentar. No mengem els aliments que cuidem, ja que no tenen els controls sanitaris que demanem en aquestes primeres edats per\u00f2 s\u00ed que ens ajuden a fer aquest lligam d\u2019on surten els aliments, com creixen, i com despr\u00e9s ens els trobem en els diferents plats a l\u2019hora de dinar.<\/p>\n<p style=\"text-align: center;\"><strong>\u00a0<\/strong><\/p>\n<\/div>[\/vc_column_inner][vc_column_inner width=&#8221;1\/3&#8243;]<div  class=\"swmsc_image_lightbox  image_left\" >\n\n\t\t\t\t\t\t<div class=\"swmsc_image_lightbox_img\"><img decoding=\"async\" alt=\"\" src=\"https:\/\/www.cavallcartro.cat\/escoles\/llim-el-cargol\/wp-content\/uploads\/sites\/29\/2023\/04\/3D2F174F-5582-47E0-8439-D53E3A0B6249.jpeg\" class=\"\" style=\"border-radius:10px;\" \/><div class=\"swmsc_img_overlay\" style=\"border-radius:10px;\">\n\t\t\t\t\t\t\t\t\t\t\t\t<a class=\"swmsc_popup_img\" href=\"https:\/\/www.cavallcartro.cat\/escoles\/llim-el-cargol\/wp-content\/uploads\/sites\/29\/2018\/05\/LLIM-EL-CARGOL-HORA-CONTE.jpg\" title=\"\" target=\"_self\" >\n\t\t\t\t\t\t\t\t\t\t\t\t\t<i class=\"fa fa-search\"><\/i>\n\t\t\t\t\t\t\t\t\t\t\t\t<\/a>\n\t\t\t\t\t\t\t\t\t\t\t<\/div><\/div><\/div><div  class=\"swmsc_text_block\" > \n<p style=\"text-align: center;\"><strong>Espai Dormitori<\/strong><\/p>\n<p style=\"text-align: left;\">L&#8217;espai del dormitori \u00e9s un espai molt cuidat.<\/p>\n<p>Un espai on els infants es poden relaxar i gaudir d&#8217;un temps de calma.<\/p>\n<p>Els infants arriben al dormitori es\u00a0<span class=\"hiddenGrammarError\" style=\"padding-bottom: 2px; background-image: url('..\/..\/..\/..\/..\/images\/squiggle.png'); background-position: left bottom; cursor: default; color: #666666; font-family: 'Open Sans', Helvetica, Arial, sans-serif; font-size: 16px; font-style: normal; font-weight: 300; letter-spacing: normal; text-align: start; text-indent: 0px; text-transform: none;\">treuen<\/span>\u00a0les sabates, amb ajuda o sense, i s&#8217;estiren per relaxar-se o dormir. L&#8217;hora de la migdiada volem que sigui una estona tranquil\u00b7la; per poder-ho aconseguir farem silenci i ajudarem als infants a relaxar-se.<br \/>\nEnfosquim la zona de descans i posarem m\u00fasica tranquil\u00b7la per tal de crear un espai relaxant on els infants puguin descansar.s<\/p>\n<\/div>[\/vc_column_inner][vc_column_inner width=&#8221;1\/3&#8243;]<div  class=\"swmsc_image_lightbox  image_left\" >\n\n\t\t\t\t\t\t<div class=\"swmsc_image_lightbox_img\"><img decoding=\"async\" alt=\"\" src=\"https:\/\/www.cavallcartro.cat\/escoles\/llim-el-cargol\/wp-content\/uploads\/sites\/29\/2023\/04\/IMG_2229.jpg\" class=\"\" style=\"border-radius:10px;\" \/><div class=\"swmsc_img_overlay\" style=\"border-radius:10px;\">\n\t\t\t\t\t\t\t\t\t\t\t\t<a class=\"swmsc_popup_img\" href=\"#\" title=\"\" target=\"_self\" >\n\t\t\t\t\t\t\t\t\t\t\t\t\t<i class=\"fa fa-search\"><\/i>\n\t\t\t\t\t\t\t\t\t\t\t\t<\/a>\n\t\t\t\t\t\t\t\t\t\t\t<\/div><\/div><\/div><div  class=\"swmsc_text_block\" > \n<p style=\"text-align: center;\"><strong>Aula Multisensorial<\/strong><\/p>\n<p style=\"text-align: center;\">L\u2019aula multisensorial\u00a0 t\u00e9 com a objectiu proporcionar unes experi\u00e8ncies sensorials agradables estimulant els sentits primaris, sense necessitat d\u2019una activitat intel\u00b7lectual i en una atmosfera de confian\u00e7a i relaxaci\u00f3<\/p>\n<p>Utilitzem l\u2019ambient d\u2019estimulaci\u00f3 multisensorial com a oportunitat de lleure per a nens i nenes de la llar, descobrint aix\u00ed el mon a trav\u00e9s del diferents sentits.<\/p>\n<p>L\u2019activitat t\u00e9 lloc en un ambient atractiu de penombra, on se sent una m\u00fasica agradable. Els sentits s\u2019estimulen de manera individual en aquest ambient que es trobar\u00e0\u00a0 ple d&#8217;est\u00edmuls i que aporta seguretat \u00a0possibilitant aixi l&#8217;estimulaci\u00f3 de tots els sentits a tota persona sense cap excepci\u00f3 pel seu nivell cognitiu.<\/div>[\/vc_column_inner][vc_column_inner][\/vc_column_inner][\/vc_row_inner][\/vc_column][\/vc_row][vc_row full_width=&#8221;stretch_row&#8221; el_id=&#8221;menus&#8221; css=&#8221;.vc_custom_1500032698252{padding-top: 150px !important;}&#8221;][vc_column width=&#8221;1\/4&#8243;]<div  class=\"swmsc_fancy_heading swmsc_fancy_heading_center fh_icon_fancyHeadingNoIcon\" style=\"margin-top:40px;margin-bottom:40px;\">\n\t\t\t\t\t\t<div class=\"swmsc_fancy_heading_text\" style=\"font-size:30px;line-height:36px;\">\n\t\t\t\t\t\t\t\n<h1>Men\u00fas<\/h1>\n\n\t\t\t\t\t\t\t<div class=\"swmsc_fancy_heading_border\">\n\t\t\t\t\t\t\t\t<span class=\"swmsc_fancy_heading_border1\" style=\"background:#f8b54d;\"><\/span>\n\t\t\t\t\t\t\t\t<span class=\"swmsc_fancy_heading_border2\" style=\"background:#f8b54d;\"><\/span>\n\t\t\t\t\t\t\t\t<span class=\"swmsc_fancy_heading_icon\"><i class=\"fa fa-fancyHeadingNoIcon\"  style=\"color:#8373ce;\"><\/i><\/span>\n\t\t\t\t\t\t\t<\/div>\n\t\t\t\t\t\t<\/div>\n\t\t\t\t\t<\/div>[\/vc_column][vc_column width=&#8221;3\/4&#8243; css=&#8221;.vc_custom_1506676149789{padding-top: 50px !important;}&#8221;][vc_row_inner][vc_column_inner]<div   >\n\t\t\t\t\t\t<div class=\"swmsc_image_gallery swmsc_gal1  \" data-grid=\"masonry\" style=\"margin-right:-20px;\">\n\t\t\t\t\t\t\t\n        \t\t\t\t<div class=\"swmsc_image_gallery_item\">\n        \t\t\t\t\t<div style=\"padding-right:20px; padding-bottom:20px;\">\n\t        \t\t\t\t\t<a href=\"https:\/\/www.cavallcartro.cat\/escoles\/llim-el-cargol\/wp-content\/uploads\/sites\/29\/2026\/03\/Menu-Basal-1.jpg\" class=\"swmsc_popup_gallery\" style=\"border-radius:20px;\" title=\"Men\u00fa Basal\">\n\t\t        \t\t\t\t\t\t<img decoding=\"async\" style=\"border-radius:20px;\" src=\"https:\/\/www.cavallcartro.cat\/escoles\/llim-el-cargol\/wp-content\/uploads\/sites\/29\/2026\/03\/Menu-Basal-1.jpg\" alt=\"\" \/>\n\t\t        \t\t\t\t\t\t<span><i class=\"fa fa-search\" style=\"background-color:#f8b54e;color:#ffffff;\"><\/i><\/span>\n\t\t        \t\t\t\t\t<\/a>\n\t        \t\t\t\t\t\n\t        \t\t\t\t<\/div>\n        \t\t\t\t<\/div>\n        \t\t\t\t<div class=\"swmsc_image_gallery_item\">\n        \t\t\t\t\t<div style=\"padding-right:20px; padding-bottom:20px;\">\n\t        \t\t\t\t\t<a href=\"https:\/\/www.cavallcartro.cat\/escoles\/llim-el-cargol\/wp-content\/uploads\/sites\/29\/2026\/03\/Triturat-de-Verdura-Carn-peix-o-Llegum.jpg\" class=\"swmsc_popup_gallery\" style=\"border-radius:20px;\" title=\"Triturat de Verdura Carn, peix o Llegum\">\n\t\t        \t\t\t\t\t\t<img decoding=\"async\" style=\"border-radius:20px;\" src=\"https:\/\/www.cavallcartro.cat\/escoles\/llim-el-cargol\/wp-content\/uploads\/sites\/29\/2026\/03\/Triturat-de-Verdura-Carn-peix-o-Llegum.jpg\" alt=\"\" \/>\n\t\t        \t\t\t\t\t\t<span><i class=\"fa fa-search\" style=\"background-color:#f8b54e;color:#ffffff;\"><\/i><\/span>\n\t\t        \t\t\t\t\t<\/a>\n\t        \t\t\t\t\t\n\t        \t\t\t\t<\/div>\n        \t\t\t\t<\/div>\n        \t\t\t\t<div class=\"swmsc_image_gallery_item\">\n        \t\t\t\t\t<div style=\"padding-right:20px; padding-bottom:20px;\">\n\t        \t\t\t\t\t<a href=\"https:\/\/www.cavallcartro.cat\/escoles\/llim-el-cargol\/wp-content\/uploads\/sites\/29\/2026\/03\/Triturat-Verdura-amb-Carn.jpg\" class=\"swmsc_popup_gallery\" style=\"border-radius:20px;\" title=\"Triturat Verdura amb Carn\">\n\t\t        \t\t\t\t\t\t<img decoding=\"async\" style=\"border-radius:20px;\" src=\"https:\/\/www.cavallcartro.cat\/escoles\/llim-el-cargol\/wp-content\/uploads\/sites\/29\/2026\/03\/Triturat-Verdura-amb-Carn.jpg\" alt=\"\" \/>\n\t\t        \t\t\t\t\t\t<span><i class=\"fa fa-search\" style=\"background-color:#f8b54e;color:#ffffff;\"><\/i><\/span>\n\t\t        \t\t\t\t\t<\/a>\n\t        \t\t\t\t\t\n\t        \t\t\t\t<\/div>\n        \t\t\t\t<\/div>\n\t\t\t\t\t\t<\/div>\n\t\t\t\t\t<\/div>[\/vc_column_inner][\/vc_row_inner][\/vc_column][\/vc_row]\n<\/div>","protected":false},"excerpt":{"rendered":"<p>Benvingudes, fam\u00edlies, a la Llar d&#8217;Infants Municipal El Cargol, de Sant Pere de Ribes. Una escola bressol on l&#8217;infant \u00e9s protagonista del seu aprenentatge.<\/p>\n","protected":false},"author":1,"featured_media":0,"parent":0,"menu_order":0,"comment_status":"closed","ping_status":"closed","template":"","meta":{"footnotes":""},"class_list":["post-33","page","type-page","status-publish","hentry"],"yoast_head":"<!-- This site is optimized with the Yoast SEO plugin v27.5 - https:\/\/yoast.com\/product\/yoast-seo-wordpress\/ -->\n<title>LLIM EL CARGOL. Llar d&#039;infants municipal de Sant Pere de Ribes<\/title>\n<meta name=\"description\" content=\"Benvingudes, fam\u00edlies, a la Llar d&#039;Infants Municipal El Cargol, de Sant Pere de Ribes. Una escola bressol on l&#039;infant \u00e9s protagonista del seu aprenentatge.\" \/>\n<meta name=\"robots\" content=\"index, follow, max-snippet:-1, max-image-preview:large, max-video-preview:-1\" \/>\n<link rel=\"canonical\" href=\"https:\/\/www.cavallcartro.cat\/escoles\/llim-el-cargol\/\" \/>\n<meta property=\"og:locale\" content=\"ca_ES\" \/>\n<meta property=\"og:type\" content=\"article\" \/>\n<meta property=\"og:title\" content=\"LLIM EL CARGOL. Llar d&#039;infants municipal de Sant Pere de Ribes\" \/>\n<meta property=\"og:description\" content=\"Benvingudes, fam\u00edlies, a la Llar d&#039;Infants Municipal El Cargol, de Sant Pere de Ribes. Una escola bressol on l&#039;infant \u00e9s protagonista del seu aprenentatge.\" \/>\n<meta property=\"og:url\" content=\"https:\/\/www.cavallcartro.cat\/escoles\/llim-el-cargol\/\" \/>\n<meta property=\"og:site_name\" content=\"LLIM EL CARGOL. Llar d&#039;infants municipal de Sant Pere de Ribes\" \/>\n<meta property=\"article:publisher\" content=\"https:\/\/facebook.com\/cavallcartroedu\" \/>\n<meta property=\"article:modified_time\" content=\"2026-03-31T13:38:23+00:00\" \/>\n<meta name=\"twitter:card\" content=\"summary_large_image\" \/>\n<meta name=\"twitter:site\" content=\"@cavallcartroedu\" \/>\n<meta name=\"twitter:label1\" content=\"Temps estimat de lectura\" \/>\n\t<meta name=\"twitter:data1\" content=\"11 minuts\" \/>\n<script type=\"application\/ld+json\" class=\"yoast-schema-graph\">{\"@context\":\"https:\\\/\\\/schema.org\",\"@graph\":[{\"@type\":\"WebPage\",\"@id\":\"https:\\\/\\\/www.cavallcartro.cat\\\/escoles\\\/llim-el-cargol\\\/\",\"url\":\"https:\\\/\\\/www.cavallcartro.cat\\\/escoles\\\/llim-el-cargol\\\/\",\"name\":\"LLIM EL CARGOL. Llar d&#039;infants municipal de Sant Pere de Ribes\",\"isPartOf\":{\"@id\":\"https:\\\/\\\/www.cavallcartro.cat\\\/escoles\\\/llim-el-cargol\\\/#website\"},\"datePublished\":\"2018-05-30T17:09:05+00:00\",\"dateModified\":\"2026-03-31T13:38:23+00:00\",\"description\":\"Benvingudes, fam\u00edlies, a la Llar d'Infants Municipal El Cargol, de Sant Pere de Ribes. Una escola bressol on l'infant \u00e9s protagonista del seu aprenentatge.\",\"breadcrumb\":{\"@id\":\"https:\\\/\\\/www.cavallcartro.cat\\\/escoles\\\/llim-el-cargol\\\/#breadcrumb\"},\"inLanguage\":\"ca\",\"potentialAction\":[{\"@type\":\"ReadAction\",\"target\":[\"https:\\\/\\\/www.cavallcartro.cat\\\/escoles\\\/llim-el-cargol\\\/\"]}]},{\"@type\":\"BreadcrumbList\",\"@id\":\"https:\\\/\\\/www.cavallcartro.cat\\\/escoles\\\/llim-el-cargol\\\/#breadcrumb\",\"itemListElement\":[{\"@type\":\"ListItem\",\"position\":1,\"name\":\"Portada\",\"item\":\"https:\\\/\\\/www.cavallcartro.cat\\\/escoles\\\/llim-el-cargol\\\/\"},{\"@type\":\"ListItem\",\"position\":2,\"name\":\"Inici\"}]},{\"@type\":\"WebSite\",\"@id\":\"https:\\\/\\\/www.cavallcartro.cat\\\/escoles\\\/llim-el-cargol\\\/#website\",\"url\":\"https:\\\/\\\/www.cavallcartro.cat\\\/escoles\\\/llim-el-cargol\\\/\",\"name\":\"LLIM EL CARGOL. Llar d'infants municipal de Sant Pere de Ribes\",\"description\":\"Escola bressol municipal de Sant Pere de Ribes. El nostre projecte educatiu aix\u00ed com la masia que ens acull faciliten l&#039;acompanyament dels infants en la descoberta, l&#039;aprenentatge i l&#039;autonomia.\",\"publisher\":{\"@id\":\"https:\\\/\\\/www.cavallcartro.cat\\\/escoles\\\/llim-el-cargol\\\/#organization\"},\"potentialAction\":[{\"@type\":\"SearchAction\",\"target\":{\"@type\":\"EntryPoint\",\"urlTemplate\":\"https:\\\/\\\/www.cavallcartro.cat\\\/escoles\\\/llim-el-cargol\\\/?s={search_term_string}\"},\"query-input\":{\"@type\":\"PropertyValueSpecification\",\"valueRequired\":true,\"valueName\":\"search_term_string\"}}],\"inLanguage\":\"ca\"},{\"@type\":\"Organization\",\"@id\":\"https:\\\/\\\/www.cavallcartro.cat\\\/escoles\\\/llim-el-cargol\\\/#organization\",\"name\":\"LLIM EL CARGOL. Llar d'infants municipal de Sant Pere de Ribes\",\"url\":\"https:\\\/\\\/www.cavallcartro.cat\\\/escoles\\\/llim-el-cargol\\\/\",\"logo\":{\"@type\":\"ImageObject\",\"inLanguage\":\"ca\",\"@id\":\"https:\\\/\\\/www.cavallcartro.cat\\\/escoles\\\/llim-el-cargol\\\/#\\\/schema\\\/logo\\\/image\\\/\",\"url\":\"https:\\\/\\\/www.cavallcartro.cat\\\/escoles\\\/llim-el-cargol\\\/wp-content\\\/uploads\\\/sites\\\/29\\\/2024\\\/03\\\/Logo-Llar-dinfants-Municipal-El-Cargol-de-Sant-Pere-de-Ribes.jpg\",\"contentUrl\":\"https:\\\/\\\/www.cavallcartro.cat\\\/escoles\\\/llim-el-cargol\\\/wp-content\\\/uploads\\\/sites\\\/29\\\/2024\\\/03\\\/Logo-Llar-dinfants-Municipal-El-Cargol-de-Sant-Pere-de-Ribes.jpg\",\"width\":398,\"height\":356,\"caption\":\"LLIM EL CARGOL. Llar d'infants municipal de Sant Pere de Ribes\"},\"image\":{\"@id\":\"https:\\\/\\\/www.cavallcartro.cat\\\/escoles\\\/llim-el-cargol\\\/#\\\/schema\\\/logo\\\/image\\\/\"},\"sameAs\":[\"https:\\\/\\\/facebook.com\\\/cavallcartroedu\",\"https:\\\/\\\/x.com\\\/cavallcartroedu\"]}]}<\/script>\n<!-- \/ Yoast SEO plugin. -->","yoast_head_json":{"title":"LLIM EL CARGOL. Llar d&#039;infants municipal de Sant Pere de Ribes","description":"Benvingudes, fam\u00edlies, a la Llar d'Infants Municipal El Cargol, de Sant Pere de Ribes. Una escola bressol on l'infant \u00e9s protagonista del seu aprenentatge.","robots":{"index":"index","follow":"follow","max-snippet":"max-snippet:-1","max-image-preview":"max-image-preview:large","max-video-preview":"max-video-preview:-1"},"canonical":"https:\/\/www.cavallcartro.cat\/escoles\/llim-el-cargol\/","og_locale":"ca_ES","og_type":"article","og_title":"LLIM EL CARGOL. Llar d&#039;infants municipal de Sant Pere de Ribes","og_description":"Benvingudes, fam\u00edlies, a la Llar d'Infants Municipal El Cargol, de Sant Pere de Ribes. Una escola bressol on l'infant \u00e9s protagonista del seu aprenentatge.","og_url":"https:\/\/www.cavallcartro.cat\/escoles\/llim-el-cargol\/","og_site_name":"LLIM EL CARGOL. Llar d&#039;infants municipal de Sant Pere de Ribes","article_publisher":"https:\/\/facebook.com\/cavallcartroedu","article_modified_time":"2026-03-31T13:38:23+00:00","twitter_card":"summary_large_image","twitter_site":"@cavallcartroedu","twitter_misc":{"Temps estimat de lectura":"11 minuts"},"schema":{"@context":"https:\/\/schema.org","@graph":[{"@type":"WebPage","@id":"https:\/\/www.cavallcartro.cat\/escoles\/llim-el-cargol\/","url":"https:\/\/www.cavallcartro.cat\/escoles\/llim-el-cargol\/","name":"LLIM EL CARGOL. Llar d&#039;infants municipal de Sant Pere de Ribes","isPartOf":{"@id":"https:\/\/www.cavallcartro.cat\/escoles\/llim-el-cargol\/#website"},"datePublished":"2018-05-30T17:09:05+00:00","dateModified":"2026-03-31T13:38:23+00:00","description":"Benvingudes, fam\u00edlies, a la Llar d'Infants Municipal El Cargol, de Sant Pere de Ribes. Una escola bressol on l'infant \u00e9s protagonista del seu aprenentatge.","breadcrumb":{"@id":"https:\/\/www.cavallcartro.cat\/escoles\/llim-el-cargol\/#breadcrumb"},"inLanguage":"ca","potentialAction":[{"@type":"ReadAction","target":["https:\/\/www.cavallcartro.cat\/escoles\/llim-el-cargol\/"]}]},{"@type":"BreadcrumbList","@id":"https:\/\/www.cavallcartro.cat\/escoles\/llim-el-cargol\/#breadcrumb","itemListElement":[{"@type":"ListItem","position":1,"name":"Portada","item":"https:\/\/www.cavallcartro.cat\/escoles\/llim-el-cargol\/"},{"@type":"ListItem","position":2,"name":"Inici"}]},{"@type":"WebSite","@id":"https:\/\/www.cavallcartro.cat\/escoles\/llim-el-cargol\/#website","url":"https:\/\/www.cavallcartro.cat\/escoles\/llim-el-cargol\/","name":"LLIM EL CARGOL. Llar d'infants municipal de Sant Pere de Ribes","description":"Escola bressol municipal de Sant Pere de Ribes. El nostre projecte educatiu aix\u00ed com la masia que ens acull faciliten l&#039;acompanyament dels infants en la descoberta, l&#039;aprenentatge i l&#039;autonomia.","publisher":{"@id":"https:\/\/www.cavallcartro.cat\/escoles\/llim-el-cargol\/#organization"},"potentialAction":[{"@type":"SearchAction","target":{"@type":"EntryPoint","urlTemplate":"https:\/\/www.cavallcartro.cat\/escoles\/llim-el-cargol\/?s={search_term_string}"},"query-input":{"@type":"PropertyValueSpecification","valueRequired":true,"valueName":"search_term_string"}}],"inLanguage":"ca"},{"@type":"Organization","@id":"https:\/\/www.cavallcartro.cat\/escoles\/llim-el-cargol\/#organization","name":"LLIM EL CARGOL. Llar d'infants municipal de Sant Pere de Ribes","url":"https:\/\/www.cavallcartro.cat\/escoles\/llim-el-cargol\/","logo":{"@type":"ImageObject","inLanguage":"ca","@id":"https:\/\/www.cavallcartro.cat\/escoles\/llim-el-cargol\/#\/schema\/logo\/image\/","url":"https:\/\/www.cavallcartro.cat\/escoles\/llim-el-cargol\/wp-content\/uploads\/sites\/29\/2024\/03\/Logo-Llar-dinfants-Municipal-El-Cargol-de-Sant-Pere-de-Ribes.jpg","contentUrl":"https:\/\/www.cavallcartro.cat\/escoles\/llim-el-cargol\/wp-content\/uploads\/sites\/29\/2024\/03\/Logo-Llar-dinfants-Municipal-El-Cargol-de-Sant-Pere-de-Ribes.jpg","width":398,"height":356,"caption":"LLIM EL CARGOL. Llar d'infants municipal de Sant Pere de Ribes"},"image":{"@id":"https:\/\/www.cavallcartro.cat\/escoles\/llim-el-cargol\/#\/schema\/logo\/image\/"},"sameAs":["https:\/\/facebook.com\/cavallcartroedu","https:\/\/x.com\/cavallcartroedu"]}]}},"_links":{"self":[{"href":"https:\/\/www.cavallcartro.cat\/escoles\/llim-el-cargol\/wp-json\/wp\/v2\/pages\/33","targetHints":{"allow":["GET"]}}],"collection":[{"href":"https:\/\/www.cavallcartro.cat\/escoles\/llim-el-cargol\/wp-json\/wp\/v2\/pages"}],"about":[{"href":"https:\/\/www.cavallcartro.cat\/escoles\/llim-el-cargol\/wp-json\/wp\/v2\/types\/page"}],"author":[{"embeddable":true,"href":"https:\/\/www.cavallcartro.cat\/escoles\/llim-el-cargol\/wp-json\/wp\/v2\/users\/1"}],"replies":[{"embeddable":true,"href":"https:\/\/www.cavallcartro.cat\/escoles\/llim-el-cargol\/wp-json\/wp\/v2\/comments?post=33"}],"version-history":[{"count":126,"href":"https:\/\/www.cavallcartro.cat\/escoles\/llim-el-cargol\/wp-json\/wp\/v2\/pages\/33\/revisions"}],"predecessor-version":[{"id":47,"href":"https:\/\/www.cavallcartro.cat\/escoles\/llim-el-cargol\/wp-json\/wp\/v2\/pages\/33\/revisions\/47"}],"wp:attachment":[{"href":"https:\/\/www.cavallcartro.cat\/escoles\/llim-el-cargol\/wp-json\/wp\/v2\/media?parent=33"}],"curies":[{"name":"wp","href":"https:\/\/api.w.org\/{rel}","templated":true}]}}