{"id":11,"date":"2023-03-03T15:55:06","date_gmt":"2023-03-03T15:55:06","guid":{"rendered":"https:\/\/www.cavallcartro.cat\/escoles\/llar-infants-esquirol\/?page_id=11"},"modified":"2026-03-31T13:42:16","modified_gmt":"2026-03-31T13:42:16","slug":"inici","status":"publish","type":"page","link":"https:\/\/www.cavallcartro.cat\/escoles\/llar-infants-esquirol\/","title":{"rendered":"Inici"},"content":{"rendered":"<div class=\"wpb-content-wrapper\">[vc_row full_width=&#8221;stretch_row&#8221; css=&#8221;.vc_custom_1678737829202{padding-top: 100px !important;padding-bottom: 50px !important;background-image: url(https:\/\/www.cavallcartro.cat\/escoles\/llip-la-baldufa\/wp-content\/uploads\/sites\/3\/2017\/09\/fons1.jpg?id=39) !important;}&#8221;][vc_column width=&#8221;2\/3&#8243;][vc_column_text]\n<h1>Fam\u00edlies, benvingudes a les Llars d&#8217;Infants Municipals L&#8217;Esquirol i Nou Esquirol, de La Pobla de Mafumet!<\/h1>\n[\/vc_column_text][\/vc_column][vc_column width=&#8221;1\/3&#8243;][vc_single_image image=&#8221;64&#8243; img_size=&#8221;full&#8221; alignment=&#8221;right&#8221;][\/vc_column][\/vc_row][vc_row full_width=&#8221;stretch_row&#8221; css=&#8221;.vc_custom_1678810678522{padding-top: 150px !important;}&#8221; el_id=&#8221;qui-som&#8221;][vc_column width=&#8221;1\/4&#8243;]<div  class=\"swmsc_fancy_heading swmsc_fancy_heading_center fh_icon_fancyHeadingNoIcon\" style=\"margin-top:40px;margin-bottom:40px;\">\n\t\t\t\t\t\t<div class=\"swmsc_fancy_heading_text\" style=\"font-size:30px;line-height:36px;\">\n\t\t\t\t\t\t\t\n<h1>Qui som<\/h1>\n\n\t\t\t\t\t\t\t<div class=\"swmsc_fancy_heading_border\">\n\t\t\t\t\t\t\t\t<span class=\"swmsc_fancy_heading_border1\" style=\"background:#f8b54d;\"><\/span>\n\t\t\t\t\t\t\t\t<span class=\"swmsc_fancy_heading_border2\" style=\"background:#f8b54d;\"><\/span>\n\t\t\t\t\t\t\t\t<span class=\"swmsc_fancy_heading_icon\"><i class=\"fa fa-fancyHeadingNoIcon\"  style=\"color:#8373ce;\"><\/i><\/span>\n\t\t\t\t\t\t\t<\/div>\n\t\t\t\t\t\t<\/div>\n\t\t\t\t\t<\/div>[\/vc_column][vc_column width=&#8221;3\/4&#8243; css=&#8221;.vc_custom_1678810953801{padding-top: 80px !important;}&#8221;]<div  class=\"swmsc_text_block\" > \n<h2><strong>L&#8217;Esquirol<\/strong><\/h2>\n<\/div>[vc_column_text]La llar d\u2019infants L\u2019Esquirol de la Pobla de Mafumet \u00e9s de <strong>titularitat municipal<\/strong>. T\u00e9 l\u2019autoritzaci\u00f3 del Departament d\u2019Educaci\u00f3 de la Generalitat de Catalunya i est\u00e0\u00a0 gestionada per <strong>Cavall de Cartr\u00f3<\/strong> des del desembre de 2021.<\/p>\n<p>En ella s\u2019imparteix el primer cicle d\u2019educaci\u00f3 infantil i acull infants <strong>de setze setmanes a tres anys<\/strong>.<\/p>\n<p>La llar d&#8217;Infants l&#8217;Esquirol est\u00e0 en funcionament <strong>des de l&#8217;any 1993.<\/strong>\u00a0T\u00e9 una capacitat de 30 places i disposa de 2 aules de 2 a 3 anys, amb capacitat de 15 infants per aula.<\/p>\n<p>L&#8217;<strong>equip de la llar d&#8217;Infants l&#8217;Esquirol<\/strong> est\u00e0 format per 1 directora, 1 mestra, 3 educadores, 3 monitores de menjador i 2 persones de neteja.[\/vc_column_text]<div  class=\"clear swmsc_gap\" style=\"margin:60px 0 0 0;\"><\/div><div  class=\"swmsc_text_block\" > \n<h2><strong>Nou Esquirol<br \/>\n<\/strong><\/h2>\n<\/div>[vc_column_text]La llar d&#8217;Infants Nou Esquirol de la Pobla de Mafumet \u00e9s de titularitat municipal, t\u00e9 l\u2019autoritzaci\u00f3 del Departament d&#8217;Educaci\u00f3 de la Generalitat de Catalunya i est\u00e0 gestionada per Cavall de Cartr\u00f3 des de desembre de 2021.<\/p>\n<p>En ella s&#8217;hi imparteix el primer cicle d\u2019educaci\u00f3 infantil i acull infants de setze setmanes a tres anys.<\/p>\n<p>La llar d&#8217;infants Nou Esquirol est\u00e0 en funcionament <strong>des de l&#8217;any 2010<\/strong>, t\u00e9 una capacitat de <strong>82 places<\/strong> i disposa de 6 aules:<\/p>\n<ul>\n<li><strong>0 a 1 any, 2 aules<\/strong>, amb capacitat m\u00e0xima de 8 infants per aula.<\/li>\n<li><strong>1 a 2 anys, 3 aules<\/strong>, amb capacitat m\u00e0xima de 13 infants per aula.<\/li>\n<li><strong>2 a 3 anys, 1 aula<\/strong>, amb capacitat m\u00e0xima de 20 infants per aula.<\/li>\n<\/ul>\n<p>L&#8217;<strong>equip\u00a0 de la llar d&#8217;infants Nou Esquirol<\/strong> est\u00e0 format per 1 directora, 1 mestra, 10 educadores, 1 educadora especialista d\u2019\u00e0ngles, 5 monitores de menjador i 3 persones de neteja.[\/vc_column_text][\/vc_column][\/vc_row][vc_row full_width=&#8221;stretch_row&#8221; el_id=&#8221;horaris&#8221; css=&#8221;.vc_custom_1499942765676{padding-top: 150px !important;}&#8221;][vc_column width=&#8221;1\/4&#8243;]<div  class=\"swmsc_fancy_heading swmsc_fancy_heading_center fh_icon_fancyHeadingNoIcon\" style=\"margin-top:40px;margin-bottom:40px;\">\n\t\t\t\t\t\t<div class=\"swmsc_fancy_heading_text\" style=\"font-size:30px;line-height:36px;\">\n\t\t\t\t\t\t\t\n<h1>Horaris<\/h1>\n\n\t\t\t\t\t\t\t<div class=\"swmsc_fancy_heading_border\">\n\t\t\t\t\t\t\t\t<span class=\"swmsc_fancy_heading_border1\" style=\"background:#f8b54d;\"><\/span>\n\t\t\t\t\t\t\t\t<span class=\"swmsc_fancy_heading_border2\" style=\"background:#f8b54d;\"><\/span>\n\t\t\t\t\t\t\t\t<span class=\"swmsc_fancy_heading_icon\"><i class=\"fa fa-fancyHeadingNoIcon\"  style=\"color:#8373ce;\"><\/i><\/span>\n\t\t\t\t\t\t\t<\/div>\n\t\t\t\t\t\t<\/div>\n\t\t\t\t\t<\/div>[\/vc_column][vc_column width=&#8221;3\/4&#8243; css=&#8221;.vc_custom_1506676200250{padding-top: 50px !important;}&#8221;][vc_column_text]<strong>Entrades<\/strong><br \/>\nMat\u00ed de 9:00h a 9:15h<br \/>\nTarda de 15:00h a 15:30H<\/p>\n<p><strong>Sortides:<\/strong><\/p>\n<p>Mat\u00ed de12:20h a 12:30h<br \/>\nTarda de 16:45h a 17:00h<\/p>\n<p><strong>Serveis:<\/strong><\/p>\n<p><strong>Acollida mat\u00ed:<\/strong> de 8:00h. a 9:00h. \u00c9s un servei per aquelles fam\u00edlies que necessiten di\u00e0riament o espor\u00e0dicament que els seus fills\/es entrin a la llar abans de les 9:00h.<br \/>\n<strong>Menjador:<\/strong> de 12:30h. a 15:00h. \u00c9s un servei que disposa la llar. El menjar \u00e9s elaborat pel C\u00e0tering Ausolan de Reus i <strong>els men\u00fas s\u00f3n confeccionats per una dietista<\/strong>.<br \/>\n<strong>Acollida tarda:<\/strong> de 17:00h. a 18:00h. \u00c9s un servei per aquelles fam\u00edlies que necessiten di\u00e0riament o espor\u00e0dicament que els seus fills\/es surtin de la llar despr\u00e9s de les 17:00h.[\/vc_column_text][\/vc_column][\/vc_row][vc_row full_width=&#8221;stretch_row&#8221; css=&#8221;.vc_custom_1678811035024{padding-top: 150px !important;}&#8221; el_id=&#8221;calendari&#8221;][vc_column width=&#8221;1\/4&#8243;]<div  class=\"swmsc_fancy_heading swmsc_fancy_heading_center fh_icon_fancyHeadingNoIcon\" style=\"margin-top:40px;margin-bottom:40px;\">\n\t\t\t\t\t\t<div class=\"swmsc_fancy_heading_text\" style=\"font-size:30px;line-height:36px;\">\n\t\t\t\t\t\t\t\n<h1>Calendari<\/h1>\n\n\t\t\t\t\t\t\t<div class=\"swmsc_fancy_heading_border\">\n\t\t\t\t\t\t\t\t<span class=\"swmsc_fancy_heading_border1\" style=\"background:#f8b54d;\"><\/span>\n\t\t\t\t\t\t\t\t<span class=\"swmsc_fancy_heading_border2\" style=\"background:#f8b54d;\"><\/span>\n\t\t\t\t\t\t\t\t<span class=\"swmsc_fancy_heading_icon\"><i class=\"fa fa-fancyHeadingNoIcon\"  style=\"color:#8373ce;\"><\/i><\/span>\n\t\t\t\t\t\t\t<\/div>\n\t\t\t\t\t\t<\/div>\n\t\t\t\t\t<\/div>[\/vc_column][vc_column width=&#8221;3\/4&#8243; css=&#8221;.vc_custom_1506676126679{padding-top: 50px !important;}&#8221;]<div class=\"center\"><div  class=\"swmsc_image_lightbox  image_center\" >\n\n\t\t\t\t\t\t<div class=\"swmsc_image_lightbox_img\"><img decoding=\"async\" alt=\"\" src=\"https:\/\/www.cavallcartro.cat\/escoles\/llar-infants-esquirol\/wp-content\/uploads\/sites\/43\/2025\/09\/Calendari-2025-2026.jpg\" class=\"\" style=\"border-radius:10px;\" \/><div class=\"swmsc_img_overlay\" style=\"border-radius:10px;\">\n\t\t\t\t\t\t\t\t\t\t\t\t<a class=\"\" href=\"https:\/\/www.cavallcartro.cat\/escoles\/llar-infants-esquirol\/wp-content\/uploads\/sites\/43\/2025\/09\/Calendari-2025-2026.jpg\" title=\"\" target=\"_blank\" >\n\t\t\t\t\t\t\t\t\t\t\t\t\t<i class=\"fa fa-link\"><\/i>\n\t\t\t\t\t\t\t\t\t\t\t\t<\/a>\n\t\t\t\t\t\t\t\t\t\t\t<\/div><\/div><\/div><\/div>[\/vc_column][\/vc_row][vc_row full_width=&#8221;stretch_row&#8221; el_id=&#8221;aules&#8221; css=&#8221;.vc_custom_1499942782522{padding-top: 150px !important;}&#8221;][vc_column width=&#8221;1\/4&#8243;]<div  class=\"swmsc_fancy_heading swmsc_fancy_heading_center fh_icon_fancyHeadingNoIcon\" style=\"margin-top:40px;margin-bottom:40px;\">\n\t\t\t\t\t\t<div class=\"swmsc_fancy_heading_text\" style=\"font-size:30px;line-height:36px;\">\n\t\t\t\t\t\t\t\n<h1>Aules<\/h1>\n\n\t\t\t\t\t\t\t<div class=\"swmsc_fancy_heading_border\">\n\t\t\t\t\t\t\t\t<span class=\"swmsc_fancy_heading_border1\" style=\"background:#f8b54d;\"><\/span>\n\t\t\t\t\t\t\t\t<span class=\"swmsc_fancy_heading_border2\" style=\"background:#f8b54d;\"><\/span>\n\t\t\t\t\t\t\t\t<span class=\"swmsc_fancy_heading_icon\"><i class=\"fa fa-fancyHeadingNoIcon\"  style=\"color:#8373ce;\"><\/i><\/span>\n\t\t\t\t\t\t\t<\/div>\n\t\t\t\t\t\t<\/div>\n\t\t\t\t\t<\/div>[\/vc_column][vc_column width=&#8221;3\/4&#8243; css=&#8221;.vc_custom_1506676214468{padding-top: 50px !important;}&#8221;]<div  class=\"swmsc_text_block\" > \n<h2><strong>L&#8217;Esquirol<\/strong><\/h2>\n<\/div>[vc_row_inner css=&#8221;.vc_custom_1678811107788{padding-top: 50px !important;}&#8221;][vc_column_inner width=&#8221;1\/2&#8243;]<div class=\"center\"><div  class=\"swmsc_image_lightbox  image_center\" >\n\n\t\t\t\t\t\t<div class=\"swmsc_image_lightbox_img\"><img decoding=\"async\" alt=\"\" src=\"https:\/\/www.cavallcartro.cat\/escoles\/llar-infants-esquirol\/wp-content\/uploads\/sites\/43\/2023\/03\/Aula-I2A.jpg\" class=\"\" style=\"border-radius:10px;\" \/><div class=\"swmsc_img_overlay\" style=\"border-radius:10px;\">\n\t\t\t\t\t\t\t\t\t\t\t\t<a class=\"swmsc_popup_img\" href=\"https:\/\/www.cavallcartro.cat\/escoles\/llar-infants-esquirol\/wp-content\/uploads\/sites\/43\/2023\/03\/Aula-I2A.jpg\" title=\"\" target=\"_blank\" >\n\t\t\t\t\t\t\t\t\t\t\t\t\t<i class=\"fa fa-search\"><\/i>\n\t\t\t\t\t\t\t\t\t\t\t\t<\/a>\n\t\t\t\t\t\t\t\t\t\t\t<\/div><\/div><\/div><\/div><div  class=\"swmsc_text_block\" > \n<p style=\"text-align: center;\"><strong>AULA 2-3 ANYS (I2A)<br \/>\n<\/strong><\/p>\n<p style=\"text-align: center;\">L\u2019aula dels grans de la llar est\u00e0 distribu\u00efda per diferents espais d\u2019aprenentatge tot adaptant-se al moment evolutiu dels\u00a0 infants i \u00a0les seves necessitats i interessos.<\/p>\n<p style=\"text-align: center;\">Els diferents espais de l\u2019aula s\u00f3n: l\u2019espai de natura, de joc simb\u00f2lic, espai de minimons, de construcci\u00f3, de moviment, espai de la calma amb ampolles sensorials i contes i espai d\u2019art i creativitat.<\/p>\n<p style=\"text-align: center;\">L\u2019aula facilita les relacions amb altres infants, amb els adults i amb els espais i materials proposats. D\u2019aquesta manera els infants amplien experi\u00e8ncies i relacions interpersonals que contribueixen en la seva autonomia i el seu desenvolupament cognitiu i motriu.<\/p>\n<p style=\"text-align: center;\"><strong>\u00a0<\/strong><\/p>\n<\/div>[\/vc_column_inner][vc_column_inner width=&#8221;1\/2&#8243;]<div class=\"center\"><div  class=\"swmsc_image_lightbox  image_center\" >\n\n\t\t\t\t\t\t<div class=\"swmsc_image_lightbox_img\"><img decoding=\"async\" alt=\"\" src=\"https:\/\/www.cavallcartro.cat\/escoles\/llar-infants-esquirol\/wp-content\/uploads\/sites\/43\/2023\/03\/Aula-I2B.jpg\" class=\"\" style=\"border-radius:10px;\" \/><div class=\"swmsc_img_overlay\" style=\"border-radius:10px;\">\n\t\t\t\t\t\t\t\t\t\t\t\t<a class=\"swmsc_popup_img\" href=\"https:\/\/www.cavallcartro.cat\/escoles\/llar-infants-esquirol\/wp-content\/uploads\/sites\/43\/2023\/03\/Aula-I2B.jpg\" title=\"\" target=\"_blank\" >\n\t\t\t\t\t\t\t\t\t\t\t\t\t<i class=\"fa fa-search\"><\/i>\n\t\t\t\t\t\t\t\t\t\t\t\t<\/a>\n\t\t\t\t\t\t\t\t\t\t\t<\/div><\/div><\/div><\/div><div  class=\"swmsc_text_block\" > \n<p style=\"text-align: center;\"><strong>AULA 2-3 ANYS (I2B)<br \/>\n<\/strong><\/p>\n<p style=\"text-align: center;\">L\u2019aula dels grans de la llar est\u00e0 distribu\u00efda per diferents espais d\u2019aprenentatge tot adaptant-se al moment evolutiu dels\u00a0 infants i \u00a0les seves necessitats i interessos.<\/p>\n<p style=\"text-align: center;\">Els diferents espais de l\u2019aula s\u00f3n: l\u2019espai de natura, de joc simb\u00f2lic, espai de minimons, de construcci\u00f3, de moviment, espai de la calma amb ampolles sensorials i contes i espai d\u2019art i creativitat.<\/p>\n<p style=\"text-align: center;\">L\u2019aula facilita les relacions amb altres infants, amb els adults i amb els espais i materials proposats. D\u2019aquesta manera els infants amplien experi\u00e8ncies i relacions interpersonals que contribueixen en la seva autonomia i el seu desenvolupament cognitiu i motriu.<\/p>\n<p style=\"text-align: center;\"><strong>\u00a0<\/strong><\/p>\n<\/div>[\/vc_column_inner][\/vc_row_inner][vc_row_inner css=&#8221;.vc_custom_1678811107788{padding-top: 50px !important;}&#8221;][vc_column_inner width=&#8221;1\/2&#8243;]<div class=\"center\"><div  class=\"swmsc_image_lightbox  image_center\" >\n\n\t\t\t\t\t\t<div class=\"swmsc_image_lightbox_img\"><img decoding=\"async\" alt=\"\" src=\"https:\/\/www.cavallcartro.cat\/escoles\/llar-infants-esquirol\/wp-content\/uploads\/sites\/43\/2023\/03\/Sala-polivalent.jpg\" class=\"\" style=\"border-radius:10px;\" \/><div class=\"swmsc_img_overlay\" style=\"border-radius:10px;\">\n\t\t\t\t\t\t\t\t\t\t\t\t<a class=\"swmsc_popup_img\" href=\"https:\/\/www.cavallcartro.cat\/escoles\/llar-infants-esquirol\/wp-content\/uploads\/sites\/43\/2023\/03\/Sala-polivalent.jpg\" title=\"\" target=\"_blank\" >\n\t\t\t\t\t\t\t\t\t\t\t\t\t<i class=\"fa fa-search\"><\/i>\n\t\t\t\t\t\t\t\t\t\t\t\t<\/a>\n\t\t\t\t\t\t\t\t\t\t\t<\/div><\/div><\/div><\/div><div  class=\"swmsc_text_block\" > \n<p style=\"text-align: center;\"><strong>SALA POLIVALENT<\/strong><\/p>\n<p style=\"text-align: center;\">\u00c9s una sala per realitzar diferents activitats com per exemple: espectacles de titelles i can\u00e7ons, diferents provocacions, propostes i sessions de psicomotricitat. Aquestes sessions es basen en la pr\u00e0ctica psicomotriu de Bernat Aucouturier que promou el moviment lliure i l\u2019expressi\u00f3 espont\u00e0nia de l\u2019infant.<\/p>\n<p style=\"text-align: center;\"><strong>\u00a0<\/strong><\/p>\n<\/div>[\/vc_column_inner][vc_column_inner width=&#8221;1\/2&#8243;]<div class=\"center\"><div  class=\"swmsc_image_lightbox  image_center\" >\n\n\t\t\t\t\t\t<div class=\"swmsc_image_lightbox_img\"><img decoding=\"async\" alt=\"\" src=\"https:\/\/www.cavallcartro.cat\/escoles\/llar-infants-esquirol\/wp-content\/uploads\/sites\/43\/2023\/03\/Pati.jpg\" class=\"\" style=\"border-radius:10px;\" \/><div class=\"swmsc_img_overlay\" style=\"border-radius:10px;\">\n\t\t\t\t\t\t\t\t\t\t\t\t<a class=\"swmsc_popup_img\" href=\"https:\/\/www.cavallcartro.cat\/escoles\/llar-infants-esquirol\/wp-content\/uploads\/sites\/43\/2023\/03\/Pati.jpg\" title=\"\" target=\"_blank\" >\n\t\t\t\t\t\t\t\t\t\t\t\t\t<i class=\"fa fa-search\"><\/i>\n\t\t\t\t\t\t\t\t\t\t\t\t<\/a>\n\t\t\t\t\t\t\t\t\t\t\t<\/div><\/div><\/div><\/div><div  class=\"swmsc_text_block\" > \n<p style=\"text-align: center;\"><strong>EL PATI<br \/>\n<\/strong><\/p>\n<p style=\"text-align: center;\">\u00c9s un espai educatiu amb est\u00edmuls naturals on els infants poden interactuar amb els altres i amb l\u2019entorn, potenciant la manipulaci\u00f3, l\u2019exploraci\u00f3 i la descoberta.<\/p>\n<p style=\"text-align: center;\">El pati \u00e9s un espai que promou el moviment lliure i el desenvolupament motriu on trobem diferents propostes com: l\u2019espai de construccions, l\u2019espai d\u2019equilibri amb troncs de diferents mides, l\u2019espai d&#8217;experimentaci\u00f3 amb sorra i diferents estris i elements naturals, un espai amb l\u2019hort i plantes arom\u00e0tiques i l\u2019espai de joc simb\u00f2lic amb la cuineta, etc.<\/p>\n<p style=\"text-align: center;\"><strong>\u00a0<\/strong><\/p>\n<\/div>[\/vc_column_inner][\/vc_row_inner]<div  class=\"clear swmsc_gap\" style=\"margin:60px 0 0 0;\"><\/div><div  class=\"swmsc_text_block\" > \n<h2><strong>Nou Esquirol<br \/>\n<\/strong><\/h2>\n<\/div>[vc_row_inner css=&#8221;.vc_custom_1678811113288{padding-top: 50px !important;}&#8221;][vc_column_inner width=&#8221;1\/2&#8243;]<div class=\"center\"><div  class=\"swmsc_image_lightbox  image_center\" >\n\n\t\t\t\t\t\t<div class=\"swmsc_image_lightbox_img\"><img decoding=\"async\" alt=\"\" src=\"https:\/\/www.cavallcartro.cat\/escoles\/llar-infants-esquirol\/wp-content\/uploads\/sites\/43\/2023\/03\/Aula-I0A.jpg\" class=\"\" style=\"border-radius:10px;\" \/><div class=\"swmsc_img_overlay\" style=\"border-radius:10px;\">\n\t\t\t\t\t\t\t\t\t\t\t\t<a class=\"swmsc_popup_img\" href=\"https:\/\/www.cavallcartro.cat\/escoles\/llar-infants-esquirol\/wp-content\/uploads\/sites\/43\/2023\/03\/Aula-I0A.jpg\" title=\"\" target=\"_blank\" >\n\t\t\t\t\t\t\t\t\t\t\t\t\t<i class=\"fa fa-search\"><\/i>\n\t\t\t\t\t\t\t\t\t\t\t\t<\/a>\n\t\t\t\t\t\t\t\t\t\t\t<\/div><\/div><\/div><\/div><div  class=\"swmsc_text_block\" > \n<p style=\"text-align: center;\"><strong>AULA 4-12 MESOS<\/strong><\/p>\n<p style=\"text-align: center;\">L\u2019aula est\u00e0 organitzada per espais que respecten els ritmes i les caracter\u00edstiques del moment evolutiu de cada infant i que desperten el seu inter\u00e8s.<\/p>\n<p style=\"text-align: center;\">A l\u2019aula trobem:\u00a0 l\u2019espai d\u2019higiene, el dormitori, l\u2019espai d\u2019acollida on rebem cada mat\u00ed als nadons, l\u2019espai d\u2019experimentaci\u00f3 on els infants tenen al seu abast paneres dels tresors i altres materials sensorials que estimulen els sentits. A m\u00e9s, disposa d\u2019un espai de moviment amb material Pikler i m\u00f2duls de psicomotricitat que afavoreixen el moviment lliure i aut\u00f2nom.<\/p>\n<\/div>[\/vc_column_inner][vc_column_inner width=&#8221;1\/2&#8243;]<div class=\"center\"><div  class=\"swmsc_image_lightbox  image_center\" >\n\n\t\t\t\t\t\t<div class=\"swmsc_image_lightbox_img\"><img decoding=\"async\" alt=\"\" src=\"https:\/\/www.cavallcartro.cat\/escoles\/llar-infants-esquirol\/wp-content\/uploads\/sites\/43\/2023\/03\/Aula-I1A.jpg\" class=\"\" style=\"border-radius:10px;\" \/><div class=\"swmsc_img_overlay\" style=\"border-radius:10px;\">\n\t\t\t\t\t\t\t\t\t\t\t\t<a class=\"swmsc_popup_img\" href=\"https:\/\/www.cavallcartro.cat\/escoles\/llar-infants-esquirol\/wp-content\/uploads\/sites\/43\/2023\/03\/Aula-I1A.jpg\" title=\"\" target=\"_blank\" >\n\t\t\t\t\t\t\t\t\t\t\t\t\t<i class=\"fa fa-search\"><\/i>\n\t\t\t\t\t\t\t\t\t\t\t\t<\/a>\n\t\t\t\t\t\t\t\t\t\t\t<\/div><\/div><\/div><\/div><div  class=\"swmsc_text_block\" > \n<p style=\"text-align: center;\"><strong>AULES 1-2 ANYS (I1A)<br \/>\n<\/strong><\/p>\n<p style=\"text-align: center;\">L\u2019Aula d\u20191 a 2 anys est\u00e0 distribu\u00efda en dos espais: l\u2019espai destinat a la higiene i l\u2019espai destinat a les propostes. En funci\u00f3 de les necessitats, interessos i rutines dels infants, es van adaptant els materials en el dia a dia.<\/p>\n<p style=\"text-align: center;\">A l\u2019aula trobem diferents espais: de relaxaci\u00f3, de construccions, de joc heur\u00edstic, l\u2019espai de moviment, d\u2019experimentaci\u00f3 amb elements naturals i de joc pre-simb\u00f2lic.<\/p>\n<\/div>[\/vc_column_inner][\/vc_row_inner][vc_row_inner css=&#8221;.vc_custom_1678811113288{padding-top: 50px !important;}&#8221;][vc_column_inner width=&#8221;1\/2&#8243;]<div class=\"center\"><div  class=\"swmsc_image_lightbox  image_center\" >\n\n\t\t\t\t\t\t<div class=\"swmsc_image_lightbox_img\"><img decoding=\"async\" alt=\"\" src=\"https:\/\/www.cavallcartro.cat\/escoles\/llar-infants-esquirol\/wp-content\/uploads\/sites\/43\/2023\/03\/Aula-I1B.jpg\" class=\"\" style=\"border-radius:10px;\" \/><div class=\"swmsc_img_overlay\" style=\"border-radius:10px;\">\n\t\t\t\t\t\t\t\t\t\t\t\t<a class=\"swmsc_popup_img\" href=\"https:\/\/www.cavallcartro.cat\/escoles\/llar-infants-esquirol\/wp-content\/uploads\/sites\/43\/2023\/03\/Aula-I1B.jpg\" title=\"\" target=\"_blank\" >\n\t\t\t\t\t\t\t\t\t\t\t\t\t<i class=\"fa fa-search\"><\/i>\n\t\t\t\t\t\t\t\t\t\t\t\t<\/a>\n\t\t\t\t\t\t\t\t\t\t\t<\/div><\/div><\/div><\/div><div  class=\"swmsc_text_block\" > \n<p style=\"text-align: center;\"><strong>AULES 1-2 ANYS (I1B)<br \/>\n<\/strong><\/p>\n<p style=\"text-align: center;\">L\u2019Aula d\u20191 a 2 anys est\u00e0 distribu\u00efda en dos espais: l\u2019espai destinat a la higiene i l\u2019espai destinat a les propostes. En funci\u00f3 de les necessitats, interessos i rutines dels infants, es van adaptant els materials en el dia a dia.<\/p>\n<p style=\"text-align: center;\">A l\u2019aula trobem diferents espais: de relaxaci\u00f3, de construccions, de joc heur\u00edstic, l\u2019espai de moviment, d\u2019experimentaci\u00f3 amb elements naturals i de joc pre-simb\u00f2lic.<\/p>\n<\/div>[\/vc_column_inner][vc_column_inner width=&#8221;1\/2&#8243;]<div class=\"center\"><div  class=\"swmsc_image_lightbox  image_center\" >\n\n\t\t\t\t\t\t<div class=\"swmsc_image_lightbox_img\"><img decoding=\"async\" alt=\"\" src=\"https:\/\/www.cavallcartro.cat\/escoles\/llar-infants-esquirol\/wp-content\/uploads\/sites\/43\/2023\/03\/Aula-I1C.jpg\" class=\"\" style=\"border-radius:10px;\" \/><div class=\"swmsc_img_overlay\" style=\"border-radius:10px;\">\n\t\t\t\t\t\t\t\t\t\t\t\t<a class=\"swmsc_popup_img\" href=\"https:\/\/www.cavallcartro.cat\/escoles\/llar-infants-esquirol\/wp-content\/uploads\/sites\/43\/2023\/03\/Aula-I1C.jpg\" title=\"\" target=\"_blank\" >\n\t\t\t\t\t\t\t\t\t\t\t\t\t<i class=\"fa fa-search\"><\/i>\n\t\t\t\t\t\t\t\t\t\t\t\t<\/a>\n\t\t\t\t\t\t\t\t\t\t\t<\/div><\/div><\/div><\/div><div  class=\"swmsc_text_block\" > \n<p style=\"text-align: center;\"><strong>AULES 1-2 ANYS (I1C)<br \/>\n<\/strong><\/p>\n<p style=\"text-align: center;\">L\u2019Aula d\u20191 a 2 anys est\u00e0 distribu\u00efda en dos espais: l\u2019espai destinat a la higiene i l\u2019espai destinat a les propostes. En funci\u00f3 de les necessitats, interessos i rutines dels infants, es van adaptant els materials en el dia a dia.<\/p>\n<p style=\"text-align: center;\">A l\u2019aula trobem diferents espais: de relaxaci\u00f3, de construccions, de joc heur\u00edstic, l\u2019espai de moviment, d\u2019experimentaci\u00f3 amb elements naturals i de joc pre-simb\u00f2lic.<\/p>\n<\/div>[\/vc_column_inner][\/vc_row_inner][vc_row_inner css=&#8221;.vc_custom_1678811113288{padding-top: 50px !important;}&#8221;][vc_column_inner width=&#8221;1\/2&#8243;]<div class=\"center\"><div  class=\"swmsc_image_lightbox  image_center\" >\n\n\t\t\t\t\t\t<div class=\"swmsc_image_lightbox_img\"><img decoding=\"async\" alt=\"\" src=\"https:\/\/www.cavallcartro.cat\/escoles\/llar-infants-esquirol\/wp-content\/uploads\/sites\/43\/2023\/03\/Aula-I2C.JPG.jpeg\" class=\"\" style=\"border-radius:10px;\" \/><div class=\"swmsc_img_overlay\" style=\"border-radius:10px;\">\n\t\t\t\t\t\t\t\t\t\t\t\t<a class=\"swmsc_popup_img\" href=\"https:\/\/www.cavallcartro.cat\/escoles\/llar-infants-esquirol\/wp-content\/uploads\/sites\/43\/2023\/03\/Aula-I2C.JPG.jpeg\" title=\"\" target=\"_blank\" >\n\t\t\t\t\t\t\t\t\t\t\t\t\t<i class=\"fa fa-search\"><\/i>\n\t\t\t\t\t\t\t\t\t\t\t\t<\/a>\n\t\t\t\t\t\t\t\t\t\t\t<\/div><\/div><\/div><\/div><div  class=\"swmsc_text_block\" > \n<p style=\"text-align: center;\"><strong>AULA I2C<br \/>\n<\/strong><\/p>\n<p style=\"text-align: center;\">L\u2019aula dels grans de la llar est\u00e0 distribu\u00efda per diferents espais d\u2019aprenentatge tot adaptant-se al moment evolutiu dels\u00a0 infants i \u00a0les seves necessitats i interessos.<\/p>\n<p style=\"text-align: center;\">Els diferents espais de l\u2019aula s\u00f3n: l\u2019espai de natura, de joc simb\u00f2lic, espai de minimons, de construcci\u00f3, de moviment, espai de la calma amb ampolles sensorials i contes i espai d\u2019art i creativitat.<\/p>\n<p style=\"text-align: center;\">L\u2019aula facilita les relacions amb altres infants, amb els adults i amb els espais i materials proposats. D\u2019aquesta manera els infants amplien experi\u00e8ncies i relacions interpersonals que contribueixen en la seva autonomia i el seu desenvolupament cognitiu i motriu.<\/p>\n<\/div>[\/vc_column_inner][vc_column_inner width=&#8221;1\/2&#8243;]<div class=\"center\"><div  class=\"swmsc_image_lightbox  image_center\" >\n\n\t\t\t\t\t\t<div class=\"swmsc_image_lightbox_img\"><img decoding=\"async\" alt=\"\" src=\"https:\/\/www.cavallcartro.cat\/escoles\/llar-infants-esquirol\/wp-content\/uploads\/sites\/43\/2023\/03\/Sala-polivalent-1.jpg\" class=\"\" style=\"border-radius:10px;\" \/><div class=\"swmsc_img_overlay\" style=\"border-radius:10px;\">\n\t\t\t\t\t\t\t\t\t\t\t\t<a class=\"swmsc_popup_img\" href=\"https:\/\/www.cavallcartro.cat\/escoles\/llar-infants-esquirol\/wp-content\/uploads\/sites\/43\/2023\/03\/Sala-polivalent-1.jpg\" title=\"\" target=\"_blank\" >\n\t\t\t\t\t\t\t\t\t\t\t\t\t<i class=\"fa fa-search\"><\/i>\n\t\t\t\t\t\t\t\t\t\t\t\t<\/a>\n\t\t\t\t\t\t\t\t\t\t\t<\/div><\/div><\/div><\/div><div  class=\"swmsc_text_block\" > \n<p style=\"text-align: center;\"><strong>SALA POLIVALENT<br \/>\n<\/strong><\/p>\n<p style=\"text-align: center;\">\u00c9s una sala per realitzar diferents activitats com per exemple: espectacles de titelles i can\u00e7ons, diferents provocacions, propostes i sessions de psicomotricitat. Aquestes sessions es basen en la pr\u00e0ctica psicomotriu de Bernat Aucouturier que promou el moviment lliure i l\u2019expressi\u00f3 espont\u00e0nia de l\u2019infant.<\/p>\n<\/div>[\/vc_column_inner][\/vc_row_inner][vc_row_inner css=&#8221;.vc_custom_1678811113288{padding-top: 50px !important;}&#8221;][vc_column_inner width=&#8221;1\/2&#8243;]<div class=\"center\"><div  class=\"swmsc_image_lightbox  image_center\" >\n\n\t\t\t\t\t\t<div class=\"swmsc_image_lightbox_img\"><img decoding=\"async\" alt=\"\" src=\"https:\/\/www.cavallcartro.cat\/escoles\/llar-infants-esquirol\/wp-content\/uploads\/sites\/43\/2023\/03\/Pati-1.jpg\" class=\"\" style=\"border-radius:10px;\" \/><div class=\"swmsc_img_overlay\" style=\"border-radius:10px;\">\n\t\t\t\t\t\t\t\t\t\t\t\t<a class=\"swmsc_popup_img\" href=\"https:\/\/www.cavallcartro.cat\/escoles\/llar-infants-esquirol\/wp-content\/uploads\/sites\/43\/2023\/03\/Pati-1.jpg\" title=\"\" target=\"_blank\" >\n\t\t\t\t\t\t\t\t\t\t\t\t\t<i class=\"fa fa-search\"><\/i>\n\t\t\t\t\t\t\t\t\t\t\t\t<\/a>\n\t\t\t\t\t\t\t\t\t\t\t<\/div><\/div><\/div><\/div><div  class=\"swmsc_text_block\" > \n<p style=\"text-align: center;\"><strong>EL PATI<br \/>\n<\/strong><\/p>\n<p style=\"text-align: center;\">\u00c9s un espai educatiu on els infants poden interactuar amb els altres i amb l\u2019entorn, potenciant la descoberta.<\/p>\n<p style=\"text-align: center;\">El pati \u00e9s un espai que promou el moviment lliure i el desenvolupament motriu on trobem diferents propostes com l\u2019espai de construccions, de joc simb\u00f2lic, l\u2019espai de relaxaci\u00f3 i balanceig, l\u2019espai d\u2019equilibri amb troncs de diferents mides, panells manipulatius i un espai amb l\u2019hort i plantes arom\u00e0tiques.<\/p>\n<\/div>[\/vc_column_inner][vc_column_inner width=&#8221;1\/2&#8243;][\/vc_column_inner][\/vc_row_inner][\/vc_column][\/vc_row][vc_row full_width=&#8221;stretch_row&#8221; el_id=&#8221;menus&#8221; css=&#8221;.vc_custom_1500032698252{padding-top: 150px !important;}&#8221;][vc_column width=&#8221;1\/4&#8243;]<div  class=\"swmsc_fancy_heading swmsc_fancy_heading_center fh_icon_fancyHeadingNoIcon\" style=\"margin-top:40px;margin-bottom:40px;\">\n\t\t\t\t\t\t<div class=\"swmsc_fancy_heading_text\" style=\"font-size:30px;line-height:36px;\">\n\t\t\t\t\t\t\t\n<h1>Men\u00fas<\/h1>\n\n\t\t\t\t\t\t\t<div class=\"swmsc_fancy_heading_border\">\n\t\t\t\t\t\t\t\t<span class=\"swmsc_fancy_heading_border1\" style=\"background:#f8b54d;\"><\/span>\n\t\t\t\t\t\t\t\t<span class=\"swmsc_fancy_heading_border2\" style=\"background:#f8b54d;\"><\/span>\n\t\t\t\t\t\t\t\t<span class=\"swmsc_fancy_heading_icon\"><i class=\"fa fa-fancyHeadingNoIcon\"  style=\"color:#8373ce;\"><\/i><\/span>\n\t\t\t\t\t\t\t<\/div>\n\t\t\t\t\t\t<\/div>\n\t\t\t\t\t<\/div>[\/vc_column][vc_column width=&#8221;3\/4&#8243; css=&#8221;.vc_custom_1506676221532{padding-top: 50px !important;}&#8221;][vc_row_inner][vc_column_inner]<div   >\n\t\t\t\t\t\t<div class=\"swmsc_image_gallery swmsc_gal1  \" data-grid=\"masonry\" style=\"margin-right:-20px;\">\n\t\t\t\t\t\t\t\n        \t\t\t\t<div class=\"swmsc_image_gallery_item\">\n        \t\t\t\t\t<div style=\"padding-right:20px; padding-bottom:20px;\">\n\t        \t\t\t\t\t<a href=\"https:\/\/www.cavallcartro.cat\/escoles\/llar-infants-esquirol\/wp-content\/uploads\/sites\/43\/2026\/03\/Menu-basal.jpg\" class=\"swmsc_popup_gallery\" style=\"border-radius:20px;\" title=\"Men\u00fa basal\">\n\t\t        \t\t\t\t\t\t<img decoding=\"async\" style=\"border-radius:20px;\" src=\"https:\/\/www.cavallcartro.cat\/escoles\/llar-infants-esquirol\/wp-content\/uploads\/sites\/43\/2026\/03\/Menu-basal.jpg\" alt=\"\" \/>\n\t\t        \t\t\t\t\t\t<span><i class=\"fa fa-search\" style=\"background-color:#f8b54e;color:#ffffff;\"><\/i><\/span>\n\t\t        \t\t\t\t\t<\/a>\n\t        \t\t\t\t\t\n\t        \t\t\t\t<\/div>\n        \t\t\t\t<\/div>\n        \t\t\t\t<div class=\"swmsc_image_gallery_item\">\n        \t\t\t\t\t<div style=\"padding-right:20px; padding-bottom:20px;\">\n\t        \t\t\t\t\t<a href=\"https:\/\/www.cavallcartro.cat\/escoles\/llar-infants-esquirol\/wp-content\/uploads\/sites\/43\/2026\/03\/Menu-Triturat-Basal-sense-llegums-sense-arros.jpg\" class=\"swmsc_popup_gallery\" style=\"border-radius:20px;\" title=\"Men\u00fa Triturat Basal sense llegums sense arr\u00f2s\">\n\t\t        \t\t\t\t\t\t<img decoding=\"async\" style=\"border-radius:20px;\" src=\"https:\/\/www.cavallcartro.cat\/escoles\/llar-infants-esquirol\/wp-content\/uploads\/sites\/43\/2026\/03\/Menu-Triturat-Basal-sense-llegums-sense-arros.jpg\" alt=\"\" \/>\n\t\t        \t\t\t\t\t\t<span><i class=\"fa fa-search\" style=\"background-color:#f8b54e;color:#ffffff;\"><\/i><\/span>\n\t\t        \t\t\t\t\t<\/a>\n\t        \t\t\t\t\t\n\t        \t\t\t\t<\/div>\n        \t\t\t\t<\/div>\n        \t\t\t\t<div class=\"swmsc_image_gallery_item\">\n        \t\t\t\t\t<div style=\"padding-right:20px; padding-bottom:20px;\">\n\t        \t\t\t\t\t<a href=\"https:\/\/www.cavallcartro.cat\/escoles\/llar-infants-esquirol\/wp-content\/uploads\/sites\/43\/2026\/03\/Menu-triturat-complet-amb-llegum-i-arros.jpg\" class=\"swmsc_popup_gallery\" style=\"border-radius:20px;\" title=\"Men\u00fa triturat complet amb llegum i arr\u00f2s\">\n\t\t        \t\t\t\t\t\t<img decoding=\"async\" style=\"border-radius:20px;\" src=\"https:\/\/www.cavallcartro.cat\/escoles\/llar-infants-esquirol\/wp-content\/uploads\/sites\/43\/2026\/03\/Menu-triturat-complet-amb-llegum-i-arros.jpg\" alt=\"\" \/>\n\t\t        \t\t\t\t\t\t<span><i class=\"fa fa-search\" style=\"background-color:#f8b54e;color:#ffffff;\"><\/i><\/span>\n\t\t        \t\t\t\t\t<\/a>\n\t        \t\t\t\t\t\n\t        \t\t\t\t<\/div>\n        \t\t\t\t<\/div>\n\t\t\t\t\t\t<\/div>\n\t\t\t\t\t<\/div>[\/vc_column_inner][\/vc_row_inner][\/vc_column][\/vc_row]\n<\/div>","protected":false},"excerpt":{"rendered":"<p>Les llars d&#8217;infants municipals L&#8217;Esquirol i Nou Esquirol, de La Pobla de Mafumet, al Tarragon\u00e8s, s\u00f3n espais on els infants s\u00f3n protagonistes<\/p>\n","protected":false},"author":1,"featured_media":0,"parent":0,"menu_order":0,"comment_status":"closed","ping_status":"closed","template":"","meta":{"footnotes":""},"class_list":["post-11","page","type-page","status-publish","hentry"],"yoast_head":"<!-- This site is optimized with the Yoast SEO plugin v27.5 - https:\/\/yoast.com\/product\/yoast-seo-wordpress\/ -->\n<title>Llars d&#039;Infants Municipals L&#039;Esquirol i Nou Esquirol, La Pobla de Mafumet<\/title>\n<meta name=\"description\" content=\"Les llars d&#039;infants municipals L&#039;Esquirol i Nou Esquirol, de La Pobla de Mafumet, al Tarragon\u00e8s, s\u00f3n espais on els infants s\u00f3n protagonistes\" \/>\n<meta name=\"robots\" content=\"index, follow, max-snippet:-1, max-image-preview:large, max-video-preview:-1\" \/>\n<link rel=\"canonical\" href=\"https:\/\/www.cavallcartro.cat\/escoles\/llar-infants-esquirol\/\" \/>\n<meta property=\"og:locale\" content=\"ca_ES\" \/>\n<meta property=\"og:type\" content=\"article\" \/>\n<meta property=\"og:title\" content=\"Llars d&#039;Infants Municipals L&#039;Esquirol i Nou Esquirol, La Pobla de Mafumet\" \/>\n<meta property=\"og:description\" content=\"Les llars d&#039;infants municipals L&#039;Esquirol i Nou Esquirol, de La Pobla de Mafumet, al Tarragon\u00e8s, s\u00f3n espais on els infants s\u00f3n protagonistes\" \/>\n<meta property=\"og:url\" content=\"https:\/\/www.cavallcartro.cat\/escoles\/llar-infants-esquirol\/\" \/>\n<meta property=\"og:site_name\" content=\"Llars d&#039;Infants Municipals L&#039;Esquirol i Nou Esquirol de La Pobla de Mafumet\" \/>\n<meta property=\"article:publisher\" content=\"https:\/\/www.facebook.com\/cavallcartroedu\" \/>\n<meta property=\"article:modified_time\" content=\"2026-03-31T13:42:16+00:00\" \/>\n<meta name=\"twitter:card\" content=\"summary_large_image\" \/>\n<meta name=\"twitter:site\" content=\"@cavallcartroedu\" \/>\n<meta name=\"twitter:label1\" content=\"Temps estimat de lectura\" \/>\n\t<meta name=\"twitter:data1\" content=\"9 minuts\" \/>\n<script type=\"application\/ld+json\" class=\"yoast-schema-graph\">{\"@context\":\"https:\\\/\\\/schema.org\",\"@graph\":[{\"@type\":\"WebPage\",\"@id\":\"https:\\\/\\\/www.cavallcartro.cat\\\/escoles\\\/llar-infants-esquirol\\\/\",\"url\":\"https:\\\/\\\/www.cavallcartro.cat\\\/escoles\\\/llar-infants-esquirol\\\/\",\"name\":\"Llars d'Infants Municipals L'Esquirol i Nou Esquirol, La Pobla de Mafumet\",\"isPartOf\":{\"@id\":\"https:\\\/\\\/www.cavallcartro.cat\\\/escoles\\\/llar-infants-esquirol\\\/#website\"},\"datePublished\":\"2023-03-03T15:55:06+00:00\",\"dateModified\":\"2026-03-31T13:42:16+00:00\",\"description\":\"Les llars d'infants municipals L'Esquirol i Nou Esquirol, de La Pobla de Mafumet, al Tarragon\u00e8s, s\u00f3n espais on els infants s\u00f3n protagonistes\",\"breadcrumb\":{\"@id\":\"https:\\\/\\\/www.cavallcartro.cat\\\/escoles\\\/llar-infants-esquirol\\\/#breadcrumb\"},\"inLanguage\":\"ca\",\"potentialAction\":[{\"@type\":\"ReadAction\",\"target\":[\"https:\\\/\\\/www.cavallcartro.cat\\\/escoles\\\/llar-infants-esquirol\\\/\"]}]},{\"@type\":\"BreadcrumbList\",\"@id\":\"https:\\\/\\\/www.cavallcartro.cat\\\/escoles\\\/llar-infants-esquirol\\\/#breadcrumb\",\"itemListElement\":[{\"@type\":\"ListItem\",\"position\":1,\"name\":\"Portada\",\"item\":\"https:\\\/\\\/www.cavallcartro.cat\\\/escoles\\\/llar-infants-esquirol\\\/\"},{\"@type\":\"ListItem\",\"position\":2,\"name\":\"Inici\"}]},{\"@type\":\"WebSite\",\"@id\":\"https:\\\/\\\/www.cavallcartro.cat\\\/escoles\\\/llar-infants-esquirol\\\/#website\",\"url\":\"https:\\\/\\\/www.cavallcartro.cat\\\/escoles\\\/llar-infants-esquirol\\\/\",\"name\":\"Llars d'Infants Municipals Esquirol i Nou Esquirol de La Pobla de Mafumet\",\"description\":\"Les llars d&#039;infants municipals L&#039;Esquirol i Nou Esquirol, de La Pobla de Mafumet, al Tarragon\u00e8s, s\u00f3n espais on els infants s\u00f3n protagonistes\",\"publisher\":{\"@id\":\"https:\\\/\\\/www.cavallcartro.cat\\\/escoles\\\/llar-infants-esquirol\\\/#organization\"},\"potentialAction\":[{\"@type\":\"SearchAction\",\"target\":{\"@type\":\"EntryPoint\",\"urlTemplate\":\"https:\\\/\\\/www.cavallcartro.cat\\\/escoles\\\/llar-infants-esquirol\\\/?s={search_term_string}\"},\"query-input\":{\"@type\":\"PropertyValueSpecification\",\"valueRequired\":true,\"valueName\":\"search_term_string\"}}],\"inLanguage\":\"ca\"},{\"@type\":\"Organization\",\"@id\":\"https:\\\/\\\/www.cavallcartro.cat\\\/escoles\\\/llar-infants-esquirol\\\/#organization\",\"name\":\"Llars d'Infants Municipals Esquirol i Nou Esquirol de La Pobla de Mafumet\",\"url\":\"https:\\\/\\\/www.cavallcartro.cat\\\/escoles\\\/llar-infants-esquirol\\\/\",\"logo\":{\"@type\":\"ImageObject\",\"inLanguage\":\"ca\",\"@id\":\"https:\\\/\\\/www.cavallcartro.cat\\\/escoles\\\/llar-infants-esquirol\\\/#\\\/schema\\\/logo\\\/image\\\/\",\"url\":\"https:\\\/\\\/www.cavallcartro.cat\\\/escoles\\\/llar-infants-esquirol\\\/wp-content\\\/uploads\\\/sites\\\/43\\\/2023\\\/03\\\/Logo-Llar-Infants-Municipal-LEsquirol-La-Pobla-de-Mafumet.jpg\",\"contentUrl\":\"https:\\\/\\\/www.cavallcartro.cat\\\/escoles\\\/llar-infants-esquirol\\\/wp-content\\\/uploads\\\/sites\\\/43\\\/2023\\\/03\\\/Logo-Llar-Infants-Municipal-LEsquirol-La-Pobla-de-Mafumet.jpg\",\"width\":750,\"height\":472,\"caption\":\"Llars d'Infants Municipals Esquirol i Nou Esquirol de La Pobla de Mafumet\"},\"image\":{\"@id\":\"https:\\\/\\\/www.cavallcartro.cat\\\/escoles\\\/llar-infants-esquirol\\\/#\\\/schema\\\/logo\\\/image\\\/\"},\"sameAs\":[\"https:\\\/\\\/www.facebook.com\\\/cavallcartroedu\",\"https:\\\/\\\/x.com\\\/cavallcartroedu\",\"https:\\\/\\\/www.instagram.com\\\/cavallcartroedu\"]}]}<\/script>\n<!-- \/ Yoast SEO plugin. -->","yoast_head_json":{"title":"Llars d'Infants Municipals L'Esquirol i Nou Esquirol, La Pobla de Mafumet","description":"Les llars d'infants municipals L'Esquirol i Nou Esquirol, de La Pobla de Mafumet, al Tarragon\u00e8s, s\u00f3n espais on els infants s\u00f3n protagonistes","robots":{"index":"index","follow":"follow","max-snippet":"max-snippet:-1","max-image-preview":"max-image-preview:large","max-video-preview":"max-video-preview:-1"},"canonical":"https:\/\/www.cavallcartro.cat\/escoles\/llar-infants-esquirol\/","og_locale":"ca_ES","og_type":"article","og_title":"Llars d'Infants Municipals L'Esquirol i Nou Esquirol, La Pobla de Mafumet","og_description":"Les llars d'infants municipals L'Esquirol i Nou Esquirol, de La Pobla de Mafumet, al Tarragon\u00e8s, s\u00f3n espais on els infants s\u00f3n protagonistes","og_url":"https:\/\/www.cavallcartro.cat\/escoles\/llar-infants-esquirol\/","og_site_name":"Llars d&#039;Infants Municipals L&#039;Esquirol i Nou Esquirol de La Pobla de Mafumet","article_publisher":"https:\/\/www.facebook.com\/cavallcartroedu","article_modified_time":"2026-03-31T13:42:16+00:00","twitter_card":"summary_large_image","twitter_site":"@cavallcartroedu","twitter_misc":{"Temps estimat de lectura":"9 minuts"},"schema":{"@context":"https:\/\/schema.org","@graph":[{"@type":"WebPage","@id":"https:\/\/www.cavallcartro.cat\/escoles\/llar-infants-esquirol\/","url":"https:\/\/www.cavallcartro.cat\/escoles\/llar-infants-esquirol\/","name":"Llars d'Infants Municipals L'Esquirol i Nou Esquirol, La Pobla de Mafumet","isPartOf":{"@id":"https:\/\/www.cavallcartro.cat\/escoles\/llar-infants-esquirol\/#website"},"datePublished":"2023-03-03T15:55:06+00:00","dateModified":"2026-03-31T13:42:16+00:00","description":"Les llars d'infants municipals L'Esquirol i Nou Esquirol, de La Pobla de Mafumet, al Tarragon\u00e8s, s\u00f3n espais on els infants s\u00f3n protagonistes","breadcrumb":{"@id":"https:\/\/www.cavallcartro.cat\/escoles\/llar-infants-esquirol\/#breadcrumb"},"inLanguage":"ca","potentialAction":[{"@type":"ReadAction","target":["https:\/\/www.cavallcartro.cat\/escoles\/llar-infants-esquirol\/"]}]},{"@type":"BreadcrumbList","@id":"https:\/\/www.cavallcartro.cat\/escoles\/llar-infants-esquirol\/#breadcrumb","itemListElement":[{"@type":"ListItem","position":1,"name":"Portada","item":"https:\/\/www.cavallcartro.cat\/escoles\/llar-infants-esquirol\/"},{"@type":"ListItem","position":2,"name":"Inici"}]},{"@type":"WebSite","@id":"https:\/\/www.cavallcartro.cat\/escoles\/llar-infants-esquirol\/#website","url":"https:\/\/www.cavallcartro.cat\/escoles\/llar-infants-esquirol\/","name":"Llars d'Infants Municipals Esquirol i Nou Esquirol de La Pobla de Mafumet","description":"Les llars d&#039;infants municipals L&#039;Esquirol i Nou Esquirol, de La Pobla de Mafumet, al Tarragon\u00e8s, s\u00f3n espais on els infants s\u00f3n protagonistes","publisher":{"@id":"https:\/\/www.cavallcartro.cat\/escoles\/llar-infants-esquirol\/#organization"},"potentialAction":[{"@type":"SearchAction","target":{"@type":"EntryPoint","urlTemplate":"https:\/\/www.cavallcartro.cat\/escoles\/llar-infants-esquirol\/?s={search_term_string}"},"query-input":{"@type":"PropertyValueSpecification","valueRequired":true,"valueName":"search_term_string"}}],"inLanguage":"ca"},{"@type":"Organization","@id":"https:\/\/www.cavallcartro.cat\/escoles\/llar-infants-esquirol\/#organization","name":"Llars d'Infants Municipals Esquirol i Nou Esquirol de La Pobla de Mafumet","url":"https:\/\/www.cavallcartro.cat\/escoles\/llar-infants-esquirol\/","logo":{"@type":"ImageObject","inLanguage":"ca","@id":"https:\/\/www.cavallcartro.cat\/escoles\/llar-infants-esquirol\/#\/schema\/logo\/image\/","url":"https:\/\/www.cavallcartro.cat\/escoles\/llar-infants-esquirol\/wp-content\/uploads\/sites\/43\/2023\/03\/Logo-Llar-Infants-Municipal-LEsquirol-La-Pobla-de-Mafumet.jpg","contentUrl":"https:\/\/www.cavallcartro.cat\/escoles\/llar-infants-esquirol\/wp-content\/uploads\/sites\/43\/2023\/03\/Logo-Llar-Infants-Municipal-LEsquirol-La-Pobla-de-Mafumet.jpg","width":750,"height":472,"caption":"Llars d'Infants Municipals Esquirol i Nou Esquirol de La Pobla de Mafumet"},"image":{"@id":"https:\/\/www.cavallcartro.cat\/escoles\/llar-infants-esquirol\/#\/schema\/logo\/image\/"},"sameAs":["https:\/\/www.facebook.com\/cavallcartroedu","https:\/\/x.com\/cavallcartroedu","https:\/\/www.instagram.com\/cavallcartroedu"]}]}},"_links":{"self":[{"href":"https:\/\/www.cavallcartro.cat\/escoles\/llar-infants-esquirol\/wp-json\/wp\/v2\/pages\/11","targetHints":{"allow":["GET"]}}],"collection":[{"href":"https:\/\/www.cavallcartro.cat\/escoles\/llar-infants-esquirol\/wp-json\/wp\/v2\/pages"}],"about":[{"href":"https:\/\/www.cavallcartro.cat\/escoles\/llar-infants-esquirol\/wp-json\/wp\/v2\/types\/page"}],"author":[{"embeddable":true,"href":"https:\/\/www.cavallcartro.cat\/escoles\/llar-infants-esquirol\/wp-json\/wp\/v2\/users\/1"}],"replies":[{"embeddable":true,"href":"https:\/\/www.cavallcartro.cat\/escoles\/llar-infants-esquirol\/wp-json\/wp\/v2\/comments?post=11"}],"version-history":[{"count":80,"href":"https:\/\/www.cavallcartro.cat\/escoles\/llar-infants-esquirol\/wp-json\/wp\/v2\/pages\/11\/revisions"}],"predecessor-version":[{"id":80,"href":"https:\/\/www.cavallcartro.cat\/escoles\/llar-infants-esquirol\/wp-json\/wp\/v2\/pages\/11\/revisions\/80"}],"wp:attachment":[{"href":"https:\/\/www.cavallcartro.cat\/escoles\/llar-infants-esquirol\/wp-json\/wp\/v2\/media?parent=11"}],"curies":[{"name":"wp","href":"https:\/\/api.w.org\/{rel}","templated":true}]}}