{"id":32,"date":"2018-07-24T09:39:19","date_gmt":"2018-07-24T09:39:19","guid":{"rendered":"http:\/\/www.cavallcartro.cat\/escoles\/ebm-uni-dori\/?page_id=32"},"modified":"2026-04-30T14:28:36","modified_gmt":"2026-04-30T14:28:36","slug":"inici","status":"publish","type":"page","link":"https:\/\/www.cavallcartro.cat\/escoles\/ebm-uni-dori\/","title":{"rendered":"Inici"},"content":{"rendered":"<div class=\"wpb-content-wrapper\">[vc_row full_width=&#8221;stretch_row&#8221; css=&#8221;.vc_custom_1678736062262{padding-top: 100px !important;padding-bottom: 50px !important;background-image: url(https:\/\/www.cavallcartro.cat\/escoles\/llip-la-baldufa\/wp-content\/uploads\/sites\/3\/2017\/09\/fons1.jpg?id=39) !important;}&#8221;][vc_column][vc_column_text]\n<h1>Fam\u00edlies, benvingudes a<br \/>\nl&#8217;EBM UNI DORI, de Badalona<\/h1>\n<p>Benvinguts a la nostra escola, un lloc per sentir-se estimat, per cr\u00e9ixer jugant, per descobrir el m\u00f3n i els altres.<\/p>\n<p><strong><em>\u201cRedescobrim la mirada, afinem les o\u00efdes, de l\u2019aprenentatge fem una aventura i de la nostra feina, una manera \u00fanica d\u2019estimar\u201d<\/em><\/strong><\/p>\n<p><strong><em>Equip Educatiu Uni Dori<\/em><\/strong>[\/vc_column_text][\/vc_column][\/vc_row][vc_row full_width=&#8221;stretch_row&#8221; el_id=&#8221;qui-som&#8221; css=&#8221;.vc_custom_1500032841736{padding-top: 150px !important;}&#8221;][vc_column width=&#8221;1\/4&#8243;]<div  class=\"swmsc_fancy_heading swmsc_fancy_heading_center fh_icon_fancyHeadingNoIcon\" style=\"margin-top:40px;margin-bottom:40px;\">\n\t\t\t\t\t\t<div class=\"swmsc_fancy_heading_text\" style=\"font-size:30px;line-height:36px;\">\n\t\t\t\t\t\t\t\n<h1>Qui som?<\/h1>\n\n\t\t\t\t\t\t\t<div class=\"swmsc_fancy_heading_border\">\n\t\t\t\t\t\t\t\t<span class=\"swmsc_fancy_heading_border1\" style=\"background:#f8b54d;\"><\/span>\n\t\t\t\t\t\t\t\t<span class=\"swmsc_fancy_heading_border2\" style=\"background:#f8b54d;\"><\/span>\n\t\t\t\t\t\t\t\t<span class=\"swmsc_fancy_heading_icon\"><i class=\"fa fa-fancyHeadingNoIcon\"  style=\"color:#8373ce;\"><\/i><\/span>\n\t\t\t\t\t\t\t<\/div>\n\t\t\t\t\t\t<\/div>\n\t\t\t\t\t<\/div>[\/vc_column][vc_column width=&#8221;3\/4&#8243; css=&#8221;.vc_custom_1506676119457{padding-top: 50px !important;}&#8221;][vc_column_text]<strong><em><u>L\u2019Escola Bressol Municipal Uni Dori \u00a0<\/u><\/em><\/strong>va iniciar la seva traject\u00f2ria el curs 2009-2010 i est\u00e0 ubicada al barri de Montigal\u00e0, concretament al Passeig Olof Palme n\u00famero 15. Pertany a la xarxa d&#8217;escoles bressol municipals de l&#8217;Ajuntament de Badalona.<\/p>\n<p>La nostra escola \u00e9s un centre pensat per donar resposta a les necessitats dels infants i les seves fam\u00edlies, des dels 4 mesos fins als 3 anys, garantint el dret a rebre una educaci\u00f3 de qualitat des del naixement i oferint les mateixes oportunitats a tothom.<\/p>\n<p>Amb espais acollidors, on l&#8217;infant pot sentir-se segur i feli\u00e7. L&#8217;entorn els permet viure les seves pr\u00f2pies experi\u00e8ncies, respectant la seva evoluci\u00f3 i els seus drets com a persona.<\/p>\n<p>Aquesta etapa de la vida dels infants \u00e9s fonamental pel seu creixement i podem descobrir un infant competent, capa\u00e7 de relacionar-se, d\u2019afrontar noves situacions, ser aut\u00f2nom, amb ganes d\u2019experimentar, descobrir, observar, moure\u2019s&#8230;<\/p>\n<p>L&#8217;escola t\u00e9 una capacitat de 107 places, que es distribueixen en 7 grups: 1 grup de 0-1 anys amb 8 infants, tres grups d&#8217;1-2 anys\u00a0 amb 13 infants cada grup i tres grups de 2-3 anys\u00a0 amb 20 infants cada grup.[\/vc_column_text][\/vc_column][\/vc_row][vc_row full_width=&#8221;stretch_row&#8221; el_id=&#8221;horaris&#8221; css=&#8221;.vc_custom_1499942765676{padding-top: 150px !important;}&#8221;][vc_column width=&#8221;1\/4&#8243;]<div  class=\"swmsc_fancy_heading swmsc_fancy_heading_center fh_icon_fancyHeadingNoIcon\" style=\"margin-top:40px;margin-bottom:40px;\">\n\t\t\t\t\t\t<div class=\"swmsc_fancy_heading_text\" style=\"font-size:30px;line-height:36px;\">\n\t\t\t\t\t\t\t\n<h1>Horaris<\/h1>\n\n\t\t\t\t\t\t\t<div class=\"swmsc_fancy_heading_border\">\n\t\t\t\t\t\t\t\t<span class=\"swmsc_fancy_heading_border1\" style=\"background:#f8b54d;\"><\/span>\n\t\t\t\t\t\t\t\t<span class=\"swmsc_fancy_heading_border2\" style=\"background:#f8b54d;\"><\/span>\n\t\t\t\t\t\t\t\t<span class=\"swmsc_fancy_heading_icon\"><i class=\"fa fa-fancyHeadingNoIcon\"  style=\"color:#8373ce;\"><\/i><\/span>\n\t\t\t\t\t\t\t<\/div>\n\t\t\t\t\t\t<\/div>\n\t\t\t\t\t<\/div>[\/vc_column][vc_column width=&#8221;3\/4&#8243; css=&#8221;.vc_custom_1506676126679{padding-top: 50px !important;}&#8221;][vc_column_text]L\u2019Escola est\u00e0 oberta des de les 7:45 fins a les 17:00 h de dilluns a divendres, des de setembre<sup>1<\/sup> fins al juliol<sup>2<\/sup>.<\/p>\n<p>L\u2019horari d\u2019escolaritzaci\u00f3 \u00e9s el seg\u00fcent: de 8:45 a 12:00 i de 15:00 a 17:00 h.<\/p>\n<p>Els horaris d\u2019entrada i sortida s\u00f3n els seg\u00fcents:<\/p>\n<ul>\n<li>Mat\u00ed: entrada de\u00a0 8:45 a 9:30 h i sortida de 11:45 a 12:00 h.<\/li>\n<li>Tarda: entrada de 15:00 a 15:15 h i sortida de 16:30 a 17:00 h.<\/li>\n<\/ul>\n<p>Els serveis complementaris s\u00f3n els seg\u00fcents:<\/p>\n<ul>\n<li>Servei de menjador: de 12 a 15 h<\/li>\n<li>Servei d\u2019acollida de 7:45 a 8:45 h<\/li>\n<\/ul>\n<p>&nbsp;<\/p>\n<ul>\n<li><sup>Durant el per\u00edode d\u2019adaptaci\u00f3 del mes de setembre els horaris varien, i els infants poden venir com a molt fins a les 12 h. No funcionen els serveis de menjador ni l\u2019acollida.<\/sup><\/li>\n<li><sup>Durant el mes de juliol fem jornada intensiva fins a les 15 h.<\/sup><\/li>\n<\/ul>\n[\/vc_column_text][\/vc_column][\/vc_row][vc_row full_width=&#8221;stretch_row&#8221; el_id=&#8221;calendari&#8221; css=&#8221;.vc_custom_1499942774068{padding-top: 150px !important;}&#8221;][vc_column width=&#8221;1\/4&#8243;]<div  class=\"swmsc_fancy_heading swmsc_fancy_heading_center fh_icon_fancyHeadingNoIcon\" style=\"margin-top:40px;margin-bottom:40px;\">\n\t\t\t\t\t\t<div class=\"swmsc_fancy_heading_text\" style=\"font-size:30px;line-height:36px;\">\n\t\t\t\t\t\t\t\n<h1>Calendari<\/h1>\n\n\t\t\t\t\t\t\t<div class=\"swmsc_fancy_heading_border\">\n\t\t\t\t\t\t\t\t<span class=\"swmsc_fancy_heading_border1\" style=\"background:#f8b54d;\"><\/span>\n\t\t\t\t\t\t\t\t<span class=\"swmsc_fancy_heading_border2\" style=\"background:#f8b54d;\"><\/span>\n\t\t\t\t\t\t\t\t<span class=\"swmsc_fancy_heading_icon\"><i class=\"fa fa-fancyHeadingNoIcon\"  style=\"color:#8373ce;\"><\/i><\/span>\n\t\t\t\t\t\t\t<\/div>\n\t\t\t\t\t\t<\/div>\n\t\t\t\t\t<\/div>[\/vc_column][vc_column width=&#8221;3\/4&#8243; css=&#8221;.vc_custom_1506676134880{padding-top: 50px !important;}&#8221;]<div  class=\"swmsc_image_lightbox  image_left\" >\n\n\t\t\t\t\t\t<div class=\"swmsc_image_lightbox_img\"><img decoding=\"async\" alt=\"\" src=\"https:\/\/www.cavallcartro.cat\/escoles\/ebm-uni-dori\/wp-content\/uploads\/sites\/32\/2025\/09\/calendari-badalona.jpg\" class=\"\" style=\"border-radius:10px;\" \/><div class=\"swmsc_img_overlay\" style=\"border-radius:10px;\">\n\t\t\t\t\t\t\t\t\t\t\t\t<a class=\"swmsc_popup_img\" href=\"https:\/\/www.cavallcartro.cat\/escoles\/ebm-uni-dori\/wp-content\/uploads\/sites\/32\/2025\/09\/calendari-badalona.jpg\" title=\"\" target=\"_self\" >\n\t\t\t\t\t\t\t\t\t\t\t\t\t<i class=\"fa fa-search\"><\/i>\n\t\t\t\t\t\t\t\t\t\t\t\t<\/a>\n\t\t\t\t\t\t\t\t\t\t\t<\/div><\/div><\/div>[\/vc_column][\/vc_row][vc_row full_width=&#8221;stretch_row&#8221; el_id=&#8221;aules&#8221; css=&#8221;.vc_custom_1499942782522{padding-top: 150px !important;}&#8221;][vc_column width=&#8221;1\/4&#8243;]<div  class=\"swmsc_fancy_heading swmsc_fancy_heading_center fh_icon_fancyHeadingNoIcon\" style=\"margin-top:40px;margin-bottom:40px;\">\n\t\t\t\t\t\t<div class=\"swmsc_fancy_heading_text\" style=\"font-size:30px;line-height:36px;\">\n\t\t\t\t\t\t\t\n<h1>Estances<\/h1>\n\n\t\t\t\t\t\t\t<div class=\"swmsc_fancy_heading_border\">\n\t\t\t\t\t\t\t\t<span class=\"swmsc_fancy_heading_border1\" style=\"background:#f8b54d;\"><\/span>\n\t\t\t\t\t\t\t\t<span class=\"swmsc_fancy_heading_border2\" style=\"background:#f8b54d;\"><\/span>\n\t\t\t\t\t\t\t\t<span class=\"swmsc_fancy_heading_icon\"><i class=\"fa fa-fancyHeadingNoIcon\"  style=\"color:#8373ce;\"><\/i><\/span>\n\t\t\t\t\t\t\t<\/div>\n\t\t\t\t\t\t<\/div>\n\t\t\t\t\t<\/div>[\/vc_column][vc_column width=&#8221;3\/4&#8243; css=&#8221;.vc_custom_1506676143590{padding-top: 50px !important;}&#8221;][vc_row_inner][vc_column_inner width=&#8221;1\/3&#8243;]<div class=\"center\"><div  class=\"swmsc_image_lightbox  image_center\" >\n\n\t\t\t\t\t\t<div class=\"swmsc_image_lightbox_img\"><img decoding=\"async\" alt=\"\" src=\"https:\/\/www.cavallcartro.cat\/escoles\/ebm-uni-dori\/wp-content\/uploads\/sites\/32\/2018\/07\/Escola-Bressol-Uni-Dori-Estana\u0301a-Timbals-0-1-anys.jpg\" class=\"\" style=\"border-radius:10px;\" \/><div class=\"swmsc_img_overlay\" style=\"border-radius:10px;\">\n\t\t\t\t\t\t\t\t\t\t\t\t<a class=\"swmsc_popup_img\" href=\"https:\/\/www.cavallcartro.cat\/escoles\/ebm-uni-dori\/wp-content\/uploads\/sites\/32\/2018\/07\/Escola-Bressol-Uni-Dori-Estana\u0301a-Timbals-0-1-anys.jpg\" title=\"\" target=\"_self\" >\n\t\t\t\t\t\t\t\t\t\t\t\t\t<i class=\"fa fa-search\"><\/i>\n\t\t\t\t\t\t\t\t\t\t\t\t<\/a>\n\t\t\t\t\t\t\t\t\t\t\t<\/div><\/div><\/div><\/div><div  class=\"swmsc_text_block\" > \n<p style=\"text-align: center;\"><strong>ESTAN\u00c7A DE TIMBALS<br \/>\nNadons<\/strong><\/p>\n<p>Aqu\u00ed es troben els infants m\u00e9s petits de l\u2019escola. El mobiliari i els diferents materials estan pensats per respectar el moviment lliure, perqu\u00e8 els infants puguin passar per les diferents postures que els permetran finalment posar-se drets i caminar sense necessitat de l\u2019adult per aconseguir-ho.<\/p>\n<p>Una de les activitats importants en aquest grup \u00e9s la panera dels tresors que convida els infants a concentrar-se en l\u2019exploraci\u00f3, a trav\u00e9s dels seus sentits, d\u2019objectes de diferents materials.<\/p>\n<p>Els infants dinen a la falda, ja que l\u2019atenci\u00f3 \u00e9s m\u00e9s individualitzada i dona l\u2019oportunitat a les educadores de refor\u00e7ar el vincle amb ells i respectar el seu ritme.<\/div>[\/vc_column_inner][vc_column_inner width=&#8221;1\/3&#8243;]<div class=\"center\"><div  class=\"swmsc_image_lightbox  image_center\" >\n\n\t\t\t\t\t\t<div class=\"swmsc_image_lightbox_img\"><img decoding=\"async\" alt=\"\" src=\"https:\/\/www.cavallcartro.cat\/escoles\/ebm-uni-dori\/wp-content\/uploads\/sites\/32\/2018\/07\/Escola-Bressol-Uni-Dori-Estana\u0301a-Clarinets-1-2-anys.jpg\" class=\"\" style=\"border-radius:10px;\" \/><div class=\"swmsc_img_overlay\" style=\"border-radius:10px;\">\n\t\t\t\t\t\t\t\t\t\t\t\t<a class=\"swmsc_popup_img\" href=\"https:\/\/www.cavallcartro.cat\/escoles\/ebm-uni-dori\/wp-content\/uploads\/sites\/32\/2018\/07\/Escola-Bressol-Uni-Dori-Estana\u0301a-Clarinets-1-2-anys.jpg\" title=\"\" target=\"_self\" >\n\t\t\t\t\t\t\t\t\t\t\t\t\t<i class=\"fa fa-search\"><\/i>\n\t\t\t\t\t\t\t\t\t\t\t\t<\/a>\n\t\t\t\t\t\t\t\t\t\t\t<\/div><\/div><\/div><\/div><div  class=\"swmsc_text_block\" > \n<p style=\"text-align: center;\"><strong>ESTANCES D&#8217;1-2 ANYS<\/strong><br \/>\n<strong> CLARINETS, TROMPETES i FAGOTS<br \/>\n<\/strong><\/p>\n<p>Agrupats en petits (clarinets), mitjans (trompetes) i grans (fagots) segons el mes de naixement.<\/p>\n<p>Els espais s\u2019adapten i es modifiquen en funci\u00f3 de les necessitats de moviment dels infants i el seu tipus de joc. S\u00f3n infants amb una actitud d\u2019exploraci\u00f3 continuada per aix\u00f2, el joc heur\u00edstic \u00e9s una de les activitats caracter\u00edstica d\u2019aquestes edats, ja que durant aquest joc poden explorar i descobrir com es comporten els diferents materials quan els manipulen. Les safates d\u2019experimentaci\u00f3 tamb\u00e9 formen part de les propostes per a aquests grups.<\/p>\n<p>Depenent del grup i del moment en qu\u00e8 es troben cadasc\u00fa dels infants, el dinar \u00e9s fa a falda, en taula individual o en taula en grup.<\/div>[\/vc_column_inner][vc_column_inner width=&#8221;1\/3&#8243;]<div class=\"center\"><div  class=\"swmsc_image_lightbox  image_center\" >\n\n\t\t\t\t\t\t<div class=\"swmsc_image_lightbox_img\"><img decoding=\"async\" alt=\"\" src=\"\" class=\"\" style=\"border-radius:10px;\" \/><div class=\"swmsc_img_overlay\" style=\"border-radius:10px;\">\n\t\t\t\t\t\t\t\t\t\t\t\t<a class=\"swmsc_popup_img\" href=\"https:\/\/www.cavallcartro.cat\/escoles\/ebm-uni-dori\/wp-content\/uploads\/sites\/32\/2023\/11\/Estanca-violoncels-Escola-Bressol-Uni-Dori-Badalona.jpg\" title=\"\" target=\"_self\" >\n\t\t\t\t\t\t\t\t\t\t\t\t\t<i class=\"fa fa-search\"><\/i>\n\t\t\t\t\t\t\t\t\t\t\t\t<\/a>\n\t\t\t\t\t\t\t\t\t\t\t<\/div><\/div><\/div><\/div><div  class=\"swmsc_text_block\" > \n<p style=\"text-align: center;\"><strong>ESTANCES DE 2-3 ANYS<br \/>\nVIOLINS, VIOLONCELS I VIOLES<br \/>\n<\/strong><\/p>\n<p>On es troben els m\u00e9s grans de l\u2019escola. En aquestes estances els espais solen estar distribu\u00efts en diferents racons: moviment, joc simb\u00f2lic (cuineta, metges, ninos&#8230;), rac\u00f3 descans, construccions, rac\u00f3 lectura, rac\u00f3 de llum, rac\u00f3 de l\u2019art&#8230;<\/p>\n<p style=\"text-align: left;\">El nivell d\u2019autonomia ha avan\u00e7at molt a difer\u00e8ncia de la resta de grups m\u00e9s petits. Aquests infants ja poden col\u00b7laborar m\u00e9s a l\u2019hora de participar en la seva higiene quan es renten les mans, quan dinen, quan els canviem el bolquer o els acompanyamem durant el control d\u2019esf\u00ednters.<\/p>\n<\/div>[\/vc_column_inner][\/vc_row_inner][vc_row_inner][vc_column_inner width=&#8221;1\/3&#8243;]<div class=\"center\"><div  class=\"swmsc_image_lightbox  image_center\" >\n\n\t\t\t\t\t\t<div class=\"swmsc_image_lightbox_img\"><img decoding=\"async\" alt=\"\" src=\"https:\/\/www.cavallcartro.cat\/escoles\/ebm-uni-dori\/wp-content\/uploads\/sites\/32\/2018\/07\/Plaa\u0301a-Escola-Bressol-Uni-Dori-Badalona.jpg\" class=\"\" style=\"border-radius:10px;\" \/><div class=\"swmsc_img_overlay\" style=\"border-radius:10px;\">\n\t\t\t\t\t\t\t\t\t\t\t\t<a class=\"swmsc_popup_img\" href=\"https:\/\/www.cavallcartro.cat\/escoles\/ebm-uni-dori\/wp-content\/uploads\/sites\/32\/2018\/07\/Plaa\u0301a-Escola-Bressol-Uni-Dori-Badalona.jpg\" title=\"\" target=\"_self\" >\n\t\t\t\t\t\t\t\t\t\t\t\t\t<i class=\"fa fa-search\"><\/i>\n\t\t\t\t\t\t\t\t\t\t\t\t<\/a>\n\t\t\t\t\t\t\t\t\t\t\t<\/div><\/div><\/div><\/div><div  class=\"swmsc_text_block\" > \n<p style=\"text-align: center;\"><strong>LA PLA\u00c7A DE L\u2019ESCOLA<\/strong><\/p>\n<p>\u00c9s un espai central que fem servir en diferents ocasions al llarg del curs: trobades i reunions amb les fam\u00edlies, cursos, tallers&#8230; A m\u00e9s els infants tamb\u00e9 gaudeixen d\u2019aquest espai amb les educadores jugant lliurement en els diferents espais: taula de llum, rac\u00f3 de contes, taula de manipulaci\u00f3&#8230;<\/div>[\/vc_column_inner][vc_column_inner width=&#8221;1\/3&#8243;]<div class=\"center\"><div  class=\"swmsc_image_lightbox  image_center\" >\n\n\t\t\t\t\t\t<div class=\"swmsc_image_lightbox_img\"><img decoding=\"async\" alt=\"\" src=\"https:\/\/www.cavallcartro.cat\/escoles\/ebm-uni-dori\/wp-content\/uploads\/sites\/32\/2018\/07\/EBM-Uni-Dori-Badalona-Jard\u00b0-Nadons-escola-bressol.jpg\" class=\"\" style=\"border-radius:10px;\" \/><div class=\"swmsc_img_overlay\" style=\"border-radius:10px;\">\n\t\t\t\t\t\t\t\t\t\t\t\t<a class=\"swmsc_popup_img\" href=\"https:\/\/www.cavallcartro.cat\/escoles\/ebm-uni-dori\/wp-content\/uploads\/sites\/32\/2018\/07\/EBM-Uni-Dori-Badalona-Jard\u00b0-Nadons-escola-bressol.jpg\" title=\"\" target=\"_self\" >\n\t\t\t\t\t\t\t\t\t\t\t\t\t<i class=\"fa fa-search\"><\/i>\n\t\t\t\t\t\t\t\t\t\t\t\t<\/a>\n\t\t\t\t\t\t\t\t\t\t\t<\/div><\/div><\/div><\/div><div  class=\"swmsc_text_block\" > \n<p style=\"text-align: center;\"><strong>EL Jard\u00ed<\/strong><\/p>\n<p>\u00c9s un espai molt important de la nostra escola perqu\u00e8 permet als infants moure\u2019s, c\u00f3rrer, enfilar-se, descobrir la natura, relacionar-se, observar, jugar&#8230;, i a on sempre hi ha l\u2019adult present a l\u2019abast per a quan el necessiten.<\/div>[\/vc_column_inner][vc_column_inner width=&#8221;1\/3&#8243;]<div class=\"center\"><div  class=\"swmsc_image_lightbox  image_center\" >\n\n\t\t\t\t\t\t<div class=\"swmsc_image_lightbox_img\"><img decoding=\"async\" alt=\"\" src=\"https:\/\/www.cavallcartro.cat\/escoles\/ebm-uni-dori\/wp-content\/uploads\/sites\/32\/2018\/07\/Hort-EBM-Uni-Dori-Badalona.jpg\" class=\"\" style=\"border-radius:10px;\" \/><div class=\"swmsc_img_overlay\" style=\"border-radius:10px;\">\n\t\t\t\t\t\t\t\t\t\t\t\t<a class=\"swmsc_popup_img\" href=\"https:\/\/www.cavallcartro.cat\/escoles\/ebm-uni-dori\/wp-content\/uploads\/sites\/32\/2018\/07\/Hort-EBM-Uni-Dori-Badalona.jpg\" title=\"\" target=\"_self\" >\n\t\t\t\t\t\t\t\t\t\t\t\t\t<i class=\"fa fa-search\"><\/i>\n\t\t\t\t\t\t\t\t\t\t\t\t<\/a>\n\t\t\t\t\t\t\t\t\t\t\t<\/div><\/div><\/div><\/div><div  class=\"swmsc_text_block\" > \n<p style=\"text-align: center;\"><strong>L\u2019HORT<\/strong><\/p>\n<p>Un espai exterior, ric i estimulador, amb propostes naturals que fomenten la descoberta i l\u2019experimentaci\u00f3 dels infants.<\/p>\n<p>Un espai que estimula els sentits i aporta coneixements i respecte vers la natura. A m\u00e9s \u00e9s un lloc on els infants poden saber d\u2019on surten els aliments que mengen, tastar-los i adquirir petites responsabilitats (regar, plantar\u2026)<\/div>[\/vc_column_inner][\/vc_row_inner][vc_row_inner][vc_column_inner width=&#8221;1\/3&#8243;]<div class=\"center\"><div  class=\"swmsc_image_lightbox  image_center\" >\n\n\t\t\t\t\t\t<div class=\"swmsc_image_lightbox_img\"><img decoding=\"async\" alt=\"\" src=\"https:\/\/www.cavallcartro.cat\/escoles\/ebm-uni-dori\/wp-content\/uploads\/sites\/32\/2018\/07\/Cuina-Escola-Bressol-Municipal-Uni-Dori-Badalona.jpg\" class=\"\" style=\"border-radius:10px;\" \/><div class=\"swmsc_img_overlay\" style=\"border-radius:10px;\">\n\t\t\t\t\t\t\t\t\t\t\t\t<a class=\"swmsc_popup_img\" href=\"https:\/\/www.cavallcartro.cat\/escoles\/ebm-uni-dori\/wp-content\/uploads\/sites\/32\/2018\/07\/Cuina-Escola-Bressol-Municipal-Uni-Dori-Badalona.jpg\" title=\"\" target=\"_self\" >\n\t\t\t\t\t\t\t\t\t\t\t\t\t<i class=\"fa fa-search\"><\/i>\n\t\t\t\t\t\t\t\t\t\t\t\t<\/a>\n\t\t\t\t\t\t\t\t\t\t\t<\/div><\/div><\/div><\/div><div  class=\"swmsc_text_block\" > \n<p style=\"text-align: center;\"><strong>LA CUINA<\/strong><\/p>\n<p>La nostra cuina \u00e9s una part important de l\u2019escola. All\u00e0 \u00e9s el Habib, el nostre cuiner, qui elabora els diferents \u00e0pats dels infants i de l\u2019equip educatiu. El Habib \u00e9s conegut per tothom, perqu\u00e8 cada mat\u00ed passa per les diferents estances per saber qui es queda a dinar aquell dia per despr\u00e9s comen\u00e7ar a cuinar el men\u00fa que toca i que ha estat pensat per la nostra dietista per tal que sigui equilibrat i variat.<\/div>[\/vc_column_inner][\/vc_row_inner][\/vc_column][\/vc_row][vc_row full_width=&#8221;stretch_row&#8221; el_id=&#8221;menus&#8221; css=&#8221;.vc_custom_1500032698252{padding-top: 150px !important;}&#8221;][vc_column width=&#8221;1\/4&#8243;]<div  class=\"swmsc_fancy_heading swmsc_fancy_heading_center fh_icon_fancyHeadingNoIcon\" style=\"margin-top:40px;margin-bottom:40px;\">\n\t\t\t\t\t\t<div class=\"swmsc_fancy_heading_text\" style=\"font-size:30px;line-height:36px;\">\n\t\t\t\t\t\t\t\n<h1>Men\u00fas<\/h1>\n\n\t\t\t\t\t\t\t<div class=\"swmsc_fancy_heading_border\">\n\t\t\t\t\t\t\t\t<span class=\"swmsc_fancy_heading_border1\" style=\"background:#f8b54d;\"><\/span>\n\t\t\t\t\t\t\t\t<span class=\"swmsc_fancy_heading_border2\" style=\"background:#f8b54d;\"><\/span>\n\t\t\t\t\t\t\t\t<span class=\"swmsc_fancy_heading_icon\"><i class=\"fa fa-fancyHeadingNoIcon\"  style=\"color:#8373ce;\"><\/i><\/span>\n\t\t\t\t\t\t\t<\/div>\n\t\t\t\t\t\t<\/div>\n\t\t\t\t\t<\/div>[\/vc_column][vc_column width=&#8221;3\/4&#8243; css=&#8221;.vc_custom_1506676149789{padding-top: 50px !important;}&#8221;][vc_row_inner][vc_column_inner]<div  class=\"swmsc_image_lightbox  image_left\" >\n\n\t\t\t\t\t\t<div class=\"swmsc_image_lightbox_img\"><img decoding=\"async\" alt=\"\" src=\"https:\/\/www.cavallcartro.cat\/escoles\/ebm-uni-dori\/wp-content\/uploads\/sites\/32\/2026\/04\/Menu-Basal.jpg\" class=\"\" style=\"border-radius:10px;\" \/><div class=\"swmsc_img_overlay\" style=\"border-radius:10px;\">\n\t\t\t\t\t\t\t\t\t\t\t\t<a class=\"swmsc_popup_img\" href=\"https:\/\/www.cavallcartro.cat\/escoles\/ebm-uni-dori\/wp-content\/uploads\/sites\/32\/2026\/04\/Menu-Basal.jpg\" title=\"\" target=\"_self\" >\n\t\t\t\t\t\t\t\t\t\t\t\t\t<i class=\"fa fa-search\"><\/i>\n\t\t\t\t\t\t\t\t\t\t\t\t<\/a>\n\t\t\t\t\t\t\t\t\t\t\t<\/div><\/div><\/div><div  class=\"swmsc_image_lightbox  image_left\" >\n\n\t\t\t\t\t\t<div class=\"swmsc_image_lightbox_img\"><img decoding=\"async\" alt=\"\" src=\"https:\/\/www.cavallcartro.cat\/escoles\/ebm-uni-dori\/wp-content\/uploads\/sites\/32\/2026\/04\/Triturat-de-Verdura-Carn-Peix-o-Llegum.jpg\" class=\"\" style=\"border-radius:10px;\" \/><div class=\"swmsc_img_overlay\" style=\"border-radius:10px;\">\n\t\t\t\t\t\t\t\t\t\t\t\t<a class=\"swmsc_popup_img\" href=\"https:\/\/www.cavallcartro.cat\/escoles\/ebm-uni-dori\/wp-content\/uploads\/sites\/32\/2026\/04\/Triturat-de-Verdura-Carn-Peix-o-Llegum.jpg\" title=\"\" target=\"_self\" >\n\t\t\t\t\t\t\t\t\t\t\t\t\t<i class=\"fa fa-search\"><\/i>\n\t\t\t\t\t\t\t\t\t\t\t\t<\/a>\n\t\t\t\t\t\t\t\t\t\t\t<\/div><\/div><\/div><div  class=\"swmsc_image_lightbox  image_left\" >\n\n\t\t\t\t\t\t<div class=\"swmsc_image_lightbox_img\"><img decoding=\"async\" alt=\"\" src=\"https:\/\/www.cavallcartro.cat\/escoles\/ebm-uni-dori\/wp-content\/uploads\/sites\/32\/2026\/04\/Triturat-Verdura-amb-Carn.jpg\" class=\"\" style=\"border-radius:10px;\" \/><div class=\"swmsc_img_overlay\" style=\"border-radius:10px;\">\n\t\t\t\t\t\t\t\t\t\t\t\t<a class=\"swmsc_popup_img\" href=\"https:\/\/www.cavallcartro.cat\/escoles\/ebm-uni-dori\/wp-content\/uploads\/sites\/32\/2026\/04\/Triturat-Verdura-amb-Carn.jpg\" title=\"\" target=\"_self\" >\n\t\t\t\t\t\t\t\t\t\t\t\t\t<i class=\"fa fa-search\"><\/i>\n\t\t\t\t\t\t\t\t\t\t\t\t<\/a>\n\t\t\t\t\t\t\t\t\t\t\t<\/div><\/div><\/div>[\/vc_column_inner][\/vc_row_inner][\/vc_column][\/vc_row]\n<\/div>","protected":false},"excerpt":{"rendered":"<p>[vc_row full_width=&#8221;stretch_row&#8221; css=&#8221;.vc_custom_1678736062262{padding-top: 100px !important;padding-bottom: 50px !important;background-image: url(https:\/\/www.cavallcartro.cat\/escoles\/llip-la-baldufa\/wp-content\/uploads\/sites\/3\/2017\/09\/fons1.jpg?id=39) !important;}&#8221;][vc_column][vc_column_text] Fam\u00edlies, benvingudes a l&#8217;EBM UNI DORI, de Badalona Benvinguts a la nostra escola, un lloc per sentir-se estimat, per cr\u00e9ixer jugant, per descobrir el m\u00f3n i els altres. \u201cRedescobrim la mirada, afinem les o\u00efdes, de l\u2019aprenentatge fem una aventura i de [&hellip;]<\/p>\n","protected":false},"author":1,"featured_media":0,"parent":0,"menu_order":0,"comment_status":"closed","ping_status":"closed","template":"","meta":{"footnotes":""},"class_list":["post-32","page","type-page","status-publish","hentry"],"yoast_head":"<!-- This site is optimized with the Yoast SEO plugin v27.5 - https:\/\/yoast.com\/product\/yoast-seo-wordpress\/ -->\n<title>EBM UNI DORI - Escola Bressol Municipal de Badalona<\/title>\n<meta name=\"description\" content=\"L&#039;escola bressol municipal Uni Dori, de Badalona, es un espai on els infants se sentin estimats, per cr\u00e9ixer jugant i per descobrir el m\u00f3n i els altres.\" \/>\n<meta name=\"robots\" content=\"index, follow, max-snippet:-1, max-image-preview:large, max-video-preview:-1\" \/>\n<link rel=\"canonical\" href=\"https:\/\/www.cavallcartro.cat\/escoles\/ebm-uni-dori\/\" \/>\n<meta property=\"og:locale\" content=\"ca_ES\" \/>\n<meta property=\"og:type\" content=\"article\" \/>\n<meta property=\"og:title\" content=\"EBM UNI DORI - Escola Bressol Municipal de Badalona\" \/>\n<meta property=\"og:description\" content=\"L&#039;escola bressol municipal Uni Dori, de Badalona, es un espai on els infants se sentin estimats, per cr\u00e9ixer jugant i per descobrir el m\u00f3n i els altres.\" \/>\n<meta property=\"og:url\" content=\"https:\/\/www.cavallcartro.cat\/escoles\/ebm-uni-dori\/\" \/>\n<meta property=\"og:site_name\" content=\"EBM UNI DORI - Escola Bressol Municipal de Badalona\" \/>\n<meta property=\"article:publisher\" content=\"https:\/\/www.facebook.com\/cavallcartroedu\" \/>\n<meta property=\"article:modified_time\" content=\"2026-04-30T14:28:36+00:00\" \/>\n<meta name=\"twitter:card\" content=\"summary_large_image\" \/>\n<meta name=\"twitter:site\" content=\"@cavallcartroedu\" \/>\n<meta name=\"twitter:label1\" content=\"Temps estimat de lectura\" \/>\n\t<meta name=\"twitter:data1\" content=\"7 minuts\" \/>\n<script type=\"application\/ld+json\" class=\"yoast-schema-graph\">{\"@context\":\"https:\\\/\\\/schema.org\",\"@graph\":[{\"@type\":\"WebPage\",\"@id\":\"https:\\\/\\\/www.cavallcartro.cat\\\/escoles\\\/ebm-uni-dori\\\/\",\"url\":\"https:\\\/\\\/www.cavallcartro.cat\\\/escoles\\\/ebm-uni-dori\\\/\",\"name\":\"EBM UNI DORI - Escola Bressol Municipal de Badalona\",\"isPartOf\":{\"@id\":\"https:\\\/\\\/www.cavallcartro.cat\\\/escoles\\\/ebm-uni-dori\\\/#website\"},\"datePublished\":\"2018-07-24T09:39:19+00:00\",\"dateModified\":\"2026-04-30T14:28:36+00:00\",\"description\":\"L'escola bressol municipal Uni Dori, de Badalona, es un espai on els infants se sentin estimats, per cr\u00e9ixer jugant i per descobrir el m\u00f3n i els altres.\",\"breadcrumb\":{\"@id\":\"https:\\\/\\\/www.cavallcartro.cat\\\/escoles\\\/ebm-uni-dori\\\/#breadcrumb\"},\"inLanguage\":\"ca\",\"potentialAction\":[{\"@type\":\"ReadAction\",\"target\":[\"https:\\\/\\\/www.cavallcartro.cat\\\/escoles\\\/ebm-uni-dori\\\/\"]}]},{\"@type\":\"BreadcrumbList\",\"@id\":\"https:\\\/\\\/www.cavallcartro.cat\\\/escoles\\\/ebm-uni-dori\\\/#breadcrumb\",\"itemListElement\":[{\"@type\":\"ListItem\",\"position\":1,\"name\":\"Portada\",\"item\":\"https:\\\/\\\/www.cavallcartro.cat\\\/escoles\\\/ebm-uni-dori\\\/\"},{\"@type\":\"ListItem\",\"position\":2,\"name\":\"Inici\"}]},{\"@type\":\"WebSite\",\"@id\":\"https:\\\/\\\/www.cavallcartro.cat\\\/escoles\\\/ebm-uni-dori\\\/#website\",\"url\":\"https:\\\/\\\/www.cavallcartro.cat\\\/escoles\\\/ebm-uni-dori\\\/\",\"name\":\"EBM UNI DORI - Escola Bressol Municipal de Badalona\",\"description\":\"L&#039;escola bressol municipal Uni Dori \u00e9s ubicada al barri de Montigal\u00e0 de Badalona i est\u00e0 pensada per acompanyar els infants en el seu creixement, sentint-se feli\u00e7os i segurs.\",\"publisher\":{\"@id\":\"https:\\\/\\\/www.cavallcartro.cat\\\/escoles\\\/ebm-uni-dori\\\/#organization\"},\"potentialAction\":[{\"@type\":\"SearchAction\",\"target\":{\"@type\":\"EntryPoint\",\"urlTemplate\":\"https:\\\/\\\/www.cavallcartro.cat\\\/escoles\\\/ebm-uni-dori\\\/?s={search_term_string}\"},\"query-input\":{\"@type\":\"PropertyValueSpecification\",\"valueRequired\":true,\"valueName\":\"search_term_string\"}}],\"inLanguage\":\"ca\"},{\"@type\":\"Organization\",\"@id\":\"https:\\\/\\\/www.cavallcartro.cat\\\/escoles\\\/ebm-uni-dori\\\/#organization\",\"name\":\"EBM UNI DORI - Escola Bressol Municipal de Badalona\",\"url\":\"https:\\\/\\\/www.cavallcartro.cat\\\/escoles\\\/ebm-uni-dori\\\/\",\"logo\":{\"@type\":\"ImageObject\",\"inLanguage\":\"ca\",\"@id\":\"https:\\\/\\\/www.cavallcartro.cat\\\/escoles\\\/ebm-uni-dori\\\/#\\\/schema\\\/logo\\\/image\\\/\",\"url\":\"https:\\\/\\\/www.cavallcartro.cat\\\/escoles\\\/ebm-uni-dori\\\/wp-content\\\/uploads\\\/sites\\\/32\\\/2018\\\/07\\\/logo-ebm-UNI-DORI.jpg\",\"contentUrl\":\"https:\\\/\\\/www.cavallcartro.cat\\\/escoles\\\/ebm-uni-dori\\\/wp-content\\\/uploads\\\/sites\\\/32\\\/2018\\\/07\\\/logo-ebm-UNI-DORI.jpg\",\"width\":547,\"height\":356,\"caption\":\"EBM UNI DORI - Escola Bressol Municipal de Badalona\"},\"image\":{\"@id\":\"https:\\\/\\\/www.cavallcartro.cat\\\/escoles\\\/ebm-uni-dori\\\/#\\\/schema\\\/logo\\\/image\\\/\"},\"sameAs\":[\"https:\\\/\\\/www.facebook.com\\\/cavallcartroedu\",\"https:\\\/\\\/x.com\\\/cavallcartroedu\",\"https:\\\/\\\/instagram.com\\\/cavallcartroedu\"]}]}<\/script>\n<!-- \/ Yoast SEO plugin. -->","yoast_head_json":{"title":"EBM UNI DORI - Escola Bressol Municipal de Badalona","description":"L'escola bressol municipal Uni Dori, de Badalona, es un espai on els infants se sentin estimats, per cr\u00e9ixer jugant i per descobrir el m\u00f3n i els altres.","robots":{"index":"index","follow":"follow","max-snippet":"max-snippet:-1","max-image-preview":"max-image-preview:large","max-video-preview":"max-video-preview:-1"},"canonical":"https:\/\/www.cavallcartro.cat\/escoles\/ebm-uni-dori\/","og_locale":"ca_ES","og_type":"article","og_title":"EBM UNI DORI - Escola Bressol Municipal de Badalona","og_description":"L'escola bressol municipal Uni Dori, de Badalona, es un espai on els infants se sentin estimats, per cr\u00e9ixer jugant i per descobrir el m\u00f3n i els altres.","og_url":"https:\/\/www.cavallcartro.cat\/escoles\/ebm-uni-dori\/","og_site_name":"EBM UNI DORI - Escola Bressol Municipal de Badalona","article_publisher":"https:\/\/www.facebook.com\/cavallcartroedu","article_modified_time":"2026-04-30T14:28:36+00:00","twitter_card":"summary_large_image","twitter_site":"@cavallcartroedu","twitter_misc":{"Temps estimat de lectura":"7 minuts"},"schema":{"@context":"https:\/\/schema.org","@graph":[{"@type":"WebPage","@id":"https:\/\/www.cavallcartro.cat\/escoles\/ebm-uni-dori\/","url":"https:\/\/www.cavallcartro.cat\/escoles\/ebm-uni-dori\/","name":"EBM UNI DORI - Escola Bressol Municipal de Badalona","isPartOf":{"@id":"https:\/\/www.cavallcartro.cat\/escoles\/ebm-uni-dori\/#website"},"datePublished":"2018-07-24T09:39:19+00:00","dateModified":"2026-04-30T14:28:36+00:00","description":"L'escola bressol municipal Uni Dori, de Badalona, es un espai on els infants se sentin estimats, per cr\u00e9ixer jugant i per descobrir el m\u00f3n i els altres.","breadcrumb":{"@id":"https:\/\/www.cavallcartro.cat\/escoles\/ebm-uni-dori\/#breadcrumb"},"inLanguage":"ca","potentialAction":[{"@type":"ReadAction","target":["https:\/\/www.cavallcartro.cat\/escoles\/ebm-uni-dori\/"]}]},{"@type":"BreadcrumbList","@id":"https:\/\/www.cavallcartro.cat\/escoles\/ebm-uni-dori\/#breadcrumb","itemListElement":[{"@type":"ListItem","position":1,"name":"Portada","item":"https:\/\/www.cavallcartro.cat\/escoles\/ebm-uni-dori\/"},{"@type":"ListItem","position":2,"name":"Inici"}]},{"@type":"WebSite","@id":"https:\/\/www.cavallcartro.cat\/escoles\/ebm-uni-dori\/#website","url":"https:\/\/www.cavallcartro.cat\/escoles\/ebm-uni-dori\/","name":"EBM UNI DORI - Escola Bressol Municipal de Badalona","description":"L&#039;escola bressol municipal Uni Dori \u00e9s ubicada al barri de Montigal\u00e0 de Badalona i est\u00e0 pensada per acompanyar els infants en el seu creixement, sentint-se feli\u00e7os i segurs.","publisher":{"@id":"https:\/\/www.cavallcartro.cat\/escoles\/ebm-uni-dori\/#organization"},"potentialAction":[{"@type":"SearchAction","target":{"@type":"EntryPoint","urlTemplate":"https:\/\/www.cavallcartro.cat\/escoles\/ebm-uni-dori\/?s={search_term_string}"},"query-input":{"@type":"PropertyValueSpecification","valueRequired":true,"valueName":"search_term_string"}}],"inLanguage":"ca"},{"@type":"Organization","@id":"https:\/\/www.cavallcartro.cat\/escoles\/ebm-uni-dori\/#organization","name":"EBM UNI DORI - Escola Bressol Municipal de Badalona","url":"https:\/\/www.cavallcartro.cat\/escoles\/ebm-uni-dori\/","logo":{"@type":"ImageObject","inLanguage":"ca","@id":"https:\/\/www.cavallcartro.cat\/escoles\/ebm-uni-dori\/#\/schema\/logo\/image\/","url":"https:\/\/www.cavallcartro.cat\/escoles\/ebm-uni-dori\/wp-content\/uploads\/sites\/32\/2018\/07\/logo-ebm-UNI-DORI.jpg","contentUrl":"https:\/\/www.cavallcartro.cat\/escoles\/ebm-uni-dori\/wp-content\/uploads\/sites\/32\/2018\/07\/logo-ebm-UNI-DORI.jpg","width":547,"height":356,"caption":"EBM UNI DORI - Escola Bressol Municipal de Badalona"},"image":{"@id":"https:\/\/www.cavallcartro.cat\/escoles\/ebm-uni-dori\/#\/schema\/logo\/image\/"},"sameAs":["https:\/\/www.facebook.com\/cavallcartroedu","https:\/\/x.com\/cavallcartroedu","https:\/\/instagram.com\/cavallcartroedu"]}]}},"_links":{"self":[{"href":"https:\/\/www.cavallcartro.cat\/escoles\/ebm-uni-dori\/wp-json\/wp\/v2\/pages\/32","targetHints":{"allow":["GET"]}}],"collection":[{"href":"https:\/\/www.cavallcartro.cat\/escoles\/ebm-uni-dori\/wp-json\/wp\/v2\/pages"}],"about":[{"href":"https:\/\/www.cavallcartro.cat\/escoles\/ebm-uni-dori\/wp-json\/wp\/v2\/types\/page"}],"author":[{"embeddable":true,"href":"https:\/\/www.cavallcartro.cat\/escoles\/ebm-uni-dori\/wp-json\/wp\/v2\/users\/1"}],"replies":[{"embeddable":true,"href":"https:\/\/www.cavallcartro.cat\/escoles\/ebm-uni-dori\/wp-json\/wp\/v2\/comments?post=32"}],"version-history":[{"count":122,"href":"https:\/\/www.cavallcartro.cat\/escoles\/ebm-uni-dori\/wp-json\/wp\/v2\/pages\/32\/revisions"}],"predecessor-version":[{"id":2681,"href":"https:\/\/www.cavallcartro.cat\/escoles\/ebm-uni-dori\/wp-json\/wp\/v2\/pages\/32\/revisions\/2681"}],"wp:attachment":[{"href":"https:\/\/www.cavallcartro.cat\/escoles\/ebm-uni-dori\/wp-json\/wp\/v2\/media?parent=32"}],"curies":[{"name":"wp","href":"https:\/\/api.w.org\/{rel}","templated":true}]}}