{"id":38,"date":"2018-04-04T10:08:37","date_gmt":"2018-04-04T10:08:37","guid":{"rendered":"http:\/\/www.cavallcartro.cat\/escoles\/ebm-lluna\/?page_id=38"},"modified":"2026-04-30T15:02:59","modified_gmt":"2026-04-30T15:02:59","slug":"inici","status":"publish","type":"page","link":"https:\/\/www.cavallcartro.cat\/escoles\/ebm-lluna\/","title":{"rendered":"Inici"},"content":{"rendered":"<div class=\"wpb-content-wrapper\">[vc_row full_width=&#8221;stretch_row&#8221; css=&#8221;.vc_custom_1678727326082{padding-top: 100px !important;padding-bottom: 50px !important;background-image: url(https:\/\/www.cavallcartro.cat\/escoles\/llip-la-baldufa\/wp-content\/uploads\/sites\/3\/2017\/09\/fons1.jpg?id=39) !important;}&#8221;][vc_column][vc_column_text]\n<h1>Fam\u00edlies, benvingudes a l&#8217;EBM LLUNA!<\/h1>\n<p>Us donem la benvinguda a l&#8217;<strong>Escola Bressol Municipal Lluna, de Rub\u00ed<\/strong>, la qu\u00e8 ser\u00e0 la vostra primera Escola. Segur que ens il\u00b7lusionarem i compartirem viv\u00e8ncies irrepetibles. Ens hi acompanyeu?[\/vc_column_text][\/vc_column][\/vc_row][vc_row full_width=&#8221;stretch_row&#8221; el_id=&#8221;qui-som&#8221; css=&#8221;.vc_custom_1500032841736{padding-top: 150px !important;}&#8221;][vc_column width=&#8221;1\/4&#8243;]<div  class=\"swmsc_fancy_heading swmsc_fancy_heading_center fh_icon_fancyHeadingNoIcon\" style=\"margin-top:40px;margin-bottom:40px;\">\n\t\t\t\t\t\t<div class=\"swmsc_fancy_heading_text\" style=\"font-size:30px;line-height:36px;\">\n\t\t\t\t\t\t\t\n<h1>Qui som?<\/h1>\n\n\t\t\t\t\t\t\t<div class=\"swmsc_fancy_heading_border\">\n\t\t\t\t\t\t\t\t<span class=\"swmsc_fancy_heading_border1\" style=\"background:#f8b54d;\"><\/span>\n\t\t\t\t\t\t\t\t<span class=\"swmsc_fancy_heading_border2\" style=\"background:#f8b54d;\"><\/span>\n\t\t\t\t\t\t\t\t<span class=\"swmsc_fancy_heading_icon\"><i class=\"fa fa-fancyHeadingNoIcon\"  style=\"color:#8373ce;\"><\/i><\/span>\n\t\t\t\t\t\t\t<\/div>\n\t\t\t\t\t\t<\/div>\n\t\t\t\t\t<\/div>[\/vc_column][vc_column width=&#8221;3\/4&#8243; css=&#8221;.vc_custom_1506676119457{padding-top: 50px !important;}&#8221;][vc_column_text]L\u2019escola bressol municipal Lluna, a Rub\u00ed, va obrir les seves portes en el curs 2005-2006. Som una llar d\u2019infants que acull nens i nenes d\u2019edats compreses des dels 4 mesos fins als 3 anys.<\/p>\n<p>La nostra llar \u00e9s un espai per cr\u00e9ixer, capa\u00e7 d\u2019assolir i satisfer les demandes dels infants i de les seves fam\u00edlies, des d&#8217;un acompanyament respectu\u00f3s i emocional, proporcionant els espais i el clima adequats per satisfer les seves necessitats. Una llar a on les fam\u00edlies sentiran que junts i juntes compartirem la il\u00b7lusi\u00f3 i l\u2019esfor\u00e7 pel creixement dels seus infants dins d\u2019un marc de respecte i de cura, on les emocions es manifesten i els sentiments s\u2019expressen.<\/p>\n<p>El nostre principal objectiu com a equip educatiu \u00e9s construir una escola on totes les persones que formen part de la comunitat educativa es sentin estimades, respectades i amb llibertat per desenvolupar les seves capacitats.[\/vc_column_text][\/vc_column][\/vc_row][vc_row full_width=&#8221;stretch_row&#8221; el_id=&#8221;horaris&#8221; css=&#8221;.vc_custom_1499942765676{padding-top: 150px !important;}&#8221;][vc_column width=&#8221;1\/4&#8243;]<div  class=\"swmsc_fancy_heading swmsc_fancy_heading_center fh_icon_fancyHeadingNoIcon\" style=\"margin-top:40px;margin-bottom:40px;\">\n\t\t\t\t\t\t<div class=\"swmsc_fancy_heading_text\" style=\"font-size:30px;line-height:36px;\">\n\t\t\t\t\t\t\t\n<h1>Horaris<\/h1>\n\n\t\t\t\t\t\t\t<div class=\"swmsc_fancy_heading_border\">\n\t\t\t\t\t\t\t\t<span class=\"swmsc_fancy_heading_border1\" style=\"background:#f8b54d;\"><\/span>\n\t\t\t\t\t\t\t\t<span class=\"swmsc_fancy_heading_border2\" style=\"background:#f8b54d;\"><\/span>\n\t\t\t\t\t\t\t\t<span class=\"swmsc_fancy_heading_icon\"><i class=\"fa fa-fancyHeadingNoIcon\"  style=\"color:#8373ce;\"><\/i><\/span>\n\t\t\t\t\t\t\t<\/div>\n\t\t\t\t\t\t<\/div>\n\t\t\t\t\t<\/div>[\/vc_column][vc_column width=&#8221;3\/4&#8243; css=&#8221;.vc_custom_1506676126679{padding-top: 50px !important;}&#8221;][vc_column_text]<strong>Mesos d\u2019obertura<\/strong>: de setembre a juliol<\/p>\n<p><strong>Horari d\u2019escola<\/strong>: de dilluns a divendres de 8 a 17h.<\/p>\n<p>Franges hor\u00e0ries d\u2019atenci\u00f3 als infants:<\/p>\n<ul>\n<li>Mat\u00ed de 9 a 12h<\/li>\n<li>Mat\u00ed i tarda de 9 a 12h i 15 a 17h<\/li>\n<li>Serveis complementaris:\n<ul>\n<li>Acollida mat\u00ed de 8 a 9h<\/li>\n<li>Servei menjador descans de 13 a 15h<\/li>\n<li>Acollida tarda <strong>(*)<\/strong> 17 a 18<\/li>\n<\/ul>\n<\/li>\n<\/ul>\n<h6><strong>(*) es portar\u00e0 a terme en cas d\u2019haver 10 infants fixes mensuals, tot el curs escolar<\/strong><\/h6>\n[\/vc_column_text][\/vc_column][\/vc_row][vc_row full_width=&#8221;stretch_row&#8221; el_id=&#8221;calendari&#8221; css=&#8221;.vc_custom_1499942774068{padding-top: 150px !important;}&#8221;][vc_column width=&#8221;1\/4&#8243;]<div  class=\"swmsc_fancy_heading swmsc_fancy_heading_center fh_icon_fancyHeadingNoIcon\" style=\"margin-top:40px;margin-bottom:40px;\">\n\t\t\t\t\t\t<div class=\"swmsc_fancy_heading_text\" style=\"font-size:30px;line-height:36px;\">\n\t\t\t\t\t\t\t\n<h1>Calendari<\/h1>\n\n\t\t\t\t\t\t\t<div class=\"swmsc_fancy_heading_border\">\n\t\t\t\t\t\t\t\t<span class=\"swmsc_fancy_heading_border1\" style=\"background:#f8b54d;\"><\/span>\n\t\t\t\t\t\t\t\t<span class=\"swmsc_fancy_heading_border2\" style=\"background:#f8b54d;\"><\/span>\n\t\t\t\t\t\t\t\t<span class=\"swmsc_fancy_heading_icon\"><i class=\"fa fa-fancyHeadingNoIcon\"  style=\"color:#8373ce;\"><\/i><\/span>\n\t\t\t\t\t\t\t<\/div>\n\t\t\t\t\t\t<\/div>\n\t\t\t\t\t<\/div>[\/vc_column][vc_column width=&#8221;3\/4&#8243; css=&#8221;.vc_custom_1506676134880{padding-top: 50px !important;}&#8221;]<div  class=\"swmsc_image_lightbox  image_left\" >\n\n\t\t\t\t\t\t<div class=\"swmsc_image_lightbox_img\"><img decoding=\"async\" alt=\"\" src=\"https:\/\/www.cavallcartro.cat\/escoles\/ebm-lluna\/wp-content\/uploads\/sites\/25\/2025\/09\/calendari-25-26.jpg\" class=\"\" style=\"border-radius:10px;\" \/><div class=\"swmsc_img_overlay\" style=\"border-radius:10px;\">\n\t\t\t\t\t\t\t\t\t\t\t\t<a class=\"swmsc_popup_img\" href=\"https:\/\/www.cavallcartro.cat\/escoles\/ebm-lluna\/wp-content\/uploads\/sites\/25\/2025\/09\/calendari-25-26.jpg\" title=\"\" target=\"_self\" >\n\t\t\t\t\t\t\t\t\t\t\t\t\t<i class=\"fa fa-search\"><\/i>\n\t\t\t\t\t\t\t\t\t\t\t\t<\/a>\n\t\t\t\t\t\t\t\t\t\t\t<\/div><\/div><\/div>[\/vc_column][\/vc_row][vc_row full_width=&#8221;stretch_row&#8221; el_id=&#8221;aules&#8221; css=&#8221;.vc_custom_1499942782522{padding-top: 150px !important;}&#8221;][vc_column width=&#8221;1\/4&#8243;]<div  class=\"swmsc_fancy_heading swmsc_fancy_heading_center fh_icon_fancyHeadingNoIcon\" style=\"margin-top:40px;margin-bottom:40px;\">\n\t\t\t\t\t\t<div class=\"swmsc_fancy_heading_text\" style=\"font-size:30px;line-height:36px;\">\n\t\t\t\t\t\t\t\n<h1>Aules<\/h1>\n\n\t\t\t\t\t\t\t<div class=\"swmsc_fancy_heading_border\">\n\t\t\t\t\t\t\t\t<span class=\"swmsc_fancy_heading_border1\" style=\"background:#f8b54d;\"><\/span>\n\t\t\t\t\t\t\t\t<span class=\"swmsc_fancy_heading_border2\" style=\"background:#f8b54d;\"><\/span>\n\t\t\t\t\t\t\t\t<span class=\"swmsc_fancy_heading_icon\"><i class=\"fa fa-fancyHeadingNoIcon\"  style=\"color:#8373ce;\"><\/i><\/span>\n\t\t\t\t\t\t\t<\/div>\n\t\t\t\t\t\t<\/div>\n\t\t\t\t\t<\/div>[\/vc_column][vc_column width=&#8221;3\/4&#8243; css=&#8221;.vc_custom_1506676143590{padding-top: 50px !important;}&#8221;][vc_row_inner][vc_column_inner width=&#8221;1\/3&#8243;]<div class=\"center\"><div  class=\"swmsc_image_lightbox  image_center\" >\n\n\t\t\t\t\t\t<div class=\"swmsc_image_lightbox_img\"><img decoding=\"async\" alt=\"\" src=\"https:\/\/www.cavallcartro.cat\/escoles\/ebm-lluna\/wp-content\/uploads\/sites\/25\/2018\/04\/EBM-LLUNA-EDIFICI-LLUNA-mitjans.jpg\" class=\"\" style=\"border-radius:10px;\" \/><div class=\"swmsc_img_overlay\" style=\"border-radius:10px;\">\n\t\t\t\t\t\t\t\t\t\t\t\t<a class=\"swmsc_popup_img\" href=\"https:\/\/www.cavallcartro.cat\/escoles\/ebm-lluna\/wp-content\/uploads\/sites\/25\/2018\/04\/EBM-LLUNA-EDIFICI-LLUNA-mitjans.jpg\" title=\"\" target=\"_self\" >\n\t\t\t\t\t\t\t\t\t\t\t\t\t<i class=\"fa fa-search\"><\/i>\n\t\t\t\t\t\t\t\t\t\t\t\t<\/a>\n\t\t\t\t\t\t\t\t\t\t\t<\/div><\/div><\/div><\/div><div  class=\"swmsc_text_block\" > \n<p style=\"text-align: center;\"><strong>Estan\u00e7a de mitjans<\/strong><br \/>\n<strong>Edifici LLuna<\/strong><\/p>\n<\/div>[\/vc_column_inner][vc_column_inner width=&#8221;1\/3&#8243;]<div class=\"center\"><div  class=\"swmsc_image_lightbox  image_center\" >\n\n\t\t\t\t\t\t<div class=\"swmsc_image_lightbox_img\"><img decoding=\"async\" alt=\"\" src=\"https:\/\/www.cavallcartro.cat\/escoles\/ebm-lluna\/wp-content\/uploads\/sites\/25\/2018\/04\/EBM-LLUNA-EDIFICI-LLUNA-grans.jpg\" class=\"\" style=\"border-radius:10px;\" \/><div class=\"swmsc_img_overlay\" style=\"border-radius:10px;\">\n\t\t\t\t\t\t\t\t\t\t\t\t<a class=\"swmsc_popup_img\" href=\"https:\/\/www.cavallcartro.cat\/escoles\/ebm-lluna\/wp-content\/uploads\/sites\/25\/2018\/04\/EBM-LLUNA-EDIFICI-LLUNA-grans.jpg\" title=\"\" target=\"_self\" >\n\t\t\t\t\t\t\t\t\t\t\t\t\t<i class=\"fa fa-search\"><\/i>\n\t\t\t\t\t\t\t\t\t\t\t\t<\/a>\n\t\t\t\t\t\t\t\t\t\t\t<\/div><\/div><\/div><\/div><div  class=\"swmsc_text_block\" > \n<p style=\"text-align: center;\"><strong>Estan\u00e7a de grans<br \/>\nEdifici LLuna<\/strong><\/p>\n<\/div>[\/vc_column_inner][vc_column_inner width=&#8221;1\/3&#8243;]<div class=\"center\"><div  class=\"swmsc_image_lightbox  image_center\" >\n\n\t\t\t\t\t\t<div class=\"swmsc_image_lightbox_img\"><img decoding=\"async\" alt=\"\" src=\"https:\/\/www.cavallcartro.cat\/escoles\/ebm-lluna\/wp-content\/uploads\/sites\/25\/2018\/04\/EBM-LLUNA-EDIFICI-TITANIC-mitjans.jpg\" class=\"\" style=\"border-radius:10px;\" \/><div class=\"swmsc_img_overlay\" style=\"border-radius:10px;\">\n\t\t\t\t\t\t\t\t\t\t\t\t<a class=\"swmsc_popup_img\" href=\"https:\/\/www.cavallcartro.cat\/escoles\/ebm-lluna\/wp-content\/uploads\/sites\/25\/2018\/04\/EBM-LLUNA-EDIFICI-TITANIC-mitjans.jpg\" title=\"\" target=\"_self\" >\n\t\t\t\t\t\t\t\t\t\t\t\t\t<i class=\"fa fa-search\"><\/i>\n\t\t\t\t\t\t\t\t\t\t\t\t<\/a>\n\t\t\t\t\t\t\t\t\t\t\t<\/div><\/div><\/div><\/div><div  class=\"swmsc_text_block\" > \n<p style=\"text-align: center;\"><strong>Estan\u00e7a de mitjans<\/strong><br \/>\n<strong>Edifici Titanic<br \/>\n<\/strong><\/p>\n<\/div>[\/vc_column_inner][\/vc_row_inner][vc_row_inner][vc_column_inner width=&#8221;1\/3&#8243;]<div class=\"center\"><div  class=\"swmsc_image_lightbox  image_center\" >\n\n\t\t\t\t\t\t<div class=\"swmsc_image_lightbox_img\"><img decoding=\"async\" alt=\"\" src=\"https:\/\/www.cavallcartro.cat\/escoles\/ebm-lluna\/wp-content\/uploads\/sites\/25\/2018\/04\/EBM-LLUNA-EDIFICI-TITANIC-grans1.jpg\" class=\"\" style=\"border-radius:10px;\" \/><div class=\"swmsc_img_overlay\" style=\"border-radius:10px;\">\n\t\t\t\t\t\t\t\t\t\t\t\t<a class=\"swmsc_popup_img\" href=\"https:\/\/www.cavallcartro.cat\/escoles\/ebm-lluna\/wp-content\/uploads\/sites\/25\/2018\/04\/EBM-LLUNA-EDIFICI-TITANIC-grans1.jpg\" title=\"\" target=\"_self\" >\n\t\t\t\t\t\t\t\t\t\t\t\t\t<i class=\"fa fa-search\"><\/i>\n\t\t\t\t\t\t\t\t\t\t\t\t<\/a>\n\t\t\t\t\t\t\t\t\t\t\t<\/div><\/div><\/div><\/div><div  class=\"swmsc_text_block\" > \n<p style=\"text-align: center;\"><strong>Estan\u00e7a de grans<br \/>\nEdifici Titanic<br \/>\n<\/strong><\/p>\n<\/div>[\/vc_column_inner][vc_column_inner width=&#8221;1\/3&#8243;]<div class=\"center\"><div  class=\"swmsc_image_lightbox  image_center\" >\n\n\t\t\t\t\t\t<div class=\"swmsc_image_lightbox_img\"><img decoding=\"async\" alt=\"\" src=\"https:\/\/www.cavallcartro.cat\/escoles\/ebm-lluna\/wp-content\/uploads\/sites\/25\/2018\/04\/EBM-LLUNA-EDIFICI-TITANIC-grans2.jpg\" class=\"\" style=\"border-radius:10px;\" \/><div class=\"swmsc_img_overlay\" style=\"border-radius:10px;\">\n\t\t\t\t\t\t\t\t\t\t\t\t<a class=\"swmsc_popup_img\" href=\"https:\/\/www.cavallcartro.cat\/escoles\/ebm-lluna\/wp-content\/uploads\/sites\/25\/2018\/04\/EBM-LLUNA-EDIFICI-TITANIC-grans2.jpg\" title=\"\" target=\"_self\" >\n\t\t\t\t\t\t\t\t\t\t\t\t\t<i class=\"fa fa-search\"><\/i>\n\t\t\t\t\t\t\t\t\t\t\t\t<\/a>\n\t\t\t\t\t\t\t\t\t\t\t<\/div><\/div><\/div><\/div><div  class=\"swmsc_text_block\" > \n<p style=\"text-align: center;\"><strong>Estan\u00e7a de grans<br \/>\nEdifici Titanic<br \/>\n<\/strong><\/p>\n<p><strong>\u00a0<\/strong><\/div>[\/vc_column_inner][vc_column_inner width=&#8221;1\/3&#8243;]<div class=\"center\"><div  class=\"swmsc_image_lightbox  image_center\" >\n\n\t\t\t\t\t\t<div class=\"swmsc_image_lightbox_img\"><img decoding=\"async\" alt=\"\" src=\"https:\/\/www.cavallcartro.cat\/escoles\/ebm-lluna\/wp-content\/uploads\/sites\/25\/2018\/04\/EBM-LLUNA-EDIFICI-TITANIC-grans-lavabos.jpg\" class=\"\" style=\"border-radius:10px;\" \/><div class=\"swmsc_img_overlay\" style=\"border-radius:10px;\">\n\t\t\t\t\t\t\t\t\t\t\t\t<a class=\"swmsc_popup_img\" href=\"https:\/\/www.cavallcartro.cat\/escoles\/ebm-lluna\/wp-content\/uploads\/sites\/25\/2018\/04\/EBM-LLUNA-EDIFICI-TITANIC-grans-lavabos.jpg\" title=\"\" target=\"_self\" >\n\t\t\t\t\t\t\t\t\t\t\t\t\t<i class=\"fa fa-search\"><\/i>\n\t\t\t\t\t\t\t\t\t\t\t\t<\/a>\n\t\t\t\t\t\t\t\t\t\t\t<\/div><\/div><\/div><\/div><div  class=\"swmsc_text_block\" > \n<p style=\"text-align: center;\"><strong>Lavabos grans<br \/>\n<\/strong><\/p>\n<\/div>[\/vc_column_inner][\/vc_row_inner][vc_row_inner][vc_column_inner width=&#8221;1\/3&#8243;]<div class=\"center\"><div  class=\"swmsc_image_lightbox  image_center\" >\n\n\t\t\t\t\t\t<div class=\"swmsc_image_lightbox_img\"><img decoding=\"async\" alt=\"\" src=\"https:\/\/www.cavallcartro.cat\/escoles\/ebm-lluna\/wp-content\/uploads\/sites\/25\/2018\/04\/EBM-LLUNA-pati.jpg\" class=\"\" style=\"border-radius:10px;\" \/><div class=\"swmsc_img_overlay\" style=\"border-radius:10px;\">\n\t\t\t\t\t\t\t\t\t\t\t\t<a class=\"swmsc_popup_img\" href=\"https:\/\/www.cavallcartro.cat\/escoles\/ebm-lluna\/wp-content\/uploads\/sites\/25\/2018\/04\/EBM-LLUNA-pati.jpg\" title=\"\" target=\"_self\" >\n\t\t\t\t\t\t\t\t\t\t\t\t\t<i class=\"fa fa-search\"><\/i>\n\t\t\t\t\t\t\t\t\t\t\t\t<\/a>\n\t\t\t\t\t\t\t\t\t\t\t<\/div><\/div><\/div><\/div><div  class=\"swmsc_text_block\" > \n<p style=\"text-align: center;\"><strong>Pati grans<br \/>\n<\/strong><\/p>\n<\/div>[\/vc_column_inner][vc_column_inner width=&#8221;1\/3&#8243;]<div class=\"center\"><div  class=\"swmsc_image_lightbox  image_center\" >\n\n\t\t\t\t\t\t<div class=\"swmsc_image_lightbox_img\"><img decoding=\"async\" alt=\"\" src=\"https:\/\/www.cavallcartro.cat\/escoles\/ebm-lluna\/wp-content\/uploads\/sites\/25\/2018\/04\/EBM-LLUNA-pati2.jpg\" class=\"\" style=\"border-radius:10px;\" \/><div class=\"swmsc_img_overlay\" style=\"border-radius:10px;\">\n\t\t\t\t\t\t\t\t\t\t\t\t<a class=\"swmsc_popup_img\" href=\"https:\/\/www.cavallcartro.cat\/escoles\/ebm-lluna\/wp-content\/uploads\/sites\/25\/2018\/04\/EBM-LLUNA-pati2.jpg\" title=\"\" target=\"_self\" >\n\t\t\t\t\t\t\t\t\t\t\t\t\t<i class=\"fa fa-search\"><\/i>\n\t\t\t\t\t\t\t\t\t\t\t\t<\/a>\n\t\t\t\t\t\t\t\t\t\t\t<\/div><\/div><\/div><\/div><div  class=\"swmsc_text_block\" > \n<p style=\"text-align: center;\"><strong>Pati grans<br \/>\n<\/strong><\/p>\n<\/div>[\/vc_column_inner][vc_column_inner width=&#8221;1\/3&#8243;]<div class=\"center\"><div  class=\"swmsc_image_lightbox  image_center\" >\n\n\t\t\t\t\t\t<div class=\"swmsc_image_lightbox_img\"><img decoding=\"async\" alt=\"\" src=\"https:\/\/www.cavallcartro.cat\/escoles\/ebm-lluna\/wp-content\/uploads\/sites\/25\/2018\/04\/EBM-LLUNA-pati-mitjans.jpg\" class=\"\" style=\"border-radius:10px;\" \/><div class=\"swmsc_img_overlay\" style=\"border-radius:10px;\">\n\t\t\t\t\t\t\t\t\t\t\t\t<a class=\"swmsc_popup_img\" href=\"https:\/\/www.cavallcartro.cat\/escoles\/ebm-lluna\/wp-content\/uploads\/sites\/25\/2018\/04\/EBM-LLUNA-pati-mitjans.jpg\" title=\"\" target=\"_self\" >\n\t\t\t\t\t\t\t\t\t\t\t\t\t<i class=\"fa fa-search\"><\/i>\n\t\t\t\t\t\t\t\t\t\t\t\t<\/a>\n\t\t\t\t\t\t\t\t\t\t\t<\/div><\/div><\/div><\/div><div  class=\"swmsc_text_block\" > \n<p style=\"text-align: center;\"><strong>Pati mitjans<br \/>\n<\/strong><\/p>\n<\/div>[\/vc_column_inner][\/vc_row_inner][vc_row_inner][vc_column_inner width=&#8221;1\/3&#8243;]<div class=\"center\"><div  class=\"swmsc_image_lightbox  image_center\" >\n\n\t\t\t\t\t\t<div class=\"swmsc_image_lightbox_img\"><img decoding=\"async\" alt=\"\" src=\"https:\/\/www.cavallcartro.cat\/escoles\/ebm-lluna\/wp-content\/uploads\/sites\/25\/2018\/04\/EBM-LLUNA-pati-mitjans2.jpg\" class=\"\" style=\"border-radius:10px;\" \/><div class=\"swmsc_img_overlay\" style=\"border-radius:10px;\">\n\t\t\t\t\t\t\t\t\t\t\t\t<a class=\"swmsc_popup_img\" href=\"https:\/\/www.cavallcartro.cat\/escoles\/ebm-lluna\/wp-content\/uploads\/sites\/25\/2018\/04\/EBM-LLUNA-pati-mitjans2.jpg\" title=\"\" target=\"_self\" >\n\t\t\t\t\t\t\t\t\t\t\t\t\t<i class=\"fa fa-search\"><\/i>\n\t\t\t\t\t\t\t\t\t\t\t\t<\/a>\n\t\t\t\t\t\t\t\t\t\t\t<\/div><\/div><\/div><\/div><div  class=\"swmsc_text_block\" > \n<p style=\"text-align: center;\"><strong>Pati mitjans<br \/>\n<\/strong><\/p>\n<\/div>[\/vc_column_inner][vc_column_inner width=&#8221;1\/3&#8243;]<div class=\"center\"><div  class=\"swmsc_image_lightbox  image_center\" >\n\n\t\t\t\t\t\t<div class=\"swmsc_image_lightbox_img\"><img decoding=\"async\" alt=\"\" src=\"https:\/\/www.cavallcartro.cat\/escoles\/ebm-lluna\/wp-content\/uploads\/sites\/25\/2018\/04\/EBM-LLUNA-pati-petits.jpg\" class=\"\" style=\"border-radius:10px;\" \/><div class=\"swmsc_img_overlay\" style=\"border-radius:10px;\">\n\t\t\t\t\t\t\t\t\t\t\t\t<a class=\"swmsc_popup_img\" href=\"https:\/\/www.cavallcartro.cat\/escoles\/ebm-lluna\/wp-content\/uploads\/sites\/25\/2018\/04\/EBM-LLUNA-pati-petits.jpg\" title=\"\" target=\"_self\" >\n\t\t\t\t\t\t\t\t\t\t\t\t\t<i class=\"fa fa-search\"><\/i>\n\t\t\t\t\t\t\t\t\t\t\t\t<\/a>\n\t\t\t\t\t\t\t\t\t\t\t<\/div><\/div><\/div><\/div><div  class=\"swmsc_text_block\" > \n<p style=\"text-align: center;\"><strong>Pati petits<br \/>\n<\/strong><\/p>\n<\/div>[\/vc_column_inner][vc_column_inner width=&#8221;1\/3&#8243;][\/vc_column_inner][\/vc_row_inner][\/vc_column][\/vc_row][vc_row full_width=&#8221;stretch_row&#8221; el_id=&#8221;menus&#8221; css=&#8221;.vc_custom_1500032698252{padding-top: 150px !important;}&#8221;][vc_column width=&#8221;1\/4&#8243;]<div  class=\"swmsc_fancy_heading swmsc_fancy_heading_center fh_icon_fancyHeadingNoIcon\" style=\"margin-top:40px;margin-bottom:40px;\">\n\t\t\t\t\t\t<div class=\"swmsc_fancy_heading_text\" style=\"font-size:30px;line-height:36px;\">\n\t\t\t\t\t\t\t\n<h1>Men\u00fas<\/h1>\n\n\t\t\t\t\t\t\t<div class=\"swmsc_fancy_heading_border\">\n\t\t\t\t\t\t\t\t<span class=\"swmsc_fancy_heading_border1\" style=\"background:#f8b54d;\"><\/span>\n\t\t\t\t\t\t\t\t<span class=\"swmsc_fancy_heading_border2\" style=\"background:#f8b54d;\"><\/span>\n\t\t\t\t\t\t\t\t<span class=\"swmsc_fancy_heading_icon\"><i class=\"fa fa-fancyHeadingNoIcon\"  style=\"color:#8373ce;\"><\/i><\/span>\n\t\t\t\t\t\t\t<\/div>\n\t\t\t\t\t\t<\/div>\n\t\t\t\t\t<\/div>[\/vc_column][vc_column width=&#8221;3\/4&#8243; css=&#8221;.vc_custom_1506676149789{padding-top: 50px !important;}&#8221;][vc_row_inner][vc_column_inner]<div   >\n\t\t\t\t\t\t<div class=\"swmsc_image_gallery swmsc_gal1  \" data-grid=\"masonry\" style=\"margin-right:-20px;\">\n\t\t\t\t\t\t\t\n        \t\t\t\t<div class=\"swmsc_image_gallery_item\">\n        \t\t\t\t\t<div style=\"padding-right:20px; padding-bottom:20px;\">\n\t        \t\t\t\t\t<a href=\"https:\/\/www.cavallcartro.cat\/escoles\/ebm-lluna\/wp-content\/uploads\/sites\/25\/2026\/04\/Menu-Basal.jpg\" class=\"swmsc_popup_gallery\" style=\"border-radius:20px;\" title=\"Men\u00fa Basal\">\n\t\t        \t\t\t\t\t\t<img decoding=\"async\" style=\"border-radius:20px;\" src=\"https:\/\/www.cavallcartro.cat\/escoles\/ebm-lluna\/wp-content\/uploads\/sites\/25\/2026\/04\/Menu-Basal.jpg\" alt=\"\" \/>\n\t\t        \t\t\t\t\t\t<span><i class=\"fa fa-search\" style=\"background-color:#f8b54e;color:#ffffff;\"><\/i><\/span>\n\t\t        \t\t\t\t\t<\/a>\n\t        \t\t\t\t\t\n\t        \t\t\t\t<\/div>\n        \t\t\t\t<\/div>\n        \t\t\t\t<div class=\"swmsc_image_gallery_item\">\n        \t\t\t\t\t<div style=\"padding-right:20px; padding-bottom:20px;\">\n\t        \t\t\t\t\t<a href=\"https:\/\/www.cavallcartro.cat\/escoles\/ebm-lluna\/wp-content\/uploads\/sites\/25\/2026\/04\/Proposta-de-sopars.jpg\" class=\"swmsc_popup_gallery\" style=\"border-radius:20px;\" title=\"Proposta de sopars\">\n\t\t        \t\t\t\t\t\t<img decoding=\"async\" style=\"border-radius:20px;\" src=\"https:\/\/www.cavallcartro.cat\/escoles\/ebm-lluna\/wp-content\/uploads\/sites\/25\/2026\/04\/Proposta-de-sopars.jpg\" alt=\"\" \/>\n\t\t        \t\t\t\t\t\t<span><i class=\"fa fa-search\" style=\"background-color:#f8b54e;color:#ffffff;\"><\/i><\/span>\n\t\t        \t\t\t\t\t<\/a>\n\t        \t\t\t\t\t\n\t        \t\t\t\t<\/div>\n        \t\t\t\t<\/div>\n        \t\t\t\t<div class=\"swmsc_image_gallery_item\">\n        \t\t\t\t\t<div style=\"padding-right:20px; padding-bottom:20px;\">\n\t        \t\t\t\t\t<a href=\"https:\/\/www.cavallcartro.cat\/escoles\/ebm-lluna\/wp-content\/uploads\/sites\/25\/2026\/04\/Recomacions.jpg\" class=\"swmsc_popup_gallery\" style=\"border-radius:20px;\" title=\"Recomacions\">\n\t\t        \t\t\t\t\t\t<img decoding=\"async\" style=\"border-radius:20px;\" src=\"https:\/\/www.cavallcartro.cat\/escoles\/ebm-lluna\/wp-content\/uploads\/sites\/25\/2026\/04\/Recomacions.jpg\" alt=\"\" \/>\n\t\t        \t\t\t\t\t\t<span><i class=\"fa fa-search\" style=\"background-color:#f8b54e;color:#ffffff;\"><\/i><\/span>\n\t\t        \t\t\t\t\t<\/a>\n\t        \t\t\t\t\t\n\t        \t\t\t\t<\/div>\n        \t\t\t\t<\/div>\n\t\t\t\t\t\t<\/div>\n\t\t\t\t\t<\/div>[\/vc_column_inner][\/vc_row_inner][\/vc_column][\/vc_row]\n<\/div>","protected":false},"excerpt":{"rendered":"<p>[vc_row full_width=&#8221;stretch_row&#8221; css=&#8221;.vc_custom_1678727326082{padding-top: 100px !important;padding-bottom: 50px !important;background-image: url(https:\/\/www.cavallcartro.cat\/escoles\/llip-la-baldufa\/wp-content\/uploads\/sites\/3\/2017\/09\/fons1.jpg?id=39) !important;}&#8221;][vc_column][vc_column_text] Fam\u00edlies, benvingudes a l&#8217;EBM LLUNA! Us donem la benvinguda a l&#8217;Escola Bressol Municipal Lluna, de Rub\u00ed, la qu\u00e8 ser\u00e0 la vostra primera Escola. Segur que ens il\u00b7lusionarem i compartirem viv\u00e8ncies irrepetibles. Ens hi acompanyeu?[\/vc_column_text][\/vc_column][\/vc_row][vc_row full_width=&#8221;stretch_row&#8221; el_id=&#8221;qui-som&#8221; css=&#8221;.vc_custom_1500032841736{padding-top: 150px !important;}&#8221;][vc_column width=&#8221;1\/4&#8243;][\/vc_column][vc_column width=&#8221;3\/4&#8243; [&hellip;]<\/p>\n","protected":false},"author":1,"featured_media":0,"parent":0,"menu_order":0,"comment_status":"closed","ping_status":"closed","template":"","meta":{"footnotes":""},"class_list":["post-38","page","type-page","status-publish","hentry"],"yoast_head":"<!-- This site is optimized with the Yoast SEO plugin v27.5 - https:\/\/yoast.com\/product\/yoast-seo-wordpress\/ -->\n<title>EBM La Lluna. Escola Bressol Municipal Lluna, de Rub\u00ed<\/title>\n<meta name=\"description\" content=\"L&#039;escola bressol Lluna \u00e9s un espai segur per cr\u00e9ixer i satisfer les demandes dels infants i fam\u00edlies, amb un acompanyament respectu\u00f3s i emocional\" \/>\n<meta name=\"robots\" content=\"index, follow, max-snippet:-1, max-image-preview:large, max-video-preview:-1\" \/>\n<link rel=\"canonical\" href=\"https:\/\/www.cavallcartro.cat\/escoles\/ebm-lluna\/\" \/>\n<meta property=\"og:locale\" content=\"ca_ES\" \/>\n<meta property=\"og:type\" content=\"article\" \/>\n<meta property=\"og:title\" content=\"EBM La Lluna. Escola Bressol Municipal Lluna, de Rub\u00ed\" \/>\n<meta property=\"og:description\" content=\"L&#039;escola bressol Lluna \u00e9s un espai segur per cr\u00e9ixer i satisfer les demandes dels infants i fam\u00edlies, amb un acompanyament respectu\u00f3s i emocional\" \/>\n<meta property=\"og:url\" content=\"https:\/\/www.cavallcartro.cat\/escoles\/ebm-lluna\/\" \/>\n<meta property=\"og:site_name\" content=\"EBM LLUNA. Escola bressol municipal de Rub\u00ed\" \/>\n<meta property=\"article:publisher\" content=\"https:\/\/www.facebook.com\/cavallcartroedu\" \/>\n<meta property=\"article:modified_time\" content=\"2026-04-30T15:02:59+00:00\" \/>\n<meta name=\"twitter:card\" content=\"summary_large_image\" \/>\n<meta name=\"twitter:site\" content=\"@cavallcartroedu\" \/>\n<meta name=\"twitter:label1\" content=\"Temps estimat de lectura\" \/>\n\t<meta name=\"twitter:data1\" content=\"7 minuts\" \/>\n<script type=\"application\/ld+json\" class=\"yoast-schema-graph\">{\"@context\":\"https:\\\/\\\/schema.org\",\"@graph\":[{\"@type\":\"WebPage\",\"@id\":\"https:\\\/\\\/www.cavallcartro.cat\\\/escoles\\\/ebm-lluna\\\/\",\"url\":\"https:\\\/\\\/www.cavallcartro.cat\\\/escoles\\\/ebm-lluna\\\/\",\"name\":\"EBM La Lluna. Escola Bressol Municipal Lluna, de Rub\u00ed\",\"isPartOf\":{\"@id\":\"https:\\\/\\\/www.cavallcartro.cat\\\/escoles\\\/ebm-lluna\\\/#website\"},\"datePublished\":\"2018-04-04T10:08:37+00:00\",\"dateModified\":\"2026-04-30T15:02:59+00:00\",\"description\":\"L'escola bressol Lluna \u00e9s un espai segur per cr\u00e9ixer i satisfer les demandes dels infants i fam\u00edlies, amb un acompanyament respectu\u00f3s i emocional\",\"breadcrumb\":{\"@id\":\"https:\\\/\\\/www.cavallcartro.cat\\\/escoles\\\/ebm-lluna\\\/#breadcrumb\"},\"inLanguage\":\"ca\",\"potentialAction\":[{\"@type\":\"ReadAction\",\"target\":[\"https:\\\/\\\/www.cavallcartro.cat\\\/escoles\\\/ebm-lluna\\\/\"]}]},{\"@type\":\"BreadcrumbList\",\"@id\":\"https:\\\/\\\/www.cavallcartro.cat\\\/escoles\\\/ebm-lluna\\\/#breadcrumb\",\"itemListElement\":[{\"@type\":\"ListItem\",\"position\":1,\"name\":\"Portada\",\"item\":\"https:\\\/\\\/www.cavallcartro.cat\\\/escoles\\\/ebm-lluna\\\/\"},{\"@type\":\"ListItem\",\"position\":2,\"name\":\"Inici\"}]},{\"@type\":\"WebSite\",\"@id\":\"https:\\\/\\\/www.cavallcartro.cat\\\/escoles\\\/ebm-lluna\\\/#website\",\"url\":\"https:\\\/\\\/www.cavallcartro.cat\\\/escoles\\\/ebm-lluna\\\/\",\"name\":\"EBM LLUNA. Escola bressol municipal de Rub\u00ed\",\"description\":\"L&#039;escola bressol municipal de Rub\u00ed \u00e9s un espai per cr\u00e9ixer, capa\u00e7 d\u2019assolir i satisfer les demandes dels infants i de les seves fam\u00edlies, des d\u2019un acompanyament respectu\u00f3s i emocional, proporcionant els espais i el clima adequats per satisfer les seves necessitats. \",\"publisher\":{\"@id\":\"https:\\\/\\\/www.cavallcartro.cat\\\/escoles\\\/ebm-lluna\\\/#organization\"},\"potentialAction\":[{\"@type\":\"SearchAction\",\"target\":{\"@type\":\"EntryPoint\",\"urlTemplate\":\"https:\\\/\\\/www.cavallcartro.cat\\\/escoles\\\/ebm-lluna\\\/?s={search_term_string}\"},\"query-input\":{\"@type\":\"PropertyValueSpecification\",\"valueRequired\":true,\"valueName\":\"search_term_string\"}}],\"inLanguage\":\"ca\"},{\"@type\":\"Organization\",\"@id\":\"https:\\\/\\\/www.cavallcartro.cat\\\/escoles\\\/ebm-lluna\\\/#organization\",\"name\":\"Escola Bressol Municipal La Lluna\",\"url\":\"https:\\\/\\\/www.cavallcartro.cat\\\/escoles\\\/ebm-lluna\\\/\",\"logo\":{\"@type\":\"ImageObject\",\"inLanguage\":\"ca\",\"@id\":\"https:\\\/\\\/www.cavallcartro.cat\\\/escoles\\\/ebm-lluna\\\/#\\\/schema\\\/logo\\\/image\\\/\",\"url\":\"https:\\\/\\\/www.cavallcartro.cat\\\/escoles\\\/ebm-lluna\\\/wp-content\\\/uploads\\\/sites\\\/25\\\/2018\\\/04\\\/Logo-EBM-Lluna.jpg\",\"contentUrl\":\"https:\\\/\\\/www.cavallcartro.cat\\\/escoles\\\/ebm-lluna\\\/wp-content\\\/uploads\\\/sites\\\/25\\\/2018\\\/04\\\/Logo-EBM-Lluna.jpg\",\"width\":547,\"height\":356,\"caption\":\"Escola Bressol Municipal La Lluna\"},\"image\":{\"@id\":\"https:\\\/\\\/www.cavallcartro.cat\\\/escoles\\\/ebm-lluna\\\/#\\\/schema\\\/logo\\\/image\\\/\"},\"sameAs\":[\"https:\\\/\\\/www.facebook.com\\\/cavallcartroedu\",\"https:\\\/\\\/x.com\\\/cavallcartroedu\"]}]}<\/script>\n<!-- \/ Yoast SEO plugin. -->","yoast_head_json":{"title":"EBM La Lluna. Escola Bressol Municipal Lluna, de Rub\u00ed","description":"L'escola bressol Lluna \u00e9s un espai segur per cr\u00e9ixer i satisfer les demandes dels infants i fam\u00edlies, amb un acompanyament respectu\u00f3s i emocional","robots":{"index":"index","follow":"follow","max-snippet":"max-snippet:-1","max-image-preview":"max-image-preview:large","max-video-preview":"max-video-preview:-1"},"canonical":"https:\/\/www.cavallcartro.cat\/escoles\/ebm-lluna\/","og_locale":"ca_ES","og_type":"article","og_title":"EBM La Lluna. Escola Bressol Municipal Lluna, de Rub\u00ed","og_description":"L'escola bressol Lluna \u00e9s un espai segur per cr\u00e9ixer i satisfer les demandes dels infants i fam\u00edlies, amb un acompanyament respectu\u00f3s i emocional","og_url":"https:\/\/www.cavallcartro.cat\/escoles\/ebm-lluna\/","og_site_name":"EBM LLUNA. Escola bressol municipal de Rub\u00ed","article_publisher":"https:\/\/www.facebook.com\/cavallcartroedu","article_modified_time":"2026-04-30T15:02:59+00:00","twitter_card":"summary_large_image","twitter_site":"@cavallcartroedu","twitter_misc":{"Temps estimat de lectura":"7 minuts"},"schema":{"@context":"https:\/\/schema.org","@graph":[{"@type":"WebPage","@id":"https:\/\/www.cavallcartro.cat\/escoles\/ebm-lluna\/","url":"https:\/\/www.cavallcartro.cat\/escoles\/ebm-lluna\/","name":"EBM La Lluna. Escola Bressol Municipal Lluna, de Rub\u00ed","isPartOf":{"@id":"https:\/\/www.cavallcartro.cat\/escoles\/ebm-lluna\/#website"},"datePublished":"2018-04-04T10:08:37+00:00","dateModified":"2026-04-30T15:02:59+00:00","description":"L'escola bressol Lluna \u00e9s un espai segur per cr\u00e9ixer i satisfer les demandes dels infants i fam\u00edlies, amb un acompanyament respectu\u00f3s i emocional","breadcrumb":{"@id":"https:\/\/www.cavallcartro.cat\/escoles\/ebm-lluna\/#breadcrumb"},"inLanguage":"ca","potentialAction":[{"@type":"ReadAction","target":["https:\/\/www.cavallcartro.cat\/escoles\/ebm-lluna\/"]}]},{"@type":"BreadcrumbList","@id":"https:\/\/www.cavallcartro.cat\/escoles\/ebm-lluna\/#breadcrumb","itemListElement":[{"@type":"ListItem","position":1,"name":"Portada","item":"https:\/\/www.cavallcartro.cat\/escoles\/ebm-lluna\/"},{"@type":"ListItem","position":2,"name":"Inici"}]},{"@type":"WebSite","@id":"https:\/\/www.cavallcartro.cat\/escoles\/ebm-lluna\/#website","url":"https:\/\/www.cavallcartro.cat\/escoles\/ebm-lluna\/","name":"EBM LLUNA. Escola bressol municipal de Rub\u00ed","description":"L&#039;escola bressol municipal de Rub\u00ed \u00e9s un espai per cr\u00e9ixer, capa\u00e7 d\u2019assolir i satisfer les demandes dels infants i de les seves fam\u00edlies, des d\u2019un acompanyament respectu\u00f3s i emocional, proporcionant els espais i el clima adequats per satisfer les seves necessitats. ","publisher":{"@id":"https:\/\/www.cavallcartro.cat\/escoles\/ebm-lluna\/#organization"},"potentialAction":[{"@type":"SearchAction","target":{"@type":"EntryPoint","urlTemplate":"https:\/\/www.cavallcartro.cat\/escoles\/ebm-lluna\/?s={search_term_string}"},"query-input":{"@type":"PropertyValueSpecification","valueRequired":true,"valueName":"search_term_string"}}],"inLanguage":"ca"},{"@type":"Organization","@id":"https:\/\/www.cavallcartro.cat\/escoles\/ebm-lluna\/#organization","name":"Escola Bressol Municipal La Lluna","url":"https:\/\/www.cavallcartro.cat\/escoles\/ebm-lluna\/","logo":{"@type":"ImageObject","inLanguage":"ca","@id":"https:\/\/www.cavallcartro.cat\/escoles\/ebm-lluna\/#\/schema\/logo\/image\/","url":"https:\/\/www.cavallcartro.cat\/escoles\/ebm-lluna\/wp-content\/uploads\/sites\/25\/2018\/04\/Logo-EBM-Lluna.jpg","contentUrl":"https:\/\/www.cavallcartro.cat\/escoles\/ebm-lluna\/wp-content\/uploads\/sites\/25\/2018\/04\/Logo-EBM-Lluna.jpg","width":547,"height":356,"caption":"Escola Bressol Municipal La Lluna"},"image":{"@id":"https:\/\/www.cavallcartro.cat\/escoles\/ebm-lluna\/#\/schema\/logo\/image\/"},"sameAs":["https:\/\/www.facebook.com\/cavallcartroedu","https:\/\/x.com\/cavallcartroedu"]}]}},"_links":{"self":[{"href":"https:\/\/www.cavallcartro.cat\/escoles\/ebm-lluna\/wp-json\/wp\/v2\/pages\/38","targetHints":{"allow":["GET"]}}],"collection":[{"href":"https:\/\/www.cavallcartro.cat\/escoles\/ebm-lluna\/wp-json\/wp\/v2\/pages"}],"about":[{"href":"https:\/\/www.cavallcartro.cat\/escoles\/ebm-lluna\/wp-json\/wp\/v2\/types\/page"}],"author":[{"embeddable":true,"href":"https:\/\/www.cavallcartro.cat\/escoles\/ebm-lluna\/wp-json\/wp\/v2\/users\/1"}],"replies":[{"embeddable":true,"href":"https:\/\/www.cavallcartro.cat\/escoles\/ebm-lluna\/wp-json\/wp\/v2\/comments?post=38"}],"version-history":[{"count":117,"href":"https:\/\/www.cavallcartro.cat\/escoles\/ebm-lluna\/wp-json\/wp\/v2\/pages\/38\/revisions"}],"predecessor-version":[{"id":2684,"href":"https:\/\/www.cavallcartro.cat\/escoles\/ebm-lluna\/wp-json\/wp\/v2\/pages\/38\/revisions\/2684"}],"wp:attachment":[{"href":"https:\/\/www.cavallcartro.cat\/escoles\/ebm-lluna\/wp-json\/wp\/v2\/media?parent=38"}],"curies":[{"name":"wp","href":"https:\/\/api.w.org\/{rel}","templated":true}]}}