{"id":24,"date":"2021-01-28T16:49:51","date_gmt":"2021-01-28T16:49:51","guid":{"rendered":"http:\/\/www.cavallcartro.cat\/escoles\/ebm-la-casa-de-les-flors\/?page_id=24"},"modified":"2026-03-02T13:10:32","modified_gmt":"2026-03-02T12:10:32","slug":"inici","status":"publish","type":"page","link":"https:\/\/www.cavallcartro.cat\/escoles\/ebm-la-casa-de-les-flors\/","title":{"rendered":"Inici"},"content":{"rendered":"<div class=\"wpb-content-wrapper\">[vc_row full_width=&#8221;stretch_row&#8221; css=&#8221;.vc_custom_1678736885678{padding-top: 100px !important;padding-bottom: 50px !important;background-image: url(https:\/\/www.cavallcartro.cat\/escoles\/llip-la-baldufa\/wp-content\/uploads\/sites\/3\/2017\/09\/fons1.jpg?id=39) !important;}&#8221;][vc_column][vc_column_text]\n<h1>Fam\u00edlies, benvingudes al web de l&#8217;EBM La Casa de les Flors!<span lang=\"CA\"><br \/>\n<\/span><\/h1>\n<p>Aqu\u00ed podreu trobar informaci\u00f3 per con\u00e8ixer en detall la nostra escola, ubicada al carrer Alegria, 58, de l&#8217;Hospitalet de Llobregat. Endavant![\/vc_column_text][\/vc_column][\/vc_row][vc_row full_width=&#8221;stretch_row&#8221; el_id=&#8221;qui-som&#8221; css=&#8221;.vc_custom_1500032841736{padding-top: 150px !important;}&#8221;][vc_column width=&#8221;1\/4&#8243;]<div  class=\"swmsc_fancy_heading swmsc_fancy_heading_center fh_icon_fancyHeadingNoIcon\" style=\"margin-top:40px;margin-bottom:40px;\">\n\t\t\t\t\t\t<div class=\"swmsc_fancy_heading_text\" style=\"font-size:30px;line-height:36px;\">\n\t\t\t\t\t\t\t\n<h1>LA NOSTRA ESCOLA<\/h1>\n\n\t\t\t\t\t\t\t<div class=\"swmsc_fancy_heading_border\">\n\t\t\t\t\t\t\t\t<span class=\"swmsc_fancy_heading_border1\" style=\"background:#f8b54d;\"><\/span>\n\t\t\t\t\t\t\t\t<span class=\"swmsc_fancy_heading_border2\" style=\"background:#f8b54d;\"><\/span>\n\t\t\t\t\t\t\t\t<span class=\"swmsc_fancy_heading_icon\"><i class=\"fa fa-fancyHeadingNoIcon\"  style=\"color:#8373ce;\"><\/i><\/span>\n\t\t\t\t\t\t\t<\/div>\n\t\t\t\t\t\t<\/div>\n\t\t\t\t\t<\/div>[\/vc_column][vc_column width=&#8221;3\/4&#8243; css=&#8221;.vc_custom_1506676119457{padding-top: 50px !important;}&#8221;][vc_column_text css=&#8221;&#8221;]L\u2019escola bressol municipal <strong>La Casa de les Flors<\/strong> <span style=\"font-weight: 400;\">forma part de la xarxa d\u2019escoles bressol municipals de la ciutat de<\/span> <span style=\"font-weight: 400;\">L\u2019Hospitalet de Llobregat.<\/span><\/p>\n<p>L\u2019escola acull a <strong>infants entre 4 mesos i 3 anys<\/strong>. Actualment, t\u00e9 una capacitat de <strong>94 places<\/strong> distribu\u00efdes en un total de <strong>6 estances<\/strong>.<\/p>\n<ul>\n<li>1 estan\u00e7a de 8 places de lactants (de 4 mesos fins a 1 any)<\/li>\n<li>2 estances de 13 places de caminants ( de 1 a 2 anys)<\/li>\n<li>3 estances de 20 places de grans (de 2-3 anys )<\/li>\n<\/ul>\n<p>&nbsp;<\/p>\n<p><span style=\"font-weight: 400;\">L&#8217;escola companya als infants en el seu desenvolupament, entenent que s\u00f3n \u00e9ssers \u00fanics,\u00a0 donant confian\u00e7a i llibertat perqu\u00e8 construeixin els seus propis aprenentatges i respectar, en tot moment, els interessos i les necessitats individuals. Des de l\u2019escola es proporcionen recursos per garantir el benestar de tota la comunitat educativa, creant espais de trobada, reflexi\u00f3 i treball en xarxa.<\/span><\/p>\n<p><span style=\"font-weight: 400;\">La nostra metodologia ideada per garantir un desenvolupament integral de l\u2019infant es basa en el joc lliure com a principal activitat. Amb diferents ambients oferim diverses propostes de joc per potenciar els objectius marcats per l\u2019equip educatiu.<\/span><\/p>\n<p><strong>La fam\u00edlia en el dia a dia a l\u2019escola<\/strong><\/p>\n<p>Com equip creiem en la import\u00e0ncia de la fam\u00edlia en els primers anys de vida dels infants. \u00c9s per aix\u00f2, que un dels trets principals de l\u2019escola Bressol La Casa de les Flors \u00e9s la pres\u00e8ncia de les fam\u00edlies en el dia a dia. Establim els primers <strong>vincles entre fam\u00edlia, personal educador i infants<\/strong> fins a crear una confian\u00e7a i seguretat entre tots\/es.[\/vc_column_text][\/vc_column][\/vc_row][vc_row full_width=&#8221;stretch_row&#8221; el_id=&#8221;horaris&#8221; css=&#8221;.vc_custom_1499942765676{padding-top: 150px !important;}&#8221;][vc_column width=&#8221;1\/4&#8243;]<div  class=\"swmsc_fancy_heading swmsc_fancy_heading_center fh_icon_fancyHeadingNoIcon\" style=\"margin-top:40px;margin-bottom:40px;\">\n\t\t\t\t\t\t<div class=\"swmsc_fancy_heading_text\" style=\"font-size:30px;line-height:36px;\">\n\t\t\t\t\t\t\t\n<h1>HORARIS<\/h1>\n\n\t\t\t\t\t\t\t<div class=\"swmsc_fancy_heading_border\">\n\t\t\t\t\t\t\t\t<span class=\"swmsc_fancy_heading_border1\" style=\"background:#f8b54d;\"><\/span>\n\t\t\t\t\t\t\t\t<span class=\"swmsc_fancy_heading_border2\" style=\"background:#f8b54d;\"><\/span>\n\t\t\t\t\t\t\t\t<span class=\"swmsc_fancy_heading_icon\"><i class=\"fa fa-fancyHeadingNoIcon\"  style=\"color:#8373ce;\"><\/i><\/span>\n\t\t\t\t\t\t\t<\/div>\n\t\t\t\t\t\t<\/div>\n\t\t\t\t\t<\/div>[\/vc_column][vc_column width=&#8221;3\/4&#8243; css=&#8221;.vc_custom_1506676126679{padding-top: 50px !important;}&#8221;][vc_column_text css=&#8221;&#8221;]L\u2019escola est\u00e0 oberta <strong>de dilluns a divendres de 9:00h del mat\u00ed a 17:00h<\/strong> de la tarda. L\u2019horari de <strong>servei de menjador \u00e9s de 12:00h a 15:00h.<\/strong><\/p>\n<p>Oferim <strong>servei d\u2019acollida<\/strong> en funci\u00f3 de la demanda: de 8:00h a 8:50h de mat\u00ed.[\/vc_column_text][\/vc_column][\/vc_row][vc_row full_width=&#8221;stretch_row&#8221; el_id=&#8221;calendari&#8221; css=&#8221;.vc_custom_1499942774068{padding-top: 150px !important;}&#8221;][vc_column width=&#8221;1\/4&#8243;]<div  class=\"swmsc_fancy_heading swmsc_fancy_heading_center fh_icon_fancyHeadingNoIcon\" style=\"margin-top:40px;margin-bottom:40px;\">\n\t\t\t\t\t\t<div class=\"swmsc_fancy_heading_text\" style=\"font-size:30px;line-height:36px;\">\n\t\t\t\t\t\t\t\n<h1>CALENDARI ESCOLAR<\/h1>\n\n\t\t\t\t\t\t\t<div class=\"swmsc_fancy_heading_border\">\n\t\t\t\t\t\t\t\t<span class=\"swmsc_fancy_heading_border1\" style=\"background:#f8b54d;\"><\/span>\n\t\t\t\t\t\t\t\t<span class=\"swmsc_fancy_heading_border2\" style=\"background:#f8b54d;\"><\/span>\n\t\t\t\t\t\t\t\t<span class=\"swmsc_fancy_heading_icon\"><i class=\"fa fa-fancyHeadingNoIcon\"  style=\"color:#8373ce;\"><\/i><\/span>\n\t\t\t\t\t\t\t<\/div>\n\t\t\t\t\t\t<\/div>\n\t\t\t\t\t<\/div>[\/vc_column][vc_column width=&#8221;3\/4&#8243; css=&#8221;.vc_custom_1506676134880{padding-top: 50px !important;}&#8221;]<div  class=\"swmsc_image_lightbox  image_left\" >\n\n\t\t\t\t\t\t<div class=\"swmsc_image_lightbox_img\"><img decoding=\"async\" alt=\"\" src=\"https:\/\/www.cavallcartro.cat\/escoles\/ebm-la-casa-de-les-flors\/wp-content\/uploads\/sites\/40\/2025\/09\/page-1-scaled.jpg\" class=\"\" style=\"border-radius:10px;\" \/><div class=\"swmsc_img_overlay\" style=\"border-radius:10px;\">\n\t\t\t\t\t\t\t\t\t\t\t\t<a class=\"swmsc_popup_img\" href=\"https:\/\/www.cavallcartro.cat\/escoles\/ebm-la-casa-de-les-flors\/wp-content\/uploads\/sites\/40\/2025\/09\/page-1-scaled.jpg\" title=\"\" target=\"_self\" >\n\t\t\t\t\t\t\t\t\t\t\t\t\t<i class=\"fa fa-search\"><\/i>\n\t\t\t\t\t\t\t\t\t\t\t\t<\/a>\n\t\t\t\t\t\t\t\t\t\t\t<\/div><\/div><\/div>[\/vc_column][\/vc_row][vc_row full_width=&#8221;stretch_row&#8221; el_id=&#8221;aules&#8221; css=&#8221;.vc_custom_1499942782522{padding-top: 150px !important;}&#8221;][vc_column width=&#8221;1\/4&#8243;]<div  class=\"swmsc_fancy_heading swmsc_fancy_heading_center fh_icon_fancyHeadingNoIcon\" style=\"margin-top:40px;margin-bottom:40px;\">\n\t\t\t\t\t\t<div class=\"swmsc_fancy_heading_text\" style=\"font-size:30px;line-height:36px;\">\n\t\t\t\t\t\t\t\n<h1>ESTANCES<\/h1>\n\n\t\t\t\t\t\t\t<div class=\"swmsc_fancy_heading_border\">\n\t\t\t\t\t\t\t\t<span class=\"swmsc_fancy_heading_border1\" style=\"background:#f8b54d;\"><\/span>\n\t\t\t\t\t\t\t\t<span class=\"swmsc_fancy_heading_border2\" style=\"background:#f8b54d;\"><\/span>\n\t\t\t\t\t\t\t\t<span class=\"swmsc_fancy_heading_icon\"><i class=\"fa fa-fancyHeadingNoIcon\"  style=\"color:#8373ce;\"><\/i><\/span>\n\t\t\t\t\t\t\t<\/div>\n\t\t\t\t\t\t<\/div>\n\t\t\t\t\t<\/div>[\/vc_column][vc_column width=&#8221;3\/4&#8243; css=&#8221;.vc_custom_1506676143590{padding-top: 50px !important;}&#8221;][vc_row_inner][vc_column_inner][vc_column_text]\n<p style=\"text-align: left;\">Les propostes s\u2019ofereixen <strong>en funci\u00f3 del moment evolutiu dels infants<\/strong> i varien peri\u00f2dicament segons els interessos personals dels infants.<\/p>\n<p style=\"text-align: left;\">A m\u00e9s, tot el material est\u00e0 al seu abast, com per exemple les peces de construcci\u00f3, material inespec\u00edfic com taps de suro, cadenes, pots, material natural, entre d\u2019altres.<\/p>\n<p style=\"text-align: left;\">El dormitori i el moment de menjador es realitza cada grup a la seva estan\u00e7a.<\/p>\n[\/vc_column_text][\/vc_column_inner][\/vc_row_inner][vc_row_inner css=&#8221;.vc_custom_1579121586118{padding-top: 50px !important;}&#8221;][vc_column_inner width=&#8221;1\/3&#8243;]<div class=\"center\"><div  class=\"swmsc_image_lightbox  image_center\" >\n\n\t\t\t\t\t\t<div class=\"swmsc_image_lightbox_img\"><img decoding=\"async\" alt=\"\" src=\"https:\/\/www.cavallcartro.cat\/escoles\/ebm-la-casa-de-les-flors\/wp-content\/uploads\/sites\/40\/2025\/05\/1747826429798-scaled.jpg\" class=\"\" style=\"border-radius:10px;\" \/><div class=\"swmsc_img_overlay\" style=\"border-radius:10px;\">\n\t\t\t\t\t\t\t\t\t\t\t\t<a class=\"swmsc_popup_img\" href=\"https:\/\/www.cavallcartro.cat\/escoles\/ebm-la-casa-de-les-flors\/wp-content\/uploads\/sites\/40\/2023\/11\/Estanca-Girasols-a-La-Casa-de-les-Flors-Hospitalet-de-Llobregat.jpg\" title=\"\" target=\"_self\" >\n\t\t\t\t\t\t\t\t\t\t\t\t\t<i class=\"fa fa-search\"><\/i>\n\t\t\t\t\t\t\t\t\t\t\t\t<\/a>\n\t\t\t\t\t\t\t\t\t\t\t<\/div><\/div><\/div><\/div><div class=\"center\"><div  class=\"swmsc_image_lightbox  image_center\" >\n\n\t\t\t\t\t\t<div class=\"swmsc_image_lightbox_img\"><img decoding=\"async\" alt=\"\" src=\"https:\/\/www.cavallcartro.cat\/escoles\/ebm-la-casa-de-les-flors\/wp-content\/uploads\/sites\/40\/2025\/05\/ok-scaled.jpg\" class=\"\" style=\"border-radius:10px;\" \/><div class=\"swmsc_img_overlay\" style=\"border-radius:10px;\">\n\t\t\t\t\t\t\t\t\t\t\t\t<a class=\"swmsc_popup_img\" href=\"https:\/\/www.cavallcartro.cat\/escoles\/ebm-la-casa-de-les-flors\/wp-content\/uploads\/sites\/40\/2023\/11\/Estanca-Girasols-a-La-Casa-de-les-Flors-Hospitalet-de-Llobregat.jpg\" title=\"\" target=\"_self\" >\n\t\t\t\t\t\t\t\t\t\t\t\t\t<i class=\"fa fa-search\"><\/i>\n\t\t\t\t\t\t\t\t\t\t\t\t<\/a>\n\t\t\t\t\t\t\t\t\t\t\t<\/div><\/div><\/div><\/div><div  class=\"swmsc_text_block\" > \n<p style=\"text-align: center;\"><strong>Estan\u00e7a Girasols<\/strong><\/p>\n<p style=\"text-align: left;\">A l\u2019estan\u00e7a dels Girasols es troben els nadons. En aquest grup hi pot haver fins a 8 infants entre 4 mesos i 1 any.<\/p>\n<p style=\"text-align: left;\">Com en tota l\u2019etapa del 0-3 i, especialment en aquest grup, el m\u00e9s important \u00e9s el benestar de l\u2019infant i aix\u00f2 s\u2019aconsegueix cobrint les seves necessitats b\u00e0siques: l\u2019alimentaci\u00f3, el descans i la higiene.<\/p>\n<p>Els espais de l&#8217;estan\u00e7a estan preparats amb un intencionalitat educativa, on els infants poden desenvolupar les seves capacitats afectives, cognitives i de relaci\u00f3.<\/p>\n<p style=\"text-align: left;\">L\u2019estan\u00e7a disposa d\u2019una habitaci\u00f3 al costat on hi tenim el dormitori. Cada infant t\u00e9 el seu bressol on t\u00e9 la possibilitat de descansar quan ho necessiti i el temps que li calgui.<img loading=\"lazy\" decoding=\"async\" class=\"aligncenter size-medium wp-image-1648\" src=\"https:\/\/www.cavallcartro.cat\/escoles\/ebm-la-casa-de-les-flors\/wp-content\/uploads\/sites\/40\/2025\/05\/gira-1-225x300.jpg\" alt=\"\" width=\"225\" height=\"300\" srcset=\"https:\/\/www.cavallcartro.cat\/escoles\/ebm-la-casa-de-les-flors\/wp-content\/uploads\/sites\/40\/2025\/05\/gira-1-225x300.jpg 225w, https:\/\/www.cavallcartro.cat\/escoles\/ebm-la-casa-de-les-flors\/wp-content\/uploads\/sites\/40\/2025\/05\/gira-1-768x1024.jpg 768w, https:\/\/www.cavallcartro.cat\/escoles\/ebm-la-casa-de-les-flors\/wp-content\/uploads\/sites\/40\/2025\/05\/gira-1-1152x1536.jpg 1152w, https:\/\/www.cavallcartro.cat\/escoles\/ebm-la-casa-de-les-flors\/wp-content\/uploads\/sites\/40\/2025\/05\/gira-1-1536x2048.jpg 1536w, https:\/\/www.cavallcartro.cat\/escoles\/ebm-la-casa-de-les-flors\/wp-content\/uploads\/sites\/40\/2025\/05\/gira-1-100x133.jpg 100w, https:\/\/www.cavallcartro.cat\/escoles\/ebm-la-casa-de-les-flors\/wp-content\/uploads\/sites\/40\/2025\/05\/gira-1-scaled.jpg 1920w\" sizes=\"auto, (max-width: 225px) 100vw, 225px\" \/><\/p>\n<\/div>[\/vc_column_inner][vc_column_inner width=&#8221;1\/3&#8243;]<div class=\"center\"><div  class=\"swmsc_image_lightbox  image_center\" >\n\n\t\t\t\t\t\t<div class=\"swmsc_image_lightbox_img\"><img decoding=\"async\" alt=\"\" src=\"https:\/\/www.cavallcartro.cat\/escoles\/ebm-la-casa-de-les-flors\/wp-content\/uploads\/sites\/40\/2023\/11\/Estanca-Tulipes-a-La-Casa-de-les-Flors-Hospitalet-de-Llobregat.jpg\" class=\"\" style=\"border-radius:10px;\" \/><div class=\"swmsc_img_overlay\" style=\"border-radius:10px;\">\n\t\t\t\t\t\t\t\t\t\t\t\t<a class=\"swmsc_popup_img\" href=\"https:\/\/www.cavallcartro.cat\/escoles\/ebm-la-casa-de-les-flors\/wp-content\/uploads\/sites\/40\/2023\/11\/Estanca-Tulipes-a-La-Casa-de-les-Flors-Hospitalet-de-Llobregat.jpg\" title=\"\" target=\"_self\" >\n\t\t\t\t\t\t\t\t\t\t\t\t\t<i class=\"fa fa-search\"><\/i>\n\t\t\t\t\t\t\t\t\t\t\t\t<\/a>\n\t\t\t\t\t\t\t\t\t\t\t<\/div><\/div><\/div><\/div><div  class=\"swmsc_text_block\" > \n<p style=\"text-align: center;\"><strong>Estan\u00e7a Tulipes<\/strong><\/p>\n<p>A l\u2019escola hi ha dos grups que acullen infants d\u20191 a 2 anys.<\/p>\n<p>En aquesta etapa hi ha infants que a principi de curs no caminen i es desplacen gatejant i d\u2019altres que estan consolidant la seva marxa.<\/p>\n<p>En aquesta estan\u00e7a es creen espais amb diferents elements i materials on els infants poden exercitar la necessitat de moviment(baranes per aixecar-se, tarimes on seure, enfilar-se, saltar, etc., zona tova per estirar-se o fer jocs de falda, espai lliure per despla\u00e7ar-se).<\/p>\n<p><img loading=\"lazy\" decoding=\"async\" class=\"aligncenter size-medium wp-image-1658\" src=\"https:\/\/www.cavallcartro.cat\/escoles\/ebm-la-casa-de-les-flors\/wp-content\/uploads\/sites\/40\/2025\/05\/trashed-1747996023-20250423_090644-1-300x225.jpg\" alt=\"\" width=\"300\" height=\"225\" srcset=\"https:\/\/www.cavallcartro.cat\/escoles\/ebm-la-casa-de-les-flors\/wp-content\/uploads\/sites\/40\/2025\/05\/trashed-1747996023-20250423_090644-1-300x225.jpg 300w, https:\/\/www.cavallcartro.cat\/escoles\/ebm-la-casa-de-les-flors\/wp-content\/uploads\/sites\/40\/2025\/05\/trashed-1747996023-20250423_090644-1-1024x768.jpg 1024w, https:\/\/www.cavallcartro.cat\/escoles\/ebm-la-casa-de-les-flors\/wp-content\/uploads\/sites\/40\/2025\/05\/trashed-1747996023-20250423_090644-1-768x576.jpg 768w, https:\/\/www.cavallcartro.cat\/escoles\/ebm-la-casa-de-les-flors\/wp-content\/uploads\/sites\/40\/2025\/05\/trashed-1747996023-20250423_090644-1-1536x1152.jpg 1536w, https:\/\/www.cavallcartro.cat\/escoles\/ebm-la-casa-de-les-flors\/wp-content\/uploads\/sites\/40\/2025\/05\/trashed-1747996023-20250423_090644-1-2048x1536.jpg 2048w, https:\/\/www.cavallcartro.cat\/escoles\/ebm-la-casa-de-les-flors\/wp-content\/uploads\/sites\/40\/2025\/05\/trashed-1747996023-20250423_090644-1-100x75.jpg 100w\" sizes=\"auto, (max-width: 300px) 100vw, 300px\" \/><\/div>[\/vc_column_inner][vc_column_inner width=&#8221;1\/3&#8243;]<div class=\"center\"><div  class=\"swmsc_image_lightbox  image_center\" >\n\n\t\t\t\t\t\t<div class=\"swmsc_image_lightbox_img\"><img decoding=\"async\" alt=\"\" src=\"https:\/\/www.cavallcartro.cat\/escoles\/ebm-la-casa-de-les-flors\/wp-content\/uploads\/sites\/40\/2025\/05\/IMG_20250304_090132078_HDR_AE-scaled.jpg\" class=\"\" style=\"border-radius:10px;\" \/><div class=\"swmsc_img_overlay\" style=\"border-radius:10px;\">\n\t\t\t\t\t\t\t\t\t\t\t\t<a class=\"swmsc_popup_img\" href=\"https:\/\/www.cavallcartro.cat\/escoles\/ebm-la-casa-de-les-flors\/wp-content\/uploads\/sites\/40\/2021\/01\/EBM-LACASADELESFLORS-Pensaments.jpg\" title=\"\" target=\"_self\" >\n\t\t\t\t\t\t\t\t\t\t\t\t\t<i class=\"fa fa-search\"><\/i>\n\t\t\t\t\t\t\t\t\t\t\t\t<\/a>\n\t\t\t\t\t\t\t\t\t\t\t<\/div><\/div><\/div><\/div><div class=\"center\"><div  class=\"swmsc_image_lightbox  image_center\" >\n\n\t\t\t\t\t\t<div class=\"swmsc_image_lightbox_img\"><img decoding=\"async\" alt=\"\" src=\"https:\/\/www.cavallcartro.cat\/escoles\/ebm-la-casa-de-les-flors\/wp-content\/uploads\/sites\/40\/2025\/05\/IMG_20250304_085751106_AE-1-scaled.jpg\" class=\"\" style=\"border-radius:10px;\" \/><div class=\"swmsc_img_overlay\" style=\"border-radius:10px;\">\n\t\t\t\t\t\t\t\t\t\t\t\t<a class=\"swmsc_popup_img\" href=\"https:\/\/www.cavallcartro.cat\/escoles\/ebm-la-casa-de-les-flors\/wp-content\/uploads\/sites\/40\/2021\/01\/EBM-LACASADELESFLORS-Pensaments.jpg\" title=\"\" target=\"_self\" >\n\t\t\t\t\t\t\t\t\t\t\t\t\t<i class=\"fa fa-search\"><\/i>\n\t\t\t\t\t\t\t\t\t\t\t\t<\/a>\n\t\t\t\t\t\t\t\t\t\t\t<\/div><\/div><\/div><\/div><div  class=\"swmsc_text_block\" > \n<p style=\"text-align: center;\"><strong>Estan\u00e7a Pensaments<\/strong><\/p>\n<p>A l\u2019escola hi ha dos grups que acullen infants d\u20191 a 2 anys.<\/p>\n<p>En aquesta etapa hi ha infants que a principi de curs no caminen i es desplacen gatejant i d\u2019altres que estan consolidant la seva marxa.<\/p>\n<p>En aquesta estan\u00e7a es creen espais amb diferents elements i materials on els infants poden exercitar la necessitat de moviment(baranes per aixecar-se, tarimes on seure, enfilar-se, saltar, etc., zona tova per estirar-se o fer jocs de falda, espai lliure per despla\u00e7ar-se).<img loading=\"lazy\" decoding=\"async\" class=\"aligncenter size-medium wp-image-1655\" src=\"https:\/\/www.cavallcartro.cat\/escoles\/ebm-la-casa-de-les-flors\/wp-content\/uploads\/sites\/40\/2025\/05\/20241216_095242-225x300.jpg\" alt=\"\" width=\"225\" height=\"300\" srcset=\"https:\/\/www.cavallcartro.cat\/escoles\/ebm-la-casa-de-les-flors\/wp-content\/uploads\/sites\/40\/2025\/05\/20241216_095242-225x300.jpg 225w, https:\/\/www.cavallcartro.cat\/escoles\/ebm-la-casa-de-les-flors\/wp-content\/uploads\/sites\/40\/2025\/05\/20241216_095242-768x1024.jpg 768w, https:\/\/www.cavallcartro.cat\/escoles\/ebm-la-casa-de-les-flors\/wp-content\/uploads\/sites\/40\/2025\/05\/20241216_095242-1152x1536.jpg 1152w, https:\/\/www.cavallcartro.cat\/escoles\/ebm-la-casa-de-les-flors\/wp-content\/uploads\/sites\/40\/2025\/05\/20241216_095242-1536x2048.jpg 1536w, https:\/\/www.cavallcartro.cat\/escoles\/ebm-la-casa-de-les-flors\/wp-content\/uploads\/sites\/40\/2025\/05\/20241216_095242-100x133.jpg 100w, https:\/\/www.cavallcartro.cat\/escoles\/ebm-la-casa-de-les-flors\/wp-content\/uploads\/sites\/40\/2025\/05\/20241216_095242-scaled.jpg 1920w\" sizes=\"auto, (max-width: 225px) 100vw, 225px\" \/><\/div>[\/vc_column_inner][\/vc_row_inner][vc_row_inner][vc_column_inner width=&#8221;1\/3&#8243;]<div class=\"center\"><div  class=\"swmsc_image_lightbox  image_center\" >\n\n\t\t\t\t\t\t<div class=\"swmsc_image_lightbox_img\"><img decoding=\"async\" alt=\"\" src=\"https:\/\/www.cavallcartro.cat\/escoles\/ebm-la-casa-de-les-flors\/wp-content\/uploads\/sites\/40\/2021\/03\/EBM-LACASADELESFLORS-Margarides.jpg\" class=\"\" style=\"border-radius:10px;\" \/><div class=\"swmsc_img_overlay\" style=\"border-radius:10px;\">\n\t\t\t\t\t\t\t\t\t\t\t\t<a class=\"swmsc_popup_img\" href=\"https:\/\/www.cavallcartro.cat\/escoles\/ebm-la-casa-de-les-flors\/wp-content\/uploads\/sites\/40\/2021\/03\/EBM-LACASADELESFLORS-Margarides.jpg\" title=\"\" target=\"_self\" >\n\t\t\t\t\t\t\t\t\t\t\t\t\t<i class=\"fa fa-search\"><\/i>\n\t\t\t\t\t\t\t\t\t\t\t\t<\/a>\n\t\t\t\t\t\t\t\t\t\t\t<\/div><\/div><\/div><\/div><div  class=\"swmsc_text_block\" > \n<p style=\"text-align: center;\"><strong>Estan\u00e7a Margarides<br \/>\n<\/strong><\/p>\n<p style=\"text-align: center;\">A l\u2019estan\u00e7a de les Margarides es troben un grup de 20 infants de 2 a 3 anys. L\u2019estan\u00e7a \u00e9s divideix en diferents espais: cognitiu, motor, manipulatiu, expressiu i simb\u00f2lic. Des de l\u2019estan\u00e7a es pot accedir al canviador que el comparteixen amb una altre estan\u00e7a de 2 a 3 anys.<\/p>\n<\/div>[\/vc_column_inner][vc_column_inner width=&#8221;1\/3&#8243;]<div class=\"center\"><div  class=\"swmsc_image_lightbox  image_center\" >\n\n\t\t\t\t\t\t<div class=\"swmsc_image_lightbox_img\"><img decoding=\"async\" alt=\"\" src=\"https:\/\/www.cavallcartro.cat\/escoles\/ebm-la-casa-de-les-flors\/wp-content\/uploads\/sites\/40\/2021\/01\/EBM-LACASADELESFLORS-Alegries.jpg\" class=\"\" style=\"border-radius:10px;\" \/><div class=\"swmsc_img_overlay\" style=\"border-radius:10px;\">\n\t\t\t\t\t\t\t\t\t\t\t\t<a class=\"swmsc_popup_img\" href=\"https:\/\/www.cavallcartro.cat\/escoles\/ebm-la-casa-de-les-flors\/wp-content\/uploads\/sites\/40\/2021\/01\/EBM-LACASADELESFLORS-Alegries.jpg\" title=\"\" target=\"_self\" >\n\t\t\t\t\t\t\t\t\t\t\t\t\t<i class=\"fa fa-search\"><\/i>\n\t\t\t\t\t\t\t\t\t\t\t\t<\/a>\n\t\t\t\t\t\t\t\t\t\t\t<\/div><\/div><\/div><\/div><div  class=\"swmsc_text_block\" > \n<p style=\"text-align: center;\"><strong>Estan\u00e7a Alegries<br \/>\n<\/strong><\/p>\n<p style=\"text-align: center;\">A l\u2019estan\u00e7a de les Alegries es troben un grup de 20 infants de 2 a 3 anys. L\u2019estan\u00e7a \u00e9s divideix en diferents espais: cognitiu, motor, manipulatiu, expressiu i simb\u00f2lic. Des de l\u2019estan\u00e7a es pot accedir al canviador que el comparteixen amb una altre estan\u00e7a de 2 a 3 anys.<\/p>\n<\/div>[\/vc_column_inner][vc_column_inner width=&#8221;1\/3&#8243;]<div class=\"center\"><div  class=\"swmsc_image_lightbox  image_center\" >\n\n\t\t\t\t\t\t<div class=\"swmsc_image_lightbox_img\"><img decoding=\"async\" alt=\"\" src=\"https:\/\/www.cavallcartro.cat\/escoles\/ebm-la-casa-de-les-flors\/wp-content\/uploads\/sites\/40\/2025\/05\/PXL_20250521_070008798-scaled.jpg\" class=\"\" style=\"border-radius:10px;\" \/><div class=\"swmsc_img_overlay\" style=\"border-radius:10px;\">\n\t\t\t\t\t\t\t\t\t\t\t\t<a class=\"swmsc_popup_img\" href=\"https:\/\/www.cavallcartro.cat\/escoles\/ebm-la-casa-de-les-flors\/wp-content\/uploads\/sites\/40\/2021\/03\/EBM-LACASADELESFLORS-Violetes.jpg\" title=\"\" target=\"_self\" >\n\t\t\t\t\t\t\t\t\t\t\t\t\t<i class=\"fa fa-search\"><\/i>\n\t\t\t\t\t\t\t\t\t\t\t\t<\/a>\n\t\t\t\t\t\t\t\t\t\t\t<\/div><\/div><\/div><\/div><div class=\"center\"><div  class=\"swmsc_image_lightbox  image_center\" >\n\n\t\t\t\t\t\t<div class=\"swmsc_image_lightbox_img\"><img decoding=\"async\" alt=\"\" src=\"https:\/\/www.cavallcartro.cat\/escoles\/ebm-la-casa-de-les-flors\/wp-content\/uploads\/sites\/40\/2025\/05\/PXL_20250521_070026568-scaled.jpg\" class=\"\" style=\"border-radius:10px;\" \/><div class=\"swmsc_img_overlay\" style=\"border-radius:10px;\">\n\t\t\t\t\t\t\t\t\t\t\t\t<a class=\"swmsc_popup_img\" href=\"https:\/\/www.cavallcartro.cat\/escoles\/ebm-la-casa-de-les-flors\/wp-content\/uploads\/sites\/40\/2021\/03\/EBM-LACASADELESFLORS-Violetes.jpg\" title=\"\" target=\"_self\" >\n\t\t\t\t\t\t\t\t\t\t\t\t\t<i class=\"fa fa-search\"><\/i>\n\t\t\t\t\t\t\t\t\t\t\t\t<\/a>\n\t\t\t\t\t\t\t\t\t\t\t<\/div><\/div><\/div><\/div><div class=\"center\"><div  class=\"swmsc_image_lightbox  image_center\" >\n\n\t\t\t\t\t\t<div class=\"swmsc_image_lightbox_img\"><img decoding=\"async\" alt=\"\" src=\"https:\/\/www.cavallcartro.cat\/escoles\/ebm-la-casa-de-les-flors\/wp-content\/uploads\/sites\/40\/2025\/05\/PXL_20250521_065951353-scaled.jpg\" class=\"\" style=\"border-radius:10px;\" \/><div class=\"swmsc_img_overlay\" style=\"border-radius:10px;\">\n\t\t\t\t\t\t\t\t\t\t\t\t<a class=\"swmsc_popup_img\" href=\"https:\/\/www.cavallcartro.cat\/escoles\/ebm-la-casa-de-les-flors\/wp-content\/uploads\/sites\/40\/2021\/03\/EBM-LACASADELESFLORS-Violetes.jpg\" title=\"\" target=\"_self\" >\n\t\t\t\t\t\t\t\t\t\t\t\t\t<i class=\"fa fa-search\"><\/i>\n\t\t\t\t\t\t\t\t\t\t\t\t<\/a>\n\t\t\t\t\t\t\t\t\t\t\t<\/div><\/div><\/div><\/div><div  class=\"swmsc_text_block\" > \n<p style=\"text-align: center;\"><strong>Estan\u00e7a Violetes<\/strong><\/p>\n<p style=\"text-align: center;\">A l\u2019estan\u00e7a de les Violetes es troben un grup de 20 infants de 2 a 3 anys. L\u2019estan\u00e7a \u00e9s divideix en diferents espais: cognitiu, motor, manipulatiu, expressiu i simb\u00f2lic. EL canviador est\u00e0 integrat dins de l\u2019estan\u00e7a.<\/p>\n<\/div>[\/vc_column_inner][\/vc_row_inner][vc_row_inner][vc_column_inner width=&#8221;1\/3&#8243;]<div class=\"center\"><div  class=\"swmsc_image_lightbox  image_center\" >\n\n\t\t\t\t\t\t<div class=\"swmsc_image_lightbox_img\"><img decoding=\"async\" alt=\"\" src=\"https:\/\/www.cavallcartro.cat\/escoles\/ebm-la-casa-de-les-flors\/wp-content\/uploads\/sites\/40\/2021\/01\/EBM-LACASADELESFLORS-PAti.jpg\" class=\"\" style=\"border-radius:10px;\" \/><div class=\"swmsc_img_overlay\" style=\"border-radius:10px;\">\n\t\t\t\t\t\t\t\t\t\t\t\t<a class=\"swmsc_popup_img\" href=\"https:\/\/www.cavallcartro.cat\/escoles\/ebm-la-casa-de-les-flors\/wp-content\/uploads\/sites\/40\/2021\/01\/EBM-LACASADELESFLORS-PAti.jpg\" title=\"\" target=\"_self\" >\n\t\t\t\t\t\t\t\t\t\t\t\t\t<i class=\"fa fa-search\"><\/i>\n\t\t\t\t\t\t\t\t\t\t\t\t<\/a>\n\t\t\t\t\t\t\t\t\t\t\t<\/div><\/div><\/div><\/div><div  class=\"swmsc_text_block\" > \n<p style=\"text-align: center;\"><strong>Pati<\/strong><\/p>\n<p style=\"text-align: center;\">Els espais exteriors de l\u2019escola s\u00f3n laboratoris d\u2019investigaci\u00f3 de plantes, llum&#8230; El jard\u00ed \u00e9s un espai d\u2019aprenentatge i descoberta.<\/p>\n<\/div>[\/vc_column_inner][vc_column_inner width=&#8221;1\/3&#8243;]<div class=\"center\"><div  class=\"swmsc_image_lightbox  image_center\" >\n\n\t\t\t\t\t\t<div class=\"swmsc_image_lightbox_img\"><img decoding=\"async\" alt=\"\" src=\"https:\/\/www.cavallcartro.cat\/escoles\/ebm-la-casa-de-les-flors\/wp-content\/uploads\/sites\/40\/2021\/01\/EBM-LACASADELESFLORS-Passadis.jpg\" class=\"\" style=\"border-radius:10px;\" \/><div class=\"swmsc_img_overlay\" style=\"border-radius:10px;\">\n\t\t\t\t\t\t\t\t\t\t\t\t<a class=\"swmsc_popup_img\" href=\"https:\/\/www.cavallcartro.cat\/escoles\/ebm-la-casa-de-les-flors\/wp-content\/uploads\/sites\/40\/2021\/01\/EBM-LACASADELESFLORS-Passadis.jpg\" title=\"\" target=\"_self\" >\n\t\t\t\t\t\t\t\t\t\t\t\t\t<i class=\"fa fa-search\"><\/i>\n\t\t\t\t\t\t\t\t\t\t\t\t<\/a>\n\t\t\t\t\t\t\t\t\t\t\t<\/div><\/div><\/div><\/div><div  class=\"swmsc_text_block\" > \n<p style=\"text-align: center;\"><strong>Passad\u00eds<\/strong><\/p>\n<p style=\"text-align: center;\">El passad\u00eds de l\u2019escola, a m\u00e9s de ser un espai de pas per entrar a les estances, l\u2019equip educatiu el considera un espai educatiu m\u00e9s. Aquest espai, s\u2019utilitza com alternativa a l\u2019espai del pati, per exemple en els dies de pluja.<\/p>\n<\/div>[\/vc_column_inner][vc_column_inner width=&#8221;1\/3&#8243;]<div class=\"center\"><div  class=\"swmsc_image_lightbox  image_center\" >\n\n\t\t\t\t\t\t<div class=\"swmsc_image_lightbox_img\"><img decoding=\"async\" alt=\"\" src=\"https:\/\/www.cavallcartro.cat\/escoles\/ebm-la-casa-de-les-flors\/wp-content\/uploads\/sites\/40\/2021\/03\/EBM-LACASADELESFLORS-salapolivalent.jpg\" class=\"\" style=\"border-radius:10px;\" \/><div class=\"swmsc_img_overlay\" style=\"border-radius:10px;\">\n\t\t\t\t\t\t\t\t\t\t\t\t<a class=\"swmsc_popup_img\" href=\"https:\/\/www.cavallcartro.cat\/escoles\/ebm-la-casa-de-les-flors\/wp-content\/uploads\/sites\/40\/2021\/03\/EBM-LACASADELESFLORS-salapolivalent.jpg\" title=\"\" target=\"_self\" >\n\t\t\t\t\t\t\t\t\t\t\t\t\t<i class=\"fa fa-search\"><\/i>\n\t\t\t\t\t\t\t\t\t\t\t\t<\/a>\n\t\t\t\t\t\t\t\t\t\t\t<\/div><\/div><\/div><\/div><div  class=\"swmsc_text_block\" > \n<p style=\"text-align: center;\"><strong>Sala Polivalent<br \/>\n<\/strong><\/p>\n<p style=\"text-align: center;\">La sala polivalent \u00e9s un espai destinat per treballar la psicomotricitat. Cada grup amb el seu horari establert pr\u00e8viament per l\u2019equip educatiu fan \u00fas d\u2019aquesta sala.<\/p>\n<\/div>[\/vc_column_inner][\/vc_row_inner][\/vc_column][\/vc_row][vc_row full_width=&#8221;stretch_row&#8221; el_id=&#8221;menus&#8221; css=&#8221;.vc_custom_1500032698252{padding-top: 150px !important;}&#8221;][vc_column width=&#8221;1\/4&#8243;]<div  class=\"swmsc_fancy_heading swmsc_fancy_heading_center fh_icon_fancyHeadingNoIcon\" style=\"margin-top:40px;margin-bottom:40px;\">\n\t\t\t\t\t\t<div class=\"swmsc_fancy_heading_text\" style=\"font-size:30px;line-height:36px;\">\n\t\t\t\t\t\t\t\n<h1>Men\u00fas<\/h1>\n\n\t\t\t\t\t\t\t<div class=\"swmsc_fancy_heading_border\">\n\t\t\t\t\t\t\t\t<span class=\"swmsc_fancy_heading_border1\" style=\"background:#f8b54d;\"><\/span>\n\t\t\t\t\t\t\t\t<span class=\"swmsc_fancy_heading_border2\" style=\"background:#f8b54d;\"><\/span>\n\t\t\t\t\t\t\t\t<span class=\"swmsc_fancy_heading_icon\"><i class=\"fa fa-fancyHeadingNoIcon\"  style=\"color:#8373ce;\"><\/i><\/span>\n\t\t\t\t\t\t\t<\/div>\n\t\t\t\t\t\t<\/div>\n\t\t\t\t\t<\/div>[\/vc_column][vc_column width=&#8221;3\/4&#8243; css=&#8221;.vc_custom_1506676149789{padding-top: 50px !important;}&#8221;][vc_row_inner][vc_column_inner]<div  class=\"swmsc_fancy_heading swmsc_fancy_heading_center fh_icon_fancyHeadingNoIcon\" style=\"margin-top:40px;margin-bottom:40px;\">\n\t\t\t\t\t\t<div class=\"swmsc_fancy_heading_text\" style=\"font-size:30px;line-height:36px;\">\n\t\t\t\t\t\t\tMen\u00fa normal\n\t\t\t\t\t\t\t<div class=\"swmsc_fancy_heading_border\">\n\t\t\t\t\t\t\t\t<span class=\"swmsc_fancy_heading_border1\" style=\"background:#f8b54d;\"><\/span>\n\t\t\t\t\t\t\t\t<span class=\"swmsc_fancy_heading_border2\" style=\"background:#f8b54d;\"><\/span>\n\t\t\t\t\t\t\t\t<span class=\"swmsc_fancy_heading_icon\"><i class=\"fa fa-fancyHeadingNoIcon\"  style=\"color:#8373ce;\"><\/i><\/span>\n\t\t\t\t\t\t\t<\/div>\n\t\t\t\t\t\t<\/div>\n\t\t\t\t\t<\/div><div  class=\"swmsc_image_lightbox  image_left\" >\n\n\t\t\t\t\t\t<div class=\"swmsc_image_lightbox_img\"><img decoding=\"async\" alt=\"\" src=\"https:\/\/www.cavallcartro.cat\/escoles\/ebm-la-casa-de-les-flors\/wp-content\/uploads\/sites\/40\/2026\/03\/Menu-Basal.jpg\" class=\"\" style=\"border-radius:10px;\" \/><div class=\"swmsc_img_overlay\" style=\"border-radius:10px;\">\n\t\t\t\t\t\t\t\t\t\t\t\t<a class=\"\" href=\"https:\/\/www.cavallcartro.cat\/escoles\/ebm-la-casa-de-les-flors\/wp-content\/uploads\/sites\/40\/2026\/03\/Menu-Basal.jpg\" title=\"\" target=\"_self\" >\n\t\t\t\t\t\t\t\t\t\t\t\t\t<i class=\"fa fa-link\"><\/i>\n\t\t\t\t\t\t\t\t\t\t\t\t<\/a>\n\t\t\t\t\t\t\t\t\t\t\t<\/div><\/div><\/div>[\/vc_column_inner][\/vc_row_inner][vc_row_inner][vc_column_inner]<div  class=\"swmsc_fancy_heading swmsc_fancy_heading_center fh_icon_fancyHeadingNoIcon\" style=\"margin-top:40px;margin-bottom:40px;\">\n\t\t\t\t\t\t<div class=\"swmsc_fancy_heading_text\" style=\"font-size:30px;line-height:36px;\">\n\t\t\t\t\t\t\tMen\u00fa triturat amb peix i llegum\n\t\t\t\t\t\t\t<div class=\"swmsc_fancy_heading_border\">\n\t\t\t\t\t\t\t\t<span class=\"swmsc_fancy_heading_border1\" style=\"background:#f8b54d;\"><\/span>\n\t\t\t\t\t\t\t\t<span class=\"swmsc_fancy_heading_border2\" style=\"background:#f8b54d;\"><\/span>\n\t\t\t\t\t\t\t\t<span class=\"swmsc_fancy_heading_icon\"><i class=\"fa fa-fancyHeadingNoIcon\"  style=\"color:#8373ce;\"><\/i><\/span>\n\t\t\t\t\t\t\t<\/div>\n\t\t\t\t\t\t<\/div>\n\t\t\t\t\t<\/div><div  class=\"swmsc_image_lightbox  image_left\" >\n\n\t\t\t\t\t\t<div class=\"swmsc_image_lightbox_img\"><img decoding=\"async\" alt=\"\" src=\"https:\/\/www.cavallcartro.cat\/escoles\/ebm-la-casa-de-les-flors\/wp-content\/uploads\/sites\/40\/2026\/03\/Triturat-Verdura-i-Carn-peix-o-Llegum.jpg\" class=\"\" style=\"border-radius:10px;\" \/><div class=\"swmsc_img_overlay\" style=\"border-radius:10px;\">\n\t\t\t\t\t\t\t\t\t\t\t\t<a class=\"\" href=\"https:\/\/www.cavallcartro.cat\/escoles\/ebm-la-casa-de-les-flors\/wp-content\/uploads\/sites\/40\/2026\/03\/Triturat-Verdura-i-Carn-peix-o-Llegum.jpg\" title=\"\" target=\"_self\" >\n\t\t\t\t\t\t\t\t\t\t\t\t\t<i class=\"fa fa-link\"><\/i>\n\t\t\t\t\t\t\t\t\t\t\t\t<\/a>\n\t\t\t\t\t\t\t\t\t\t\t<\/div><\/div><\/div>[\/vc_column_inner][\/vc_row_inner][vc_row_inner][vc_column_inner]<div  class=\"swmsc_fancy_heading swmsc_fancy_heading_center fh_icon_fancyHeadingNoIcon\" style=\"margin-top:40px;margin-bottom:40px;\">\n\t\t\t\t\t\t<div class=\"swmsc_fancy_heading_text\" style=\"font-size:30px;line-height:36px;\">\n\t\t\t\t\t\t\tMen\u00fa triturat sense peix\n\t\t\t\t\t\t\t<div class=\"swmsc_fancy_heading_border\">\n\t\t\t\t\t\t\t\t<span class=\"swmsc_fancy_heading_border1\" style=\"background:#f8b54d;\"><\/span>\n\t\t\t\t\t\t\t\t<span class=\"swmsc_fancy_heading_border2\" style=\"background:#f8b54d;\"><\/span>\n\t\t\t\t\t\t\t\t<span class=\"swmsc_fancy_heading_icon\"><i class=\"fa fa-fancyHeadingNoIcon\"  style=\"color:#8373ce;\"><\/i><\/span>\n\t\t\t\t\t\t\t<\/div>\n\t\t\t\t\t\t<\/div>\n\t\t\t\t\t<\/div><div  class=\"swmsc_image_lightbox  image_left\" >\n\n\t\t\t\t\t\t<div class=\"swmsc_image_lightbox_img\"><img decoding=\"async\" alt=\"\" src=\"https:\/\/www.cavallcartro.cat\/escoles\/ebm-la-casa-de-les-flors\/wp-content\/uploads\/sites\/40\/2026\/03\/Triturat-Verdura-i-Carn.jpg\" class=\"\" style=\"border-radius:10px;\" \/><div class=\"swmsc_img_overlay\" style=\"border-radius:10px;\">\n\t\t\t\t\t\t\t\t\t\t\t\t<a class=\"\" href=\"https:\/\/www.cavallcartro.cat\/escoles\/ebm-la-casa-de-les-flors\/wp-content\/uploads\/sites\/40\/2026\/03\/Triturat-Verdura-i-Carn.jpg\" title=\"\" target=\"_self\" >\n\t\t\t\t\t\t\t\t\t\t\t\t\t<i class=\"fa fa-link\"><\/i>\n\t\t\t\t\t\t\t\t\t\t\t\t<\/a>\n\t\t\t\t\t\t\t\t\t\t\t<\/div><\/div><\/div>[\/vc_column_inner][\/vc_row_inner][\/vc_column][\/vc_row]\n<\/div>","protected":false},"excerpt":{"rendered":"<p>Escola bressol La Casa de les Flors, amb 94 places p\u00fabliques al barri de La Florida, Hospitalet de Llobregat. Metodologia basada en el joc lliure i l\\&#8217;acompanyament al desenvolupament dels infants.<\/p>\n","protected":false},"author":1,"featured_media":0,"parent":0,"menu_order":0,"comment_status":"closed","ping_status":"closed","template":"","meta":{"footnotes":""},"class_list":["post-24","page","type-page","status-publish","hentry"],"yoast_head":"<!-- This site is optimized with the Yoast SEO plugin v27.4 - https:\/\/yoast.com\/product\/yoast-seo-wordpress\/ -->\n<title>Escola Bressol Municipal La Casa de les Flors, de l&#039;Hospitalet de Llobregat<\/title>\n<meta name=\"description\" content=\"Escola bressol amb 94 places p\u00fabliques al barri de La Florida. Metodologia est\u00e0 basada en el joc lliure i l&#039;acompanyament al desenvolupament dels infants.\" \/>\n<meta name=\"robots\" content=\"index, follow, max-snippet:-1, max-image-preview:large, max-video-preview:-1\" \/>\n<link rel=\"canonical\" href=\"https:\/\/www.cavallcartro.cat\/escoles\/ebm-la-casa-de-les-flors\/\" \/>\n<meta property=\"og:locale\" content=\"ca_ES\" \/>\n<meta property=\"og:type\" content=\"article\" \/>\n<meta property=\"og:title\" content=\"Escola Bressol Municipal La Casa de les Flors, de l&#039;Hospitalet de Llobregat\" \/>\n<meta property=\"og:description\" content=\"Escola bressol amb 94 places p\u00fabliques al barri de La Florida. Metodologia est\u00e0 basada en el joc lliure i l&#039;acompanyament al desenvolupament dels infants.\" \/>\n<meta property=\"og:url\" content=\"https:\/\/www.cavallcartro.cat\/escoles\/ebm-la-casa-de-les-flors\/\" \/>\n<meta property=\"og:site_name\" content=\"Escola bressol municipal La Casa de les Flors, Hospitalet de Llobregat\" \/>\n<meta property=\"article:publisher\" content=\"https:\/\/www.facebook.com\/cavallcartroedu\" \/>\n<meta property=\"article:modified_time\" content=\"2026-03-02T12:10:32+00:00\" \/>\n<meta property=\"og:image\" content=\"https:\/\/www.cavallcartro.cat\/escoles\/ebm-la-casa-de-les-flors\/wp-content\/uploads\/sites\/40\/2025\/05\/gira-1-225x300.jpg\" \/>\n<meta name=\"twitter:card\" content=\"summary_large_image\" \/>\n<meta name=\"twitter:site\" content=\"@cavallcartroedu\" \/>\n<meta name=\"twitter:label1\" content=\"Temps estimat de lectura\" \/>\n\t<meta name=\"twitter:data1\" content=\"8 minuts\" \/>\n<script type=\"application\/ld+json\" class=\"yoast-schema-graph\">{\"@context\":\"https:\\\/\\\/schema.org\",\"@graph\":[{\"@type\":\"WebPage\",\"@id\":\"https:\\\/\\\/www.cavallcartro.cat\\\/escoles\\\/ebm-la-casa-de-les-flors\\\/\",\"url\":\"https:\\\/\\\/www.cavallcartro.cat\\\/escoles\\\/ebm-la-casa-de-les-flors\\\/\",\"name\":\"Escola Bressol Municipal La Casa de les Flors, de l'Hospitalet de Llobregat\",\"isPartOf\":{\"@id\":\"https:\\\/\\\/www.cavallcartro.cat\\\/escoles\\\/ebm-la-casa-de-les-flors\\\/#website\"},\"primaryImageOfPage\":{\"@id\":\"https:\\\/\\\/www.cavallcartro.cat\\\/escoles\\\/ebm-la-casa-de-les-flors\\\/#primaryimage\"},\"image\":{\"@id\":\"https:\\\/\\\/www.cavallcartro.cat\\\/escoles\\\/ebm-la-casa-de-les-flors\\\/#primaryimage\"},\"thumbnailUrl\":\"https:\\\/\\\/www.cavallcartro.cat\\\/escoles\\\/ebm-la-casa-de-les-flors\\\/wp-content\\\/uploads\\\/sites\\\/40\\\/2025\\\/05\\\/gira-1-225x300.jpg\",\"datePublished\":\"2021-01-28T16:49:51+00:00\",\"dateModified\":\"2026-03-02T12:10:32+00:00\",\"description\":\"Escola bressol amb 94 places p\u00fabliques al barri de La Florida. Metodologia est\u00e0 basada en el joc lliure i l'acompanyament al desenvolupament dels infants.\",\"breadcrumb\":{\"@id\":\"https:\\\/\\\/www.cavallcartro.cat\\\/escoles\\\/ebm-la-casa-de-les-flors\\\/#breadcrumb\"},\"inLanguage\":\"ca\",\"potentialAction\":[{\"@type\":\"ReadAction\",\"target\":[\"https:\\\/\\\/www.cavallcartro.cat\\\/escoles\\\/ebm-la-casa-de-les-flors\\\/\"]}]},{\"@type\":\"ImageObject\",\"inLanguage\":\"ca\",\"@id\":\"https:\\\/\\\/www.cavallcartro.cat\\\/escoles\\\/ebm-la-casa-de-les-flors\\\/#primaryimage\",\"url\":\"https:\\\/\\\/www.cavallcartro.cat\\\/escoles\\\/ebm-la-casa-de-les-flors\\\/wp-content\\\/uploads\\\/sites\\\/40\\\/2025\\\/05\\\/gira-1-scaled.jpg\",\"contentUrl\":\"https:\\\/\\\/www.cavallcartro.cat\\\/escoles\\\/ebm-la-casa-de-les-flors\\\/wp-content\\\/uploads\\\/sites\\\/40\\\/2025\\\/05\\\/gira-1-scaled.jpg\",\"width\":1920,\"height\":2560},{\"@type\":\"BreadcrumbList\",\"@id\":\"https:\\\/\\\/www.cavallcartro.cat\\\/escoles\\\/ebm-la-casa-de-les-flors\\\/#breadcrumb\",\"itemListElement\":[{\"@type\":\"ListItem\",\"position\":1,\"name\":\"Portada\",\"item\":\"https:\\\/\\\/www.cavallcartro.cat\\\/escoles\\\/ebm-la-casa-de-les-flors\\\/\"},{\"@type\":\"ListItem\",\"position\":2,\"name\":\"Inici\"}]},{\"@type\":\"WebSite\",\"@id\":\"https:\\\/\\\/www.cavallcartro.cat\\\/escoles\\\/ebm-la-casa-de-les-flors\\\/#website\",\"url\":\"https:\\\/\\\/www.cavallcartro.cat\\\/escoles\\\/ebm-la-casa-de-les-flors\\\/\",\"name\":\"Escola bressol municipal La Casa de les Flors, Hospitalet de Llobregat\",\"description\":\"Escola bressol amb 94 places p\u00fabliques al barri de La Florida. Metodologia basada en el joc lliure i l&#039;acompanyament al desenvolupament dels infants.\",\"publisher\":{\"@id\":\"https:\\\/\\\/www.cavallcartro.cat\\\/escoles\\\/ebm-la-casa-de-les-flors\\\/#organization\"},\"potentialAction\":[{\"@type\":\"SearchAction\",\"target\":{\"@type\":\"EntryPoint\",\"urlTemplate\":\"https:\\\/\\\/www.cavallcartro.cat\\\/escoles\\\/ebm-la-casa-de-les-flors\\\/?s={search_term_string}\"},\"query-input\":{\"@type\":\"PropertyValueSpecification\",\"valueRequired\":true,\"valueName\":\"search_term_string\"}}],\"inLanguage\":\"ca\"},{\"@type\":\"Organization\",\"@id\":\"https:\\\/\\\/www.cavallcartro.cat\\\/escoles\\\/ebm-la-casa-de-les-flors\\\/#organization\",\"name\":\"Escola bressol municipal La Casa de les Flors\",\"url\":\"https:\\\/\\\/www.cavallcartro.cat\\\/escoles\\\/ebm-la-casa-de-les-flors\\\/\",\"logo\":{\"@type\":\"ImageObject\",\"inLanguage\":\"ca\",\"@id\":\"https:\\\/\\\/www.cavallcartro.cat\\\/escoles\\\/ebm-la-casa-de-les-flors\\\/#\\\/schema\\\/logo\\\/image\\\/\",\"url\":\"https:\\\/\\\/www.cavallcartro.cat\\\/escoles\\\/ebm-la-casa-de-les-flors\\\/wp-content\\\/uploads\\\/sites\\\/40\\\/2021\\\/03\\\/log-ebm-la-casa-de-les-flors.png\",\"contentUrl\":\"https:\\\/\\\/www.cavallcartro.cat\\\/escoles\\\/ebm-la-casa-de-les-flors\\\/wp-content\\\/uploads\\\/sites\\\/40\\\/2021\\\/03\\\/log-ebm-la-casa-de-les-flors.png\",\"width\":204,\"height\":100,\"caption\":\"Escola bressol municipal La Casa de les Flors\"},\"image\":{\"@id\":\"https:\\\/\\\/www.cavallcartro.cat\\\/escoles\\\/ebm-la-casa-de-les-flors\\\/#\\\/schema\\\/logo\\\/image\\\/\"},\"sameAs\":[\"https:\\\/\\\/www.facebook.com\\\/cavallcartroedu\",\"https:\\\/\\\/x.com\\\/cavallcartroedu\"]}]}<\/script>\n<!-- \/ Yoast SEO plugin. -->","yoast_head_json":{"title":"Escola Bressol Municipal La Casa de les Flors, de l'Hospitalet de Llobregat","description":"Escola bressol amb 94 places p\u00fabliques al barri de La Florida. Metodologia est\u00e0 basada en el joc lliure i l'acompanyament al desenvolupament dels infants.","robots":{"index":"index","follow":"follow","max-snippet":"max-snippet:-1","max-image-preview":"max-image-preview:large","max-video-preview":"max-video-preview:-1"},"canonical":"https:\/\/www.cavallcartro.cat\/escoles\/ebm-la-casa-de-les-flors\/","og_locale":"ca_ES","og_type":"article","og_title":"Escola Bressol Municipal La Casa de les Flors, de l'Hospitalet de Llobregat","og_description":"Escola bressol amb 94 places p\u00fabliques al barri de La Florida. Metodologia est\u00e0 basada en el joc lliure i l'acompanyament al desenvolupament dels infants.","og_url":"https:\/\/www.cavallcartro.cat\/escoles\/ebm-la-casa-de-les-flors\/","og_site_name":"Escola bressol municipal La Casa de les Flors, Hospitalet de Llobregat","article_publisher":"https:\/\/www.facebook.com\/cavallcartroedu","article_modified_time":"2026-03-02T12:10:32+00:00","og_image":[{"url":"https:\/\/www.cavallcartro.cat\/escoles\/ebm-la-casa-de-les-flors\/wp-content\/uploads\/sites\/40\/2025\/05\/gira-1-225x300.jpg","type":"","width":"","height":""}],"twitter_card":"summary_large_image","twitter_site":"@cavallcartroedu","twitter_misc":{"Temps estimat de lectura":"8 minuts"},"schema":{"@context":"https:\/\/schema.org","@graph":[{"@type":"WebPage","@id":"https:\/\/www.cavallcartro.cat\/escoles\/ebm-la-casa-de-les-flors\/","url":"https:\/\/www.cavallcartro.cat\/escoles\/ebm-la-casa-de-les-flors\/","name":"Escola Bressol Municipal La Casa de les Flors, de l'Hospitalet de Llobregat","isPartOf":{"@id":"https:\/\/www.cavallcartro.cat\/escoles\/ebm-la-casa-de-les-flors\/#website"},"primaryImageOfPage":{"@id":"https:\/\/www.cavallcartro.cat\/escoles\/ebm-la-casa-de-les-flors\/#primaryimage"},"image":{"@id":"https:\/\/www.cavallcartro.cat\/escoles\/ebm-la-casa-de-les-flors\/#primaryimage"},"thumbnailUrl":"https:\/\/www.cavallcartro.cat\/escoles\/ebm-la-casa-de-les-flors\/wp-content\/uploads\/sites\/40\/2025\/05\/gira-1-225x300.jpg","datePublished":"2021-01-28T16:49:51+00:00","dateModified":"2026-03-02T12:10:32+00:00","description":"Escola bressol amb 94 places p\u00fabliques al barri de La Florida. Metodologia est\u00e0 basada en el joc lliure i l'acompanyament al desenvolupament dels infants.","breadcrumb":{"@id":"https:\/\/www.cavallcartro.cat\/escoles\/ebm-la-casa-de-les-flors\/#breadcrumb"},"inLanguage":"ca","potentialAction":[{"@type":"ReadAction","target":["https:\/\/www.cavallcartro.cat\/escoles\/ebm-la-casa-de-les-flors\/"]}]},{"@type":"ImageObject","inLanguage":"ca","@id":"https:\/\/www.cavallcartro.cat\/escoles\/ebm-la-casa-de-les-flors\/#primaryimage","url":"https:\/\/www.cavallcartro.cat\/escoles\/ebm-la-casa-de-les-flors\/wp-content\/uploads\/sites\/40\/2025\/05\/gira-1-scaled.jpg","contentUrl":"https:\/\/www.cavallcartro.cat\/escoles\/ebm-la-casa-de-les-flors\/wp-content\/uploads\/sites\/40\/2025\/05\/gira-1-scaled.jpg","width":1920,"height":2560},{"@type":"BreadcrumbList","@id":"https:\/\/www.cavallcartro.cat\/escoles\/ebm-la-casa-de-les-flors\/#breadcrumb","itemListElement":[{"@type":"ListItem","position":1,"name":"Portada","item":"https:\/\/www.cavallcartro.cat\/escoles\/ebm-la-casa-de-les-flors\/"},{"@type":"ListItem","position":2,"name":"Inici"}]},{"@type":"WebSite","@id":"https:\/\/www.cavallcartro.cat\/escoles\/ebm-la-casa-de-les-flors\/#website","url":"https:\/\/www.cavallcartro.cat\/escoles\/ebm-la-casa-de-les-flors\/","name":"Escola bressol municipal La Casa de les Flors, Hospitalet de Llobregat","description":"Escola bressol amb 94 places p\u00fabliques al barri de La Florida. Metodologia basada en el joc lliure i l&#039;acompanyament al desenvolupament dels infants.","publisher":{"@id":"https:\/\/www.cavallcartro.cat\/escoles\/ebm-la-casa-de-les-flors\/#organization"},"potentialAction":[{"@type":"SearchAction","target":{"@type":"EntryPoint","urlTemplate":"https:\/\/www.cavallcartro.cat\/escoles\/ebm-la-casa-de-les-flors\/?s={search_term_string}"},"query-input":{"@type":"PropertyValueSpecification","valueRequired":true,"valueName":"search_term_string"}}],"inLanguage":"ca"},{"@type":"Organization","@id":"https:\/\/www.cavallcartro.cat\/escoles\/ebm-la-casa-de-les-flors\/#organization","name":"Escola bressol municipal La Casa de les Flors","url":"https:\/\/www.cavallcartro.cat\/escoles\/ebm-la-casa-de-les-flors\/","logo":{"@type":"ImageObject","inLanguage":"ca","@id":"https:\/\/www.cavallcartro.cat\/escoles\/ebm-la-casa-de-les-flors\/#\/schema\/logo\/image\/","url":"https:\/\/www.cavallcartro.cat\/escoles\/ebm-la-casa-de-les-flors\/wp-content\/uploads\/sites\/40\/2021\/03\/log-ebm-la-casa-de-les-flors.png","contentUrl":"https:\/\/www.cavallcartro.cat\/escoles\/ebm-la-casa-de-les-flors\/wp-content\/uploads\/sites\/40\/2021\/03\/log-ebm-la-casa-de-les-flors.png","width":204,"height":100,"caption":"Escola bressol municipal La Casa de les Flors"},"image":{"@id":"https:\/\/www.cavallcartro.cat\/escoles\/ebm-la-casa-de-les-flors\/#\/schema\/logo\/image\/"},"sameAs":["https:\/\/www.facebook.com\/cavallcartroedu","https:\/\/x.com\/cavallcartroedu"]}]}},"_links":{"self":[{"href":"https:\/\/www.cavallcartro.cat\/escoles\/ebm-la-casa-de-les-flors\/wp-json\/wp\/v2\/pages\/24","targetHints":{"allow":["GET"]}}],"collection":[{"href":"https:\/\/www.cavallcartro.cat\/escoles\/ebm-la-casa-de-les-flors\/wp-json\/wp\/v2\/pages"}],"about":[{"href":"https:\/\/www.cavallcartro.cat\/escoles\/ebm-la-casa-de-les-flors\/wp-json\/wp\/v2\/types\/page"}],"author":[{"embeddable":true,"href":"https:\/\/www.cavallcartro.cat\/escoles\/ebm-la-casa-de-les-flors\/wp-json\/wp\/v2\/users\/1"}],"replies":[{"embeddable":true,"href":"https:\/\/www.cavallcartro.cat\/escoles\/ebm-la-casa-de-les-flors\/wp-json\/wp\/v2\/comments?post=24"}],"version-history":[{"count":107,"href":"https:\/\/www.cavallcartro.cat\/escoles\/ebm-la-casa-de-les-flors\/wp-json\/wp\/v2\/pages\/24\/revisions"}],"predecessor-version":[{"id":52,"href":"https:\/\/www.cavallcartro.cat\/escoles\/ebm-la-casa-de-les-flors\/wp-json\/wp\/v2\/pages\/24\/revisions\/52"}],"wp:attachment":[{"href":"https:\/\/www.cavallcartro.cat\/escoles\/ebm-la-casa-de-les-flors\/wp-json\/wp\/v2\/media?parent=24"}],"curies":[{"name":"wp","href":"https:\/\/api.w.org\/{rel}","templated":true}]}}