{"id":23,"date":"2021-01-28T16:49:42","date_gmt":"2021-01-28T16:49:42","guid":{"rendered":"http:\/\/www.cavallcartro.cat\/escoles\/ebm-la-casa-de-les-flors\/?page_id=23"},"modified":"2025-05-23T09:55:44","modified_gmt":"2025-05-23T08:55:44","slug":"contacte","status":"publish","type":"page","link":"https:\/\/www.cavallcartro.cat\/escoles\/ebm-la-casa-de-les-flors\/contacte\/","title":{"rendered":"Contacte"},"content":{"rendered":"<div class=\"wpb-content-wrapper\">[vc_row full_width=&#8221;stretch_row&#8221; css=&#8221;.vc_custom_1507109100639{padding-bottom: 50px !important;background-image: url(https:\/\/www.cavallcartro.cat\/escoles\/llim-avet-blau\/wp-content\/uploads\/sites\/9\/2017\/09\/fons1.jpg?id=74) !important;}&#8221;][vc_column width=&#8221;1\/3&#8243;][vc_icon icon_fontawesome=&#8221;fa fa-map-marker&#8221; color=&#8221;custom&#8221; size=&#8221;lg&#8221; align=&#8221;center&#8221;]<div  class=\"swmsc_text_block\" > \n<p style=\"text-align: center\">Carrer Alegria, 58<br \/>\n08901 L&#8217;Hospitalet de Llobregat<\/p>\n<\/div>[\/vc_column][vc_column width=&#8221;1\/3&#8243;][vc_icon icon_fontawesome=&#8221;fa fa-phone&#8221; color=&#8221;custom&#8221; size=&#8221;lg&#8221; align=&#8221;center&#8221;]<div  class=\"swmsc_text_block\" > \n<p style=\"text-align: center\"><a href=\"tel:+34934483819\">93 448 38 19<\/a><\/p>\n<\/div>[\/vc_column][vc_column width=&#8221;1\/3&#8243;][vc_icon icon_fontawesome=&#8221;fa fa-envelope&#8221; color=&#8221;custom&#8221; size=&#8221;lg&#8221; align=&#8221;center&#8221;]<div  class=\"swmsc_text_block\" > \n<p style=\"text-align: center\"><a href=\"mailto:amselles@cavallcartro.cat\">amselles@cavallcartro.cat<\/a><\/p>\n<\/div>[\/vc_column][\/vc_row][vc_row][vc_column]<div  class=\"swmsc_fancy_heading swmsc_fancy_heading_center fh_icon_envelope-o\" style=\"margin-top:20px;margin-bottom:40px;\">\n\t\t\t\t\t\t<div class=\"swmsc_fancy_heading_text\" style=\"font-size:42px;line-height:30px;\">\n\t\t\t\t\t\t\t\n<h1><strong>Contacte<\/strong><\/h1>\n\n\t\t\t\t\t\t\t<div class=\"swmsc_fancy_heading_border\">\n\t\t\t\t\t\t\t\t<span class=\"swmsc_fancy_heading_border1\" style=\"background:#87888a;\"><\/span>\n\t\t\t\t\t\t\t\t<span class=\"swmsc_fancy_heading_border2\" style=\"background:#87888a;\"><\/span>\n\t\t\t\t\t\t\t\t<span class=\"swmsc_fancy_heading_icon\"><i class=\"fa fa-envelope-o\"  style=\"color:#9295cc;\"><\/i><\/span>\n\t\t\t\t\t\t\t<\/div>\n\t\t\t\t\t\t<\/div>\n\t\t\t\t\t<\/div><div  class=\"clear swmsc_gap\" style=\"margin:10px 0 0 0;\"><\/div><div  class=\"swmsc_text_block\" > \n<p>Ompliu aquest formulari si desitgeu fer-nos qualsevol mena de suggeriment o pregunta. Us intentarem atendre el m\u00e9s aviat possible.<\/p>\n<\/div><div  class=\"clear swmsc_gap\" style=\"margin:30px 0 0 0;\"><\/div>\n<div class=\"wpcf7 no-js\" id=\"wpcf7-f86-o1\" lang=\"ca\" dir=\"ltr\" data-wpcf7-id=\"86\">\n<div class=\"screen-reader-response\"><p role=\"status\" aria-live=\"polite\" aria-atomic=\"true\"><\/p> <ul><\/ul><\/div>\n<form action=\"\/escoles\/ebm-la-casa-de-les-flors\/wp-json\/wp\/v2\/pages\/23#wpcf7-f86-o1\" method=\"post\" class=\"wpcf7-form init\" aria-label=\"Formulari de contacte\" novalidate=\"novalidate\" data-status=\"init\">\n<fieldset class=\"hidden-fields-container\"><input type=\"hidden\" name=\"_wpcf7\" value=\"86\" \/><input type=\"hidden\" name=\"_wpcf7_version\" value=\"6.1.5\" \/><input type=\"hidden\" name=\"_wpcf7_locale\" value=\"ca\" \/><input type=\"hidden\" name=\"_wpcf7_unit_tag\" value=\"wpcf7-f86-o1\" \/><input type=\"hidden\" name=\"_wpcf7_container_post\" value=\"0\" \/><input type=\"hidden\" name=\"_wpcf7_posted_data_hash\" value=\"\" \/>\n<\/fieldset>\n<div class=\"kidsworld_column first\">\n\t<p><span class=\"wpcf7-form-control-wrap\" data-name=\"desplegable\"><select class=\"wpcf7-form-control wpcf7-select wpcf7-validates-as-required\" aria-required=\"true\" aria-invalid=\"false\" name=\"desplegable\"><option value=\"Informaci\u00f3\">Informaci\u00f3<\/option><option value=\"Agra\u00efments\">Agra\u00efments<\/option><option value=\"Suggeriments o queixes\">Suggeriments o queixes<\/option><\/select><\/span>\n\t<\/p>\n\t<p><span class=\"wpcf7-form-control-wrap\" data-name=\"nom\"><input size=\"40\" maxlength=\"400\" class=\"wpcf7-form-control wpcf7-text wpcf7-validates-as-required\" aria-required=\"true\" aria-invalid=\"false\" placeholder=\"Nom i Cognoms *\" value=\"\" type=\"text\" name=\"nom\" \/><\/span>\n\t<\/p>\n\t<p><span class=\"wpcf7-form-control-wrap\" data-name=\"centre\"><input size=\"40\" maxlength=\"400\" class=\"wpcf7-form-control wpcf7-text wpcf7-validates-as-required\" aria-required=\"true\" aria-invalid=\"false\" placeholder=\"Centre, escola, ajuntament, ...\" value=\"\" type=\"text\" name=\"centre\" \/><\/span>\n\t<\/p>\n\t<p><span class=\"wpcf7-form-control-wrap\" data-name=\"email\"><input size=\"40\" maxlength=\"400\" class=\"wpcf7-form-control wpcf7-email wpcf7-validates-as-required wpcf7-text wpcf7-validates-as-email\" aria-required=\"true\" aria-invalid=\"false\" placeholder=\"Adre\u00e7a electr\u00f2nica*\" value=\"\" type=\"email\" name=\"email\" \/><\/span>\n\t<\/p>\n\t<div class=\"clear\">\n\t<\/div>\n<\/div>\n<div class=\"clear\">\n<\/div>\n<p><span class=\"wpcf7-form-control-wrap\" data-name=\"consulta\"><textarea cols=\"40\" rows=\"10\" maxlength=\"2000\" class=\"wpcf7-form-control wpcf7-textarea wpcf7-validates-as-required\" aria-required=\"true\" aria-invalid=\"false\" placeholder=\"El teu missatge ...\" name=\"consulta\"><\/textarea><\/span>\n<\/p>\n<p class=\"clear\">Informaci\u00f3 b\u00e0sica de protecci\u00f3 de dades \u2013 <a style=\"color:#99D01B;\" href=\"https:\/\/www.cavallcartro.cat\/llei-de-proteccio-de-dades\/#basic\">Llegir m\u00e9s.<\/a>\n<\/p>\n<p class=\"clear\"><input class=\"wpcf7-form-control wpcf7-submit has-spinner\" type=\"submit\" value=\"ENVIAR\" \/><span class=\"wpcf7-form-control-wrap\" data-name=\"acceptance-998\"><span class=\"wpcf7-form-control wpcf7-acceptance\"><span class=\"wpcf7-list-item\"><input type=\"checkbox\" name=\"acceptance-998\" value=\"1\" aria-invalid=\"false\" \/><\/span><\/span><\/span> He llegit i accepto la <a style=\"color:#99D01B;\" href=\"https:\/\/www.cavallcartro.cat\/llei-de-proteccio-de-dades\/#addicional\"><u>protecci\u00f3 de dades de car\u00e0cter personal addicional<\/u><\/a> i la <a style=\"color:#99D01B;\" href=\"https:\/\/www.cavallcartro.cat\/inici\/politica-de-cookies\"><u>pol\u00edtica de cookies.<\/u><\/a>\n<\/p><p style=\"display: none !important;\" class=\"akismet-fields-container\" data-prefix=\"_wpcf7_ak_\"><label>&#916;<textarea name=\"_wpcf7_ak_hp_textarea\" cols=\"45\" rows=\"8\" maxlength=\"100\"><\/textarea><\/label><input type=\"hidden\" id=\"ak_js_1\" name=\"_wpcf7_ak_js\" value=\"212\"\/><script type=\"text\/javascript\">\n\/* <![CDATA[ *\/\ndocument.getElementById( \"ak_js_1\" ).setAttribute( \"value\", ( new Date() ).getTime() );\n\/* ]]> *\/\n<\/script>\n<\/p><div class=\"wpcf7-response-output\" aria-hidden=\"true\"><\/div>\n<\/form>\n<\/div>\n<div  class=\"clear swmsc_gap\" style=\"margin:90px 0 0 0;\"><\/div>[vc_gmaps link=&#8221;#E-8_JTNDaWZyYW1lJTIwc3JjJTNEJTIyaHR0cHMlM0ElMkYlMkZ3d3cuZ29vZ2xlLmNvbSUyRm1hcHMlMkZlbWJlZCUzRnBiJTNEJTIxMW0xOCUyMTFtMTIlMjExbTMlMjExZDI5OTQuMjQ1NDM2NjYyNjY1NyUyMTJkMi4xMTIyNDQzNTExNjI2MzIzJTIxM2Q0MS4zNjg3NTIwMDUwMTEwMyUyMTJtMyUyMTFmMCUyMTJmMCUyMTNmMCUyMTNtMiUyMTFpMTAyNCUyMTJpNzY4JTIxNGYxMy4xJTIxM20zJTIxMW0yJTIxMXMweDEyYTQ5OGU1OTg2YmQzNGQlMjUzQTB4NDQzOGFjOTdhYmJlYTEzYyUyMTJzQ2FsbGUlMjUyMGRlJTI1MjBsYSUyNTIwQWxlZ3IlMjVDMyUyNUFEYSUyNTJDJTI1MjA1OCUyNTJDJTI1MjAwODkwNSUyNTIwSG9zcGl0YWxldCUyNTIwZGUlMjUyMExsb2JyZWdhdCUyNTJDJTI1MjBCYXJjZWxvbmElMjE1ZTAlMjEzbTIlMjExc2VzJTIxMnNlcyUyMTR2MTYxNTExMTAwNTExMyUyMTVtMiUyMTFzZXMlMjEyc2VzJTIyJTIwd2lkdGglM0QlMjI2MDAlMjIlMjBoZWlnaHQlM0QlMjI0NTAlMjIlMjBzdHlsZSUzRCUyMmJvcmRlciUzQTAlM0IlMjIlMjBhbGxvd2Z1bGxzY3JlZW4lM0QlMjIlMjIlMjBsb2FkaW5nJTNEJTIybGF6eSUyMiUzRSUzQyUyRmlmcmFtZSUzRQ==&#8221;][\/vc_column][\/vc_row]\n<\/div>","protected":false},"excerpt":{"rendered":"<p>[vc_row full_width=&#8221;stretch_row&#8221; css=&#8221;.vc_custom_1507109100639{padding-bottom: 50px !important;background-image: url(https:\/\/www.cavallcartro.cat\/escoles\/llim-avet-blau\/wp-content\/uploads\/sites\/9\/2017\/09\/fons1.jpg?id=74) !important;}&#8221;][vc_column width=&#8221;1\/3&#8243;][vc_icon icon_fontawesome=&#8221;fa fa-map-marker&#8221; color=&#8221;custom&#8221; size=&#8221;lg&#8221; align=&#8221;center&#8221;][\/vc_column][vc_column width=&#8221;1\/3&#8243;][vc_icon icon_fontawesome=&#8221;fa fa-phone&#8221; color=&#8221;custom&#8221; size=&#8221;lg&#8221; align=&#8221;center&#8221;][\/vc_column][vc_column width=&#8221;1\/3&#8243;][vc_icon icon_fontawesome=&#8221;fa fa-envelope&#8221; color=&#8221;custom&#8221; size=&#8221;lg&#8221; align=&#8221;center&#8221;][\/vc_column][\/vc_row][vc_row][vc_column][vc_gmaps link=&#8221;#E-8_JTNDaWZyYW1lJTIwc3JjJTNEJTIyaHR0cHMlM0ElMkYlMkZ3d3cuZ29vZ2xlLmNvbSUyRm1hcHMlMkZlbWJlZCUzRnBiJTNEJTIxMW0xOCUyMTFtMTIlMjExbTMlMjExZDI5OTQuMjQ1NDM2NjYyNjY1NyUyMTJkMi4xMTIyNDQzNTExNjI2MzIzJTIxM2Q0MS4zNjg3NTIwMDUwMTEwMyUyMTJtMyUyMTFmMCUyMTJmMCUyMTNmMCUyMTNtMiUyMTFpMTAyNCUyMTJpNzY4JTIxNGYxMy4xJTIxM20zJTIxMW0yJTIxMXMweDEyYTQ5OGU1OTg2YmQzNGQlMjUzQTB4NDQzOGFjOTdhYmJlYTEzYyUyMTJzQ2FsbGUlMjUyMGRlJTI1MjBsYSUyNTIwQWxlZ3IlMjVDMyUyNUFEYSUyNTJDJTI1MjA1OCUyNTJDJTI1MjAwODkwNSUyNTIwSG9zcGl0YWxldCUyNTIwZGUlMjUyMExsb2JyZWdhdCUyNTJDJTI1MjBCYXJjZWxvbmElMjE1ZTAlMjEzbTIlMjExc2VzJTIxMnNlcyUyMTR2MTYxNTExMTAwNTExMyUyMTVtMiUyMTFzZXMlMjEyc2VzJTIyJTIwd2lkdGglM0QlMjI2MDAlMjIlMjBoZWlnaHQlM0QlMjI0NTAlMjIlMjBzdHlsZSUzRCUyMmJvcmRlciUzQTAlM0IlMjIlMjBhbGxvd2Z1bGxzY3JlZW4lM0QlMjIlMjIlMjBsb2FkaW5nJTNEJTIybGF6eSUyMiUzRSUzQyUyRmlmcmFtZSUzRQ==&#8221;][\/vc_column][\/vc_row]<\/p>\n","protected":false},"author":1,"featured_media":0,"parent":0,"menu_order":0,"comment_status":"closed","ping_status":"closed","template":"","meta":{"footnotes":""},"class_list":["post-23","page","type-page","status-publish","hentry"],"yoast_head":"<!-- This site is optimized with the Yoast SEO plugin v27.4 - https:\/\/yoast.com\/product\/yoast-seo-wordpress\/ -->\n<title>Contacte - Escola bressol municipal La Casa de les Flors, Hospitalet de Llobregat<\/title>\n<meta name=\"robots\" content=\"index, follow, max-snippet:-1, max-image-preview:large, max-video-preview:-1\" \/>\n<link rel=\"canonical\" href=\"https:\/\/www.cavallcartro.cat\/escoles\/ebm-la-casa-de-les-flors\/contacte\/\" \/>\n<meta property=\"og:locale\" content=\"ca_ES\" \/>\n<meta property=\"og:type\" content=\"article\" \/>\n<meta property=\"og:title\" content=\"Contacte - Escola bressol municipal La Casa de les Flors, Hospitalet de Llobregat\" \/>\n<meta property=\"og:description\" content=\"[vc_row full_width=&#8221;stretch_row&#8221; css=&#8221;.vc_custom_1507109100639{padding-bottom: 50px !important;background-image: url(https:\/\/www.cavallcartro.cat\/escoles\/llim-avet-blau\/wp-content\/uploads\/sites\/9\/2017\/09\/fons1.jpg?id=74) !important;}&#8221;][vc_column width=&#8221;1\/3&#8243;][vc_icon icon_fontawesome=&#8221;fa fa-map-marker&#8221; color=&#8221;custom&#8221; size=&#8221;lg&#8221; align=&#8221;center&#8221;][\/vc_column][vc_column width=&#8221;1\/3&#8243;][vc_icon icon_fontawesome=&#8221;fa fa-phone&#8221; color=&#8221;custom&#8221; size=&#8221;lg&#8221; align=&#8221;center&#8221;][\/vc_column][vc_column width=&#8221;1\/3&#8243;][vc_icon icon_fontawesome=&#8221;fa fa-envelope&#8221; color=&#8221;custom&#8221; size=&#8221;lg&#8221; align=&#8221;center&#8221;][\/vc_column][\/vc_row][vc_row][vc_column][vc_gmaps link=&#8221;#E-8_JTNDaWZyYW1lJTIwc3JjJTNEJTIyaHR0cHMlM0ElMkYlMkZ3d3cuZ29vZ2xlLmNvbSUyRm1hcHMlMkZlbWJlZCUzRnBiJTNEJTIxMW0xOCUyMTFtMTIlMjExbTMlMjExZDI5OTQuMjQ1NDM2NjYyNjY1NyUyMTJkMi4xMTIyNDQzNTExNjI2MzIzJTIxM2Q0MS4zNjg3NTIwMDUwMTEwMyUyMTJtMyUyMTFmMCUyMTJmMCUyMTNmMCUyMTNtMiUyMTFpMTAyNCUyMTJpNzY4JTIxNGYxMy4xJTIxM20zJTIxMW0yJTIxMXMweDEyYTQ5OGU1OTg2YmQzNGQlMjUzQTB4NDQzOGFjOTdhYmJlYTEzYyUyMTJzQ2FsbGUlMjUyMGRlJTI1MjBsYSUyNTIwQWxlZ3IlMjVDMyUyNUFEYSUyNTJDJTI1MjA1OCUyNTJDJTI1MjAwODkwNSUyNTIwSG9zcGl0YWxldCUyNTIwZGUlMjUyMExsb2JyZWdhdCUyNTJDJTI1MjBCYXJjZWxvbmElMjE1ZTAlMjEzbTIlMjExc2VzJTIxMnNlcyUyMTR2MTYxNTExMTAwNTExMyUyMTVtMiUyMTFzZXMlMjEyc2VzJTIyJTIwd2lkdGglM0QlMjI2MDAlMjIlMjBoZWlnaHQlM0QlMjI0NTAlMjIlMjBzdHlsZSUzRCUyMmJvcmRlciUzQTAlM0IlMjIlMjBhbGxvd2Z1bGxzY3JlZW4lM0QlMjIlMjIlMjBsb2FkaW5nJTNEJTIybGF6eSUyMiUzRSUzQyUyRmlmcmFtZSUzRQ==&#8221;][\/vc_column][\/vc_row]\" \/>\n<meta property=\"og:url\" content=\"https:\/\/www.cavallcartro.cat\/escoles\/ebm-la-casa-de-les-flors\/contacte\/\" \/>\n<meta property=\"og:site_name\" content=\"Escola bressol municipal La Casa de les Flors, Hospitalet de Llobregat\" \/>\n<meta property=\"article:publisher\" content=\"https:\/\/www.facebook.com\/cavallcartroedu\" \/>\n<meta property=\"article:modified_time\" content=\"2025-05-23T08:55:44+00:00\" \/>\n<meta name=\"twitter:card\" content=\"summary_large_image\" \/>\n<meta name=\"twitter:site\" content=\"@cavallcartroedu\" \/>\n<meta name=\"twitter:label1\" content=\"Temps estimat de lectura\" \/>\n\t<meta name=\"twitter:data1\" content=\"1 minut\" \/>\n<script type=\"application\/ld+json\" class=\"yoast-schema-graph\">{\"@context\":\"https:\\\/\\\/schema.org\",\"@graph\":[{\"@type\":\"WebPage\",\"@id\":\"https:\\\/\\\/www.cavallcartro.cat\\\/escoles\\\/ebm-la-casa-de-les-flors\\\/contacte\\\/\",\"url\":\"https:\\\/\\\/www.cavallcartro.cat\\\/escoles\\\/ebm-la-casa-de-les-flors\\\/contacte\\\/\",\"name\":\"Contacte - Escola bressol municipal La Casa de les Flors, Hospitalet de Llobregat\",\"isPartOf\":{\"@id\":\"https:\\\/\\\/www.cavallcartro.cat\\\/escoles\\\/ebm-la-casa-de-les-flors\\\/#website\"},\"datePublished\":\"2021-01-28T16:49:42+00:00\",\"dateModified\":\"2025-05-23T08:55:44+00:00\",\"breadcrumb\":{\"@id\":\"https:\\\/\\\/www.cavallcartro.cat\\\/escoles\\\/ebm-la-casa-de-les-flors\\\/contacte\\\/#breadcrumb\"},\"inLanguage\":\"ca\",\"potentialAction\":[{\"@type\":\"ReadAction\",\"target\":[\"https:\\\/\\\/www.cavallcartro.cat\\\/escoles\\\/ebm-la-casa-de-les-flors\\\/contacte\\\/\"]}]},{\"@type\":\"BreadcrumbList\",\"@id\":\"https:\\\/\\\/www.cavallcartro.cat\\\/escoles\\\/ebm-la-casa-de-les-flors\\\/contacte\\\/#breadcrumb\",\"itemListElement\":[{\"@type\":\"ListItem\",\"position\":1,\"name\":\"Portada\",\"item\":\"https:\\\/\\\/www.cavallcartro.cat\\\/escoles\\\/ebm-la-casa-de-les-flors\\\/\"},{\"@type\":\"ListItem\",\"position\":2,\"name\":\"Contacte\"}]},{\"@type\":\"WebSite\",\"@id\":\"https:\\\/\\\/www.cavallcartro.cat\\\/escoles\\\/ebm-la-casa-de-les-flors\\\/#website\",\"url\":\"https:\\\/\\\/www.cavallcartro.cat\\\/escoles\\\/ebm-la-casa-de-les-flors\\\/\",\"name\":\"Escola bressol municipal La Casa de les Flors, Hospitalet de Llobregat\",\"description\":\"Escola bressol amb 94 places p\u00fabliques al barri de La Florida. Metodologia basada en el joc lliure i l&#039;acompanyament al desenvolupament dels infants.\",\"publisher\":{\"@id\":\"https:\\\/\\\/www.cavallcartro.cat\\\/escoles\\\/ebm-la-casa-de-les-flors\\\/#organization\"},\"potentialAction\":[{\"@type\":\"SearchAction\",\"target\":{\"@type\":\"EntryPoint\",\"urlTemplate\":\"https:\\\/\\\/www.cavallcartro.cat\\\/escoles\\\/ebm-la-casa-de-les-flors\\\/?s={search_term_string}\"},\"query-input\":{\"@type\":\"PropertyValueSpecification\",\"valueRequired\":true,\"valueName\":\"search_term_string\"}}],\"inLanguage\":\"ca\"},{\"@type\":\"Organization\",\"@id\":\"https:\\\/\\\/www.cavallcartro.cat\\\/escoles\\\/ebm-la-casa-de-les-flors\\\/#organization\",\"name\":\"Escola bressol municipal La Casa de les Flors\",\"url\":\"https:\\\/\\\/www.cavallcartro.cat\\\/escoles\\\/ebm-la-casa-de-les-flors\\\/\",\"logo\":{\"@type\":\"ImageObject\",\"inLanguage\":\"ca\",\"@id\":\"https:\\\/\\\/www.cavallcartro.cat\\\/escoles\\\/ebm-la-casa-de-les-flors\\\/#\\\/schema\\\/logo\\\/image\\\/\",\"url\":\"https:\\\/\\\/www.cavallcartro.cat\\\/escoles\\\/ebm-la-casa-de-les-flors\\\/wp-content\\\/uploads\\\/sites\\\/40\\\/2021\\\/03\\\/log-ebm-la-casa-de-les-flors.png\",\"contentUrl\":\"https:\\\/\\\/www.cavallcartro.cat\\\/escoles\\\/ebm-la-casa-de-les-flors\\\/wp-content\\\/uploads\\\/sites\\\/40\\\/2021\\\/03\\\/log-ebm-la-casa-de-les-flors.png\",\"width\":204,\"height\":100,\"caption\":\"Escola bressol municipal La Casa de les Flors\"},\"image\":{\"@id\":\"https:\\\/\\\/www.cavallcartro.cat\\\/escoles\\\/ebm-la-casa-de-les-flors\\\/#\\\/schema\\\/logo\\\/image\\\/\"},\"sameAs\":[\"https:\\\/\\\/www.facebook.com\\\/cavallcartroedu\",\"https:\\\/\\\/x.com\\\/cavallcartroedu\"]}]}<\/script>\n<!-- \/ Yoast SEO plugin. -->","yoast_head_json":{"title":"Contacte - Escola bressol municipal La Casa de les Flors, Hospitalet de Llobregat","robots":{"index":"index","follow":"follow","max-snippet":"max-snippet:-1","max-image-preview":"max-image-preview:large","max-video-preview":"max-video-preview:-1"},"canonical":"https:\/\/www.cavallcartro.cat\/escoles\/ebm-la-casa-de-les-flors\/contacte\/","og_locale":"ca_ES","og_type":"article","og_title":"Contacte - Escola bressol municipal La Casa de les Flors, Hospitalet de Llobregat","og_description":"[vc_row full_width=&#8221;stretch_row&#8221; css=&#8221;.vc_custom_1507109100639{padding-bottom: 50px !important;background-image: url(https:\/\/www.cavallcartro.cat\/escoles\/llim-avet-blau\/wp-content\/uploads\/sites\/9\/2017\/09\/fons1.jpg?id=74) !important;}&#8221;][vc_column width=&#8221;1\/3&#8243;][vc_icon icon_fontawesome=&#8221;fa fa-map-marker&#8221; color=&#8221;custom&#8221; size=&#8221;lg&#8221; align=&#8221;center&#8221;][\/vc_column][vc_column width=&#8221;1\/3&#8243;][vc_icon icon_fontawesome=&#8221;fa fa-phone&#8221; color=&#8221;custom&#8221; size=&#8221;lg&#8221; align=&#8221;center&#8221;][\/vc_column][vc_column width=&#8221;1\/3&#8243;][vc_icon icon_fontawesome=&#8221;fa fa-envelope&#8221; color=&#8221;custom&#8221; size=&#8221;lg&#8221; align=&#8221;center&#8221;][\/vc_column][\/vc_row][vc_row][vc_column][vc_gmaps link=&#8221;#E-8_JTNDaWZyYW1lJTIwc3JjJTNEJTIyaHR0cHMlM0ElMkYlMkZ3d3cuZ29vZ2xlLmNvbSUyRm1hcHMlMkZlbWJlZCUzRnBiJTNEJTIxMW0xOCUyMTFtMTIlMjExbTMlMjExZDI5OTQuMjQ1NDM2NjYyNjY1NyUyMTJkMi4xMTIyNDQzNTExNjI2MzIzJTIxM2Q0MS4zNjg3NTIwMDUwMTEwMyUyMTJtMyUyMTFmMCUyMTJmMCUyMTNmMCUyMTNtMiUyMTFpMTAyNCUyMTJpNzY4JTIxNGYxMy4xJTIxM20zJTIxMW0yJTIxMXMweDEyYTQ5OGU1OTg2YmQzNGQlMjUzQTB4NDQzOGFjOTdhYmJlYTEzYyUyMTJzQ2FsbGUlMjUyMGRlJTI1MjBsYSUyNTIwQWxlZ3IlMjVDMyUyNUFEYSUyNTJDJTI1MjA1OCUyNTJDJTI1MjAwODkwNSUyNTIwSG9zcGl0YWxldCUyNTIwZGUlMjUyMExsb2JyZWdhdCUyNTJDJTI1MjBCYXJjZWxvbmElMjE1ZTAlMjEzbTIlMjExc2VzJTIxMnNlcyUyMTR2MTYxNTExMTAwNTExMyUyMTVtMiUyMTFzZXMlMjEyc2VzJTIyJTIwd2lkdGglM0QlMjI2MDAlMjIlMjBoZWlnaHQlM0QlMjI0NTAlMjIlMjBzdHlsZSUzRCUyMmJvcmRlciUzQTAlM0IlMjIlMjBhbGxvd2Z1bGxzY3JlZW4lM0QlMjIlMjIlMjBsb2FkaW5nJTNEJTIybGF6eSUyMiUzRSUzQyUyRmlmcmFtZSUzRQ==&#8221;][\/vc_column][\/vc_row]","og_url":"https:\/\/www.cavallcartro.cat\/escoles\/ebm-la-casa-de-les-flors\/contacte\/","og_site_name":"Escola bressol municipal La Casa de les Flors, Hospitalet de Llobregat","article_publisher":"https:\/\/www.facebook.com\/cavallcartroedu","article_modified_time":"2025-05-23T08:55:44+00:00","twitter_card":"summary_large_image","twitter_site":"@cavallcartroedu","twitter_misc":{"Temps estimat de lectura":"1 minut"},"schema":{"@context":"https:\/\/schema.org","@graph":[{"@type":"WebPage","@id":"https:\/\/www.cavallcartro.cat\/escoles\/ebm-la-casa-de-les-flors\/contacte\/","url":"https:\/\/www.cavallcartro.cat\/escoles\/ebm-la-casa-de-les-flors\/contacte\/","name":"Contacte - Escola bressol municipal La Casa de les Flors, Hospitalet de Llobregat","isPartOf":{"@id":"https:\/\/www.cavallcartro.cat\/escoles\/ebm-la-casa-de-les-flors\/#website"},"datePublished":"2021-01-28T16:49:42+00:00","dateModified":"2025-05-23T08:55:44+00:00","breadcrumb":{"@id":"https:\/\/www.cavallcartro.cat\/escoles\/ebm-la-casa-de-les-flors\/contacte\/#breadcrumb"},"inLanguage":"ca","potentialAction":[{"@type":"ReadAction","target":["https:\/\/www.cavallcartro.cat\/escoles\/ebm-la-casa-de-les-flors\/contacte\/"]}]},{"@type":"BreadcrumbList","@id":"https:\/\/www.cavallcartro.cat\/escoles\/ebm-la-casa-de-les-flors\/contacte\/#breadcrumb","itemListElement":[{"@type":"ListItem","position":1,"name":"Portada","item":"https:\/\/www.cavallcartro.cat\/escoles\/ebm-la-casa-de-les-flors\/"},{"@type":"ListItem","position":2,"name":"Contacte"}]},{"@type":"WebSite","@id":"https:\/\/www.cavallcartro.cat\/escoles\/ebm-la-casa-de-les-flors\/#website","url":"https:\/\/www.cavallcartro.cat\/escoles\/ebm-la-casa-de-les-flors\/","name":"Escola bressol municipal La Casa de les Flors, Hospitalet de Llobregat","description":"Escola bressol amb 94 places p\u00fabliques al barri de La Florida. Metodologia basada en el joc lliure i l&#039;acompanyament al desenvolupament dels infants.","publisher":{"@id":"https:\/\/www.cavallcartro.cat\/escoles\/ebm-la-casa-de-les-flors\/#organization"},"potentialAction":[{"@type":"SearchAction","target":{"@type":"EntryPoint","urlTemplate":"https:\/\/www.cavallcartro.cat\/escoles\/ebm-la-casa-de-les-flors\/?s={search_term_string}"},"query-input":{"@type":"PropertyValueSpecification","valueRequired":true,"valueName":"search_term_string"}}],"inLanguage":"ca"},{"@type":"Organization","@id":"https:\/\/www.cavallcartro.cat\/escoles\/ebm-la-casa-de-les-flors\/#organization","name":"Escola bressol municipal La Casa de les Flors","url":"https:\/\/www.cavallcartro.cat\/escoles\/ebm-la-casa-de-les-flors\/","logo":{"@type":"ImageObject","inLanguage":"ca","@id":"https:\/\/www.cavallcartro.cat\/escoles\/ebm-la-casa-de-les-flors\/#\/schema\/logo\/image\/","url":"https:\/\/www.cavallcartro.cat\/escoles\/ebm-la-casa-de-les-flors\/wp-content\/uploads\/sites\/40\/2021\/03\/log-ebm-la-casa-de-les-flors.png","contentUrl":"https:\/\/www.cavallcartro.cat\/escoles\/ebm-la-casa-de-les-flors\/wp-content\/uploads\/sites\/40\/2021\/03\/log-ebm-la-casa-de-les-flors.png","width":204,"height":100,"caption":"Escola bressol municipal La Casa de les Flors"},"image":{"@id":"https:\/\/www.cavallcartro.cat\/escoles\/ebm-la-casa-de-les-flors\/#\/schema\/logo\/image\/"},"sameAs":["https:\/\/www.facebook.com\/cavallcartroedu","https:\/\/x.com\/cavallcartroedu"]}]}},"_links":{"self":[{"href":"https:\/\/www.cavallcartro.cat\/escoles\/ebm-la-casa-de-les-flors\/wp-json\/wp\/v2\/pages\/23","targetHints":{"allow":["GET"]}}],"collection":[{"href":"https:\/\/www.cavallcartro.cat\/escoles\/ebm-la-casa-de-les-flors\/wp-json\/wp\/v2\/pages"}],"about":[{"href":"https:\/\/www.cavallcartro.cat\/escoles\/ebm-la-casa-de-les-flors\/wp-json\/wp\/v2\/types\/page"}],"author":[{"embeddable":true,"href":"https:\/\/www.cavallcartro.cat\/escoles\/ebm-la-casa-de-les-flors\/wp-json\/wp\/v2\/users\/1"}],"replies":[{"embeddable":true,"href":"https:\/\/www.cavallcartro.cat\/escoles\/ebm-la-casa-de-les-flors\/wp-json\/wp\/v2\/comments?post=23"}],"version-history":[{"count":7,"href":"https:\/\/www.cavallcartro.cat\/escoles\/ebm-la-casa-de-les-flors\/wp-json\/wp\/v2\/pages\/23\/revisions"}],"predecessor-version":[{"id":1644,"href":"https:\/\/www.cavallcartro.cat\/escoles\/ebm-la-casa-de-les-flors\/wp-json\/wp\/v2\/pages\/23\/revisions\/1644"}],"wp:attachment":[{"href":"https:\/\/www.cavallcartro.cat\/escoles\/ebm-la-casa-de-les-flors\/wp-json\/wp\/v2\/media?parent=23"}],"curies":[{"name":"wp","href":"https:\/\/api.w.org\/{rel}","templated":true}]}}