{"id":33,"date":"2017-10-17T07:33:18","date_gmt":"2017-10-17T07:33:18","guid":{"rendered":"http:\/\/www.cavallcartro.cat\/escoles\/ebm-el-pampol\/?page_id=33"},"modified":"2026-04-09T15:27:13","modified_gmt":"2026-04-09T15:27:13","slug":"inici","status":"publish","type":"page","link":"https:\/\/www.cavallcartro.cat\/escoles\/ebm-gotims-el-pampol\/","title":{"rendered":"Inici"},"content":{"rendered":"<div class=\"wpb-content-wrapper\">[vc_row full_width=&#8221;stretch_row&#8221; css=&#8221;.vc_custom_1678710746982{padding-top: 100px !important;padding-bottom: 50px !important;background-image: url(https:\/\/www.cavallcartro.cat\/escoles\/llip-la-baldufa\/wp-content\/uploads\/sites\/3\/2017\/09\/fons1.jpg?id=39) !important;}&#8221;][vc_column][vc_column_text]\n<h1>Fam\u00edlies, benvingudes a l&#8217;EBM GOTIMS i a l&#8217;EBM P\u00c0MPOL<\/h1>\n<p>Us donem una c\u00e0lida benvinguda a l\u2019Escola Bressol Gotims i a l&#8217; Escola Bressol P\u00e0mpol, d&#8217;Ol\u00e8rdola.<\/p>\n<p>Acollim infants d\u20191-3 anys. La nostra llar \u00e9s l\u2019espai on aprenem a conviure plegats infants i adults. Aprenem a compartir molts moments carregats d\u2019alegries, somriures i moltes experi\u00e8ncies que ens fan cr\u00e9ixer i gaudir de l\u2019aprenentatge i del proc\u00e9s maduratiu de cada infant.[\/vc_column_text][\/vc_column][\/vc_row][vc_row full_width=&#8221;stretch_row&#8221; el_id=&#8221;qui-som&#8221; css=&#8221;.vc_custom_1500032841736{padding-top: 150px !important;}&#8221;][vc_column width=&#8221;1\/4&#8243;]<div  class=\"swmsc_fancy_heading swmsc_fancy_heading_center fh_icon_fancyHeadingNoIcon\" style=\"margin-top:40px;margin-bottom:40px;\">\n\t\t\t\t\t\t<div class=\"swmsc_fancy_heading_text\" style=\"font-size:30px;line-height:36px;\">\n\t\t\t\t\t\t\t\n<h1>Qui som?<\/h1>\n\n\t\t\t\t\t\t\t<div class=\"swmsc_fancy_heading_border\">\n\t\t\t\t\t\t\t\t<span class=\"swmsc_fancy_heading_border1\" style=\"background:#f8b54d;\"><\/span>\n\t\t\t\t\t\t\t\t<span class=\"swmsc_fancy_heading_border2\" style=\"background:#f8b54d;\"><\/span>\n\t\t\t\t\t\t\t\t<span class=\"swmsc_fancy_heading_icon\"><i class=\"fa fa-fancyHeadingNoIcon\"  style=\"color:#8373ce;\"><\/i><\/span>\n\t\t\t\t\t\t\t<\/div>\n\t\t\t\t\t\t<\/div>\n\t\t\t\t\t<\/div>[\/vc_column][vc_column width=&#8221;3\/4&#8243; css=&#8221;.vc_custom_1506676119457{padding-top: 50px !important;}&#8221;][vc_column_text]Ubicada dins del CEIP Rossend Montan\u00e9 de Sant Pere Molanta. L\u2019Escola Bressol est\u00e0 subvencionada per l\u2019Ajuntament d\u2019Ol\u00e8rdola i el Departament d\u2019Educaci\u00f3 de la Diputaci\u00f3 de Barcelona.<\/p>\n<p>L\u2019equip docent el formen un\/a tutor\/a, un\/a mestre\/a de suport i la direcci\u00f3 del centre. Aquest equip \u00e9s l\u2019encarregat d\u2019organitzar i dinamitzar les activitats del dia a dia a l\u2019aula per tal d\u2019oferir als infants experi\u00e8ncies significatives pel seu desenvolupament, tant motriu, perceptiu, cognitiu, afectiu, ling\u00fc\u00edstic i social.<\/p>\n<p>Amb el pas del curs els infants van prenen consci\u00e8ncia de tot all\u00f2 que s\u00f3n capa\u00e7os de fer i crear amb el seu pensament i les aptituds que, de mica en mica, van adquirint: dibuixen, canten, ballen, aprenen a compartir i respectar els altres, descobrir noves experi\u00e8ncies per si mateixos, etc.<\/p>\n<p>Procurem que el seu aprenentatge sigui vivencial impregnat de tot all\u00f2 que els passi pel cap en treballar en diversos materials mitjan\u00e7ant una s\u00e8rie de propostes programades per l\u2019equip educatiu.[\/vc_column_text][\/vc_column][\/vc_row][vc_row full_width=&#8221;stretch_row&#8221; el_id=&#8221;horaris&#8221; css=&#8221;.vc_custom_1499942765676{padding-top: 150px !important;}&#8221;][vc_column width=&#8221;1\/4&#8243;]<div  class=\"swmsc_fancy_heading swmsc_fancy_heading_center fh_icon_fancyHeadingNoIcon\" style=\"margin-top:40px;margin-bottom:40px;\">\n\t\t\t\t\t\t<div class=\"swmsc_fancy_heading_text\" style=\"font-size:30px;line-height:36px;\">\n\t\t\t\t\t\t\t\n<h1>Horaris<\/h1>\n\n\t\t\t\t\t\t\t<div class=\"swmsc_fancy_heading_border\">\n\t\t\t\t\t\t\t\t<span class=\"swmsc_fancy_heading_border1\" style=\"background:#f8b54d;\"><\/span>\n\t\t\t\t\t\t\t\t<span class=\"swmsc_fancy_heading_border2\" style=\"background:#f8b54d;\"><\/span>\n\t\t\t\t\t\t\t\t<span class=\"swmsc_fancy_heading_icon\"><i class=\"fa fa-fancyHeadingNoIcon\"  style=\"color:#8373ce;\"><\/i><\/span>\n\t\t\t\t\t\t\t<\/div>\n\t\t\t\t\t\t<\/div>\n\t\t\t\t\t<\/div>[\/vc_column][vc_column width=&#8221;3\/4&#8243; css=&#8221;.vc_custom_1506676126679{padding-top: 50px !important;}&#8221;][vc_column_text]<strong>Gotims<\/strong>: de 8:30h a 12:00h i de 15:00h a 16:30h<\/p>\n<p>Menjador de 12:00h a 15:00h<\/p>\n<p><strong>El P\u00e0mpol<\/strong>:de 8:30h a 12:00h i de 14:30h a 16:00h<\/p>\n<p>Menjador de 12:00h a 14:30h[\/vc_column_text][\/vc_column][\/vc_row][vc_row full_width=&#8221;stretch_row&#8221; el_id=&#8221;calendari&#8221; css=&#8221;.vc_custom_1509699910939{padding-top: 150px !important;}&#8221;][vc_column width=&#8221;1\/4&#8243;]<div  class=\"swmsc_fancy_heading swmsc_fancy_heading_center fh_icon_fancyHeadingNoIcon\" style=\"margin-top:40px;margin-bottom:40px;\">\n\t\t\t\t\t\t<div class=\"swmsc_fancy_heading_text\" style=\"font-size:30px;line-height:36px;\">\n\t\t\t\t\t\t\t\n<h1>Calendari<\/h1>\n\n\t\t\t\t\t\t\t<div class=\"swmsc_fancy_heading_border\">\n\t\t\t\t\t\t\t\t<span class=\"swmsc_fancy_heading_border1\" style=\"background:#f8b54d;\"><\/span>\n\t\t\t\t\t\t\t\t<span class=\"swmsc_fancy_heading_border2\" style=\"background:#f8b54d;\"><\/span>\n\t\t\t\t\t\t\t\t<span class=\"swmsc_fancy_heading_icon\"><i class=\"fa fa-fancyHeadingNoIcon\"  style=\"color:#8373ce;\"><\/i><\/span>\n\t\t\t\t\t\t\t<\/div>\n\t\t\t\t\t\t<\/div>\n\t\t\t\t\t<\/div>[\/vc_column][vc_column width=&#8221;3\/4&#8243; css=&#8221;.vc_custom_1506676126679{padding-top: 50px !important;}&#8221;]<div  class=\"swmsc_text_block\" > \n<h2><strong>EBM Gotims<\/strong><\/h2>\n<\/div><div class=\"center\"><div  class=\"swmsc_image_lightbox  image_center\" >\n\n\t\t\t\t\t\t<div class=\"swmsc_image_lightbox_img\"><img decoding=\"async\" alt=\"\" src=\"https:\/\/www.cavallcartro.cat\/escoles\/ebm-gotims-el-pampol\/wp-content\/uploads\/sites\/14\/2025\/09\/Calendari-25-26.jpg\" class=\"\" style=\"border-radius:10px;\" \/><div class=\"swmsc_img_overlay\" style=\"border-radius:10px;\">\n\t\t\t\t\t\t\t\t\t\t\t\t<a class=\"\" href=\"https:\/\/www.cavallcartro.cat\/escoles\/ebm-gotims-el-pampol\/wp-content\/uploads\/sites\/14\/2025\/09\/Calendari-25-26.jpg\" title=\"\" target=\"_blank\" >\n\t\t\t\t\t\t\t\t\t\t\t\t\t<i class=\"fa fa-link\"><\/i>\n\t\t\t\t\t\t\t\t\t\t\t\t<\/a>\n\t\t\t\t\t\t\t\t\t\t\t<\/div><\/div><\/div><\/div><div  class=\"swmsc_text_block\" > \n<h2><strong>EBM P\u00e0mpol<\/strong><\/h2>\n<\/div><div  class=\"swmsc_image_lightbox  image_left\" >\n\n\t\t\t\t\t\t<div class=\"swmsc_image_lightbox_img\"><img decoding=\"async\" alt=\"\" src=\"https:\/\/www.cavallcartro.cat\/escoles\/ebm-gotims-el-pampol\/wp-content\/uploads\/sites\/14\/2025\/09\/Calendar-escolar-El-Pampol.jpg\" class=\"\" style=\"border-radius:10px;\" \/><div class=\"swmsc_img_overlay\" style=\"border-radius:10px;\">\n\t\t\t\t\t\t\t\t\t\t\t\t<a class=\"swmsc_popup_img\" href=\"https:\/\/www.cavallcartro.cat\/escoles\/ebm-gotims-el-pampol\/wp-content\/uploads\/sites\/14\/2025\/09\/Calendar-escolar-El-Pampol.jpg\" title=\"\" target=\"_self\" >\n\t\t\t\t\t\t\t\t\t\t\t\t\t<i class=\"fa fa-search\"><\/i>\n\t\t\t\t\t\t\t\t\t\t\t\t<\/a>\n\t\t\t\t\t\t\t\t\t\t\t<\/div><\/div><\/div>[\/vc_column][\/vc_row][vc_row full_width=&#8221;stretch_row&#8221; el_id=&#8221;aules&#8221; css=&#8221;.vc_custom_1499942782522{padding-top: 150px !important;}&#8221;][vc_column width=&#8221;1\/4&#8243;]<div  class=\"swmsc_fancy_heading swmsc_fancy_heading_center fh_icon_fancyHeadingNoIcon\" style=\"margin-top:40px;margin-bottom:40px;\">\n\t\t\t\t\t\t<div class=\"swmsc_fancy_heading_text\" style=\"font-size:30px;line-height:36px;\">\n\t\t\t\t\t\t\t\n<h1>Aules<\/h1>\n\n\t\t\t\t\t\t\t<div class=\"swmsc_fancy_heading_border\">\n\t\t\t\t\t\t\t\t<span class=\"swmsc_fancy_heading_border1\" style=\"background:#f8b54d;\"><\/span>\n\t\t\t\t\t\t\t\t<span class=\"swmsc_fancy_heading_border2\" style=\"background:#f8b54d;\"><\/span>\n\t\t\t\t\t\t\t\t<span class=\"swmsc_fancy_heading_icon\"><i class=\"fa fa-fancyHeadingNoIcon\"  style=\"color:#8373ce;\"><\/i><\/span>\n\t\t\t\t\t\t\t<\/div>\n\t\t\t\t\t\t<\/div>\n\t\t\t\t\t<\/div>[\/vc_column][vc_column width=&#8221;3\/4&#8243; css=&#8221;.vc_custom_1506676143590{padding-top: 50px !important;}&#8221;][vc_row_inner][vc_column_inner css=&#8221;.vc_custom_1508487270792{padding-bottom: 25px !important;}&#8221;]<div  class=\"swmsc_text_block\" > \n<h2><strong>EBM Gotims<\/strong><\/h2>\n<\/div>[\/vc_column_inner][\/vc_row_inner][vc_row_inner][vc_column_inner width=&#8221;1\/3&#8243;]<div  class=\"swmsc_image_lightbox  image_left\" >\n\n\t\t\t\t\t\t<div class=\"swmsc_image_lightbox_img\"><img decoding=\"async\" alt=\"\" src=\"https:\/\/www.cavallcartro.cat\/escoles\/ebm-gotims-el-pampol\/wp-content\/uploads\/sites\/14\/2020\/01\/gotims.jpg\" class=\"\" style=\"border-radius:10px;\" \/><div class=\"swmsc_img_overlay\" style=\"border-radius:10px;\">\n\t\t\t\t\t\t\t\t\t\t\t\t<a class=\"swmsc_popup_img\" href=\"https:\/\/www.cavallcartro.cat\/escoles\/ebm-gotims-el-pampol\/wp-content\/uploads\/sites\/14\/2020\/01\/gotims.jpg\" title=\"\" target=\"_self\" >\n\t\t\t\t\t\t\t\t\t\t\t\t\t<i class=\"fa fa-search\"><\/i>\n\t\t\t\t\t\t\t\t\t\t\t\t<\/a>\n\t\t\t\t\t\t\t\t\t\t\t<\/div><\/div><\/div><div  class=\"swmsc_text_block\" > \n<p style=\"text-align: center;\"><strong>Aula 0-1 anys<\/strong><\/p>\n<p>A l\u2019estan\u00e7a de nadons de la nostra Escola Bressol els infants hi trobaran un espai ple de material sensorial, un espai tou amb coixins i un mirall per tal que es puguin descobrir a s\u00ed mateixos. Tamb\u00e9 tenim propostes pel moviment adaptades a les necessitats dels infants.<\/p>\n<\/div><div class=\"center\"><div  class=\"swmsc_image_lightbox  image_center\" >\n\n\t\t\t\t\t\t<div class=\"swmsc_image_lightbox_img\"><img decoding=\"async\" alt=\"\" src=\"https:\/\/www.cavallcartro.cat\/escoles\/ebm-gotims-el-pampol\/wp-content\/uploads\/sites\/14\/2020\/02\/pati.jpg\" class=\"\" style=\"border-radius:10px;\" \/><div class=\"swmsc_img_overlay\" style=\"border-radius:10px;\">\n\t\t\t\t\t\t\t\t\t\t\t\t<a class=\"swmsc_popup_img\" href=\"https:\/\/www.cavallcartro.cat\/escoles\/ebm-gotims-el-pampol\/wp-content\/uploads\/sites\/14\/2020\/02\/pati.jpg\" title=\"\" target=\"_self\" >\n\t\t\t\t\t\t\t\t\t\t\t\t\t<i class=\"fa fa-search\"><\/i>\n\t\t\t\t\t\t\t\t\t\t\t\t<\/a>\n\t\t\t\t\t\t\t\t\t\t\t<\/div><\/div><\/div><\/div><div  class=\"swmsc_text_block\" > \n<p style=\"text-align: center;\"><strong>Pati<\/strong><\/p>\n<\/div>[\/vc_column_inner][vc_column_inner width=&#8221;1\/3&#8243;]<div class=\"center\"><div  class=\"swmsc_image_lightbox  image_center\" >\n\n\t\t\t\t\t\t<div class=\"swmsc_image_lightbox_img\"><img decoding=\"async\" alt=\"\" src=\"https:\/\/www.cavallcartro.cat\/escoles\/ebm-gotims-el-pampol\/wp-content\/uploads\/sites\/14\/2020\/02\/gotims-1-2.jpg\" class=\"\" style=\"border-radius:10px;\" \/><div class=\"swmsc_img_overlay\" style=\"border-radius:10px;\">\n\t\t\t\t\t\t\t\t\t\t\t\t<a class=\"swmsc_popup_img\" href=\"https:\/\/www.cavallcartro.cat\/escoles\/ebm-gotims-el-pampol\/wp-content\/uploads\/sites\/14\/2020\/02\/gotims-1-2.jpg\" title=\"\" target=\"_self\" >\n\t\t\t\t\t\t\t\t\t\t\t\t\t<i class=\"fa fa-search\"><\/i>\n\t\t\t\t\t\t\t\t\t\t\t\t<\/a>\n\t\t\t\t\t\t\t\t\t\t\t<\/div><\/div><\/div><\/div><div  class=\"swmsc_text_block\" > \n<p style=\"text-align: center;\"><strong>Aula 1-2 anys<\/strong><\/p>\n<p style=\"text-align: left;\">La classe del grup 1-2 anys est\u00e0 formada per 12 infants, 1 tutora i una persona de refor\u00e7.<br \/>\nEn aquesta classe hi ha diferents racons amb propostes de joc com: el joc heur\u00edstic, el rac\u00f3 dels coixins i contes, sof\u00e0, rac\u00f3 de m\u00fasica, rac\u00f3 del tat, rac\u00f3 de psicomotricitat, rac\u00f3 de pilotes i cotxes.<\/p>\n<\/div><div   >\n\t\t\t\t\t\t<div class=\"swmsc_container\">\n\t\t\t\t\t\t\t\n\t\t\t\t\t\t\t<div class=\"clear\"><\/div>\n\t\t\t\t\t\t<\/div>\n\t\t\t\t\t<\/div>[\/vc_column_inner][vc_column_inner width=&#8221;1\/3&#8243;]<div class=\"center\"><div  class=\"swmsc_image_lightbox  image_center\" >\n\n\t\t\t\t\t\t<div class=\"swmsc_image_lightbox_img\"><img decoding=\"async\" alt=\"\" src=\"https:\/\/www.cavallcartro.cat\/escoles\/ebm-gotims-el-pampol\/wp-content\/uploads\/sites\/14\/2020\/02\/2-3-gotims.jpg\" class=\"\" style=\"border-radius:10px;\" \/><div class=\"swmsc_img_overlay\" style=\"border-radius:10px;\">\n\t\t\t\t\t\t\t\t\t\t\t\t<a class=\"swmsc_popup_img\" href=\"https:\/\/www.cavallcartro.cat\/escoles\/ebm-gotims-el-pampol\/wp-content\/uploads\/sites\/14\/2020\/02\/2-3-gotims.jpg\" title=\"\" target=\"_self\" >\n\t\t\t\t\t\t\t\t\t\t\t\t\t<i class=\"fa fa-search\"><\/i>\n\t\t\t\t\t\t\t\t\t\t\t\t<\/a>\n\t\t\t\t\t\t\t\t\t\t\t<\/div><\/div><\/div><\/div><div  class=\"swmsc_text_block\" > \n<p style=\"text-align: center;\"><strong>Aula 2-3 anys<\/strong><\/p>\n<p style=\"text-align: left;\">L&#8217;estan\u00e7a de 2-3 anys de l&#8217;escola Bressol Gotims \u00e9s un espai pensat per poder arribar als interessos i necessitats dels infants que en formen part. Podem trobar des de racons de joc simb\u00f2lic, fins a propostes de moviment, passant per propostes de manipulaci\u00f3 i experimentaci\u00f3, totes elles pensades en les possibilitats de l&#8217;infant. El joc, l&#8217;aprenentatge i els valors s\u00f3n presents en el dia a a dia l&#8217;aula.<\/p>\n<\/div>[\/vc_column_inner][vc_column_inner][\/vc_column_inner][\/vc_row_inner]<div  class=\"swmsc_text_block\" > \n<h2><strong>EBM P\u00e0mpol<\/strong><\/h2>\n<\/div>[vc_row_inner][vc_column_inner width=&#8221;1\/2&#8243;]<div  class=\"swmsc_image_lightbox  image_left\" >\n\n\t\t\t\t\t\t<div class=\"swmsc_image_lightbox_img\"><img decoding=\"async\" alt=\"\" src=\"https:\/\/www.cavallcartro.cat\/escoles\/ebm-gotims-el-pampol\/wp-content\/uploads\/sites\/14\/2020\/02\/pampol.jpg\" class=\"\" style=\"border-radius:10px;\" \/><div class=\"swmsc_img_overlay\" style=\"border-radius:10px;\">\n\t\t\t\t\t\t\t\t\t\t\t\t<a class=\"swmsc_popup_img\" href=\"https:\/\/www.cavallcartro.cat\/escoles\/ebm-gotims-el-pampol\/wp-content\/uploads\/sites\/14\/2020\/02\/pampol.jpg\" title=\"\" target=\"_self\" >\n\t\t\t\t\t\t\t\t\t\t\t\t\t<i class=\"fa fa-search\"><\/i>\n\t\t\t\t\t\t\t\t\t\t\t\t<\/a>\n\t\t\t\t\t\t\t\t\t\t\t<\/div><\/div><\/div><div  class=\"swmsc_text_block\" > \n<p style=\"text-align: center;\"><strong>estan\u00e7a mixta 1-2\/2-3 anys<\/strong><\/p>\n<\/div>[\/vc_column_inner][vc_column_inner width=&#8221;1\/2&#8243;]<div  class=\"swmsc_image_lightbox  image_left\" >\n\n\t\t\t\t\t\t<div class=\"swmsc_image_lightbox_img\"><img decoding=\"async\" alt=\"\" src=\"https:\/\/www.cavallcartro.cat\/escoles\/ebm-gotims-el-pampol\/wp-content\/uploads\/sites\/14\/2020\/02\/pati-pampol.jpg\" class=\"\" style=\"border-radius:10px;\" \/><div class=\"swmsc_img_overlay\" style=\"border-radius:10px;\">\n\t\t\t\t\t\t\t\t\t\t\t\t<a class=\"swmsc_popup_img\" href=\"https:\/\/www.cavallcartro.cat\/escoles\/ebm-gotims-el-pampol\/wp-content\/uploads\/sites\/14\/2020\/02\/pati-pampol.jpg\" title=\"\" target=\"_self\" >\n\t\t\t\t\t\t\t\t\t\t\t\t\t<i class=\"fa fa-search\"><\/i>\n\t\t\t\t\t\t\t\t\t\t\t\t<\/a>\n\t\t\t\t\t\t\t\t\t\t\t<\/div><\/div><\/div><div  class=\"swmsc_text_block\" > \n<p style=\"text-align: center;\"><strong>pati<\/strong><\/p>\n<\/div>[\/vc_column_inner][\/vc_row_inner][\/vc_column][\/vc_row][vc_row full_width=&#8221;stretch_row&#8221; css=&#8221;.vc_custom_1508488734159{padding-top: 50px !important;}&#8221;][vc_column width=&#8221;1\/4&#8243;][\/vc_column][vc_column width=&#8221;3\/4&#8243; css=&#8221;.vc_custom_1506676143590{padding-top: 50px !important;}&#8221;][vc_row_inner][vc_column_inner width=&#8221;1\/3&#8243;][\/vc_column_inner][\/vc_row_inner][\/vc_column][\/vc_row][vc_row full_width=&#8221;stretch_row&#8221; el_id=&#8221;menus&#8221; css=&#8221;.vc_custom_1500032698252{padding-top: 150px !important;}&#8221;][vc_column width=&#8221;1\/4&#8243;]<div  class=\"swmsc_fancy_heading swmsc_fancy_heading_center fh_icon_fancyHeadingNoIcon\" style=\"margin-top:40px;margin-bottom:40px;\">\n\t\t\t\t\t\t<div class=\"swmsc_fancy_heading_text\" style=\"font-size:30px;line-height:36px;\">\n\t\t\t\t\t\t\t\n<h1>Men\u00fas<\/h1>\n\n\t\t\t\t\t\t\t<div class=\"swmsc_fancy_heading_border\">\n\t\t\t\t\t\t\t\t<span class=\"swmsc_fancy_heading_border1\" style=\"background:#f8b54d;\"><\/span>\n\t\t\t\t\t\t\t\t<span class=\"swmsc_fancy_heading_border2\" style=\"background:#f8b54d;\"><\/span>\n\t\t\t\t\t\t\t\t<span class=\"swmsc_fancy_heading_icon\"><i class=\"fa fa-fancyHeadingNoIcon\"  style=\"color:#8373ce;\"><\/i><\/span>\n\t\t\t\t\t\t\t<\/div>\n\t\t\t\t\t\t<\/div>\n\t\t\t\t\t<\/div>[\/vc_column][vc_column width=&#8221;3\/4&#8243; css=&#8221;.vc_custom_1506676149789{padding-top: 50px !important;}&#8221;][vc_row_inner][vc_column_inner]<div  class=\"swmsc_text_block\" > \n<h2><strong>Gotims<\/strong><\/h2>\n<\/div><div   >\n\t\t\t\t\t\t<div class=\"swmsc_image_gallery swmsc_gal1  \" data-grid=\"masonry\" style=\"margin-right:-20px;\">\n\t\t\t\t\t\t\t\n        \t\t\t\t<div class=\"swmsc_image_gallery_item\">\n        \t\t\t\t\t<div style=\"padding-right:20px; padding-bottom:20px;\">\n\t        \t\t\t\t\t<a href=\"https:\/\/www.cavallcartro.cat\/escoles\/ebm-gotims-el-pampol\/wp-content\/uploads\/sites\/14\/2026\/04\/Menu-Basal-Gotims.jpg\" class=\"swmsc_popup_gallery\" style=\"border-radius:20px;\" title=\"Men\u00fa Basal Gotims\">\n\t\t        \t\t\t\t\t\t<img decoding=\"async\" style=\"border-radius:20px;\" src=\"https:\/\/www.cavallcartro.cat\/escoles\/ebm-gotims-el-pampol\/wp-content\/uploads\/sites\/14\/2026\/04\/Menu-Basal-Gotims.jpg\" alt=\"\" \/>\n\t\t        \t\t\t\t\t\t<span><i class=\"fa fa-search\" style=\"background-color:#f8b54e;color:#ffffff;\"><\/i><\/span>\n\t\t        \t\t\t\t\t<\/a>\n\t        \t\t\t\t\t\n\t        \t\t\t\t<\/div>\n        \t\t\t\t<\/div>\n        \t\t\t\t<div class=\"swmsc_image_gallery_item\">\n        \t\t\t\t\t<div style=\"padding-right:20px; padding-bottom:20px;\">\n\t        \t\t\t\t\t<a href=\"https:\/\/www.cavallcartro.cat\/escoles\/ebm-gotims-el-pampol\/wp-content\/uploads\/sites\/14\/2026\/04\/Proposta-sopars.jpg\" class=\"swmsc_popup_gallery\" style=\"border-radius:20px;\" title=\"Proposta sopars\">\n\t\t        \t\t\t\t\t\t<img decoding=\"async\" style=\"border-radius:20px;\" src=\"https:\/\/www.cavallcartro.cat\/escoles\/ebm-gotims-el-pampol\/wp-content\/uploads\/sites\/14\/2026\/04\/Proposta-sopars.jpg\" alt=\"\" \/>\n\t\t        \t\t\t\t\t\t<span><i class=\"fa fa-search\" style=\"background-color:#f8b54e;color:#ffffff;\"><\/i><\/span>\n\t\t        \t\t\t\t\t<\/a>\n\t        \t\t\t\t\t\n\t        \t\t\t\t<\/div>\n        \t\t\t\t<\/div>\n\t\t\t\t\t\t<\/div>\n\t\t\t\t\t<\/div><div  class=\"swmsc_text_block\" > \n<h2 style=\"text-align: left;\"><strong>P\u00e0mpol<\/strong><\/h2>\n<\/div><div   >\n\t\t\t\t\t\t<div class=\"swmsc_image_gallery swmsc_gal1  \" data-grid=\"masonry\" style=\"margin-right:-20px;\">\n\t\t\t\t\t\t\t\n        \t\t\t\t<div class=\"swmsc_image_gallery_item\">\n        \t\t\t\t\t<div style=\"padding-right:20px; padding-bottom:20px;\">\n\t        \t\t\t\t\t<a href=\"https:\/\/www.cavallcartro.cat\/escoles\/ebm-gotims-el-pampol\/wp-content\/uploads\/sites\/14\/2026\/04\/Menu-basal-El-Pampol.jpg\" class=\"swmsc_popup_gallery\" style=\"border-radius:20px;\" title=\"Men\u00fa basal El P\u00e0mpol\">\n\t\t        \t\t\t\t\t\t<img decoding=\"async\" style=\"border-radius:20px;\" src=\"https:\/\/www.cavallcartro.cat\/escoles\/ebm-gotims-el-pampol\/wp-content\/uploads\/sites\/14\/2026\/04\/Menu-basal-El-Pampol.jpg\" alt=\"\" \/>\n\t\t        \t\t\t\t\t\t<span><i class=\"fa fa-search\" style=\"background-color:#f8b54e;color:#ffffff;\"><\/i><\/span>\n\t\t        \t\t\t\t\t<\/a>\n\t        \t\t\t\t\t\n\t        \t\t\t\t<\/div>\n        \t\t\t\t<\/div>\n        \t\t\t\t<div class=\"swmsc_image_gallery_item\">\n        \t\t\t\t\t<div style=\"padding-right:20px; padding-bottom:20px;\">\n\t        \t\t\t\t\t<a href=\"https:\/\/www.cavallcartro.cat\/escoles\/ebm-gotims-el-pampol\/wp-content\/uploads\/sites\/14\/2026\/04\/Menu-sense-lactosa_El-Pampol.jpg\" class=\"swmsc_popup_gallery\" style=\"border-radius:20px;\" title=\"Men\u00fa sense lactosa_El P\u00e0mpol\">\n\t\t        \t\t\t\t\t\t<img decoding=\"async\" style=\"border-radius:20px;\" src=\"https:\/\/www.cavallcartro.cat\/escoles\/ebm-gotims-el-pampol\/wp-content\/uploads\/sites\/14\/2026\/04\/Menu-sense-lactosa_El-Pampol.jpg\" alt=\"\" \/>\n\t\t        \t\t\t\t\t\t<span><i class=\"fa fa-search\" style=\"background-color:#f8b54e;color:#ffffff;\"><\/i><\/span>\n\t\t        \t\t\t\t\t<\/a>\n\t        \t\t\t\t\t\n\t        \t\t\t\t<\/div>\n        \t\t\t\t<\/div>\n\t\t\t\t\t\t<\/div>\n\t\t\t\t\t<\/div>[\/vc_column_inner][vc_column_inner][\/vc_column_inner][\/vc_row_inner][\/vc_column][\/vc_row]\n<\/div>","protected":false},"excerpt":{"rendered":"<p>[vc_row full_width=&#8221;stretch_row&#8221; css=&#8221;.vc_custom_1678710746982{padding-top: 100px !important;padding-bottom: 50px !important;background-image: url(https:\/\/www.cavallcartro.cat\/escoles\/llip-la-baldufa\/wp-content\/uploads\/sites\/3\/2017\/09\/fons1.jpg?id=39) !important;}&#8221;][vc_column][vc_column_text] Fam\u00edlies, benvingudes a l&#8217;EBM GOTIMS i a l&#8217;EBM P\u00c0MPOL Us donem una c\u00e0lida benvinguda a l\u2019Escola Bressol Gotims i a l&#8217; Escola Bressol P\u00e0mpol, d&#8217;Ol\u00e8rdola. Acollim infants d\u20191-3 anys. La nostra llar \u00e9s l\u2019espai on aprenem a conviure plegats infants i [&hellip;]<\/p>\n","protected":false},"author":1,"featured_media":0,"parent":0,"menu_order":0,"comment_status":"closed","ping_status":"closed","template":"","meta":{"footnotes":""},"class_list":["post-33","page","type-page","status-publish","hentry"],"yoast_head":"<!-- This site is optimized with the Yoast SEO plugin v27.5 - https:\/\/yoast.com\/product\/yoast-seo-wordpress\/ -->\n<title>EBM G\u00f2tims i El P\u00e0mpol, escoles bressol municipals d&#039;Ol\u00e8rdola<\/title>\n<meta name=\"description\" content=\"Un espai on aprenem a conviure i compartir moments d\u2019alegries, somriures i experi\u00e8ncies que ens fan cr\u00e9ixer i gaudir del proc\u00e9s maduratiu de cada infant.\" \/>\n<meta name=\"robots\" content=\"index, follow, max-snippet:-1, max-image-preview:large, max-video-preview:-1\" \/>\n<link rel=\"canonical\" href=\"https:\/\/www.cavallcartro.cat\/escoles\/ebm-gotims-el-pampol\/\" \/>\n<meta property=\"og:locale\" content=\"ca_ES\" \/>\n<meta property=\"og:type\" content=\"article\" \/>\n<meta property=\"og:title\" content=\"EBM G\u00f2tims i El P\u00e0mpol, escoles bressol municipals d&#039;Ol\u00e8rdola\" \/>\n<meta property=\"og:description\" content=\"Un espai on aprenem a conviure i compartir moments d\u2019alegries, somriures i experi\u00e8ncies que ens fan cr\u00e9ixer i gaudir del proc\u00e9s maduratiu de cada infant.\" \/>\n<meta property=\"og:url\" content=\"https:\/\/www.cavallcartro.cat\/escoles\/ebm-gotims-el-pampol\/\" \/>\n<meta property=\"og:site_name\" content=\"EBM GOTIMS I EL P\u00c0MPOL, escoles bressol municipals d&#039;Ol\u00e8rdola\" \/>\n<meta property=\"article:modified_time\" content=\"2026-04-09T15:27:13+00:00\" \/>\n<meta name=\"twitter:card\" content=\"summary_large_image\" \/>\n<meta name=\"twitter:label1\" content=\"Temps estimat de lectura\" \/>\n\t<meta name=\"twitter:data1\" content=\"5 minuts\" \/>\n<script type=\"application\/ld+json\" class=\"yoast-schema-graph\">{\"@context\":\"https:\\\/\\\/schema.org\",\"@graph\":[{\"@type\":\"WebPage\",\"@id\":\"https:\\\/\\\/www.cavallcartro.cat\\\/escoles\\\/ebm-gotims-el-pampol\\\/\",\"url\":\"https:\\\/\\\/www.cavallcartro.cat\\\/escoles\\\/ebm-gotims-el-pampol\\\/\",\"name\":\"EBM G\u00f2tims i El P\u00e0mpol, escoles bressol municipals d'Ol\u00e8rdola\",\"isPartOf\":{\"@id\":\"https:\\\/\\\/www.cavallcartro.cat\\\/escoles\\\/ebm-gotims-el-pampol\\\/#website\"},\"datePublished\":\"2017-10-17T07:33:18+00:00\",\"dateModified\":\"2026-04-09T15:27:13+00:00\",\"description\":\"Un espai on aprenem a conviure i compartir moments d\u2019alegries, somriures i experi\u00e8ncies que ens fan cr\u00e9ixer i gaudir del proc\u00e9s maduratiu de cada infant.\",\"breadcrumb\":{\"@id\":\"https:\\\/\\\/www.cavallcartro.cat\\\/escoles\\\/ebm-gotims-el-pampol\\\/#breadcrumb\"},\"inLanguage\":\"ca\",\"potentialAction\":[{\"@type\":\"ReadAction\",\"target\":[\"https:\\\/\\\/www.cavallcartro.cat\\\/escoles\\\/ebm-gotims-el-pampol\\\/\"]}]},{\"@type\":\"BreadcrumbList\",\"@id\":\"https:\\\/\\\/www.cavallcartro.cat\\\/escoles\\\/ebm-gotims-el-pampol\\\/#breadcrumb\",\"itemListElement\":[{\"@type\":\"ListItem\",\"position\":1,\"name\":\"Portada\",\"item\":\"https:\\\/\\\/www.cavallcartro.cat\\\/escoles\\\/ebm-gotims-el-pampol\\\/\"},{\"@type\":\"ListItem\",\"position\":2,\"name\":\"Inici\"}]},{\"@type\":\"WebSite\",\"@id\":\"https:\\\/\\\/www.cavallcartro.cat\\\/escoles\\\/ebm-gotims-el-pampol\\\/#website\",\"url\":\"https:\\\/\\\/www.cavallcartro.cat\\\/escoles\\\/ebm-gotims-el-pampol\\\/\",\"name\":\"EBM GOTIMS I EL P\u00c0MPOL, escoles bressol municipals d&#039;Ol\u00e8rdola\",\"description\":\"Les escoles bressol d&#039;Ol\u00e8rdola s\u00f3n espais on aprenem a conviure plegats infants i adults. Aprenem a compartir molts moments carregats d\u2019alegries, somriures i moltes experi\u00e8ncies que ens fan cr\u00e9ixer i gaudir de l\u2019aprenentatge i del proc\u00e9s maduratiu de cada infant.\",\"potentialAction\":[{\"@type\":\"SearchAction\",\"target\":{\"@type\":\"EntryPoint\",\"urlTemplate\":\"https:\\\/\\\/www.cavallcartro.cat\\\/escoles\\\/ebm-gotims-el-pampol\\\/?s={search_term_string}\"},\"query-input\":{\"@type\":\"PropertyValueSpecification\",\"valueRequired\":true,\"valueName\":\"search_term_string\"}}],\"inLanguage\":\"ca\"}]}<\/script>\n<!-- \/ Yoast SEO plugin. -->","yoast_head_json":{"title":"EBM G\u00f2tims i El P\u00e0mpol, escoles bressol municipals d'Ol\u00e8rdola","description":"Un espai on aprenem a conviure i compartir moments d\u2019alegries, somriures i experi\u00e8ncies que ens fan cr\u00e9ixer i gaudir del proc\u00e9s maduratiu de cada infant.","robots":{"index":"index","follow":"follow","max-snippet":"max-snippet:-1","max-image-preview":"max-image-preview:large","max-video-preview":"max-video-preview:-1"},"canonical":"https:\/\/www.cavallcartro.cat\/escoles\/ebm-gotims-el-pampol\/","og_locale":"ca_ES","og_type":"article","og_title":"EBM G\u00f2tims i El P\u00e0mpol, escoles bressol municipals d'Ol\u00e8rdola","og_description":"Un espai on aprenem a conviure i compartir moments d\u2019alegries, somriures i experi\u00e8ncies que ens fan cr\u00e9ixer i gaudir del proc\u00e9s maduratiu de cada infant.","og_url":"https:\/\/www.cavallcartro.cat\/escoles\/ebm-gotims-el-pampol\/","og_site_name":"EBM GOTIMS I EL P\u00c0MPOL, escoles bressol municipals d&#039;Ol\u00e8rdola","article_modified_time":"2026-04-09T15:27:13+00:00","twitter_card":"summary_large_image","twitter_misc":{"Temps estimat de lectura":"5 minuts"},"schema":{"@context":"https:\/\/schema.org","@graph":[{"@type":"WebPage","@id":"https:\/\/www.cavallcartro.cat\/escoles\/ebm-gotims-el-pampol\/","url":"https:\/\/www.cavallcartro.cat\/escoles\/ebm-gotims-el-pampol\/","name":"EBM G\u00f2tims i El P\u00e0mpol, escoles bressol municipals d'Ol\u00e8rdola","isPartOf":{"@id":"https:\/\/www.cavallcartro.cat\/escoles\/ebm-gotims-el-pampol\/#website"},"datePublished":"2017-10-17T07:33:18+00:00","dateModified":"2026-04-09T15:27:13+00:00","description":"Un espai on aprenem a conviure i compartir moments d\u2019alegries, somriures i experi\u00e8ncies que ens fan cr\u00e9ixer i gaudir del proc\u00e9s maduratiu de cada infant.","breadcrumb":{"@id":"https:\/\/www.cavallcartro.cat\/escoles\/ebm-gotims-el-pampol\/#breadcrumb"},"inLanguage":"ca","potentialAction":[{"@type":"ReadAction","target":["https:\/\/www.cavallcartro.cat\/escoles\/ebm-gotims-el-pampol\/"]}]},{"@type":"BreadcrumbList","@id":"https:\/\/www.cavallcartro.cat\/escoles\/ebm-gotims-el-pampol\/#breadcrumb","itemListElement":[{"@type":"ListItem","position":1,"name":"Portada","item":"https:\/\/www.cavallcartro.cat\/escoles\/ebm-gotims-el-pampol\/"},{"@type":"ListItem","position":2,"name":"Inici"}]},{"@type":"WebSite","@id":"https:\/\/www.cavallcartro.cat\/escoles\/ebm-gotims-el-pampol\/#website","url":"https:\/\/www.cavallcartro.cat\/escoles\/ebm-gotims-el-pampol\/","name":"EBM GOTIMS I EL P\u00c0MPOL, escoles bressol municipals d&#039;Ol\u00e8rdola","description":"Les escoles bressol d&#039;Ol\u00e8rdola s\u00f3n espais on aprenem a conviure plegats infants i adults. Aprenem a compartir molts moments carregats d\u2019alegries, somriures i moltes experi\u00e8ncies que ens fan cr\u00e9ixer i gaudir de l\u2019aprenentatge i del proc\u00e9s maduratiu de cada infant.","potentialAction":[{"@type":"SearchAction","target":{"@type":"EntryPoint","urlTemplate":"https:\/\/www.cavallcartro.cat\/escoles\/ebm-gotims-el-pampol\/?s={search_term_string}"},"query-input":{"@type":"PropertyValueSpecification","valueRequired":true,"valueName":"search_term_string"}}],"inLanguage":"ca"}]}},"_links":{"self":[{"href":"https:\/\/www.cavallcartro.cat\/escoles\/ebm-gotims-el-pampol\/wp-json\/wp\/v2\/pages\/33","targetHints":{"allow":["GET"]}}],"collection":[{"href":"https:\/\/www.cavallcartro.cat\/escoles\/ebm-gotims-el-pampol\/wp-json\/wp\/v2\/pages"}],"about":[{"href":"https:\/\/www.cavallcartro.cat\/escoles\/ebm-gotims-el-pampol\/wp-json\/wp\/v2\/types\/page"}],"author":[{"embeddable":true,"href":"https:\/\/www.cavallcartro.cat\/escoles\/ebm-gotims-el-pampol\/wp-json\/wp\/v2\/users\/1"}],"replies":[{"embeddable":true,"href":"https:\/\/www.cavallcartro.cat\/escoles\/ebm-gotims-el-pampol\/wp-json\/wp\/v2\/comments?post=33"}],"version-history":[{"count":179,"href":"https:\/\/www.cavallcartro.cat\/escoles\/ebm-gotims-el-pampol\/wp-json\/wp\/v2\/pages\/33\/revisions"}],"predecessor-version":[{"id":778,"href":"https:\/\/www.cavallcartro.cat\/escoles\/ebm-gotims-el-pampol\/wp-json\/wp\/v2\/pages\/33\/revisions\/778"}],"wp:attachment":[{"href":"https:\/\/www.cavallcartro.cat\/escoles\/ebm-gotims-el-pampol\/wp-json\/wp\/v2\/media?parent=33"}],"curies":[{"name":"wp","href":"https:\/\/api.w.org\/{rel}","templated":true}]}}