{"id":20,"date":"2024-09-20T13:08:35","date_gmt":"2024-09-20T11:08:35","guid":{"rendered":"https:\/\/www.cavallcartro.cat\/escoles\/ebm-els-montgatets\/?page_id=20"},"modified":"2026-03-31T09:02:10","modified_gmt":"2026-03-31T07:02:10","slug":"inici","status":"publish","type":"page","link":"https:\/\/www.cavallcartro.cat\/escoles\/ebm-els-montgatets\/","title":{"rendered":"Inici"},"content":{"rendered":"<div class=\"wpb-content-wrapper\">[vc_row full_width=&#8221;stretch_row&#8221; css=&#8221;.vc_custom_1506069431306{padding-top: 100px !important;padding-bottom: 100px !important;background-image: url(https:\/\/www.cavallcartro.cat\/escoles\/llip-la-baldufa\/wp-content\/uploads\/sites\/3\/2017\/09\/fons1.jpg?id=39) !important;}&#8221;][vc_column width=&#8221;1\/2&#8243;][vc_column_text css=&#8221;&#8221;]\n<h1>Fam\u00edlies, benvingudes a<br \/>\nl&#8217;EBM ELS MONTGATETS, de Montgat<\/h1>\n<p>L&#8217;EBM ELS MONTGATETS, va obrir les seves portes l&#8217;any 2007 i des de llavors hem acompanyat moltes criatures i les seves fam\u00edlies, en aquest cam\u00ed m\u00e0gic que \u00e9s <strong>el creixement i l&#8217;aprenentatge<\/strong> els primers tres anys de vida.[\/vc_column_text][\/vc_column][vc_column width=&#8221;1\/2&#8243;]<div  class=\"swmsc_image_lightbox  image_left\" >\n\n\t\t\t\t\t\t<div class=\"swmsc_image_lightbox_img\"><img decoding=\"async\" alt=\"\" src=\"https:\/\/www.cavallcartro.cat\/escoles\/ebm-els-montgatets\/wp-content\/uploads\/sites\/47\/2024\/10\/Logo-EBM-ELS-MONTGATETS.jpg\" class=\"\" style=\"border-radius:10px;\" \/><div class=\"swmsc_img_overlay\" style=\"border-radius:10px;\">\n\t\t\t\t\t\t\t\t\t\t\t\t<a class=\"swmsc_popup_img\" href=\"#\" title=\"\" target=\"_self\" >\n\t\t\t\t\t\t\t\t\t\t\t\t\t<i class=\"fa fa-search\"><\/i>\n\t\t\t\t\t\t\t\t\t\t\t\t<\/a>\n\t\t\t\t\t\t\t\t\t\t\t<\/div><\/div><\/div>[\/vc_column][\/vc_row][vc_row full_width=&#8221;stretch_row&#8221; el_id=&#8221;qui-som&#8221; css=&#8221;.vc_custom_1500032841736{padding-top: 150px !important;}&#8221;][vc_column width=&#8221;1\/4&#8243;]<div  class=\"swmsc_fancy_heading swmsc_fancy_heading_center fh_icon_fancyHeadingNoIcon\" style=\"margin-top:40px;margin-bottom:40px;\">\n\t\t\t\t\t\t<div class=\"swmsc_fancy_heading_text\" style=\"font-size:30px;line-height:36px;\">\n\t\t\t\t\t\t\t\n<h1>Qui som?<\/h1>\n\n\t\t\t\t\t\t\t<div class=\"swmsc_fancy_heading_border\">\n\t\t\t\t\t\t\t\t<span class=\"swmsc_fancy_heading_border1\" style=\"background:#f8b54d;\"><\/span>\n\t\t\t\t\t\t\t\t<span class=\"swmsc_fancy_heading_border2\" style=\"background:#f8b54d;\"><\/span>\n\t\t\t\t\t\t\t\t<span class=\"swmsc_fancy_heading_icon\"><i class=\"fa fa-fancyHeadingNoIcon\"  style=\"color:#8373ce;\"><\/i><\/span>\n\t\t\t\t\t\t\t<\/div>\n\t\t\t\t\t\t<\/div>\n\t\t\t\t\t<\/div>[\/vc_column][vc_column width=&#8221;3\/4&#8243; css=&#8221;.vc_custom_1506676453396{padding-top: 50px !important;}&#8221;][vc_column_text css=&#8221;&#8221;]Som una escola on partim d&#8217;una <strong>visi\u00f3\u00a0d&#8217;infant capa\u00e7\u00a0de descobrir el m\u00f3n<\/strong> de manera aut\u00f2noma i en relaci\u00f3 a la societat que l&#8217;envolta.<\/p>\n<p>Un\u00a0<strong>aprenentatge significatiu<\/strong>\u00a0on les preguntes i les respostes sobre el m\u00f3n les fan els propis infants, amb els seus coneixements i els coneixements dels seus companys, amb\u00a0l&#8217;acompanyament discret\u00a0d&#8217;unes educadores que\u00a0respecten el proc\u00e9s\u00a0i el cam\u00ed de cadascuna de les criatures.<\/p>\n<p>Un coneixement basat en el <strong>constructivisme<\/strong>, en els desitjos innats de l&#8217;\u00e9sser hum\u00e0 per con\u00e8ixer i descobrir les meravelles del m\u00f3n que els envolta.[\/vc_column_text][\/vc_column][\/vc_row][vc_row full_width=&#8221;stretch_row&#8221; el_id=&#8221;horaris&#8221; css=&#8221;.vc_custom_1499942765676{padding-top: 150px !important;}&#8221;][vc_column width=&#8221;1\/4&#8243;]<div  class=\"swmsc_fancy_heading swmsc_fancy_heading_center fh_icon_fancyHeadingNoIcon\" style=\"margin-top:40px;margin-bottom:40px;\">\n\t\t\t\t\t\t<div class=\"swmsc_fancy_heading_text\" style=\"font-size:30px;line-height:36px;\">\n\t\t\t\t\t\t\t\n<h1>Horaris<\/h1>\n\n\t\t\t\t\t\t\t<div class=\"swmsc_fancy_heading_border\">\n\t\t\t\t\t\t\t\t<span class=\"swmsc_fancy_heading_border1\" style=\"background:#f8b54d;\"><\/span>\n\t\t\t\t\t\t\t\t<span class=\"swmsc_fancy_heading_border2\" style=\"background:#f8b54d;\"><\/span>\n\t\t\t\t\t\t\t\t<span class=\"swmsc_fancy_heading_icon\"><i class=\"fa fa-fancyHeadingNoIcon\"  style=\"color:#8373ce;\"><\/i><\/span>\n\t\t\t\t\t\t\t<\/div>\n\t\t\t\t\t\t<\/div>\n\t\t\t\t\t<\/div>[\/vc_column][vc_column width=&#8221;3\/4&#8243; css=&#8221;.vc_custom_1506676461852{padding-top: 50px !important;}&#8221;][vc_column_text css=&#8221;&#8221;]L\u2019horari del centre\u00a0\u00e9s <strong>de dilluns a divendres de 9h fins a les 17:00h<\/strong>.<\/p>\n<p>L\u2019horari d\u2019escolaritzaci\u00f3 b\u00e0sica en el centre per als infants \u00e9s de 9h a 12:00h i de 15:00h a 17:00h de la tarda.<\/p>\n<p>L\u2019hora de dinar i descans \u00e9s des de les\u00a0 12:00h fins a les 15:00h.<\/p>\n<p>Oferim el\u00a0<strong>servei complementari d\u2019acollida<\/strong> el mat\u00ed, de 08:00h a 9:00h, per a aquelles fam\u00edlies que ho necessiten per conciliaci\u00f3 laboral.[\/vc_column_text][\/vc_column][\/vc_row][vc_row full_width=&#8221;stretch_row&#8221; el_id=&#8221;calendari&#8221; css=&#8221;.vc_custom_1499942774068{padding-top: 150px !important;}&#8221;][vc_column width=&#8221;1\/4&#8243;]<div  class=\"swmsc_fancy_heading swmsc_fancy_heading_center fh_icon_fancyHeadingNoIcon\" style=\"margin-top:40px;margin-bottom:40px;\">\n\t\t\t\t\t\t<div class=\"swmsc_fancy_heading_text\" style=\"font-size:30px;line-height:36px;\">\n\t\t\t\t\t\t\t\n<h1>Calendari<\/h1>\n\n\t\t\t\t\t\t\t<div class=\"swmsc_fancy_heading_border\">\n\t\t\t\t\t\t\t\t<span class=\"swmsc_fancy_heading_border1\" style=\"background:#f8b54d;\"><\/span>\n\t\t\t\t\t\t\t\t<span class=\"swmsc_fancy_heading_border2\" style=\"background:#f8b54d;\"><\/span>\n\t\t\t\t\t\t\t\t<span class=\"swmsc_fancy_heading_icon\"><i class=\"fa fa-fancyHeadingNoIcon\"  style=\"color:#8373ce;\"><\/i><\/span>\n\t\t\t\t\t\t\t<\/div>\n\t\t\t\t\t\t<\/div>\n\t\t\t\t\t<\/div>[\/vc_column][vc_column width=&#8221;3\/4&#8243; css=&#8221;.vc_custom_1506676469358{padding-top: 50px !important;}&#8221;]<div  class=\"swmsc_image_lightbox  image_left\" >\n\n\t\t\t\t\t\t<div class=\"swmsc_image_lightbox_img\"><img decoding=\"async\" alt=\"\" src=\"https:\/\/www.cavallcartro.cat\/escoles\/ebm-els-montgatets\/wp-content\/uploads\/sites\/47\/2025\/09\/Calendari-25-26.jpg\" class=\"\" style=\"border-radius:10px;\" \/><div class=\"swmsc_img_overlay\" style=\"border-radius:10px;\">\n\t\t\t\t\t\t\t\t\t\t\t\t<a class=\"swmsc_popup_img\" href=\"https:\/\/www.cavallcartro.cat\/escoles\/ebm-els-montgatets\/wp-content\/uploads\/sites\/47\/2025\/09\/Calendari-25-26.jpg\" title=\"\" target=\"_self\" >\n\t\t\t\t\t\t\t\t\t\t\t\t\t<i class=\"fa fa-search\"><\/i>\n\t\t\t\t\t\t\t\t\t\t\t\t<\/a>\n\t\t\t\t\t\t\t\t\t\t\t<\/div><\/div><\/div>[\/vc_column][\/vc_row][vc_row full_width=&#8221;stretch_row&#8221; el_id=&#8221;aules&#8221; css=&#8221;.vc_custom_1499942782522{padding-top: 150px !important;}&#8221;][vc_column width=&#8221;1\/4&#8243;]<div  class=\"swmsc_fancy_heading swmsc_fancy_heading_center fh_icon_fancyHeadingNoIcon\" style=\"margin-top:40px;margin-bottom:40px;\">\n\t\t\t\t\t\t<div class=\"swmsc_fancy_heading_text\" style=\"font-size:30px;line-height:36px;\">\n\t\t\t\t\t\t\t\n<h1>Aules<\/h1>\n\n\t\t\t\t\t\t\t<div class=\"swmsc_fancy_heading_border\">\n\t\t\t\t\t\t\t\t<span class=\"swmsc_fancy_heading_border1\" style=\"background:#f8b54d;\"><\/span>\n\t\t\t\t\t\t\t\t<span class=\"swmsc_fancy_heading_border2\" style=\"background:#f8b54d;\"><\/span>\n\t\t\t\t\t\t\t\t<span class=\"swmsc_fancy_heading_icon\"><i class=\"fa fa-fancyHeadingNoIcon\"  style=\"color:#8373ce;\"><\/i><\/span>\n\t\t\t\t\t\t\t<\/div>\n\t\t\t\t\t\t<\/div>\n\t\t\t\t\t<\/div>[\/vc_column][vc_column width=&#8221;3\/4&#8243; css=&#8221;.vc_custom_1506676474894{padding-top: 50px !important;}&#8221;][vc_row_inner][vc_column_inner]<div  class=\"swmsc_text_block\" > L&#8217;organitzaci\u00f3 i disposici\u00f3 dels diferents espais i la selecci\u00f3 dels materials de l&#8217;escola responen a la diversitat d&#8217;interessos i a les necessitats pr\u00f2pies dels infants.<\/p>\n<p>Creant\u00a0<strong>ambients relaxats<\/strong>\u00a0on puguin trobar tot all\u00f2 que necessiten per al seu desenvolupament harm\u00f2nic, tenint presents uns\u00a0l\u00edmits naturals\u00a0i de sentit com\u00fa que els donin <strong>seguretat i estabilitat<\/strong>, i amb una\u00a0mirada atenta\u00a0i un coneixement de cada infant que ens permeti respondre a les seves necessitats.<\/div>[\/vc_column_inner][\/vc_row_inner][vc_row_inner][vc_column_inner width=&#8221;1\/3&#8243;]<div class=\"center\"><div  class=\"swmsc_image_lightbox  image_center\" >\n\n\t\t\t\t\t\t<div class=\"swmsc_image_lightbox_img\"><img decoding=\"async\" alt=\"\" src=\"https:\/\/www.cavallcartro.cat\/escoles\/ebm-els-montgatets\/wp-content\/uploads\/sites\/47\/2024\/10\/i0.jpg\" class=\"\" style=\"border-radius:10px;\" \/><div class=\"swmsc_img_overlay\" style=\"border-radius:10px;\">\n\t\t\t\t\t\t\t\t\t\t\t\t<a class=\"swmsc_popup_img\" href=\"https:\/\/www.cavallcartro.cat\/escoles\/ebm-els-montgatets\/wp-content\/uploads\/sites\/47\/2024\/10\/i0.jpg\" title=\"\" target=\"_self\" >\n\t\t\t\t\t\t\t\t\t\t\t\t\t<i class=\"fa fa-search\"><\/i>\n\t\t\t\t\t\t\t\t\t\t\t\t<\/a>\n\t\t\t\t\t\t\t\t\t\t\t<\/div><\/div><\/div><\/div><div  class=\"swmsc_text_block\" > \n<p style=\"text-align: center;\"><strong>Estan\u00e7a I0<\/strong><\/p>\n<p style=\"text-align: center;\">L\u2019estan\u00e7a de nadons es un espai destinat per <strong>infants de 16 setmanes<\/strong> fins l\u2019any d\u2019edat. Aquesta estan\u00e7a disposa d\u2019un espai de joc di\u00e0fan, on l\u2019infant t\u00e9 al seu abast materials d\u2019<strong>exploraci\u00f3 sensoria<\/strong>l, i elements m\u00f2bils que estimulen l\u2019observaci\u00f3 i el moviment per agafar-los. Tamb\u00e9 disposa d\u2019elements que afavoreixen el <strong>moviment lliure<\/strong>. Tamb\u00e9 un espai per menjar, amb una zona per preparar biberons i farinetes. I una butaca i una taula camilla per l\u2019estona de dinar. Annexe hi ha un espai amb <strong>8 bressols<\/strong>. Tamb\u00e9 hi ha un espai de canvi i higiene.<\/p>\n<\/div>[\/vc_column_inner][vc_column_inner width=&#8221;1\/3&#8243;]<div class=\"center\"><div  class=\"swmsc_image_lightbox  image_center\" >\n\n\t\t\t\t\t\t<div class=\"swmsc_image_lightbox_img\"><img decoding=\"async\" alt=\"\" src=\"https:\/\/www.cavallcartro.cat\/escoles\/ebm-els-montgatets\/wp-content\/uploads\/sites\/47\/2024\/10\/i1.jpg\" class=\"\" style=\"border-radius:10px;\" \/><div class=\"swmsc_img_overlay\" style=\"border-radius:10px;\">\n\t\t\t\t\t\t\t\t\t\t\t\t<a class=\"swmsc_popup_img\" href=\"https:\/\/www.cavallcartro.cat\/escoles\/ebm-els-montgatets\/wp-content\/uploads\/sites\/47\/2024\/10\/i1.jpg\" title=\"\" target=\"_self\" >\n\t\t\t\t\t\t\t\t\t\t\t\t\t<i class=\"fa fa-search\"><\/i>\n\t\t\t\t\t\t\t\t\t\t\t\t<\/a>\n\t\t\t\t\t\t\t\t\t\t\t<\/div><\/div><\/div><\/div><div  class=\"swmsc_text_block\" > \n<p style=\"text-align: center;\"><strong>Estan\u00e7a I1<\/strong><\/p>\n<p style=\"text-align: center;\">L\u2019estan\u00e7a d\u2019infantil 1 disposa d\u2019un espai de joc confortable, amb material inespec\u00edfic, contenidors per omplir i buidar i peces per construccions. Un espai que <strong>estimula el joc de relaci\u00f3<\/strong>, com el \u201ctat\u201d o jocs d\u2019amagar-se, elements que estimulen el moviment i la descoberta . Tamb\u00e9 disposa d\u2019un <strong>espai per menjar<\/strong> en la mateixa estan\u00e7a, que consta de taules i cadires a la mida dels infants.<\/p>\n<\/div>[\/vc_column_inner][vc_column_inner width=&#8221;1\/3&#8243;]<div class=\"center\"><div  class=\"swmsc_image_lightbox  image_center\" >\n\n\t\t\t\t\t\t<div class=\"swmsc_image_lightbox_img\"><img decoding=\"async\" alt=\"\" src=\"https:\/\/www.cavallcartro.cat\/escoles\/ebm-els-montgatets\/wp-content\/uploads\/sites\/47\/2024\/10\/i2.jpg\" class=\"\" style=\"border-radius:10px;\" \/><div class=\"swmsc_img_overlay\" style=\"border-radius:10px;\">\n\t\t\t\t\t\t\t\t\t\t\t\t<a class=\"swmsc_popup_img\" href=\"https:\/\/www.cavallcartro.cat\/escoles\/ebm-els-montgatets\/wp-content\/uploads\/sites\/47\/2024\/10\/i2.jpg\" title=\"\" target=\"_self\" >\n\t\t\t\t\t\t\t\t\t\t\t\t\t<i class=\"fa fa-search\"><\/i>\n\t\t\t\t\t\t\t\t\t\t\t\t<\/a>\n\t\t\t\t\t\t\t\t\t\t\t<\/div><\/div><\/div><\/div><div  class=\"swmsc_text_block\" > \n<p style=\"text-align: center;\"><strong>Estan\u00e7a I2<\/strong><\/p>\n<p style=\"text-align: center;\">Les estances d\u2019infantil 2 disposen d\u2019espais per promoure els <strong>jocs d\u2019imitaci\u00f3<\/strong> i la iniciaci\u00f3 al <strong>joc simb\u00f2lic<\/strong>. Espais on es pot jugar amb les qualitats i les quantitats dels objectes, amb materials inespec\u00edfics. Un espai per estimular els diferents llenguatges, amb una petita <strong>biblioteca, titelles i altres elements<\/strong> que promouen la conversa. Tamb\u00e9 disposen d\u2019un espai per menjar a la mateixa estan\u00e7a.<\/p>\n<\/div>[\/vc_column_inner][\/vc_row_inner][vc_row_inner][vc_column_inner width=&#8221;1\/3&#8243;]<div class=\"center\"><div  class=\"swmsc_image_lightbox  image_center\" >\n\n\t\t\t\t\t\t<div class=\"swmsc_image_lightbox_img\"><img decoding=\"async\" alt=\"\" src=\"https:\/\/www.cavallcartro.cat\/escoles\/ebm-els-montgatets\/wp-content\/uploads\/sites\/47\/2024\/10\/i2.jpg\" class=\"\" style=\"border-radius:10px;\" \/><div class=\"swmsc_img_overlay\" style=\"border-radius:10px;\">\n\t\t\t\t\t\t\t\t\t\t\t\t<a class=\"swmsc_popup_img\" href=\"https:\/\/www.cavallcartro.cat\/escoles\/ebm-els-montgatets\/wp-content\/uploads\/sites\/47\/2024\/10\/i2.jpg\" title=\"\" target=\"_self\" >\n\t\t\t\t\t\t\t\t\t\t\t\t\t<i class=\"fa fa-search\"><\/i>\n\t\t\t\t\t\t\t\t\t\t\t\t<\/a>\n\t\t\t\t\t\t\t\t\t\t\t<\/div><\/div><\/div><\/div><div  class=\"swmsc_text_block\" > \n<p style=\"text-align: center;\"><strong>Estan\u00e7a I2<\/strong><\/p>\n<p style=\"text-align: center;\">L&#8217;estan\u00e7a proposa descobrir el m\u00f3n amb materials inespec\u00edfics i fomentar els jocs d\u2019imitaci\u00f3 i simb\u00f2lics. Es deixen a disposici\u00f3 dels infants <strong>llibres de contes, titelles<\/strong> i altres elements per explorar i compartir. Inclou un rac\u00f3 destinat als \u00e0pats.<\/p>\n<\/div>[\/vc_column_inner][vc_column_inner width=&#8221;1\/3&#8243;]<div class=\"center\"><div  class=\"swmsc_image_lightbox  image_center\" >\n\n\t\t\t\t\t\t<div class=\"swmsc_image_lightbox_img\"><img decoding=\"async\" alt=\"\" src=\"\" class=\"\" style=\"border-radius:10px;\" \/><div class=\"swmsc_img_overlay\" style=\"border-radius:10px;\">\n\t\t\t\t\t\t\t\t\t\t\t\t<a class=\"swmsc_popup_img\" href=\"https:\/\/www.cavallcartro.cat\/escoles\/ebm-els-galamons\/wp-content\/uploads\/sites\/7\/2024\/04\/psicomotricitat-scaled.jpg\" title=\"\" target=\"_self\" >\n\t\t\t\t\t\t\t\t\t\t\t\t\t<i class=\"fa fa-search\"><\/i>\n\t\t\t\t\t\t\t\t\t\t\t\t<\/a>\n\t\t\t\t\t\t\t\t\t\t\t<\/div><\/div><\/div><\/div><div  class=\"swmsc_text_block\" > \n<p style=\"text-align: center;\"><strong>Sala polivalent<\/strong><\/p>\n<\/div>[\/vc_column_inner][vc_column_inner width=&#8221;1\/3&#8243;]<div class=\"center\"><div  class=\"swmsc_image_lightbox  image_center\" >\n\n\t\t\t\t\t\t<div class=\"swmsc_image_lightbox_img\"><img decoding=\"async\" alt=\"\" src=\"https:\/\/www.cavallcartro.cat\/escoles\/ebm-els-montgatets\/wp-content\/uploads\/sites\/47\/2024\/10\/escola-5.jpg\" class=\"\" style=\"border-radius:10px;\" \/><div class=\"swmsc_img_overlay\" style=\"border-radius:10px;\">\n\t\t\t\t\t\t\t\t\t\t\t\t<a class=\"swmsc_popup_img\" href=\"https:\/\/www.cavallcartro.cat\/escoles\/ebm-els-montgatets\/wp-content\/uploads\/sites\/47\/2024\/10\/escola-5.jpg\" title=\"\" target=\"_self\" >\n\t\t\t\t\t\t\t\t\t\t\t\t\t<i class=\"fa fa-search\"><\/i>\n\t\t\t\t\t\t\t\t\t\t\t\t<\/a>\n\t\t\t\t\t\t\t\t\t\t\t<\/div><\/div><\/div><\/div><div  class=\"swmsc_text_block\" > \n<p style=\"text-align: center;\"><strong>Sala de llum<br \/>\n<\/strong><\/p>\n<p>La sala de llum inclou elements que estimulen <strong>els sentits i la creativitat<\/strong>, en petits grups i en un ambient de confian\u00e7a.<\/div>[\/vc_column_inner][\/vc_row_inner][vc_row_inner][vc_column_inner width=&#8221;1\/3&#8243;]<div class=\"center\"><div  class=\"swmsc_image_lightbox  image_center\" >\n\n\t\t\t\t\t\t<div class=\"swmsc_image_lightbox_img\"><img decoding=\"async\" alt=\"\" src=\"https:\/\/www.cavallcartro.cat\/escoles\/ebm-els-montgatets\/wp-content\/uploads\/sites\/47\/2024\/10\/jardi.jpg\" class=\"\" style=\"border-radius:10px;\" \/><div class=\"swmsc_img_overlay\" style=\"border-radius:10px;\">\n\t\t\t\t\t\t\t\t\t\t\t\t<a class=\"swmsc_popup_img\" href=\"https:\/\/www.cavallcartro.cat\/escoles\/ebm-els-montgatets\/wp-content\/uploads\/sites\/47\/2024\/10\/jardi.jpg\" title=\"\" target=\"_self\" >\n\t\t\t\t\t\t\t\t\t\t\t\t\t<i class=\"fa fa-search\"><\/i>\n\t\t\t\t\t\t\t\t\t\t\t\t<\/a>\n\t\t\t\t\t\t\t\t\t\t\t<\/div><\/div><\/div><\/div><div  class=\"swmsc_text_block\" > \n<p style=\"text-align: center;\"><strong>Jard\u00ed<\/strong><\/p>\n<p>El jard\u00ed de l&#8217;escola \u00e9s <strong>un espai educatiu m\u00e9s<\/strong>, amb racons que conviden a la descoberta i el lloc lliure. Les plantes i els elements de fusta creen un entorn natural ideal per la motricitat i els aprenentatges, sota la mirada atenta de les educadores.<\/div>[\/vc_column_inner][vc_column_inner width=&#8221;1\/3&#8243;]<div class=\"center\"><div  class=\"swmsc_image_lightbox  image_center\" >\n\n\t\t\t\t\t\t<div class=\"swmsc_image_lightbox_img\"><img decoding=\"async\" alt=\"\" src=\"https:\/\/www.cavallcartro.cat\/escoles\/ebm-els-montgatets\/wp-content\/uploads\/sites\/47\/2024\/10\/hort.jpg\" class=\"\" style=\"border-radius:10px;\" \/><div class=\"swmsc_img_overlay\" style=\"border-radius:10px;\">\n\t\t\t\t\t\t\t\t\t\t\t\t<a class=\"swmsc_popup_img\" href=\"https:\/\/www.cavallcartro.cat\/escoles\/ebm-els-montgatets\/wp-content\/uploads\/sites\/47\/2024\/10\/hort.jpg\" title=\"\" target=\"_self\" >\n\t\t\t\t\t\t\t\t\t\t\t\t\t<i class=\"fa fa-search\"><\/i>\n\t\t\t\t\t\t\t\t\t\t\t\t<\/a>\n\t\t\t\t\t\t\t\t\t\t\t<\/div><\/div><\/div><\/div><div  class=\"swmsc_text_block\" > \n<p style=\"text-align: center;\"><strong>Espai d&#8217;hort<br \/>\n<\/strong><\/p>\n<p>L&#8217;hort de l&#8217;escola \u00e9s tamb\u00e9 un <strong>espai d&#8217;observaci\u00f3 i d&#8217;activitats<\/strong>. Permet veure com creixen les hortalisses, col\u00b7laborar a regar-les, encetar converses&#8230; T\u00e9 vinculats valors de cura i d&#8217;estima del medi natural.<\/div>[\/vc_column_inner][\/vc_row_inner][\/vc_column][\/vc_row][vc_row full_width=&#8221;stretch_row&#8221; el_id=&#8221;menus&#8221; css=&#8221;.vc_custom_1500032698252{padding-top: 150px !important;}&#8221;][vc_column width=&#8221;1\/4&#8243;]<div  class=\"swmsc_fancy_heading swmsc_fancy_heading_center fh_icon_fancyHeadingNoIcon\" style=\"margin-top:40px;margin-bottom:40px;\">\n\t\t\t\t\t\t<div class=\"swmsc_fancy_heading_text\" style=\"font-size:30px;line-height:36px;\">\n\t\t\t\t\t\t\t\n<h1>Men\u00fas<\/h1>\n\n\t\t\t\t\t\t\t<div class=\"swmsc_fancy_heading_border\">\n\t\t\t\t\t\t\t\t<span class=\"swmsc_fancy_heading_border1\" style=\"background:#f8b54d;\"><\/span>\n\t\t\t\t\t\t\t\t<span class=\"swmsc_fancy_heading_border2\" style=\"background:#f8b54d;\"><\/span>\n\t\t\t\t\t\t\t\t<span class=\"swmsc_fancy_heading_icon\"><i class=\"fa fa-fancyHeadingNoIcon\"  style=\"color:#8373ce;\"><\/i><\/span>\n\t\t\t\t\t\t\t<\/div>\n\t\t\t\t\t\t<\/div>\n\t\t\t\t\t<\/div>[\/vc_column][vc_column width=&#8221;3\/4&#8243; css=&#8221;.vc_custom_1506676481291{padding-top: 50px !important;}&#8221;][vc_row_inner][vc_column_inner]<div  class=\"swmsc_image_lightbox  image_left\" >\n\n\t\t\t\t\t\t<div class=\"swmsc_image_lightbox_img\"><img decoding=\"async\" alt=\"\" src=\"https:\/\/www.cavallcartro.cat\/escoles\/ebm-els-montgatets\/wp-content\/uploads\/sites\/47\/2026\/03\/Menu-Basal-1.jpg\" class=\"\" style=\"border-radius:10px;\" \/><div class=\"swmsc_img_overlay\" style=\"border-radius:10px;\">\n\t\t\t\t\t\t\t\t\t\t\t\t<a class=\"swmsc_popup_img\" href=\"https:\/\/www.cavallcartro.cat\/escoles\/ebm-els-montgatets\/wp-content\/uploads\/sites\/47\/2026\/03\/Menu-Basal-1.jpg\" title=\"\" target=\"_self\" >\n\t\t\t\t\t\t\t\t\t\t\t\t\t<i class=\"fa fa-search\"><\/i>\n\t\t\t\t\t\t\t\t\t\t\t\t<\/a>\n\t\t\t\t\t\t\t\t\t\t\t<\/div><\/div><\/div><div  class=\"swmsc_image_lightbox  image_left\" >\n\n\t\t\t\t\t\t<div class=\"swmsc_image_lightbox_img\"><img decoding=\"async\" alt=\"\" src=\"https:\/\/www.cavallcartro.cat\/escoles\/ebm-els-montgatets\/wp-content\/uploads\/sites\/47\/2026\/03\/Triturat-de-Verdura-Carn-peix-o-llegum.jpg\" class=\"\" style=\"border-radius:10px;\" \/><div class=\"swmsc_img_overlay\" style=\"border-radius:10px;\">\n\t\t\t\t\t\t\t\t\t\t\t\t<a class=\"swmsc_popup_img\" href=\"https:\/\/www.cavallcartro.cat\/escoles\/ebm-els-montgatets\/wp-content\/uploads\/sites\/47\/2026\/03\/Triturat-de-Verdura-Carn-peix-o-llegum.jpg\" title=\"\" target=\"_self\" >\n\t\t\t\t\t\t\t\t\t\t\t\t\t<i class=\"fa fa-search\"><\/i>\n\t\t\t\t\t\t\t\t\t\t\t\t<\/a>\n\t\t\t\t\t\t\t\t\t\t\t<\/div><\/div><\/div><div  class=\"swmsc_image_lightbox  image_left\" >\n\n\t\t\t\t\t\t<div class=\"swmsc_image_lightbox_img\"><img decoding=\"async\" alt=\"\" src=\"https:\/\/www.cavallcartro.cat\/escoles\/ebm-els-montgatets\/wp-content\/uploads\/sites\/47\/2026\/03\/Triturat-Verdura-amb-carn.jpg\" class=\"\" style=\"border-radius:10px;\" \/><div class=\"swmsc_img_overlay\" style=\"border-radius:10px;\">\n\t\t\t\t\t\t\t\t\t\t\t\t<a class=\"swmsc_popup_img\" href=\"https:\/\/www.cavallcartro.cat\/escoles\/ebm-els-montgatets\/wp-content\/uploads\/sites\/47\/2026\/03\/Triturat-Verdura-amb-carn.jpg\" title=\"\" target=\"_self\" >\n\t\t\t\t\t\t\t\t\t\t\t\t\t<i class=\"fa fa-search\"><\/i>\n\t\t\t\t\t\t\t\t\t\t\t\t<\/a>\n\t\t\t\t\t\t\t\t\t\t\t<\/div><\/div><\/div>[\/vc_column_inner][\/vc_row_inner][\/vc_column][\/vc_row]\n<\/div>","protected":false},"excerpt":{"rendered":"<p>L&#8217;EBM Els Montgatets \u00e9s l&#8217;escola bressol municipal de Montgat, un espai per a acompanyar els nens i nenes de 0 a 3 a descobrir el m\u00f3n.<\/p>\n","protected":false},"author":1,"featured_media":0,"parent":0,"menu_order":0,"comment_status":"closed","ping_status":"closed","template":"","meta":{"footnotes":""},"class_list":["post-20","page","type-page","status-publish","hentry"],"yoast_head":"<!-- This site is optimized with the Yoast SEO plugin v27.5 - https:\/\/yoast.com\/product\/yoast-seo-wordpress\/ -->\n<title>EBM Els Montgatets. Escoles bressol municipal de Montgat<\/title>\n<meta name=\"description\" content=\"L&#039;EBM Els Montgatets \u00e9s l&#039;escola bressol municipal de Montgat, un espai per a acompanyar els nens i nenes de 0 a 3 a descobrir el m\u00f3n.\" \/>\n<meta name=\"robots\" content=\"index, follow, max-snippet:-1, max-image-preview:large, max-video-preview:-1\" \/>\n<link rel=\"canonical\" href=\"https:\/\/www.cavallcartro.cat\/escoles\/ebm-els-montgatets\/\" \/>\n<meta property=\"og:locale\" content=\"ca_ES\" \/>\n<meta property=\"og:type\" content=\"article\" \/>\n<meta property=\"og:title\" content=\"EBM Els Montgatets. Escoles bressol municipal de Montgat\" \/>\n<meta property=\"og:description\" content=\"L&#039;EBM Els Montgatets \u00e9s l&#039;escola bressol municipal de Montgat, un espai per a acompanyar els nens i nenes de 0 a 3 a descobrir el m\u00f3n.\" \/>\n<meta property=\"og:url\" content=\"https:\/\/www.cavallcartro.cat\/escoles\/ebm-els-montgatets\/\" \/>\n<meta property=\"og:site_name\" content=\"EBM ELS MONTGATETS. Escola bressol municipal de Montgat\" \/>\n<meta property=\"article:publisher\" content=\"https:\/\/www.facebook.com\/cavallcartroedu\" \/>\n<meta property=\"article:modified_time\" content=\"2026-03-31T07:02:10+00:00\" \/>\n<meta name=\"twitter:card\" content=\"summary_large_image\" \/>\n<meta name=\"twitter:site\" content=\"@cavallcartroedu\" \/>\n<meta name=\"twitter:label1\" content=\"Temps estimat de lectura\" \/>\n\t<meta name=\"twitter:data1\" content=\"6 minuts\" \/>\n<script type=\"application\/ld+json\" class=\"yoast-schema-graph\">{\"@context\":\"https:\\\/\\\/schema.org\",\"@graph\":[{\"@type\":\"WebPage\",\"@id\":\"https:\\\/\\\/www.cavallcartro.cat\\\/escoles\\\/ebm-els-montgatets\\\/\",\"url\":\"https:\\\/\\\/www.cavallcartro.cat\\\/escoles\\\/ebm-els-montgatets\\\/\",\"name\":\"EBM Els Montgatets. Escoles bressol municipal de Montgat\",\"isPartOf\":{\"@id\":\"https:\\\/\\\/www.cavallcartro.cat\\\/escoles\\\/ebm-els-montgatets\\\/#website\"},\"datePublished\":\"2024-09-20T11:08:35+00:00\",\"dateModified\":\"2026-03-31T07:02:10+00:00\",\"description\":\"L'EBM Els Montgatets \u00e9s l'escola bressol municipal de Montgat, un espai per a acompanyar els nens i nenes de 0 a 3 a descobrir el m\u00f3n.\",\"breadcrumb\":{\"@id\":\"https:\\\/\\\/www.cavallcartro.cat\\\/escoles\\\/ebm-els-montgatets\\\/#breadcrumb\"},\"inLanguage\":\"ca\",\"potentialAction\":[{\"@type\":\"ReadAction\",\"target\":[\"https:\\\/\\\/www.cavallcartro.cat\\\/escoles\\\/ebm-els-montgatets\\\/\"]}]},{\"@type\":\"BreadcrumbList\",\"@id\":\"https:\\\/\\\/www.cavallcartro.cat\\\/escoles\\\/ebm-els-montgatets\\\/#breadcrumb\",\"itemListElement\":[{\"@type\":\"ListItem\",\"position\":1,\"name\":\"Portada\",\"item\":\"https:\\\/\\\/www.cavallcartro.cat\\\/escoles\\\/ebm-els-montgatets\\\/\"},{\"@type\":\"ListItem\",\"position\":2,\"name\":\"Inici\"}]},{\"@type\":\"WebSite\",\"@id\":\"https:\\\/\\\/www.cavallcartro.cat\\\/escoles\\\/ebm-els-montgatets\\\/#website\",\"url\":\"https:\\\/\\\/www.cavallcartro.cat\\\/escoles\\\/ebm-els-montgatets\\\/\",\"name\":\"EBM ELS MONTGATETS. Escola bressol municipal de Montgat\",\"description\":\"\",\"publisher\":{\"@id\":\"https:\\\/\\\/www.cavallcartro.cat\\\/escoles\\\/ebm-els-montgatets\\\/#organization\"},\"potentialAction\":[{\"@type\":\"SearchAction\",\"target\":{\"@type\":\"EntryPoint\",\"urlTemplate\":\"https:\\\/\\\/www.cavallcartro.cat\\\/escoles\\\/ebm-els-montgatets\\\/?s={search_term_string}\"},\"query-input\":{\"@type\":\"PropertyValueSpecification\",\"valueRequired\":true,\"valueName\":\"search_term_string\"}}],\"inLanguage\":\"ca\"},{\"@type\":\"Organization\",\"@id\":\"https:\\\/\\\/www.cavallcartro.cat\\\/escoles\\\/ebm-els-montgatets\\\/#organization\",\"name\":\"EBM ELS MONTGATETS. Escola bressol municipal de Montgat\",\"url\":\"https:\\\/\\\/www.cavallcartro.cat\\\/escoles\\\/ebm-els-montgatets\\\/\",\"logo\":{\"@type\":\"ImageObject\",\"inLanguage\":\"ca\",\"@id\":\"https:\\\/\\\/www.cavallcartro.cat\\\/escoles\\\/ebm-els-montgatets\\\/#\\\/schema\\\/logo\\\/image\\\/\",\"url\":\"https:\\\/\\\/www.cavallcartro.cat\\\/escoles\\\/ebm-els-montgatets\\\/wp-content\\\/uploads\\\/sites\\\/47\\\/2024\\\/10\\\/Logo-EBM-ELS-MONTGATETS.jpg\",\"contentUrl\":\"https:\\\/\\\/www.cavallcartro.cat\\\/escoles\\\/ebm-els-montgatets\\\/wp-content\\\/uploads\\\/sites\\\/47\\\/2024\\\/10\\\/Logo-EBM-ELS-MONTGATETS.jpg\",\"width\":824,\"height\":356,\"caption\":\"EBM ELS MONTGATETS. Escola bressol municipal de Montgat\"},\"image\":{\"@id\":\"https:\\\/\\\/www.cavallcartro.cat\\\/escoles\\\/ebm-els-montgatets\\\/#\\\/schema\\\/logo\\\/image\\\/\"},\"sameAs\":[\"https:\\\/\\\/www.facebook.com\\\/cavallcartroedu\",\"https:\\\/\\\/x.com\\\/cavallcartroedu\",\"https:\\\/\\\/www.instagram.com\\\/cavallcartroedu\"]}]}<\/script>\n<!-- \/ Yoast SEO plugin. -->","yoast_head_json":{"title":"EBM Els Montgatets. Escoles bressol municipal de Montgat","description":"L'EBM Els Montgatets \u00e9s l'escola bressol municipal de Montgat, un espai per a acompanyar els nens i nenes de 0 a 3 a descobrir el m\u00f3n.","robots":{"index":"index","follow":"follow","max-snippet":"max-snippet:-1","max-image-preview":"max-image-preview:large","max-video-preview":"max-video-preview:-1"},"canonical":"https:\/\/www.cavallcartro.cat\/escoles\/ebm-els-montgatets\/","og_locale":"ca_ES","og_type":"article","og_title":"EBM Els Montgatets. Escoles bressol municipal de Montgat","og_description":"L'EBM Els Montgatets \u00e9s l'escola bressol municipal de Montgat, un espai per a acompanyar els nens i nenes de 0 a 3 a descobrir el m\u00f3n.","og_url":"https:\/\/www.cavallcartro.cat\/escoles\/ebm-els-montgatets\/","og_site_name":"EBM ELS MONTGATETS. Escola bressol municipal de Montgat","article_publisher":"https:\/\/www.facebook.com\/cavallcartroedu","article_modified_time":"2026-03-31T07:02:10+00:00","twitter_card":"summary_large_image","twitter_site":"@cavallcartroedu","twitter_misc":{"Temps estimat de lectura":"6 minuts"},"schema":{"@context":"https:\/\/schema.org","@graph":[{"@type":"WebPage","@id":"https:\/\/www.cavallcartro.cat\/escoles\/ebm-els-montgatets\/","url":"https:\/\/www.cavallcartro.cat\/escoles\/ebm-els-montgatets\/","name":"EBM Els Montgatets. Escoles bressol municipal de Montgat","isPartOf":{"@id":"https:\/\/www.cavallcartro.cat\/escoles\/ebm-els-montgatets\/#website"},"datePublished":"2024-09-20T11:08:35+00:00","dateModified":"2026-03-31T07:02:10+00:00","description":"L'EBM Els Montgatets \u00e9s l'escola bressol municipal de Montgat, un espai per a acompanyar els nens i nenes de 0 a 3 a descobrir el m\u00f3n.","breadcrumb":{"@id":"https:\/\/www.cavallcartro.cat\/escoles\/ebm-els-montgatets\/#breadcrumb"},"inLanguage":"ca","potentialAction":[{"@type":"ReadAction","target":["https:\/\/www.cavallcartro.cat\/escoles\/ebm-els-montgatets\/"]}]},{"@type":"BreadcrumbList","@id":"https:\/\/www.cavallcartro.cat\/escoles\/ebm-els-montgatets\/#breadcrumb","itemListElement":[{"@type":"ListItem","position":1,"name":"Portada","item":"https:\/\/www.cavallcartro.cat\/escoles\/ebm-els-montgatets\/"},{"@type":"ListItem","position":2,"name":"Inici"}]},{"@type":"WebSite","@id":"https:\/\/www.cavallcartro.cat\/escoles\/ebm-els-montgatets\/#website","url":"https:\/\/www.cavallcartro.cat\/escoles\/ebm-els-montgatets\/","name":"EBM ELS MONTGATETS. Escola bressol municipal de Montgat","description":"","publisher":{"@id":"https:\/\/www.cavallcartro.cat\/escoles\/ebm-els-montgatets\/#organization"},"potentialAction":[{"@type":"SearchAction","target":{"@type":"EntryPoint","urlTemplate":"https:\/\/www.cavallcartro.cat\/escoles\/ebm-els-montgatets\/?s={search_term_string}"},"query-input":{"@type":"PropertyValueSpecification","valueRequired":true,"valueName":"search_term_string"}}],"inLanguage":"ca"},{"@type":"Organization","@id":"https:\/\/www.cavallcartro.cat\/escoles\/ebm-els-montgatets\/#organization","name":"EBM ELS MONTGATETS. Escola bressol municipal de Montgat","url":"https:\/\/www.cavallcartro.cat\/escoles\/ebm-els-montgatets\/","logo":{"@type":"ImageObject","inLanguage":"ca","@id":"https:\/\/www.cavallcartro.cat\/escoles\/ebm-els-montgatets\/#\/schema\/logo\/image\/","url":"https:\/\/www.cavallcartro.cat\/escoles\/ebm-els-montgatets\/wp-content\/uploads\/sites\/47\/2024\/10\/Logo-EBM-ELS-MONTGATETS.jpg","contentUrl":"https:\/\/www.cavallcartro.cat\/escoles\/ebm-els-montgatets\/wp-content\/uploads\/sites\/47\/2024\/10\/Logo-EBM-ELS-MONTGATETS.jpg","width":824,"height":356,"caption":"EBM ELS MONTGATETS. Escola bressol municipal de Montgat"},"image":{"@id":"https:\/\/www.cavallcartro.cat\/escoles\/ebm-els-montgatets\/#\/schema\/logo\/image\/"},"sameAs":["https:\/\/www.facebook.com\/cavallcartroedu","https:\/\/x.com\/cavallcartroedu","https:\/\/www.instagram.com\/cavallcartroedu"]}]}},"_links":{"self":[{"href":"https:\/\/www.cavallcartro.cat\/escoles\/ebm-els-montgatets\/wp-json\/wp\/v2\/pages\/20","targetHints":{"allow":["GET"]}}],"collection":[{"href":"https:\/\/www.cavallcartro.cat\/escoles\/ebm-els-montgatets\/wp-json\/wp\/v2\/pages"}],"about":[{"href":"https:\/\/www.cavallcartro.cat\/escoles\/ebm-els-montgatets\/wp-json\/wp\/v2\/types\/page"}],"author":[{"embeddable":true,"href":"https:\/\/www.cavallcartro.cat\/escoles\/ebm-els-montgatets\/wp-json\/wp\/v2\/users\/1"}],"replies":[{"embeddable":true,"href":"https:\/\/www.cavallcartro.cat\/escoles\/ebm-els-montgatets\/wp-json\/wp\/v2\/comments?post=20"}],"version-history":[{"count":24,"href":"https:\/\/www.cavallcartro.cat\/escoles\/ebm-els-montgatets\/wp-json\/wp\/v2\/pages\/20\/revisions"}],"predecessor-version":[{"id":56,"href":"https:\/\/www.cavallcartro.cat\/escoles\/ebm-els-montgatets\/wp-json\/wp\/v2\/pages\/20\/revisions\/56"}],"wp:attachment":[{"href":"https:\/\/www.cavallcartro.cat\/escoles\/ebm-els-montgatets\/wp-json\/wp\/v2\/media?parent=20"}],"curies":[{"name":"wp","href":"https:\/\/api.w.org\/{rel}","templated":true}]}}