{"id":10,"date":"2017-09-22T17:27:48","date_gmt":"2017-09-22T17:27:48","guid":{"rendered":"http:\/\/www.cavallcartro.cat\/escoles\/ebm-el-gat-mullat\/?page_id=10"},"modified":"2019-01-31T15:13:20","modified_gmt":"2019-01-31T15:13:20","slug":"ampa","status":"publish","type":"page","link":"https:\/\/www.cavallcartro.cat\/escoles\/ebm-el-gall-mullat\/ampa\/","title":{"rendered":"AMPA"},"content":{"rendered":"<div class=\"wpb-content-wrapper\">[vc_row][vc_column]<div  class=\"swmsc_fancy_heading swmsc_fancy_heading_center fh_icon_fancyHeadingNoIcon\" style=\"margin-top:40px;margin-bottom:40px;\">\n\t\t\t\t\t\t<div class=\"swmsc_fancy_heading_text\" style=\"font-size:30px;line-height:36px;\">\n\t\t\t\t\t\t\t\n<h1>AMPA El Gall Mullat<\/h1>\n\n\t\t\t\t\t\t\t<div class=\"swmsc_fancy_heading_border\">\n\t\t\t\t\t\t\t\t<span class=\"swmsc_fancy_heading_border1\" style=\"background:#f8b54d;\"><\/span>\n\t\t\t\t\t\t\t\t<span class=\"swmsc_fancy_heading_border2\" style=\"background:#f8b54d;\"><\/span>\n\t\t\t\t\t\t\t\t<span class=\"swmsc_fancy_heading_icon\"><i class=\"fa fa-fancyHeadingNoIcon\"  style=\"color:#8373ce;\"><\/i><\/span>\n\t\t\t\t\t\t\t<\/div>\n\t\t\t\t\t\t<\/div>\n\t\t\t\t\t<\/div>[\/vc_column][\/vc_row][vc_row full_width=&#8221;stretch_row&#8221; css=&#8221;.vc_custom_1506623550978{padding-top: 150px !important;}&#8221;][vc_column width=&#8221;1\/4&#8243;]<div  class=\"swmsc_fancy_heading swmsc_fancy_heading_center fh_icon_fancyHeadingNoIcon\" style=\"margin-top:40px;margin-bottom:40px;\">\n\t\t\t\t\t\t<div class=\"swmsc_fancy_heading_text\" style=\"font-size:30px;line-height:36px;\">\n\t\t\t\t\t\t\t\n<h1>Qu\u00e8 \u00e9s?<\/h1>\n\n\t\t\t\t\t\t\t<div class=\"swmsc_fancy_heading_border\">\n\t\t\t\t\t\t\t\t<span class=\"swmsc_fancy_heading_border1\" style=\"background:#f8b54d;\"><\/span>\n\t\t\t\t\t\t\t\t<span class=\"swmsc_fancy_heading_border2\" style=\"background:#f8b54d;\"><\/span>\n\t\t\t\t\t\t\t\t<span class=\"swmsc_fancy_heading_icon\"><i class=\"fa fa-fancyHeadingNoIcon\"  style=\"color:#8373ce;\"><\/i><\/span>\n\t\t\t\t\t\t\t<\/div>\n\t\t\t\t\t\t<\/div>\n\t\t\t\t\t<\/div>[\/vc_column][vc_column width=&#8221;3\/4&#8243; css=&#8221;.vc_custom_1506623731342{padding-top: 50px !important;}&#8221;][vc_column_text]Quan comencem el curs a l\u2019Escola Bressol, tots portem als nostres fills\/es amb la il\u00b7lusi\u00f3 que aprenguin moltes coses al mateix temps que es diverteixen. Alguns pares i mares som nous i encara\u00a0 ens hem de fer a la din\u00e0mica de l\u2019escola, per\u00f2 estem segurs que entre tots podrem aconseguir una escola m\u00e9s activa a trav\u00e9s de la participaci\u00f3 dels pares i mares.<\/p>\n<p>Per aquest motiu, hi ha constitu\u00efda des de l\u2019any 2006 l\u2019AMPA. Entre tots els pares i mares que hi assistim ens sembla bona idea organitzar-nos per proposar activitats tant pels infants com per les fam\u00edlies. Us informem que aquesta constituci\u00f3 queda oberta a tothom, per si alg\u00fa m\u00e9s s\u2019hi anima i vol formar-ne part. <strong>Com m\u00e9s siguem millor!<\/strong><\/p>\n<p>Hem de dir que l\u2019AMPA \u00e9s una organitzaci\u00f3 volunt\u00e0ria dels pares i mares de l\u2019escola, sense \u00e0nim de lucre, que l\u2019\u00fanic que pret\u00e9n es participar en l\u2019educaci\u00f3 dels fills\/es i formar part de l\u2019\u00e0mbit escolar. Aquesta organitzaci\u00f3 es oberta a tots els pares i ens encantaria que hi form\u00e9ssiu part i aport\u00e9ssiu idees noves,\u00a0 per tal que <strong>tots els infants, <\/strong>sense distinci\u00f3, en puguin gaudir. A m\u00e9s la Junta tamb\u00e9 hi \u00e9s per escoltar-vos i ajudar-vos en tot el que ens sigui possible davant dels organismes pertinents.<\/p>\n<p>A principi de curs es fa una aportaci\u00f3 anual de 30\u20ac, i amb aix\u00f2, i l\u2019ajuda de l\u2019ajuntament podem fer moltes coses. El curs passat es van organitzar festes per a la castanyada, el Nadal\u00a0 i Fi de Curs, les disfresses&#8230; Els diners que \u00e9s recullen son destinats a finan\u00e7ar aquestes activitats i altres projectes.[\/vc_column_text][\/vc_column][\/vc_row][vc_row full_width=&#8221;stretch_row&#8221; css=&#8221;.vc_custom_1499942765676{padding-top: 150px !important;}&#8221;][vc_column width=&#8221;1\/4&#8243;]<div  class=\"swmsc_fancy_heading swmsc_fancy_heading_center fh_icon_fancyHeadingNoIcon\" style=\"margin-top:40px;margin-bottom:40px;\">\n\t\t\t\t\t\t<div class=\"swmsc_fancy_heading_text\" style=\"font-size:30px;line-height:36px;\">\n\t\t\t\t\t\t\t\n<h1>Contacte<\/h1>\n\n\t\t\t\t\t\t\t<div class=\"swmsc_fancy_heading_border\">\n\t\t\t\t\t\t\t\t<span class=\"swmsc_fancy_heading_border1\" style=\"background:#f8b54d;\"><\/span>\n\t\t\t\t\t\t\t\t<span class=\"swmsc_fancy_heading_border2\" style=\"background:#f8b54d;\"><\/span>\n\t\t\t\t\t\t\t\t<span class=\"swmsc_fancy_heading_icon\"><i class=\"fa fa-fancyHeadingNoIcon\"  style=\"color:#8373ce;\"><\/i><\/span>\n\t\t\t\t\t\t\t<\/div>\n\t\t\t\t\t\t<\/div>\n\t\t\t\t\t<\/div>[\/vc_column][vc_column width=&#8221;3\/4&#8243; css=&#8221;.vc_custom_1506623709374{padding-top: 50px !important;}&#8221;][vc_column_text]Recordeu que al costat del taulell d\u2019anuncis hi ha una pissarra informativa de l\u2019AMPA.<\/p>\n<p>I per qualsevol pregunta, dubte&#8230;podeu fer-nos arribar un correu electr\u00f2nic a:\u00a0<a href=\"mailto:elgallmullatampa@gmail.com\">elgallmullatampa@gmail.com<\/a><\/p>\n[\/vc_column_text][\/vc_column][\/vc_row]\n<\/div>","protected":false},"excerpt":{"rendered":"<p>[vc_row][vc_column][\/vc_column][\/vc_row][vc_row full_width=&#8221;stretch_row&#8221; css=&#8221;.vc_custom_1506623550978{padding-top: 150px !important;}&#8221;][vc_column width=&#8221;1\/4&#8243;][\/vc_column][vc_column width=&#8221;3\/4&#8243; css=&#8221;.vc_custom_1506623731342{padding-top: 50px !important;}&#8221;][vc_column_text]Quan comencem el curs a l\u2019Escola Bressol, tots portem als nostres fills\/es amb la il\u00b7lusi\u00f3 que aprenguin moltes coses al mateix temps que es diverteixen. Alguns pares i mares som nous i encara\u00a0 ens hem de fer a la din\u00e0mica de [&hellip;]<\/p>\n","protected":false},"author":1,"featured_media":0,"parent":0,"menu_order":0,"comment_status":"closed","ping_status":"closed","template":"","meta":{"footnotes":""},"class_list":["post-10","page","type-page","status-publish","hentry"],"yoast_head":"<!-- This site is optimized with the Yoast SEO plugin v27.5 - https:\/\/yoast.com\/product\/yoast-seo-wordpress\/ -->\n<title>AMPA - EBM EL GALL MULLAT. Escola bressol municipal de Piera<\/title>\n<meta name=\"robots\" content=\"index, follow, max-snippet:-1, max-image-preview:large, max-video-preview:-1\" \/>\n<link rel=\"canonical\" href=\"https:\/\/www.cavallcartro.cat\/escoles\/ebm-el-gall-mullat\/ampa\/\" \/>\n<meta property=\"og:locale\" content=\"ca_ES\" \/>\n<meta property=\"og:type\" content=\"article\" \/>\n<meta property=\"og:title\" content=\"AMPA - EBM EL GALL MULLAT. Escola bressol municipal de Piera\" \/>\n<meta property=\"og:description\" content=\"[vc_row][vc_column][\/vc_column][\/vc_row][vc_row full_width=&#8221;stretch_row&#8221; css=&#8221;.vc_custom_1506623550978{padding-top: 150px !important;}&#8221;][vc_column width=&#8221;1\/4&#8243;][\/vc_column][vc_column width=&#8221;3\/4&#8243; css=&#8221;.vc_custom_1506623731342{padding-top: 50px !important;}&#8221;][vc_column_text]Quan comencem el curs a l\u2019Escola Bressol, tots portem als nostres fills\/es amb la il\u00b7lusi\u00f3 que aprenguin moltes coses al mateix temps que es diverteixen. Alguns pares i mares som nous i encara\u00a0 ens hem de fer a la din\u00e0mica de [&hellip;]\" \/>\n<meta property=\"og:url\" content=\"https:\/\/www.cavallcartro.cat\/escoles\/ebm-el-gall-mullat\/ampa\/\" \/>\n<meta property=\"og:site_name\" content=\"EBM EL GALL MULLAT. Escola bressol municipal de Piera\" \/>\n<meta property=\"article:publisher\" content=\"https:\/\/facebook.com\/cavallcartroedu\" \/>\n<meta property=\"article:modified_time\" content=\"2019-01-31T15:13:20+00:00\" \/>\n<meta name=\"twitter:card\" content=\"summary_large_image\" \/>\n<meta name=\"twitter:site\" content=\"@cavallcartroedu\" \/>\n<meta name=\"twitter:label1\" content=\"Temps estimat de lectura\" \/>\n\t<meta name=\"twitter:data1\" content=\"3 minuts\" \/>\n<script type=\"application\/ld+json\" class=\"yoast-schema-graph\">{\"@context\":\"https:\\\/\\\/schema.org\",\"@graph\":[{\"@type\":\"WebPage\",\"@id\":\"https:\\\/\\\/www.cavallcartro.cat\\\/escoles\\\/ebm-el-gall-mullat\\\/ampa\\\/\",\"url\":\"https:\\\/\\\/www.cavallcartro.cat\\\/escoles\\\/ebm-el-gall-mullat\\\/ampa\\\/\",\"name\":\"AMPA - EBM EL GALL MULLAT. Escola bressol municipal de Piera\",\"isPartOf\":{\"@id\":\"https:\\\/\\\/www.cavallcartro.cat\\\/escoles\\\/ebm-el-gall-mullat\\\/#website\"},\"datePublished\":\"2017-09-22T17:27:48+00:00\",\"dateModified\":\"2019-01-31T15:13:20+00:00\",\"breadcrumb\":{\"@id\":\"https:\\\/\\\/www.cavallcartro.cat\\\/escoles\\\/ebm-el-gall-mullat\\\/ampa\\\/#breadcrumb\"},\"inLanguage\":\"ca\",\"potentialAction\":[{\"@type\":\"ReadAction\",\"target\":[\"https:\\\/\\\/www.cavallcartro.cat\\\/escoles\\\/ebm-el-gall-mullat\\\/ampa\\\/\"]}]},{\"@type\":\"BreadcrumbList\",\"@id\":\"https:\\\/\\\/www.cavallcartro.cat\\\/escoles\\\/ebm-el-gall-mullat\\\/ampa\\\/#breadcrumb\",\"itemListElement\":[{\"@type\":\"ListItem\",\"position\":1,\"name\":\"Portada\",\"item\":\"https:\\\/\\\/www.cavallcartro.cat\\\/escoles\\\/ebm-el-gall-mullat\\\/\"},{\"@type\":\"ListItem\",\"position\":2,\"name\":\"AMPA\"}]},{\"@type\":\"WebSite\",\"@id\":\"https:\\\/\\\/www.cavallcartro.cat\\\/escoles\\\/ebm-el-gall-mullat\\\/#website\",\"url\":\"https:\\\/\\\/www.cavallcartro.cat\\\/escoles\\\/ebm-el-gall-mullat\\\/\",\"name\":\"EBM EL GALL MULLAT. Escola bressol municipal de Piera\",\"description\":\"L&#039;escola bressol municipal de Piera, situada al parc del Gall Mullat, fomenta un tracte personalitzat que s\u2019adeq\u00fci al ritme evolutiu i a les capacitats de cada infant. Gestionada per Cavall de Cartr\u00f3.\",\"publisher\":{\"@id\":\"https:\\\/\\\/www.cavallcartro.cat\\\/escoles\\\/ebm-el-gall-mullat\\\/#organization\"},\"potentialAction\":[{\"@type\":\"SearchAction\",\"target\":{\"@type\":\"EntryPoint\",\"urlTemplate\":\"https:\\\/\\\/www.cavallcartro.cat\\\/escoles\\\/ebm-el-gall-mullat\\\/?s={search_term_string}\"},\"query-input\":{\"@type\":\"PropertyValueSpecification\",\"valueRequired\":true,\"valueName\":\"search_term_string\"}}],\"inLanguage\":\"ca\"},{\"@type\":\"Organization\",\"@id\":\"https:\\\/\\\/www.cavallcartro.cat\\\/escoles\\\/ebm-el-gall-mullat\\\/#organization\",\"name\":\"EBM EL GALL MULLAT. Escola bressol municipal de Piera\",\"url\":\"https:\\\/\\\/www.cavallcartro.cat\\\/escoles\\\/ebm-el-gall-mullat\\\/\",\"logo\":{\"@type\":\"ImageObject\",\"inLanguage\":\"ca\",\"@id\":\"https:\\\/\\\/www.cavallcartro.cat\\\/escoles\\\/ebm-el-gall-mullat\\\/#\\\/schema\\\/logo\\\/image\\\/\",\"url\":\"https:\\\/\\\/www.cavallcartro.cat\\\/escoles\\\/ebm-el-gall-mullat\\\/wp-content\\\/uploads\\\/sites\\\/5\\\/2019\\\/10\\\/cropped-Escola-Bressol-Gall-Mullat-Piera.jpg\",\"contentUrl\":\"https:\\\/\\\/www.cavallcartro.cat\\\/escoles\\\/ebm-el-gall-mullat\\\/wp-content\\\/uploads\\\/sites\\\/5\\\/2019\\\/10\\\/cropped-Escola-Bressol-Gall-Mullat-Piera.jpg\",\"width\":512,\"height\":512,\"caption\":\"EBM EL GALL MULLAT. Escola bressol municipal de Piera\"},\"image\":{\"@id\":\"https:\\\/\\\/www.cavallcartro.cat\\\/escoles\\\/ebm-el-gall-mullat\\\/#\\\/schema\\\/logo\\\/image\\\/\"},\"sameAs\":[\"https:\\\/\\\/facebook.com\\\/cavallcartroedu\",\"https:\\\/\\\/x.com\\\/cavallcartroedu\"]}]}<\/script>\n<!-- \/ Yoast SEO plugin. -->","yoast_head_json":{"title":"AMPA - EBM EL GALL MULLAT. Escola bressol municipal de Piera","robots":{"index":"index","follow":"follow","max-snippet":"max-snippet:-1","max-image-preview":"max-image-preview:large","max-video-preview":"max-video-preview:-1"},"canonical":"https:\/\/www.cavallcartro.cat\/escoles\/ebm-el-gall-mullat\/ampa\/","og_locale":"ca_ES","og_type":"article","og_title":"AMPA - EBM EL GALL MULLAT. Escola bressol municipal de Piera","og_description":"[vc_row][vc_column][\/vc_column][\/vc_row][vc_row full_width=&#8221;stretch_row&#8221; css=&#8221;.vc_custom_1506623550978{padding-top: 150px !important;}&#8221;][vc_column width=&#8221;1\/4&#8243;][\/vc_column][vc_column width=&#8221;3\/4&#8243; css=&#8221;.vc_custom_1506623731342{padding-top: 50px !important;}&#8221;][vc_column_text]Quan comencem el curs a l\u2019Escola Bressol, tots portem als nostres fills\/es amb la il\u00b7lusi\u00f3 que aprenguin moltes coses al mateix temps que es diverteixen. Alguns pares i mares som nous i encara\u00a0 ens hem de fer a la din\u00e0mica de [&hellip;]","og_url":"https:\/\/www.cavallcartro.cat\/escoles\/ebm-el-gall-mullat\/ampa\/","og_site_name":"EBM EL GALL MULLAT. Escola bressol municipal de Piera","article_publisher":"https:\/\/facebook.com\/cavallcartroedu","article_modified_time":"2019-01-31T15:13:20+00:00","twitter_card":"summary_large_image","twitter_site":"@cavallcartroedu","twitter_misc":{"Temps estimat de lectura":"3 minuts"},"schema":{"@context":"https:\/\/schema.org","@graph":[{"@type":"WebPage","@id":"https:\/\/www.cavallcartro.cat\/escoles\/ebm-el-gall-mullat\/ampa\/","url":"https:\/\/www.cavallcartro.cat\/escoles\/ebm-el-gall-mullat\/ampa\/","name":"AMPA - EBM EL GALL MULLAT. Escola bressol municipal de Piera","isPartOf":{"@id":"https:\/\/www.cavallcartro.cat\/escoles\/ebm-el-gall-mullat\/#website"},"datePublished":"2017-09-22T17:27:48+00:00","dateModified":"2019-01-31T15:13:20+00:00","breadcrumb":{"@id":"https:\/\/www.cavallcartro.cat\/escoles\/ebm-el-gall-mullat\/ampa\/#breadcrumb"},"inLanguage":"ca","potentialAction":[{"@type":"ReadAction","target":["https:\/\/www.cavallcartro.cat\/escoles\/ebm-el-gall-mullat\/ampa\/"]}]},{"@type":"BreadcrumbList","@id":"https:\/\/www.cavallcartro.cat\/escoles\/ebm-el-gall-mullat\/ampa\/#breadcrumb","itemListElement":[{"@type":"ListItem","position":1,"name":"Portada","item":"https:\/\/www.cavallcartro.cat\/escoles\/ebm-el-gall-mullat\/"},{"@type":"ListItem","position":2,"name":"AMPA"}]},{"@type":"WebSite","@id":"https:\/\/www.cavallcartro.cat\/escoles\/ebm-el-gall-mullat\/#website","url":"https:\/\/www.cavallcartro.cat\/escoles\/ebm-el-gall-mullat\/","name":"EBM EL GALL MULLAT. Escola bressol municipal de Piera","description":"L&#039;escola bressol municipal de Piera, situada al parc del Gall Mullat, fomenta un tracte personalitzat que s\u2019adeq\u00fci al ritme evolutiu i a les capacitats de cada infant. Gestionada per Cavall de Cartr\u00f3.","publisher":{"@id":"https:\/\/www.cavallcartro.cat\/escoles\/ebm-el-gall-mullat\/#organization"},"potentialAction":[{"@type":"SearchAction","target":{"@type":"EntryPoint","urlTemplate":"https:\/\/www.cavallcartro.cat\/escoles\/ebm-el-gall-mullat\/?s={search_term_string}"},"query-input":{"@type":"PropertyValueSpecification","valueRequired":true,"valueName":"search_term_string"}}],"inLanguage":"ca"},{"@type":"Organization","@id":"https:\/\/www.cavallcartro.cat\/escoles\/ebm-el-gall-mullat\/#organization","name":"EBM EL GALL MULLAT. Escola bressol municipal de Piera","url":"https:\/\/www.cavallcartro.cat\/escoles\/ebm-el-gall-mullat\/","logo":{"@type":"ImageObject","inLanguage":"ca","@id":"https:\/\/www.cavallcartro.cat\/escoles\/ebm-el-gall-mullat\/#\/schema\/logo\/image\/","url":"https:\/\/www.cavallcartro.cat\/escoles\/ebm-el-gall-mullat\/wp-content\/uploads\/sites\/5\/2019\/10\/cropped-Escola-Bressol-Gall-Mullat-Piera.jpg","contentUrl":"https:\/\/www.cavallcartro.cat\/escoles\/ebm-el-gall-mullat\/wp-content\/uploads\/sites\/5\/2019\/10\/cropped-Escola-Bressol-Gall-Mullat-Piera.jpg","width":512,"height":512,"caption":"EBM EL GALL MULLAT. Escola bressol municipal de Piera"},"image":{"@id":"https:\/\/www.cavallcartro.cat\/escoles\/ebm-el-gall-mullat\/#\/schema\/logo\/image\/"},"sameAs":["https:\/\/facebook.com\/cavallcartroedu","https:\/\/x.com\/cavallcartroedu"]}]}},"_links":{"self":[{"href":"https:\/\/www.cavallcartro.cat\/escoles\/ebm-el-gall-mullat\/wp-json\/wp\/v2\/pages\/10","targetHints":{"allow":["GET"]}}],"collection":[{"href":"https:\/\/www.cavallcartro.cat\/escoles\/ebm-el-gall-mullat\/wp-json\/wp\/v2\/pages"}],"about":[{"href":"https:\/\/www.cavallcartro.cat\/escoles\/ebm-el-gall-mullat\/wp-json\/wp\/v2\/types\/page"}],"author":[{"embeddable":true,"href":"https:\/\/www.cavallcartro.cat\/escoles\/ebm-el-gall-mullat\/wp-json\/wp\/v2\/users\/1"}],"replies":[{"embeddable":true,"href":"https:\/\/www.cavallcartro.cat\/escoles\/ebm-el-gall-mullat\/wp-json\/wp\/v2\/comments?post=10"}],"version-history":[{"count":6,"href":"https:\/\/www.cavallcartro.cat\/escoles\/ebm-el-gall-mullat\/wp-json\/wp\/v2\/pages\/10\/revisions"}],"predecessor-version":[{"id":517,"href":"https:\/\/www.cavallcartro.cat\/escoles\/ebm-el-gall-mullat\/wp-json\/wp\/v2\/pages\/10\/revisions\/517"}],"wp:attachment":[{"href":"https:\/\/www.cavallcartro.cat\/escoles\/ebm-el-gall-mullat\/wp-json\/wp\/v2\/media?parent=10"}],"curies":[{"name":"wp","href":"https:\/\/api.w.org\/{rel}","templated":true}]}}