{"id":2793,"date":"2017-01-02T11:46:32","date_gmt":"2017-01-02T11:46:32","guid":{"rendered":"http:\/\/www.cavallcartro.cat\/portfolios\/audiovisuals-una-finestra-al-mon"},"modified":"2017-03-17T10:27:02","modified_gmt":"2017-03-17T10:27:02","slug":"audiovisuales-una-ventana-al-mundo","status":"publish","type":"portfolio","link":"https:\/\/www.cavallcartro.cat\/es\/portfolios\/audiovisuales-una-ventana-al-mundo","title":{"rendered":"Audiovisuales, una ventana al mundo"},"content":{"rendered":"<div class=\"wpb-content-wrapper\">[vc_row][vc_column]<div  class=\"swmsc_fancy_heading swmsc_fancy_heading_left fh_icon_fancyHeadingNoIcon\" style=\"margin-top:40px;margin-bottom:40px;\">\n                        <div class=\"swmsc_fancy_heading_text\" style=\"font-size:40px;line-height:36px;\">\n                            <span id=\"result_box\" class=\"short_text\" lang=\"es\" tabindex=\"-1\">Audiovisuales, <span class=\"\">una ventana al mundo<\/span><\/span>\n                            <div class=\"swmsc_fancy_heading_border\">\n                                <span class=\"swmsc_fancy_heading_border1\" style=\"background:#9fcdb1;\"><\/span>\n                                <span class=\"swmsc_fancy_heading_border2\" style=\"background:#9fcdb1;\"><\/span>\n                                <span class=\"swmsc_fancy_heading_icon\"><i class=\"fa fa-fancyHeadingNoIcon\"  style=\"color:#8373ce;\"><\/i><\/span>\n                            <\/div>\n                        <\/div>\n                    <\/div>[\/vc_column][\/vc_row][vc_row][vc_column width=\u00bb1\/2&#8243;]<div   >\n                        <div class=\"swmsc_image_gallery swmsc_gal1  \" data-grid=\"masonry\" style=\"margin-right:-20px;\">\n                            \n                        <div class=\"swmsc_image_gallery_item\">\n                            <div style=\"padding-right:20px; padding-bottom:20px;\">\n                                <a href=\"https:\/\/www.cavallcartro.cat\/wp-content\/uploads\/2017\/01\/audiovisuals-1.jpg\" class=\"swmsc_popup_gallery\" style=\"border-radius:20px;\" title=\"Educaci\u00f3 sensorial a escoles bressol municipals Cavall de Cartr\u00f3\">\n                                        <img decoding=\"async\" style=\"border-radius:20px;\" src=\"https:\/\/www.cavallcartro.cat\/wp-content\/uploads\/2017\/01\/audiovisuals-1.jpg\" alt=\"Educaci\u00f3 sensorial a escoles bressol municipals Cavall de Cartr\u00f3\" \/>\n                                        <span><i class=\"fa fa-search\" style=\"background-color:#9fcdb1;color:#ffffff;\"><\/i><\/span>\n                                    <\/a>\n                                \n                            <\/div>\n                        <\/div>\n                        <\/div>\n                    <\/div>[\/vc_column][vc_column width=\u00bb1\/2&#8243;]<div  class=\"swmsc_text_block\" > <strong>Descripci\u00f3n<\/strong><\/div><div  class=\"swmsc_text_block\" > Se trata de un proyecto de crear ambientes de m\u00fasica, luz y color. Mediante la proyecci\u00f3n de diferentes v\u00eddeos musicales a escala real, proyectados en el aula, con diferentes materiales, como telas, cojines, espejos, que den la oportunidad al ni\u00f1o de desplegar su emoci\u00f3n, viviendo las diferentes experiencias que todo este proyecto audiovisual se los proporciona.<\/p>\n<p>Son v\u00eddeos escogidos desde una amplia selecci\u00f3n, estudiando la respuesta y el inter\u00e9s del ni\u00f1o en ellos: im\u00e1genes reales de danza, animaciones que invitan a la expresi\u00f3n corporal y la danza, im\u00e1genes de naturaleza, mandalas, gr\u00e1ficas con movimiento entre otras cosas y siempre acompa\u00f1ado de m\u00fasicas variadas.<\/div><div  class=\"clear swmsc_gap\" style=\"margin:50px 0 0 0;\"><\/div>[\/vc_column][vc_column]<div  class=\"swmsc_horizontal_line\" style=\"padding-top:0;padding-bottom:40px;\">\n                        <span class=\"swmsc_horizontal_line_h_line\" style=\"border-color:#9fcdb1;\"><\/span>\n                    <div class=\"clear\"><\/div>\n                    <\/div><div  class=\"swmsc_text_block\" > <strong>Objetivos<\/strong><\/div><div  class=\"swmsc_text_block\" > \n<ul>\n<li>Potenciar la expresi\u00f3n de los sentimientos y emociones<\/li>\n<li>Trabajar el lenguaje corporal.<\/li>\n<li>Disfrutar de las nuevas experiencias audiovisuales.<\/li>\n<li>Experimentar y conocer nuevas figuras, formas no palpables.<\/li>\n<\/ul>\n<\/div>[\/vc_column][\/vc_row][vc_row][vc_column]<div  class=\"clear swmsc_gap\" style=\"margin:50px 0 0 0;\"><\/div><div   >\n                        <div class=\"swmsc_image_gallery swmsc_gal3  \" data-grid=\"masonry\" style=\"margin-right:-20px;\">\n                            \n                        <div class=\"swmsc_image_gallery_item\">\n                            <div style=\"padding-right:20px; padding-bottom:20px;\">\n                                <a href=\"https:\/\/www.cavallcartro.cat\/wp-content\/uploads\/2017\/01\/audiovisuals-4.jpg\" class=\"swmsc_popup_gallery\" style=\"border-radius:20px;\" title=\"Educaci\u00f3 audiovisual a escoles bressol municipals Cavall de Cartr\u00f3\">\n                                        <img decoding=\"async\" style=\"border-radius:20px;\" src=\"https:\/\/www.cavallcartro.cat\/wp-content\/uploads\/2017\/01\/audiovisuals-4.jpg\" alt=\"Educaci\u00f3 audiovisual a escoles bressol municipals Cavall de Cartr\u00f3\" \/>\n                                        <span><i class=\"fa fa-search\" style=\"background-color:#9fcdb1;color:#ffffff;\"><\/i><\/span>\n                                    <\/a>\n                                \n                            <\/div>\n                        <\/div>\n                        <div class=\"swmsc_image_gallery_item\">\n                            <div style=\"padding-right:20px; padding-bottom:20px;\">\n                                <a href=\"https:\/\/www.cavallcartro.cat\/wp-content\/uploads\/2017\/01\/audiovisuals-3.jpg\" class=\"swmsc_popup_gallery\" style=\"border-radius:20px;\" title=\"Est\u00edmuls a escoles bressol municipals Cavall de Cartr\u00f3\">\n                                        <img decoding=\"async\" style=\"border-radius:20px;\" src=\"https:\/\/www.cavallcartro.cat\/wp-content\/uploads\/2017\/01\/audiovisuals-3.jpg\" alt=\"Est\u00edmuls a escoles bressol municipals Cavall de Cartr\u00f3\" \/>\n                                        <span><i class=\"fa fa-search\" style=\"background-color:#9fcdb1;color:#ffffff;\"><\/i><\/span>\n                                    <\/a>\n                                \n                            <\/div>\n                        <\/div>\n                        <div class=\"swmsc_image_gallery_item\">\n                            <div style=\"padding-right:20px; padding-bottom:20px;\">\n                                <a href=\"https:\/\/www.cavallcartro.cat\/wp-content\/uploads\/2017\/01\/audiovisuals-2.jpg\" class=\"swmsc_popup_gallery\" style=\"border-radius:20px;\" title=\"Estimular els nadons a escoles bressol municipals Cavall de Cartr\u00f3\">\n                                        <img decoding=\"async\" style=\"border-radius:20px;\" src=\"https:\/\/www.cavallcartro.cat\/wp-content\/uploads\/2017\/01\/audiovisuals-2.jpg\" alt=\"Estimular els nadons a escoles bressol municipals Cavall de Cartr\u00f3\" \/>\n                                        <span><i class=\"fa fa-search\" style=\"background-color:#9fcdb1;color:#ffffff;\"><\/i><\/span>\n                                    <\/a>\n                                \n                            <\/div>\n                        <\/div>\n                        <\/div>\n                    <\/div>[\/vc_column][\/vc_row][vc_row][vc_column]<div  class=\"clear swmsc_gap\" style=\"margin:50px 0 0 0;\"><\/div><div  class=\"swmsc_button_div\" ><a href=\"..\/projectes\" class=\"swmsc_button \" style=\"background:#9fcdb1; color:#ffffff; font-size:18px; ; border-radius:10px; padding:3px 20px; line-height:30px;  \" target=\"_self\">&lt; Volver a Proyectos<\/a><\/div>[\/vc_column][\/vc_row]\n<\/div>","protected":false},"excerpt":{"rendered":"<p>[vc_row][vc_column][\/vc_column][\/vc_row][vc_row][vc_column width=\u00bb1\/2&#8243;][\/vc_column][vc_column width=\u00bb1\/2&#8243;][\/vc_column][vc_column][\/vc_column][\/vc_row][vc_row][vc_column][\/vc_column][\/vc_row][vc_row][vc_column][\/vc_column][\/vc_row]<\/p>\n","protected":false},"featured_media":2096,"template":"","class_list":["post-2793","portfolio","type-portfolio","status-publish","has-post-thumbnail","hentry","portfolio-categories-projectes"],"yoast_head":"<!-- This site is optimized with the Yoast SEO plugin v27.5 - https:\/\/yoast.com\/product\/yoast-seo-wordpress\/ -->\n<title>Audiovisuales, una ventana al mundo | Cavall de Cartr\u00f3 - Serveis Educatius<\/title>\n<meta name=\"robots\" content=\"index, follow, max-snippet:-1, max-image-preview:large, max-video-preview:-1\" \/>\n<link rel=\"canonical\" href=\"https:\/\/www.cavallcartro.cat\/es\/portfolios\/audiovisuales-una-ventana-al-mundo\" \/>\n<meta property=\"og:locale\" content=\"es_ES\" \/>\n<meta property=\"og:type\" content=\"article\" \/>\n<meta property=\"og:title\" content=\"Audiovisuales, una ventana al mundo | Cavall de Cartr\u00f3 - Serveis Educatius\" \/>\n<meta property=\"og:description\" content=\"[vc_row][vc_column][\/vc_column][\/vc_row][vc_row][vc_column width=\u00bb1\/2&#8243;][\/vc_column][vc_column width=\u00bb1\/2&#8243;][\/vc_column][vc_column][\/vc_column][\/vc_row][vc_row][vc_column][\/vc_column][\/vc_row][vc_row][vc_column][\/vc_column][\/vc_row]\" \/>\n<meta property=\"og:url\" content=\"https:\/\/www.cavallcartro.cat\/es\/portfolios\/audiovisuales-una-ventana-al-mundo\" \/>\n<meta property=\"og:site_name\" content=\"Cavall de Cartr\u00f3 - Serveis Educatius\" \/>\n<meta property=\"article:publisher\" content=\"https:\/\/www.facebook.com\/cavallcartroedu\" \/>\n<meta property=\"article:modified_time\" content=\"2017-03-17T10:27:02+00:00\" \/>\n<meta property=\"og:image\" content=\"https:\/\/www.cavallcartro.cat\/wp-content\/uploads\/2017\/01\/audiovisuals-1.jpg\" \/>\n\t<meta property=\"og:image:width\" content=\"1292\" \/>\n\t<meta property=\"og:image:height\" content=\"853\" \/>\n\t<meta property=\"og:image:type\" content=\"image\/jpeg\" \/>\n<meta name=\"twitter:card\" content=\"summary_large_image\" \/>\n<meta name=\"twitter:site\" content=\"@cavallcartroedu\" \/>\n<meta name=\"twitter:label1\" content=\"Tiempo de lectura\" \/>\n\t<meta name=\"twitter:data1\" content=\"2 minutos\" \/>\n<script type=\"application\/ld+json\" class=\"yoast-schema-graph\">{\"@context\":\"https:\\\/\\\/schema.org\",\"@graph\":[{\"@type\":\"WebPage\",\"@id\":\"https:\\\/\\\/www.cavallcartro.cat\\\/es\\\/portfolios\\\/audiovisuales-una-ventana-al-mundo\",\"url\":\"https:\\\/\\\/www.cavallcartro.cat\\\/es\\\/portfolios\\\/audiovisuales-una-ventana-al-mundo\",\"name\":\"Audiovisuales, una ventana al mundo | Cavall de Cartr\u00f3 - Serveis Educatius\",\"isPartOf\":{\"@id\":\"https:\\\/\\\/www.cavallcartro.cat\\\/#website\"},\"primaryImageOfPage\":{\"@id\":\"https:\\\/\\\/www.cavallcartro.cat\\\/es\\\/portfolios\\\/audiovisuales-una-ventana-al-mundo#primaryimage\"},\"image\":{\"@id\":\"https:\\\/\\\/www.cavallcartro.cat\\\/es\\\/portfolios\\\/audiovisuales-una-ventana-al-mundo#primaryimage\"},\"thumbnailUrl\":\"https:\\\/\\\/www.cavallcartro.cat\\\/wp-content\\\/uploads\\\/2017\\\/01\\\/audiovisuals-1.jpg\",\"datePublished\":\"2017-01-02T11:46:32+00:00\",\"dateModified\":\"2017-03-17T10:27:02+00:00\",\"breadcrumb\":{\"@id\":\"https:\\\/\\\/www.cavallcartro.cat\\\/es\\\/portfolios\\\/audiovisuales-una-ventana-al-mundo#breadcrumb\"},\"inLanguage\":\"es\",\"potentialAction\":[{\"@type\":\"ReadAction\",\"target\":[\"https:\\\/\\\/www.cavallcartro.cat\\\/es\\\/portfolios\\\/audiovisuales-una-ventana-al-mundo\"]}]},{\"@type\":\"ImageObject\",\"inLanguage\":\"es\",\"@id\":\"https:\\\/\\\/www.cavallcartro.cat\\\/es\\\/portfolios\\\/audiovisuales-una-ventana-al-mundo#primaryimage\",\"url\":\"https:\\\/\\\/www.cavallcartro.cat\\\/wp-content\\\/uploads\\\/2017\\\/01\\\/audiovisuals-1.jpg\",\"contentUrl\":\"https:\\\/\\\/www.cavallcartro.cat\\\/wp-content\\\/uploads\\\/2017\\\/01\\\/audiovisuals-1.jpg\",\"width\":1292,\"height\":853,\"caption\":\"Educaci\u00f3 sensorial a escoles bressol municipals Cavall de Cartr\u00f3\"},{\"@type\":\"BreadcrumbList\",\"@id\":\"https:\\\/\\\/www.cavallcartro.cat\\\/es\\\/portfolios\\\/audiovisuales-una-ventana-al-mundo#breadcrumb\",\"itemListElement\":[{\"@type\":\"ListItem\",\"position\":1,\"name\":\"Portada\",\"item\":\"https:\\\/\\\/www.cavallcartro.cat\\\/es\"},{\"@type\":\"ListItem\",\"position\":2,\"name\":\"Audiovisuales, una ventana al mundo\"}]},{\"@type\":\"WebSite\",\"@id\":\"https:\\\/\\\/www.cavallcartro.cat\\\/#website\",\"url\":\"https:\\\/\\\/www.cavallcartro.cat\\\/\",\"name\":\"Cavall de Cartr\u00f3\",\"description\":\"Gesti\u00f3 d&#039;escoles bressol i llars d&#039;infants municipals a Barcelona i tota Catalunya.\",\"publisher\":{\"@id\":\"https:\\\/\\\/www.cavallcartro.cat\\\/#organization\"},\"potentialAction\":[{\"@type\":\"SearchAction\",\"target\":{\"@type\":\"EntryPoint\",\"urlTemplate\":\"https:\\\/\\\/www.cavallcartro.cat\\\/?s={search_term_string}\"},\"query-input\":{\"@type\":\"PropertyValueSpecification\",\"valueRequired\":true,\"valueName\":\"search_term_string\"}}],\"inLanguage\":\"es\"},{\"@type\":\"Organization\",\"@id\":\"https:\\\/\\\/www.cavallcartro.cat\\\/#organization\",\"name\":\"Cavall de Cartr\u00f3\",\"url\":\"https:\\\/\\\/www.cavallcartro.cat\\\/\",\"logo\":{\"@type\":\"ImageObject\",\"inLanguage\":\"es\",\"@id\":\"https:\\\/\\\/www.cavallcartro.cat\\\/#\\\/schema\\\/logo\\\/image\\\/\",\"url\":\"https:\\\/\\\/www.cavallcartro.cat\\\/wp-content\\\/uploads\\\/2020\\\/07\\\/Logo-Cavall-de-Cartr\u00f3-gesti\u00f3-escoles-bressol-i-menjadors-escolars-e1596129492304.png\",\"contentUrl\":\"https:\\\/\\\/www.cavallcartro.cat\\\/wp-content\\\/uploads\\\/2020\\\/07\\\/Logo-Cavall-de-Cartr\u00f3-gesti\u00f3-escoles-bressol-i-menjadors-escolars-e1596129492304.png\",\"width\":528,\"height\":274,\"caption\":\"Cavall de Cartr\u00f3\"},\"image\":{\"@id\":\"https:\\\/\\\/www.cavallcartro.cat\\\/#\\\/schema\\\/logo\\\/image\\\/\"},\"sameAs\":[\"https:\\\/\\\/www.facebook.com\\\/cavallcartroedu\",\"https:\\\/\\\/x.com\\\/cavallcartroedu\",\"https:\\\/\\\/www.instagram.com\\\/cavallcartroedu\\\/\",\"https:\\\/\\\/www.youtube.com\\\/@CavalldeCartro\"]}]}<\/script>\n<!-- \/ Yoast SEO plugin. -->","yoast_head_json":{"title":"Audiovisuales, una ventana al mundo | Cavall de Cartr\u00f3 - Serveis Educatius","robots":{"index":"index","follow":"follow","max-snippet":"max-snippet:-1","max-image-preview":"max-image-preview:large","max-video-preview":"max-video-preview:-1"},"canonical":"https:\/\/www.cavallcartro.cat\/es\/portfolios\/audiovisuales-una-ventana-al-mundo","og_locale":"es_ES","og_type":"article","og_title":"Audiovisuales, una ventana al mundo | Cavall de Cartr\u00f3 - Serveis Educatius","og_description":"[vc_row][vc_column][\/vc_column][\/vc_row][vc_row][vc_column width=\u00bb1\/2&#8243;][\/vc_column][vc_column width=\u00bb1\/2&#8243;][\/vc_column][vc_column][\/vc_column][\/vc_row][vc_row][vc_column][\/vc_column][\/vc_row][vc_row][vc_column][\/vc_column][\/vc_row]","og_url":"https:\/\/www.cavallcartro.cat\/es\/portfolios\/audiovisuales-una-ventana-al-mundo","og_site_name":"Cavall de Cartr\u00f3 - Serveis Educatius","article_publisher":"https:\/\/www.facebook.com\/cavallcartroedu","article_modified_time":"2017-03-17T10:27:02+00:00","og_image":[{"width":1292,"height":853,"url":"https:\/\/www.cavallcartro.cat\/wp-content\/uploads\/2017\/01\/audiovisuals-1.jpg","type":"image\/jpeg"}],"twitter_card":"summary_large_image","twitter_site":"@cavallcartroedu","twitter_misc":{"Tiempo de lectura":"2 minutos"},"schema":{"@context":"https:\/\/schema.org","@graph":[{"@type":"WebPage","@id":"https:\/\/www.cavallcartro.cat\/es\/portfolios\/audiovisuales-una-ventana-al-mundo","url":"https:\/\/www.cavallcartro.cat\/es\/portfolios\/audiovisuales-una-ventana-al-mundo","name":"Audiovisuales, una ventana al mundo | Cavall de Cartr\u00f3 - Serveis Educatius","isPartOf":{"@id":"https:\/\/www.cavallcartro.cat\/#website"},"primaryImageOfPage":{"@id":"https:\/\/www.cavallcartro.cat\/es\/portfolios\/audiovisuales-una-ventana-al-mundo#primaryimage"},"image":{"@id":"https:\/\/www.cavallcartro.cat\/es\/portfolios\/audiovisuales-una-ventana-al-mundo#primaryimage"},"thumbnailUrl":"https:\/\/www.cavallcartro.cat\/wp-content\/uploads\/2017\/01\/audiovisuals-1.jpg","datePublished":"2017-01-02T11:46:32+00:00","dateModified":"2017-03-17T10:27:02+00:00","breadcrumb":{"@id":"https:\/\/www.cavallcartro.cat\/es\/portfolios\/audiovisuales-una-ventana-al-mundo#breadcrumb"},"inLanguage":"es","potentialAction":[{"@type":"ReadAction","target":["https:\/\/www.cavallcartro.cat\/es\/portfolios\/audiovisuales-una-ventana-al-mundo"]}]},{"@type":"ImageObject","inLanguage":"es","@id":"https:\/\/www.cavallcartro.cat\/es\/portfolios\/audiovisuales-una-ventana-al-mundo#primaryimage","url":"https:\/\/www.cavallcartro.cat\/wp-content\/uploads\/2017\/01\/audiovisuals-1.jpg","contentUrl":"https:\/\/www.cavallcartro.cat\/wp-content\/uploads\/2017\/01\/audiovisuals-1.jpg","width":1292,"height":853,"caption":"Educaci\u00f3 sensorial a escoles bressol municipals Cavall de Cartr\u00f3"},{"@type":"BreadcrumbList","@id":"https:\/\/www.cavallcartro.cat\/es\/portfolios\/audiovisuales-una-ventana-al-mundo#breadcrumb","itemListElement":[{"@type":"ListItem","position":1,"name":"Portada","item":"https:\/\/www.cavallcartro.cat\/es"},{"@type":"ListItem","position":2,"name":"Audiovisuales, una ventana al mundo"}]},{"@type":"WebSite","@id":"https:\/\/www.cavallcartro.cat\/#website","url":"https:\/\/www.cavallcartro.cat\/","name":"Cavall de Cartr\u00f3","description":"Gesti\u00f3 d&#039;escoles bressol i llars d&#039;infants municipals a Barcelona i tota Catalunya.","publisher":{"@id":"https:\/\/www.cavallcartro.cat\/#organization"},"potentialAction":[{"@type":"SearchAction","target":{"@type":"EntryPoint","urlTemplate":"https:\/\/www.cavallcartro.cat\/?s={search_term_string}"},"query-input":{"@type":"PropertyValueSpecification","valueRequired":true,"valueName":"search_term_string"}}],"inLanguage":"es"},{"@type":"Organization","@id":"https:\/\/www.cavallcartro.cat\/#organization","name":"Cavall de Cartr\u00f3","url":"https:\/\/www.cavallcartro.cat\/","logo":{"@type":"ImageObject","inLanguage":"es","@id":"https:\/\/www.cavallcartro.cat\/#\/schema\/logo\/image\/","url":"https:\/\/www.cavallcartro.cat\/wp-content\/uploads\/2020\/07\/Logo-Cavall-de-Cartr\u00f3-gesti\u00f3-escoles-bressol-i-menjadors-escolars-e1596129492304.png","contentUrl":"https:\/\/www.cavallcartro.cat\/wp-content\/uploads\/2020\/07\/Logo-Cavall-de-Cartr\u00f3-gesti\u00f3-escoles-bressol-i-menjadors-escolars-e1596129492304.png","width":528,"height":274,"caption":"Cavall de Cartr\u00f3"},"image":{"@id":"https:\/\/www.cavallcartro.cat\/#\/schema\/logo\/image\/"},"sameAs":["https:\/\/www.facebook.com\/cavallcartroedu","https:\/\/x.com\/cavallcartroedu","https:\/\/www.instagram.com\/cavallcartroedu\/","https:\/\/www.youtube.com\/@CavalldeCartro"]}]}},"_links":{"self":[{"href":"https:\/\/www.cavallcartro.cat\/es\/wp-json\/wp\/v2\/portfolio\/2793","targetHints":{"allow":["GET"]}}],"collection":[{"href":"https:\/\/www.cavallcartro.cat\/es\/wp-json\/wp\/v2\/portfolio"}],"about":[{"href":"https:\/\/www.cavallcartro.cat\/es\/wp-json\/wp\/v2\/types\/portfolio"}],"wp:featuredmedia":[{"embeddable":true,"href":"https:\/\/www.cavallcartro.cat\/es\/wp-json\/wp\/v2\/media\/2096"}],"wp:attachment":[{"href":"https:\/\/www.cavallcartro.cat\/es\/wp-json\/wp\/v2\/media?parent=2793"}],"curies":[{"name":"wp","href":"https:\/\/api.w.org\/{rel}","templated":true}]}}