{"id":5850,"date":"2022-11-28T14:22:11","date_gmt":"2022-11-28T14:22:11","guid":{"rendered":"https:\/\/www.cavallcartro.cat\/inicio\/politica-de-igualdad-y-responsabilidad-social"},"modified":"2025-02-04T10:24:32","modified_gmt":"2025-02-04T10:24:32","slug":"declaracion-igualdad-responsabilidad-social","status":"publish","type":"page","link":"https:\/\/www.cavallcartro.cat\/es\/inicio\/declaracion-igualdad-responsabilidad-social","title":{"rendered":"Declaraci\u00f3n de igualdad y responsabilidad social"},"content":{"rendered":"<h2 style=\"text-align: center;\">DECLARACI\u00d3N DE IGUALDAD Y RESPONSABILIDAD SOCIAL<\/h2>\n<p>Consciente de que la gesti\u00f3n empresarial tiene que estar en consonancia con las necesidades y demandas de la sociedad, <b>Cavall de Cartr\u00f3<\/b> declara su compromiso con la <b>igualdad efectiva entre mujeres y hombres<\/b> en el seno de la empresa y la aplicaci\u00f3n efectiva de pol\u00edticas para la consecuci\u00f3n de este principio, dentro de los t\u00e9rminos previstos en la <b>Ley Org\u00e1nica 3\/2007<\/b>.<\/p>\n<p>En todos y cada uno de los \u00e1mbitos de la empresa -desde las condiciones de trabajo, los servicios prestados o la comunicaci\u00f3n \u2013 <b>Cavall de Cartr\u00f3<\/b> asume la igualdad de trato y oportunidades sin discriminar directa o indirectamente por raz\u00f3n de sexo.<\/p>\n<p>Los principios enunciados se llevan a la pr\u00e1ctica a trav\u00e9s de la elaboraci\u00f3n y aplicaci\u00f3n de un <b>Plan de Igualdad en la Empresa<\/b> y de otras medidas como el establecimiento de protocolos de prevenci\u00f3n y actuaci\u00f3n para casos de acoso laboral y sexual.<\/p>\n<p>Dentro de su proyecto social, <b>Cavall de Cartr\u00f3<\/b> tambi\u00e9n trabaja por la integraci\u00f3n laboral en su plantilla de mujeres v\u00edctimas de violencia de g\u00e9nero.<\/p>\n<p>Somos rigurosos con la legislaci\u00f3n vigente y extendemos ese compromiso por medio de una exigencia de certificaci\u00f3n en RSE, la <b>Norma IQ NET SR 10<\/b>. Esta certificaci\u00f3n implica el cumplimiento y compromiso con los requerimientos de la norma en materia de Rendici\u00f3n de cuentas, transparencia, comportamiento \u00e9tico, respeto a los grupos de inter\u00e9s, respeto al principio de legalidad, respeto a la normativa internacional de cumplimiento y respeto a los derechos humanos. Si desea ampliar informaci\u00f3n, puede consultar nuestra <span style=\"color: #99cc00;\"><b><a style=\"color: #99cc00;\" href=\"https:\/\/www.cavallcartro.cat\/wp-content\/uploads\/2022\/06\/Declaracio-RSC-SR-10-Cavall-de-Cartro_cat.pdf\" target=\"_blank\" rel=\"noopener\">Pol\u00edtica de Responsabilitat Social<\/a><\/b><\/span> y el <span style=\"color: #99cc00;\"><b><a style=\"color: #99cc00;\" href=\"https:\/\/www.cavallcartro.cat\/wp-content\/uploads\/2025\/02\/P-02-MATERIALIDAD-ENE25-V07.pdf\" target=\"_blank\" rel=\"noopener\">an\u00e1lisis de materialidad.<\/a><\/b><\/span><\/p>\n<p>Igualmente, <b>Cavall de Cartr\u00f3<\/b> se compromete con las personas que forman parte de la organizaci\u00f3n, por medio de la Norma EFR, a ofrecer <b>medidas de conciliaci\u00f3n<\/b> adecuadas a su cultura y marco de negocio, entendiendo como tal la suficiente flexibilidad atendida por la empresa para cubrir las necesidades personales y familiares de sus colaboradores, en consonancia y equilibrio con los objetivos de la compa\u00f1\u00eda.<\/p>\n<p>La direcci\u00f3n y todos los empleados asumen el compromiso contenido en esta declaraci\u00f3n.<\/p>\n<p>&nbsp;<\/p>\n","protected":false},"excerpt":{"rendered":"<p>DECLARACI\u00d3N DE IGUALDAD Y RESPONSABILIDAD SOCIAL Consciente de que la gesti\u00f3n empresarial tiene que estar en consonancia con las necesidades y demandas de la sociedad, Cavall de Cartr\u00f3 declara su compromiso con la igualdad efectiva entre mujeres y hombres en el seno de la empresa y la aplicaci\u00f3n efectiva de [&hellip;]<\/p>\n","protected":false},"author":1,"featured_media":0,"parent":2402,"menu_order":0,"comment_status":"closed","ping_status":"closed","template":"","meta":{"footnotes":""},"class_list":["post-5850","page","type-page","status-publish","hentry"],"yoast_head":"<!-- This site is optimized with the Yoast SEO plugin v27.5 - https:\/\/yoast.com\/product\/yoast-seo-wordpress\/ -->\n<title>Declaraci\u00f3n de igualdad y responsabilidad social<\/title>\n<meta name=\"description\" content=\"Declaraci\u00f3n de igualdad y responsabilidad social de Cavall de Cartr\u00f3 Serveis Educatius, entitad de gesti\u00f3n de centros educativos\" \/>\n<meta name=\"robots\" content=\"index, follow, max-snippet:-1, max-image-preview:large, max-video-preview:-1\" \/>\n<link rel=\"canonical\" href=\"https:\/\/www.cavallcartro.cat\/es\/inicio\/declaracion-igualdad-responsabilidad-social\" \/>\n<meta property=\"og:locale\" content=\"es_ES\" \/>\n<meta property=\"og:type\" content=\"article\" \/>\n<meta property=\"og:title\" content=\"Declaraci\u00f3n de igualdad y responsabilidad social\" \/>\n<meta property=\"og:description\" content=\"Declaraci\u00f3n de igualdad y responsabilidad social de Cavall de Cartr\u00f3 Serveis Educatius, entitad de gesti\u00f3n de centros educativos\" \/>\n<meta property=\"og:url\" content=\"https:\/\/www.cavallcartro.cat\/es\/inicio\/declaracion-igualdad-responsabilidad-social\" \/>\n<meta property=\"og:site_name\" content=\"Cavall de Cartr\u00f3 - Serveis Educatius\" \/>\n<meta property=\"article:publisher\" content=\"https:\/\/www.facebook.com\/cavallcartroedu\" \/>\n<meta property=\"article:modified_time\" content=\"2025-02-04T10:24:32+00:00\" \/>\n<meta property=\"og:image\" content=\"https:\/\/www.cavallcartro.cat\/wp-content\/uploads\/2019\/03\/Logo-HD-Cavall-de-Cartr\u00f3-Bressol-2019-transparent.png\" \/>\n\t<meta property=\"og:image:width\" content=\"1200\" \/>\n\t<meta property=\"og:image:height\" content=\"496\" \/>\n\t<meta property=\"og:image:type\" content=\"image\/png\" \/>\n<meta name=\"twitter:card\" content=\"summary_large_image\" \/>\n<meta name=\"twitter:site\" content=\"@cavallcartroedu\" \/>\n<meta name=\"twitter:label1\" content=\"Tiempo de lectura\" \/>\n\t<meta name=\"twitter:data1\" content=\"2 minutos\" \/>\n<script type=\"application\/ld+json\" class=\"yoast-schema-graph\">{\"@context\":\"https:\\\/\\\/schema.org\",\"@graph\":[{\"@type\":\"Article\",\"@id\":\"https:\\\/\\\/www.cavallcartro.cat\\\/es\\\/inicio\\\/declaracion-igualdad-responsabilidad-social#article\",\"isPartOf\":{\"@id\":\"https:\\\/\\\/www.cavallcartro.cat\\\/es\\\/inicio\\\/declaracion-igualdad-responsabilidad-social\"},\"author\":{\"name\":\"cgarcia\",\"@id\":\"https:\\\/\\\/www.cavallcartro.cat\\\/#\\\/schema\\\/person\\\/6747bc1660e32d545ab2b8e5927ea542\"},\"headline\":\"Declaraci\u00f3n de igualdad y responsabilidad social\",\"datePublished\":\"2022-11-28T14:22:11+00:00\",\"dateModified\":\"2025-02-04T10:24:32+00:00\",\"mainEntityOfPage\":{\"@id\":\"https:\\\/\\\/www.cavallcartro.cat\\\/es\\\/inicio\\\/declaracion-igualdad-responsabilidad-social\"},\"wordCount\":377,\"publisher\":{\"@id\":\"https:\\\/\\\/www.cavallcartro.cat\\\/#organization\"},\"inLanguage\":\"es\"},{\"@type\":\"WebPage\",\"@id\":\"https:\\\/\\\/www.cavallcartro.cat\\\/es\\\/inicio\\\/declaracion-igualdad-responsabilidad-social\",\"url\":\"https:\\\/\\\/www.cavallcartro.cat\\\/es\\\/inicio\\\/declaracion-igualdad-responsabilidad-social\",\"name\":\"Declaraci\u00f3n de igualdad y responsabilidad social\",\"isPartOf\":{\"@id\":\"https:\\\/\\\/www.cavallcartro.cat\\\/#website\"},\"datePublished\":\"2022-11-28T14:22:11+00:00\",\"dateModified\":\"2025-02-04T10:24:32+00:00\",\"description\":\"Declaraci\u00f3n de igualdad y responsabilidad social de Cavall de Cartr\u00f3 Serveis Educatius, entitad de gesti\u00f3n de centros educativos\",\"breadcrumb\":{\"@id\":\"https:\\\/\\\/www.cavallcartro.cat\\\/es\\\/inicio\\\/declaracion-igualdad-responsabilidad-social#breadcrumb\"},\"inLanguage\":\"es\",\"potentialAction\":[{\"@type\":\"ReadAction\",\"target\":[\"https:\\\/\\\/www.cavallcartro.cat\\\/es\\\/inicio\\\/declaracion-igualdad-responsabilidad-social\"]}]},{\"@type\":\"BreadcrumbList\",\"@id\":\"https:\\\/\\\/www.cavallcartro.cat\\\/es\\\/inicio\\\/declaracion-igualdad-responsabilidad-social#breadcrumb\",\"itemListElement\":[{\"@type\":\"ListItem\",\"position\":1,\"name\":\"Portada\",\"item\":\"https:\\\/\\\/www.cavallcartro.cat\\\/es\"},{\"@type\":\"ListItem\",\"position\":2,\"name\":\"Inicio\",\"item\":\"https:\\\/\\\/www.cavallcartro.cat\\\/es\"},{\"@type\":\"ListItem\",\"position\":3,\"name\":\"Declaraci\u00f3n de igualdad y responsabilidad social\"}]},{\"@type\":\"WebSite\",\"@id\":\"https:\\\/\\\/www.cavallcartro.cat\\\/#website\",\"url\":\"https:\\\/\\\/www.cavallcartro.cat\\\/\",\"name\":\"Cavall de Cartr\u00f3\",\"description\":\"Gesti\u00f3 d&#039;escoles bressol i llars d&#039;infants municipals a Barcelona i tota Catalunya.\",\"publisher\":{\"@id\":\"https:\\\/\\\/www.cavallcartro.cat\\\/#organization\"},\"potentialAction\":[{\"@type\":\"SearchAction\",\"target\":{\"@type\":\"EntryPoint\",\"urlTemplate\":\"https:\\\/\\\/www.cavallcartro.cat\\\/?s={search_term_string}\"},\"query-input\":{\"@type\":\"PropertyValueSpecification\",\"valueRequired\":true,\"valueName\":\"search_term_string\"}}],\"inLanguage\":\"es\"},{\"@type\":\"Organization\",\"@id\":\"https:\\\/\\\/www.cavallcartro.cat\\\/#organization\",\"name\":\"Cavall de Cartr\u00f3\",\"url\":\"https:\\\/\\\/www.cavallcartro.cat\\\/\",\"logo\":{\"@type\":\"ImageObject\",\"inLanguage\":\"es\",\"@id\":\"https:\\\/\\\/www.cavallcartro.cat\\\/#\\\/schema\\\/logo\\\/image\\\/\",\"url\":\"https:\\\/\\\/www.cavallcartro.cat\\\/wp-content\\\/uploads\\\/2020\\\/07\\\/Logo-Cavall-de-Cartr\u00f3-gesti\u00f3-escoles-bressol-i-menjadors-escolars-e1596129492304.png\",\"contentUrl\":\"https:\\\/\\\/www.cavallcartro.cat\\\/wp-content\\\/uploads\\\/2020\\\/07\\\/Logo-Cavall-de-Cartr\u00f3-gesti\u00f3-escoles-bressol-i-menjadors-escolars-e1596129492304.png\",\"width\":528,\"height\":274,\"caption\":\"Cavall de Cartr\u00f3\"},\"image\":{\"@id\":\"https:\\\/\\\/www.cavallcartro.cat\\\/#\\\/schema\\\/logo\\\/image\\\/\"},\"sameAs\":[\"https:\\\/\\\/www.facebook.com\\\/cavallcartroedu\",\"https:\\\/\\\/x.com\\\/cavallcartroedu\",\"https:\\\/\\\/www.instagram.com\\\/cavallcartroedu\\\/\",\"https:\\\/\\\/www.youtube.com\\\/@CavalldeCartro\"]},{\"@type\":\"Person\",\"@id\":\"https:\\\/\\\/www.cavallcartro.cat\\\/#\\\/schema\\\/person\\\/6747bc1660e32d545ab2b8e5927ea542\",\"name\":\"cgarcia\",\"image\":{\"@type\":\"ImageObject\",\"inLanguage\":\"es\",\"@id\":\"https:\\\/\\\/secure.gravatar.com\\\/avatar\\\/469990a84f48a39e93ee0d8243415a74ba5692f608ea41afee8cae0e81f99f77?s=96&d=mm&r=g\",\"url\":\"https:\\\/\\\/secure.gravatar.com\\\/avatar\\\/469990a84f48a39e93ee0d8243415a74ba5692f608ea41afee8cae0e81f99f77?s=96&d=mm&r=g\",\"contentUrl\":\"https:\\\/\\\/secure.gravatar.com\\\/avatar\\\/469990a84f48a39e93ee0d8243415a74ba5692f608ea41afee8cae0e81f99f77?s=96&d=mm&r=g\",\"caption\":\"cgarcia\"},\"url\":\"https:\\\/\\\/www.cavallcartro.cat\\\/es\\\/author\\\/cgarcia\"}]}<\/script>\n<!-- \/ Yoast SEO plugin. -->","yoast_head_json":{"title":"Declaraci\u00f3n de igualdad y responsabilidad social","description":"Declaraci\u00f3n de igualdad y responsabilidad social de Cavall de Cartr\u00f3 Serveis Educatius, entitad de gesti\u00f3n de centros educativos","robots":{"index":"index","follow":"follow","max-snippet":"max-snippet:-1","max-image-preview":"max-image-preview:large","max-video-preview":"max-video-preview:-1"},"canonical":"https:\/\/www.cavallcartro.cat\/es\/inicio\/declaracion-igualdad-responsabilidad-social","og_locale":"es_ES","og_type":"article","og_title":"Declaraci\u00f3n de igualdad y responsabilidad social","og_description":"Declaraci\u00f3n de igualdad y responsabilidad social de Cavall de Cartr\u00f3 Serveis Educatius, entitad de gesti\u00f3n de centros educativos","og_url":"https:\/\/www.cavallcartro.cat\/es\/inicio\/declaracion-igualdad-responsabilidad-social","og_site_name":"Cavall de Cartr\u00f3 - Serveis Educatius","article_publisher":"https:\/\/www.facebook.com\/cavallcartroedu","article_modified_time":"2025-02-04T10:24:32+00:00","og_image":[{"width":1200,"height":496,"url":"https:\/\/www.cavallcartro.cat\/wp-content\/uploads\/2019\/03\/Logo-HD-Cavall-de-Cartr\u00f3-Bressol-2019-transparent.png","type":"image\/png"}],"twitter_card":"summary_large_image","twitter_site":"@cavallcartroedu","twitter_misc":{"Tiempo de lectura":"2 minutos"},"schema":{"@context":"https:\/\/schema.org","@graph":[{"@type":"Article","@id":"https:\/\/www.cavallcartro.cat\/es\/inicio\/declaracion-igualdad-responsabilidad-social#article","isPartOf":{"@id":"https:\/\/www.cavallcartro.cat\/es\/inicio\/declaracion-igualdad-responsabilidad-social"},"author":{"name":"cgarcia","@id":"https:\/\/www.cavallcartro.cat\/#\/schema\/person\/6747bc1660e32d545ab2b8e5927ea542"},"headline":"Declaraci\u00f3n de igualdad y responsabilidad social","datePublished":"2022-11-28T14:22:11+00:00","dateModified":"2025-02-04T10:24:32+00:00","mainEntityOfPage":{"@id":"https:\/\/www.cavallcartro.cat\/es\/inicio\/declaracion-igualdad-responsabilidad-social"},"wordCount":377,"publisher":{"@id":"https:\/\/www.cavallcartro.cat\/#organization"},"inLanguage":"es"},{"@type":"WebPage","@id":"https:\/\/www.cavallcartro.cat\/es\/inicio\/declaracion-igualdad-responsabilidad-social","url":"https:\/\/www.cavallcartro.cat\/es\/inicio\/declaracion-igualdad-responsabilidad-social","name":"Declaraci\u00f3n de igualdad y responsabilidad social","isPartOf":{"@id":"https:\/\/www.cavallcartro.cat\/#website"},"datePublished":"2022-11-28T14:22:11+00:00","dateModified":"2025-02-04T10:24:32+00:00","description":"Declaraci\u00f3n de igualdad y responsabilidad social de Cavall de Cartr\u00f3 Serveis Educatius, entitad de gesti\u00f3n de centros educativos","breadcrumb":{"@id":"https:\/\/www.cavallcartro.cat\/es\/inicio\/declaracion-igualdad-responsabilidad-social#breadcrumb"},"inLanguage":"es","potentialAction":[{"@type":"ReadAction","target":["https:\/\/www.cavallcartro.cat\/es\/inicio\/declaracion-igualdad-responsabilidad-social"]}]},{"@type":"BreadcrumbList","@id":"https:\/\/www.cavallcartro.cat\/es\/inicio\/declaracion-igualdad-responsabilidad-social#breadcrumb","itemListElement":[{"@type":"ListItem","position":1,"name":"Portada","item":"https:\/\/www.cavallcartro.cat\/es"},{"@type":"ListItem","position":2,"name":"Inicio","item":"https:\/\/www.cavallcartro.cat\/es"},{"@type":"ListItem","position":3,"name":"Declaraci\u00f3n de igualdad y responsabilidad social"}]},{"@type":"WebSite","@id":"https:\/\/www.cavallcartro.cat\/#website","url":"https:\/\/www.cavallcartro.cat\/","name":"Cavall de Cartr\u00f3","description":"Gesti\u00f3 d&#039;escoles bressol i llars d&#039;infants municipals a Barcelona i tota Catalunya.","publisher":{"@id":"https:\/\/www.cavallcartro.cat\/#organization"},"potentialAction":[{"@type":"SearchAction","target":{"@type":"EntryPoint","urlTemplate":"https:\/\/www.cavallcartro.cat\/?s={search_term_string}"},"query-input":{"@type":"PropertyValueSpecification","valueRequired":true,"valueName":"search_term_string"}}],"inLanguage":"es"},{"@type":"Organization","@id":"https:\/\/www.cavallcartro.cat\/#organization","name":"Cavall de Cartr\u00f3","url":"https:\/\/www.cavallcartro.cat\/","logo":{"@type":"ImageObject","inLanguage":"es","@id":"https:\/\/www.cavallcartro.cat\/#\/schema\/logo\/image\/","url":"https:\/\/www.cavallcartro.cat\/wp-content\/uploads\/2020\/07\/Logo-Cavall-de-Cartr\u00f3-gesti\u00f3-escoles-bressol-i-menjadors-escolars-e1596129492304.png","contentUrl":"https:\/\/www.cavallcartro.cat\/wp-content\/uploads\/2020\/07\/Logo-Cavall-de-Cartr\u00f3-gesti\u00f3-escoles-bressol-i-menjadors-escolars-e1596129492304.png","width":528,"height":274,"caption":"Cavall de Cartr\u00f3"},"image":{"@id":"https:\/\/www.cavallcartro.cat\/#\/schema\/logo\/image\/"},"sameAs":["https:\/\/www.facebook.com\/cavallcartroedu","https:\/\/x.com\/cavallcartroedu","https:\/\/www.instagram.com\/cavallcartroedu\/","https:\/\/www.youtube.com\/@CavalldeCartro"]},{"@type":"Person","@id":"https:\/\/www.cavallcartro.cat\/#\/schema\/person\/6747bc1660e32d545ab2b8e5927ea542","name":"cgarcia","image":{"@type":"ImageObject","inLanguage":"es","@id":"https:\/\/secure.gravatar.com\/avatar\/469990a84f48a39e93ee0d8243415a74ba5692f608ea41afee8cae0e81f99f77?s=96&d=mm&r=g","url":"https:\/\/secure.gravatar.com\/avatar\/469990a84f48a39e93ee0d8243415a74ba5692f608ea41afee8cae0e81f99f77?s=96&d=mm&r=g","contentUrl":"https:\/\/secure.gravatar.com\/avatar\/469990a84f48a39e93ee0d8243415a74ba5692f608ea41afee8cae0e81f99f77?s=96&d=mm&r=g","caption":"cgarcia"},"url":"https:\/\/www.cavallcartro.cat\/es\/author\/cgarcia"}]}},"_links":{"self":[{"href":"https:\/\/www.cavallcartro.cat\/es\/wp-json\/wp\/v2\/pages\/5850","targetHints":{"allow":["GET"]}}],"collection":[{"href":"https:\/\/www.cavallcartro.cat\/es\/wp-json\/wp\/v2\/pages"}],"about":[{"href":"https:\/\/www.cavallcartro.cat\/es\/wp-json\/wp\/v2\/types\/page"}],"author":[{"embeddable":true,"href":"https:\/\/www.cavallcartro.cat\/es\/wp-json\/wp\/v2\/users\/1"}],"replies":[{"embeddable":true,"href":"https:\/\/www.cavallcartro.cat\/es\/wp-json\/wp\/v2\/comments?post=5850"}],"version-history":[{"count":8,"href":"https:\/\/www.cavallcartro.cat\/es\/wp-json\/wp\/v2\/pages\/5850\/revisions"}],"predecessor-version":[{"id":6764,"href":"https:\/\/www.cavallcartro.cat\/es\/wp-json\/wp\/v2\/pages\/5850\/revisions\/6764"}],"up":[{"embeddable":true,"href":"https:\/\/www.cavallcartro.cat\/es\/wp-json\/wp\/v2\/pages\/2402"}],"wp:attachment":[{"href":"https:\/\/www.cavallcartro.cat\/es\/wp-json\/wp\/v2\/media?parent=5850"}],"curies":[{"name":"wp","href":"https:\/\/api.w.org\/{rel}","templated":true}]}}