{"id":4152,"date":"2019-01-22T22:52:05","date_gmt":"2019-01-22T22:52:05","guid":{"rendered":"https:\/\/www.cavallcartro.cat\/calidad-y-medio-ambiente"},"modified":"2026-04-15T11:34:41","modified_gmt":"2026-04-15T11:34:41","slug":"calidad-y-medio-ambiente","status":"publish","type":"page","link":"https:\/\/www.cavallcartro.cat\/es\/calidad-y-medio-ambiente","title":{"rendered":"Calidad y medio ambiente"},"content":{"rendered":"<div class=\"wpb-content-wrapper\">[vc_row][vc_column]<div  class=\"swmsc_fancy_heading swmsc_fancy_heading_center fh_icon_star\" style=\"margin-top:40px;margin-bottom:40px;\">\n                        <div class=\"swmsc_fancy_heading_text\" style=\"font-size:42px;line-height:36px;\">\n                            <span style=\"color: #9fcdb1;\"><strong>Calidad y medio ambiente<\/strong><\/span>\n                            <div class=\"swmsc_fancy_heading_border\">\n                                <span class=\"swmsc_fancy_heading_border1\" style=\"background:#f8b54d;\"><\/span>\n                                <span class=\"swmsc_fancy_heading_border2\" style=\"background:#f8b54d;\"><\/span>\n                                <span class=\"swmsc_fancy_heading_icon\"><i class=\"fa fa-star\"  style=\"color:#8373ce;\"><\/i><\/span>\n                            <\/div>\n                        <\/div>\n                    <\/div>[\/vc_column][\/vc_row][vc_row][vc_column]<div  class=\"swmsc_fancy_heading swmsc_fancy_heading_center fh_icon_fancyHeadingNoIcon\" style=\"margin-top:40px;margin-bottom:40px;\">\n                        <div class=\"swmsc_fancy_heading_text\" style=\"font-size:30px;line-height:36px;\">\n                            <strong>Compromiso por la Calidad<\/strong>\n                            <div class=\"swmsc_fancy_heading_border\">\n                                <span class=\"swmsc_fancy_heading_border1\" style=\"background:#f8b54d;\"><\/span>\n                                <span class=\"swmsc_fancy_heading_border2\" style=\"background:#f8b54d;\"><\/span>\n                                <span class=\"swmsc_fancy_heading_icon\"><i class=\"fa fa-fancyHeadingNoIcon\"  style=\"color:#8373ce;\"><\/i><\/span>\n                            <\/div>\n                        <\/div>\n                    <\/div>[\/vc_column][\/vc_row][vc_row][vc_column width=\u00bb1\/4&#8243;]<div  class=\"swmsc_image_lightbox  image_left\" >\n\n                        <div class=\"swmsc_image_lightbox_img\"><img decoding=\"async\" alt=\"\" src=\"https:\/\/www.cavallcartro.cat\/wp-content\/uploads\/2018\/12\/cavallcartro-qualitat3.jpg\" class=\"\" style=\"border-radius:10px;\" \/><div class=\"swmsc_img_overlay\" style=\"border-radius:10px;\">\n                                                <a class=\"swmsc_popup_img\" href=\"#\" title=\"\" target=\"_self\" >\n                                                    <i class=\"fa fa-search\"><\/i>\n                                                <\/a>\n                                            <\/div><\/div><\/div>[\/vc_column][vc_column width=\u00bb3\/4&#8243;][vc_column_text css=\u00bb\u00bb]La implantaci\u00f3n de un Sistema de Gesti\u00f3n de la Calidad basado en los est\u00e1ndares establecidos en la norma <strong>ISO 9001:2015<\/strong> forma parte de nuestra Pol\u00edtica Estrat\u00e9gica, garantizando una gesti\u00f3n de los servicios eficaz, controlada, que satisfaga los requisitos de nuestros clientes y contribuya a la mejora continua.<\/p>\n<p>Todas las principales actividades de Serveis Educatius Cavall de Cartr\u00f3 S.L. se encuentran certificadas en la norma de referencia <strong>UNE-EN-ISO 9001:2015 Sistemas de Gesti\u00f3n de la Calidad <\/strong>en Gesti\u00f3n de escuelas infantiles: educaci\u00f3n infantil de primer ciclo, servicio de comedor y mantenimiento. Gesti\u00f3n del servicio de ocio en centros educativos. Gesti\u00f3n del servicio de alimentaci\u00f3n en centros con cocina propia o cocina transportadas. Acompa\u00f1amiento con monitores en transporte escolar y necesidades educativas especiales. Este certificado ha sido emitido por el organismo de certificaci\u00f3n acreditado DNV GL.[\/vc_column_text][vc_column_text css=\u00bb\u00bb]\n<p style=\"text-align: center;\"><a href=\"https:\/\/www.cavallcartro.cat\/wp-content\/uploads\/2026\/04\/CERTIFICADO-ISO-9001-CAVALL-ESP-A26.jpg\"><img loading=\"lazy\" decoding=\"async\" class=\"alignnone wp-image-4012 size-full\" src=\"https:\/\/www.cavallcartro.cat\/wp-content\/uploads\/2018\/12\/iso.jpg\" alt=\"\" width=\"100\" height=\"100\" srcset=\"https:\/\/www.cavallcartro.cat\/wp-content\/uploads\/2018\/12\/iso.jpg 100w, https:\/\/www.cavallcartro.cat\/wp-content\/uploads\/2018\/12\/iso-75x75.jpg 75w\" sizes=\"auto, (max-width: 100px) 100vw, 100px\" \/><\/a><\/p>\n<p style=\"text-align: center;\"><em>(clic para descargar el documento referente a <b>SERVEIS EDUCATIUS CAVALL DE CARTR\u00d3 S.L.<\/b><\/em><\/p>\n[\/vc_column_text]<div  class=\"clear swmsc_gap\" style=\"margin:30px 0 0 0;\"><\/div>[\/vc_column][\/vc_row][vc_row css=\u00bb.vc_custom_1545585638877{padding-top: 50px !important;}\u00bb][vc_column]<div  class=\"swmsc_fancy_heading swmsc_fancy_heading_center fh_icon_fancyHeadingNoIcon\" style=\"margin-top:40px;margin-bottom:40px;\">\n                        <div class=\"swmsc_fancy_heading_text\" style=\"font-size:30px;line-height:36px;\">\n                            <strong>Compromiso por el Medio Ambiente<\/strong>\n                            <div class=\"swmsc_fancy_heading_border\">\n                                <span class=\"swmsc_fancy_heading_border1\" style=\"background:#f8b54d;\"><\/span>\n                                <span class=\"swmsc_fancy_heading_border2\" style=\"background:#f8b54d;\"><\/span>\n                                <span class=\"swmsc_fancy_heading_icon\"><i class=\"fa fa-fancyHeadingNoIcon\"  style=\"color:#8373ce;\"><\/i><\/span>\n                            <\/div>\n                        <\/div>\n                    <\/div>[\/vc_column][\/vc_row][vc_row][vc_column width=\u00bb1\/4&#8243;]<div  class=\"swmsc_image_lightbox  image_left\" >\n\n                        <div class=\"swmsc_image_lightbox_img\"><img decoding=\"async\" alt=\"\" src=\"https:\/\/www.cavallcartro.cat\/wp-content\/uploads\/2018\/12\/cavallcartro-qualitat2.jpg\" class=\"\" style=\"border-radius:10px;\" \/><div class=\"swmsc_img_overlay\" style=\"border-radius:10px;\">\n                                                <a class=\"swmsc_popup_img\" href=\"#\" title=\"\" target=\"_self\" >\n                                                    <i class=\"fa fa-search\"><\/i>\n                                                <\/a>\n                                            <\/div><\/div><\/div>[\/vc_column][vc_column width=\u00bb3\/4&#8243;][vc_column_text css=\u00bb\u00bb]El respeto por el medio ambiente se encuentra presente en la base de nuestras acciones y en nuestro Proyecto Educativo. Tomamos como objetivo principal un desarrollo sostenible, manteniendo nuestro compromiso en la prevenci\u00f3n de la contaminaci\u00f3n, la protecci\u00f3n del medio ambiente, la mejora del consumo energ\u00e9tico propio y de nuestros clientes, y la sensibilizaci\u00f3n ambiental en la estructura de la organizaci\u00f3n, en nuestros clientes y en los ni\u00f1os y ni\u00f1as.<\/p>\n<p>Serveis Educatius Cavall de Cartr\u00f3 S.L. dispone de la certificaci\u00f3n emitida por DNV GL en la <strong>UNE-EN-ISO 14001:2015 Sistemas de Gesti\u00f3n Ambiental <\/strong>en Gesti\u00f3n de escuelas infantiles: educaci\u00f3n infantil de primer ciclo, servicio de comedor y mantenimiento. Gesti\u00f3n del servicio de ocio en centros educativos. Gesti\u00f3n del servicio de alimentaci\u00f3n en centros con cocina propia o cocina transportadas.[\/vc_column_text][vc_column_text css=\u00bb\u00bb]\n<p style=\"text-align: center;\"><a href=\"https:\/\/www.cavallcartro.cat\/wp-content\/uploads\/2026\/04\/CERTIFICADO-ISO-14001-CAVALL-ESP-A26.jpg\"><img loading=\"lazy\" decoding=\"async\" class=\"alignnone wp-image-4012 size-full\" src=\"https:\/\/www.cavallcartro.cat\/wp-content\/uploads\/2018\/12\/iso.jpg\" alt=\"\" width=\"100\" height=\"100\" srcset=\"https:\/\/www.cavallcartro.cat\/wp-content\/uploads\/2018\/12\/iso.jpg 100w, https:\/\/www.cavallcartro.cat\/wp-content\/uploads\/2018\/12\/iso-75x75.jpg 75w\" sizes=\"auto, (max-width: 100px) 100vw, 100px\" \/><\/a><\/p>\n<p style=\"text-align: center;\"><em>(clic para descargar el documento referente a <strong>ESCUELAS INFANTILES<\/strong>)<\/em><\/p>\n[\/vc_column_text]<div  class=\"clear swmsc_gap\" style=\"margin:30px 0 0 0;\"><\/div><div  class=\"clear swmsc_gap\" style=\"margin:30px 0 0 0;\"><\/div>[vc_column_text]<strong>COMPRAS SOSTENIBLES:<\/strong> Nuestro compromiso con la sostenibilidad, materializado en las acciones cotidianas, h\u00e1bitos y protocolos sostenidos en el tiempo, como parte de nuestro proyecto socioeducativo, tienen tambi\u00e9n su reconocimiento en la certificaci\u00f3n ISO 20400 de gesti\u00f3n de compras. La AERCE, Asociaci\u00f3n Espa\u00f1ola de Profesionales de Compras, Contrataci\u00f3n y Suministramientos, audita y otorga peri\u00f3dicamente este certificado.[\/vc_column_text][vc_column_text]\n<p style=\"text-align: center;\"><a href=\"https:\/\/www.cavallcartro.cat\/wp-content\/uploads\/2022\/06\/DE-CERTIFICADO-ISO-20400-CAVALL-M22_compressed2.pdf\"><br \/>\n<img loading=\"lazy\" decoding=\"async\" class=\"aligncenter wp-image-5681 size-full\" src=\"https:\/\/www.cavallcartro.cat\/wp-content\/uploads\/2022\/06\/Certificacio-AERCE-ISO-20400-compres-responsables.jpg\" alt=\"Certificaci\u00f3 AERCE ISO 20400 compres sostenibles\" width=\"100\" height=\"100\" srcset=\"https:\/\/www.cavallcartro.cat\/wp-content\/uploads\/2022\/06\/Certificacio-AERCE-ISO-20400-compres-responsables.jpg 100w, https:\/\/www.cavallcartro.cat\/wp-content\/uploads\/2022\/06\/Certificacio-AERCE-ISO-20400-compres-responsables-75x75.jpg 75w\" sizes=\"auto, (max-width: 100px) 100vw, 100px\" \/><\/a><\/p>\n<p style=\"text-align: center;\"><em>(clic para descargar la certificaci\u00f3n)<\/em><\/p>\n[\/vc_column_text]<div  class=\"clear swmsc_gap\" style=\"margin:30px 0 0 0;\"><\/div>[vc_column_text]<strong>ESCOLES VERDES:\u00a0<\/strong>Formar parte del proyecto de\u00a0<a href=\"http:\/\/mediambient.gencat.cat\/es\/05_ambits_dactuacio\/educacio_i_sostenibilitat\/educacio_per_a_la_sostenibilitat\/escoles_verdes\/\" target=\"_blank\" rel=\"noopener noreferrer\"><strong>Escoles Verdes<\/strong><\/a>\u00a0ha supuesto para nuestras escuelas preguntarse qu\u00e9 entendemos por educar en la sostenibilidad y cu\u00e1l es nuestro punto de partida. Mejorar la sostenibilidad del centro, mejorar nuestros conocimientos en aspectos relacionados con el medio ambiente y con el desarrollo sostenible.<\/p>\n<p>Trabajamos en diferentes aspectos medioambientales para favorecer una\u00a0<strong>actitud responsable y respetuosa con el medio natural<\/strong>\u00a0y nuestro entorno. Contribuimos a una voluntad de transformaci\u00f3n, de manera de hacer y de relacionarnos con el entorno, en base a principios y valores sostenibles en todos los \u00e1mbitos de la vida escolar. Entendida como una\u00a0<strong>herramienta pedag\u00f3gica para transformar la sociedad<\/strong>, a partir de la toma de conciencia del medio en el que vivimos y del aprendizaje de conceptos, valores y actitudes en relaci\u00f3n al respeto al medio ambiente. Por eso llevamos a cabo acciones como\u00a0<strong>el compostaje, la recogida de aceite o el reciclaje<\/strong>, en la que participan tanto los ni\u00f1os, como las familias y las profesionales del centro.[\/vc_column_text][vc_column_text]\n<p style=\"text-align: center;\"><a href=\"http:\/\/mediambient.gencat.cat\/ca\/05_ambits_dactuacio\/educacio_i_sostenibilitat\/educacio_per_a_la_sostenibilitat\/escoles_verdes\/els_centres_adherits\/\"><img decoding=\"async\" class=\"aligncenter size-full wp-image-4196\" src=\"https:\/\/www.cavallcartro.cat\/wp-content\/uploads\/2019\/01\/Programa-Escoles-Verdes-20-anys-quadrat.jpg\" alt=\"Programa Escoles Verdes 20 anys\" height=\"100\" \/><\/a><\/p>\n<p style=\"text-align: center;\"><em>(clic para acceder a Escoles Verdes)<\/em><\/p>\n[\/vc_column_text][\/vc_column][\/vc_row][vc_row css=\u00bb.vc_custom_1545585630180{padding-top: 50px !important;}\u00bb][vc_column]<div  class=\"swmsc_fancy_heading swmsc_fancy_heading_center fh_icon_fancyHeadingNoIcon\" style=\"margin-top:40px;margin-bottom:40px;\">\n                        <div class=\"swmsc_fancy_heading_text\" style=\"font-size:30px;line-height:36px;\">\n                            <strong>Compromiso por la Seguridad y Salud de los profesionales<\/strong>\n                            <div class=\"swmsc_fancy_heading_border\">\n                                <span class=\"swmsc_fancy_heading_border1\" style=\"background:#f8b54d;\"><\/span>\n                                <span class=\"swmsc_fancy_heading_border2\" style=\"background:#f8b54d;\"><\/span>\n                                <span class=\"swmsc_fancy_heading_icon\"><i class=\"fa fa-fancyHeadingNoIcon\"  style=\"color:#8373ce;\"><\/i><\/span>\n                            <\/div>\n                        <\/div>\n                    <\/div>[\/vc_column][\/vc_row][vc_row][vc_column width=\u00bb1\/4&#8243;]<div  class=\"swmsc_image_lightbox  image_left\" >\n\n                        <div class=\"swmsc_image_lightbox_img\"><img decoding=\"async\" alt=\"\" src=\"https:\/\/www.cavallcartro.cat\/wp-content\/uploads\/2018\/12\/cavallcartro-qualitat1.jpg\" class=\"\" style=\"border-radius:10px;\" \/><div class=\"swmsc_img_overlay\" style=\"border-radius:10px;\">\n                                                <a class=\"swmsc_popup_img\" href=\"#\" title=\"\" target=\"_self\" >\n                                                    <i class=\"fa fa-search\"><\/i>\n                                                <\/a>\n                                            <\/div><\/div><\/div>[\/vc_column][vc_column width=\u00bb3\/4&#8243;][vc_column_text]Serveis Educatius Cavall de Cartr\u00f3, S.L somos una empresa socialmente responsable y nos comprometemos a generar un entorno de trabajo seguro y saludable<strong>. Las personas y la seguridad son nuestro valor principal y no hay nada m\u00e1s importante.<\/strong><\/p>\n<p>Mediante la implantaci\u00f3n del Plan de Prevenci\u00f3n se identifican, eval\u00faan, controlan y eliminan los posibles riesgos laborales desde su origen.<\/p>\n<p>Serveis Educatius Cavall de Cartr\u00f3 S.L. dispone del certificado ISO 45001:2018, de Gesti\u00f3n de la Seguridad y Salud Laboral.[\/vc_column_text][vc_column_text]\n<p style=\"text-align: center;\"><a href=\"https:\/\/www.cavallcartro.cat\/wp-content\/uploads\/2024\/03\/ISO-45001-SPRL-039-20-2006-Cavall-de-Cartro-Seg.-2023.pdf\"><img loading=\"lazy\" decoding=\"async\" class=\"aligncenter wp-image-5596 size-full\" src=\"https:\/\/www.cavallcartro.cat\/wp-content\/uploads\/2022\/02\/ISO-45001.jpg\" alt=\"ISO 45001\" width=\"100\" height=\"100\" srcset=\"https:\/\/www.cavallcartro.cat\/wp-content\/uploads\/2022\/02\/ISO-45001.jpg 100w, https:\/\/www.cavallcartro.cat\/wp-content\/uploads\/2022\/02\/ISO-45001-75x75.jpg 75w\" sizes=\"auto, (max-width: 100px) 100vw, 100px\" \/><\/a><\/p>\n<p style=\"text-align: center;\"><em>(clic para descargar el documento)<\/em><\/p>\n[\/vc_column_text]<div  class=\"clear swmsc_gap\" style=\"margin:30px 0 0 0;\"><\/div>[vc_column_text]De igual modo, contamos con un sistema de gesti\u00f3n de la seguridad y la salud en el trabajo para identificar, eliminar, evaluar, reducir y controlar los posibles riesgos laborales desde su origen.[\/vc_column_text][vc_column_text]\n<p style=\"text-align: center;\"><a href=\"https:\/\/www.cavallcartro.cat\/wp-content\/uploads\/2024\/03\/POLITICA-DE-GESTION-DE-SEGURIDAD-Y-SALUD-EN-EL-TRABAJO-EN-CASTELLANO.pdf\"><img loading=\"lazy\" decoding=\"async\" class=\"alignnone size-full wp-image-4011\" src=\"https:\/\/www.cavallcartro.cat\/wp-content\/uploads\/2021\/03\/Politica-de-Gestio-Seguretat-i-Salut.jpg\" alt=\"\" width=\"100\" height=\"100\" \/><\/a><\/p>\n<p style=\"text-align: center;\"><em>(clic para descargar el documento)<\/em><\/p>\n[\/vc_column_text][\/vc_column][\/vc_row][vc_row css=\u00bb.vc_custom_1545585630180{padding-top: 50px !important;}\u00bb][vc_column]<div  class=\"swmsc_fancy_heading swmsc_fancy_heading_center fh_icon_fancyHeadingNoIcon\" style=\"margin-top:40px;margin-bottom:40px;\">\n                        <div class=\"swmsc_fancy_heading_text\" style=\"font-size:30px;line-height:36px;\">\n                            <strong>Compromiso con la Pol\u00edtica de Gesti\u00f3n<\/strong>\n                            <div class=\"swmsc_fancy_heading_border\">\n                                <span class=\"swmsc_fancy_heading_border1\" style=\"background:#f8b54d;\"><\/span>\n                                <span class=\"swmsc_fancy_heading_border2\" style=\"background:#f8b54d;\"><\/span>\n                                <span class=\"swmsc_fancy_heading_icon\"><i class=\"fa fa-fancyHeadingNoIcon\"  style=\"color:#8373ce;\"><\/i><\/span>\n                            <\/div>\n                        <\/div>\n                    <\/div>[\/vc_column][\/vc_row][vc_row][vc_column width=\u00bb1\/4&#8243;]<div  class=\"swmsc_image_lightbox  image_left\" >\n\n                        <div class=\"swmsc_image_lightbox_img\"><img decoding=\"async\" alt=\"\" src=\"https:\/\/www.cavallcartro.cat\/wp-content\/uploads\/2024\/03\/Politica-de-Qualitat-Cavall-de-Cartro.jpg\" class=\"\" style=\"border-radius:10px;\" \/><div class=\"swmsc_img_overlay\" style=\"border-radius:10px;\">\n                                                <a class=\"\" href=\"https:\/\/www.cavallcartro.cat\/wp-content\/uploads\/2018\/01\/Politica-de-Qualitat-2018.pdf\" title=\"\" target=\"_self\" >\n                                                    <i class=\"fa fa-link\"><\/i>\n                                                <\/a>\n                                            <\/div><\/div><\/div>[\/vc_column][vc_column width=\u00bb3\/4&#8243;][vc_column_text]\n<p>Nuestra pol\u00edtica se basa en los pilares estrat\u00e9gicos de nuestra organizaci\u00f3n, que sirven de marco de referencia. De igual modo, aplicamos estos principios orientados a las actividades de los servicios educativos, estableciendo unos objetivos que se analizan y revisan de forma peri\u00f3dica.<\/p>\n<p>Los pilares estrat\u00e9gicos de Cavall de Cartr\u00f3 son: sostenibilidad y liderazgo, compromiso social, seguridad y salud, medio ambiente, principios \u00e9ticos e innovaci\u00f3n.<\/p>\n[\/vc_column_text][vc_column_text css=\u00bb\u00bb]\n<p style=\"text-align: center;\"><a href=\"https:\/\/www.cavallcartro.cat\/wp-content\/uploads\/2024\/10\/DA-POLITICA-GESTIO-CAVALL-JL21-V02.pdf\"><img loading=\"lazy\" decoding=\"async\" class=\"alignnone size-full wp-image-4012\" src=\"https:\/\/www.cavallcartro.cat\/wp-content\/uploads\/2024\/03\/Icona-etica-politica-gestio-Cavall-de-Cartro.png\" alt=\"\" width=\"100\" height=\"100\" \/><\/a><\/p>\n<p style=\"text-align: center;\"><em>(clic para descargar el documento)<\/em><\/p>\n[\/vc_column_text][\/vc_column][\/vc_row][vc_row css=\u00bb.vc_custom_1545585630180{padding-top: 50px !important;}\u00bb][vc_column]<div  class=\"swmsc_fancy_heading swmsc_fancy_heading_center fh_icon_fancyHeadingNoIcon\" style=\"margin-top:40px;margin-bottom:40px;\">\n                        <div class=\"swmsc_fancy_heading_text\" style=\"font-size:30px;line-height:36px;\">\n                            <strong>Compromiso con la Protecci\u00f3n de Datos<\/strong>\n                            <div class=\"swmsc_fancy_heading_border\">\n                                <span class=\"swmsc_fancy_heading_border1\" style=\"background:#f8b54d;\"><\/span>\n                                <span class=\"swmsc_fancy_heading_border2\" style=\"background:#f8b54d;\"><\/span>\n                                <span class=\"swmsc_fancy_heading_icon\"><i class=\"fa fa-fancyHeadingNoIcon\"  style=\"color:#8373ce;\"><\/i><\/span>\n                            <\/div>\n                        <\/div>\n                    <\/div>[\/vc_column][\/vc_row][vc_row][vc_column width=\u00bb1\/4&#8243;]<div  class=\"swmsc_image_lightbox  image_left\" >\n\n                        <div class=\"swmsc_image_lightbox_img\"><img decoding=\"async\" alt=\"\" src=\"https:\/\/www.cavallcartro.cat\/wp-content\/uploads\/2019\/07\/Seguretat.jpg\" class=\"\" style=\"border-radius:10px;\" \/><div class=\"swmsc_img_overlay\" style=\"border-radius:10px;\">\n                                                <a class=\"\" href=\"https:\/\/www.cavallcartro.cat\/wp-content\/uploads\/2019\/07\/CERTIFICACI%C3%93-ISO-27001-CHILD5_-_SERVEIS_EDUCATIUS_CAVALL_DE_CARTR%C3%93_S.L._1-6OQU5CN_CC.pdf\" title=\"\" target=\"_self\" >\n                                                    <i class=\"fa fa-link\"><\/i>\n                                                <\/a>\n                                            <\/div><\/div><\/div>[\/vc_column][vc_column width=\u00bb3\/4&#8243;][vc_column_text css=\u00bb\u00bb]Aplicamos los protocolos certificados para el est\u00e1ndar <strong>ISO-IEC 27001<\/strong> en nuestros procesos inform\u00e1ticos, para el cumplimiento del Reglamento General de Protecci\u00f3n de Datos Personales, vigente desde mayo de 2018.[\/vc_column_text][vc_column_text css=\u00bb\u00bb]\n<p style=\"text-align: center;\"><a href=\"https:\/\/www.cavallcartro.cat\/wp-content\/uploads\/2025\/07\/ISO-IEC_27001-SERVEIS-EDUCATIUS-CAVALL-DE-CARTRO-S.L._ESP.pdf\"><img loading=\"lazy\" decoding=\"async\" class=\"alignnone size-full wp-image-4012\" src=\"https:\/\/www.cavallcartro.cat\/wp-content\/uploads\/2024\/03\/Certificat-ISO-IEC-27001-Gestio-Escoles-Bressol.jpg\" alt=\"\" width=\"100\" height=\"100\" \/><\/a><\/p>\n<p style=\"text-align: center;\"><em>(clic para descargar el documento)<\/em><\/p>\n[\/vc_column_text][\/vc_column][\/vc_row][vc_row css=\u00bb.vc_custom_1545585630180{padding-top: 50px !important;}\u00bb][vc_column]<div  class=\"swmsc_fancy_heading swmsc_fancy_heading_center fh_icon_fancyHeadingNoIcon\" style=\"margin-top:40px;margin-bottom:40px;\">\n                        <div class=\"swmsc_fancy_heading_text\" style=\"font-size:30px;line-height:36px;\">\n                            <strong>Compromiso con la Gesti\u00f3n Energ\u00e9tica Responsable<\/strong>\n                            <div class=\"swmsc_fancy_heading_border\">\n                                <span class=\"swmsc_fancy_heading_border1\" style=\"background:#f8b54d;\"><\/span>\n                                <span class=\"swmsc_fancy_heading_border2\" style=\"background:#f8b54d;\"><\/span>\n                                <span class=\"swmsc_fancy_heading_icon\"><i class=\"fa fa-fancyHeadingNoIcon\"  style=\"color:#8373ce;\"><\/i><\/span>\n                            <\/div>\n                        <\/div>\n                    <\/div>[\/vc_column][\/vc_row][vc_row][vc_column width=\u00bb1\/4&#8243;]<div  class=\"swmsc_image_lightbox  image_left\" >\n\n                        <div class=\"swmsc_image_lightbox_img\"><img decoding=\"async\" alt=\"\" src=\"https:\/\/www.cavallcartro.cat\/wp-content\/uploads\/2025\/06\/Eficiencia-energetica.jpg\" class=\"\" style=\"border-radius:10px;\" \/><div class=\"swmsc_img_overlay\" style=\"border-radius:10px;\">\n                                                <a class=\"\" href=\"https:\/\/www.cavallcartro.cat\/wp-content\/uploads\/2019\/07\/CERTIFICACI%C3%93-ISO-27001-CHILD5_-_SERVEIS_EDUCATIUS_CAVALL_DE_CARTR%C3%93_S.L._1-6OQU5CN_CC.pdf\" title=\"\" target=\"_self\" >\n                                                    <i class=\"fa fa-link\"><\/i>\n                                                <\/a>\n                                            <\/div><\/div><\/div>[\/vc_column][vc_column width=\u00bb3\/4&#8243;][vc_column_text css=\u00bb\u00bb]Disponemos de un sistema de gesti\u00f3n energ\u00e9tica conforme con la <strong>Norma UNE-ISO 50001:2018<\/strong>, en las actividades desarrolladas en oficinas y centros de trabajo, as\u00ed como en la flota de veh\u00edculos.[\/vc_column_text][vc_column_text css=\u00bb\u00bb]\n<p style=\"text-align: center;\"><a href=\"https:\/\/www.cavallcartro.cat\/wp-content\/uploads\/2025\/06\/ISO-50001-con-Anexo-Empresas-CAVALL-DE-CARTRO.pdf\"><img loading=\"lazy\" decoding=\"async\" class=\"alignnone size-full wp-image-4012\" src=\"https:\/\/www.cavallcartro.cat\/wp-content\/uploads\/2025\/06\/AENOR-50001.jpeg\" alt=\"\" width=\"100\" height=\"100\" \/><\/a><\/p>\n<p style=\"text-align: center;\"><em>(clic para descargar el documento)<\/em><\/p>\n[\/vc_column_text][\/vc_column][\/vc_row]\n<\/div>","protected":false},"excerpt":{"rendered":"<p>[vc_row][vc_column][\/vc_column][\/vc_row][vc_row][vc_column][\/vc_column][\/vc_row][vc_row][vc_column width=\u00bb1\/4&#8243;][\/vc_column][vc_column width=\u00bb3\/4&#8243;][vc_column_text css=\u00bb\u00bb]La implantaci\u00f3n de un Sistema de Gesti\u00f3n de la Calidad basado en los est\u00e1ndares establecidos en la norma ISO 9001:2015 forma parte de nuestra Pol\u00edtica Estrat\u00e9gica, garantizando una gesti\u00f3n de los servicios eficaz, controlada, que satisfaga los requisitos de nuestros clientes y contribuya a la mejora continua. [&hellip;]<\/p>\n","protected":false},"author":1,"featured_media":0,"parent":0,"menu_order":0,"comment_status":"closed","ping_status":"closed","template":"","meta":{"footnotes":""},"class_list":["post-4152","page","type-page","status-publish","hentry"],"yoast_head":"<!-- This site is optimized with the Yoast SEO plugin v27.5 - https:\/\/yoast.com\/product\/yoast-seo-wordpress\/ -->\n<title>Calidad y medio ambiente | Cavall de Cartr\u00f3 - Serveis Educatius<\/title>\n<meta name=\"description\" content=\"Calidad y medioambiente. Certificados y sellos que garantizan el compromiso de Cavall de Cartr\u00f3 con los objetivos de excelencia.\" \/>\n<meta name=\"robots\" content=\"index, follow, max-snippet:-1, max-image-preview:large, max-video-preview:-1\" \/>\n<link rel=\"canonical\" href=\"https:\/\/www.cavallcartro.cat\/es\/calidad-y-medio-ambiente\" \/>\n<meta property=\"og:locale\" content=\"es_ES\" \/>\n<meta property=\"og:type\" content=\"article\" \/>\n<meta property=\"og:title\" content=\"Calidad y medio ambiente | Cavall de Cartr\u00f3 - Serveis Educatius\" \/>\n<meta property=\"og:description\" content=\"Calidad y medioambiente. Certificados y sellos que garantizan el compromiso de Cavall de Cartr\u00f3 con los objetivos de excelencia.\" \/>\n<meta property=\"og:url\" content=\"https:\/\/www.cavallcartro.cat\/es\/calidad-y-medio-ambiente\" \/>\n<meta property=\"og:site_name\" content=\"Cavall de Cartr\u00f3 - Serveis Educatius\" \/>\n<meta property=\"article:publisher\" content=\"https:\/\/www.facebook.com\/cavallcartroedu\" \/>\n<meta property=\"article:modified_time\" content=\"2026-04-15T11:34:41+00:00\" \/>\n<meta property=\"og:image\" content=\"https:\/\/www.cavallcartro.cat\/wp-content\/uploads\/2018\/12\/iso.jpg\" \/>\n<meta name=\"twitter:card\" content=\"summary_large_image\" \/>\n<meta name=\"twitter:site\" content=\"@cavallcartroedu\" \/>\n<meta name=\"twitter:label1\" content=\"Tiempo de lectura\" \/>\n\t<meta name=\"twitter:data1\" content=\"8 minutos\" \/>\n<script type=\"application\/ld+json\" class=\"yoast-schema-graph\">{\"@context\":\"https:\\\/\\\/schema.org\",\"@graph\":[{\"@type\":\"Article\",\"@id\":\"https:\\\/\\\/www.cavallcartro.cat\\\/es\\\/calidad-y-medio-ambiente#article\",\"isPartOf\":{\"@id\":\"https:\\\/\\\/www.cavallcartro.cat\\\/es\\\/calidad-y-medio-ambiente\"},\"author\":{\"name\":\"cgarcia\",\"@id\":\"https:\\\/\\\/www.cavallcartro.cat\\\/#\\\/schema\\\/person\\\/6747bc1660e32d545ab2b8e5927ea542\"},\"headline\":\"Calidad y medio ambiente\",\"datePublished\":\"2019-01-22T22:52:05+00:00\",\"dateModified\":\"2026-04-15T11:34:41+00:00\",\"mainEntityOfPage\":{\"@id\":\"https:\\\/\\\/www.cavallcartro.cat\\\/es\\\/calidad-y-medio-ambiente\"},\"wordCount\":1628,\"publisher\":{\"@id\":\"https:\\\/\\\/www.cavallcartro.cat\\\/#organization\"},\"image\":{\"@id\":\"https:\\\/\\\/www.cavallcartro.cat\\\/es\\\/calidad-y-medio-ambiente#primaryimage\"},\"thumbnailUrl\":\"https:\\\/\\\/www.cavallcartro.cat\\\/wp-content\\\/uploads\\\/2018\\\/12\\\/iso.jpg\",\"inLanguage\":\"es\"},{\"@type\":\"WebPage\",\"@id\":\"https:\\\/\\\/www.cavallcartro.cat\\\/es\\\/calidad-y-medio-ambiente\",\"url\":\"https:\\\/\\\/www.cavallcartro.cat\\\/es\\\/calidad-y-medio-ambiente\",\"name\":\"Calidad y medio ambiente | Cavall de Cartr\u00f3 - Serveis Educatius\",\"isPartOf\":{\"@id\":\"https:\\\/\\\/www.cavallcartro.cat\\\/#website\"},\"primaryImageOfPage\":{\"@id\":\"https:\\\/\\\/www.cavallcartro.cat\\\/es\\\/calidad-y-medio-ambiente#primaryimage\"},\"image\":{\"@id\":\"https:\\\/\\\/www.cavallcartro.cat\\\/es\\\/calidad-y-medio-ambiente#primaryimage\"},\"thumbnailUrl\":\"https:\\\/\\\/www.cavallcartro.cat\\\/wp-content\\\/uploads\\\/2018\\\/12\\\/iso.jpg\",\"datePublished\":\"2019-01-22T22:52:05+00:00\",\"dateModified\":\"2026-04-15T11:34:41+00:00\",\"description\":\"Calidad y medioambiente. Certificados y sellos que garantizan el compromiso de Cavall de Cartr\u00f3 con los objetivos de excelencia.\",\"breadcrumb\":{\"@id\":\"https:\\\/\\\/www.cavallcartro.cat\\\/es\\\/calidad-y-medio-ambiente#breadcrumb\"},\"inLanguage\":\"es\",\"potentialAction\":[{\"@type\":\"ReadAction\",\"target\":[\"https:\\\/\\\/www.cavallcartro.cat\\\/es\\\/calidad-y-medio-ambiente\"]}]},{\"@type\":\"ImageObject\",\"inLanguage\":\"es\",\"@id\":\"https:\\\/\\\/www.cavallcartro.cat\\\/es\\\/calidad-y-medio-ambiente#primaryimage\",\"url\":\"https:\\\/\\\/www.cavallcartro.cat\\\/wp-content\\\/uploads\\\/2018\\\/12\\\/iso.jpg\",\"contentUrl\":\"https:\\\/\\\/www.cavallcartro.cat\\\/wp-content\\\/uploads\\\/2018\\\/12\\\/iso.jpg\"},{\"@type\":\"BreadcrumbList\",\"@id\":\"https:\\\/\\\/www.cavallcartro.cat\\\/es\\\/calidad-y-medio-ambiente#breadcrumb\",\"itemListElement\":[{\"@type\":\"ListItem\",\"position\":1,\"name\":\"Portada\",\"item\":\"https:\\\/\\\/www.cavallcartro.cat\\\/es\"},{\"@type\":\"ListItem\",\"position\":2,\"name\":\"Calidad y medio ambiente\"}]},{\"@type\":\"WebSite\",\"@id\":\"https:\\\/\\\/www.cavallcartro.cat\\\/#website\",\"url\":\"https:\\\/\\\/www.cavallcartro.cat\\\/\",\"name\":\"Cavall de Cartr\u00f3\",\"description\":\"Gesti\u00f3 d&#039;escoles bressol i llars d&#039;infants municipals a Barcelona i tota Catalunya.\",\"publisher\":{\"@id\":\"https:\\\/\\\/www.cavallcartro.cat\\\/#organization\"},\"potentialAction\":[{\"@type\":\"SearchAction\",\"target\":{\"@type\":\"EntryPoint\",\"urlTemplate\":\"https:\\\/\\\/www.cavallcartro.cat\\\/?s={search_term_string}\"},\"query-input\":{\"@type\":\"PropertyValueSpecification\",\"valueRequired\":true,\"valueName\":\"search_term_string\"}}],\"inLanguage\":\"es\"},{\"@type\":\"Organization\",\"@id\":\"https:\\\/\\\/www.cavallcartro.cat\\\/#organization\",\"name\":\"Cavall de Cartr\u00f3\",\"url\":\"https:\\\/\\\/www.cavallcartro.cat\\\/\",\"logo\":{\"@type\":\"ImageObject\",\"inLanguage\":\"es\",\"@id\":\"https:\\\/\\\/www.cavallcartro.cat\\\/#\\\/schema\\\/logo\\\/image\\\/\",\"url\":\"https:\\\/\\\/www.cavallcartro.cat\\\/wp-content\\\/uploads\\\/2020\\\/07\\\/Logo-Cavall-de-Cartr\u00f3-gesti\u00f3-escoles-bressol-i-menjadors-escolars-e1596129492304.png\",\"contentUrl\":\"https:\\\/\\\/www.cavallcartro.cat\\\/wp-content\\\/uploads\\\/2020\\\/07\\\/Logo-Cavall-de-Cartr\u00f3-gesti\u00f3-escoles-bressol-i-menjadors-escolars-e1596129492304.png\",\"width\":528,\"height\":274,\"caption\":\"Cavall de Cartr\u00f3\"},\"image\":{\"@id\":\"https:\\\/\\\/www.cavallcartro.cat\\\/#\\\/schema\\\/logo\\\/image\\\/\"},\"sameAs\":[\"https:\\\/\\\/www.facebook.com\\\/cavallcartroedu\",\"https:\\\/\\\/x.com\\\/cavallcartroedu\",\"https:\\\/\\\/www.instagram.com\\\/cavallcartroedu\\\/\",\"https:\\\/\\\/www.youtube.com\\\/@CavalldeCartro\"]},{\"@type\":\"Person\",\"@id\":\"https:\\\/\\\/www.cavallcartro.cat\\\/#\\\/schema\\\/person\\\/6747bc1660e32d545ab2b8e5927ea542\",\"name\":\"cgarcia\",\"image\":{\"@type\":\"ImageObject\",\"inLanguage\":\"es\",\"@id\":\"https:\\\/\\\/secure.gravatar.com\\\/avatar\\\/469990a84f48a39e93ee0d8243415a74ba5692f608ea41afee8cae0e81f99f77?s=96&d=mm&r=g\",\"url\":\"https:\\\/\\\/secure.gravatar.com\\\/avatar\\\/469990a84f48a39e93ee0d8243415a74ba5692f608ea41afee8cae0e81f99f77?s=96&d=mm&r=g\",\"contentUrl\":\"https:\\\/\\\/secure.gravatar.com\\\/avatar\\\/469990a84f48a39e93ee0d8243415a74ba5692f608ea41afee8cae0e81f99f77?s=96&d=mm&r=g\",\"caption\":\"cgarcia\"},\"url\":\"https:\\\/\\\/www.cavallcartro.cat\\\/es\\\/author\\\/cgarcia\"}]}<\/script>\n<!-- \/ Yoast SEO plugin. -->","yoast_head_json":{"title":"Calidad y medio ambiente | Cavall de Cartr\u00f3 - Serveis Educatius","description":"Calidad y medioambiente. Certificados y sellos que garantizan el compromiso de Cavall de Cartr\u00f3 con los objetivos de excelencia.","robots":{"index":"index","follow":"follow","max-snippet":"max-snippet:-1","max-image-preview":"max-image-preview:large","max-video-preview":"max-video-preview:-1"},"canonical":"https:\/\/www.cavallcartro.cat\/es\/calidad-y-medio-ambiente","og_locale":"es_ES","og_type":"article","og_title":"Calidad y medio ambiente | Cavall de Cartr\u00f3 - Serveis Educatius","og_description":"Calidad y medioambiente. Certificados y sellos que garantizan el compromiso de Cavall de Cartr\u00f3 con los objetivos de excelencia.","og_url":"https:\/\/www.cavallcartro.cat\/es\/calidad-y-medio-ambiente","og_site_name":"Cavall de Cartr\u00f3 - Serveis Educatius","article_publisher":"https:\/\/www.facebook.com\/cavallcartroedu","article_modified_time":"2026-04-15T11:34:41+00:00","og_image":[{"url":"https:\/\/www.cavallcartro.cat\/wp-content\/uploads\/2018\/12\/iso.jpg","type":"","width":"","height":""}],"twitter_card":"summary_large_image","twitter_site":"@cavallcartroedu","twitter_misc":{"Tiempo de lectura":"8 minutos"},"schema":{"@context":"https:\/\/schema.org","@graph":[{"@type":"Article","@id":"https:\/\/www.cavallcartro.cat\/es\/calidad-y-medio-ambiente#article","isPartOf":{"@id":"https:\/\/www.cavallcartro.cat\/es\/calidad-y-medio-ambiente"},"author":{"name":"cgarcia","@id":"https:\/\/www.cavallcartro.cat\/#\/schema\/person\/6747bc1660e32d545ab2b8e5927ea542"},"headline":"Calidad y medio ambiente","datePublished":"2019-01-22T22:52:05+00:00","dateModified":"2026-04-15T11:34:41+00:00","mainEntityOfPage":{"@id":"https:\/\/www.cavallcartro.cat\/es\/calidad-y-medio-ambiente"},"wordCount":1628,"publisher":{"@id":"https:\/\/www.cavallcartro.cat\/#organization"},"image":{"@id":"https:\/\/www.cavallcartro.cat\/es\/calidad-y-medio-ambiente#primaryimage"},"thumbnailUrl":"https:\/\/www.cavallcartro.cat\/wp-content\/uploads\/2018\/12\/iso.jpg","inLanguage":"es"},{"@type":"WebPage","@id":"https:\/\/www.cavallcartro.cat\/es\/calidad-y-medio-ambiente","url":"https:\/\/www.cavallcartro.cat\/es\/calidad-y-medio-ambiente","name":"Calidad y medio ambiente | Cavall de Cartr\u00f3 - Serveis Educatius","isPartOf":{"@id":"https:\/\/www.cavallcartro.cat\/#website"},"primaryImageOfPage":{"@id":"https:\/\/www.cavallcartro.cat\/es\/calidad-y-medio-ambiente#primaryimage"},"image":{"@id":"https:\/\/www.cavallcartro.cat\/es\/calidad-y-medio-ambiente#primaryimage"},"thumbnailUrl":"https:\/\/www.cavallcartro.cat\/wp-content\/uploads\/2018\/12\/iso.jpg","datePublished":"2019-01-22T22:52:05+00:00","dateModified":"2026-04-15T11:34:41+00:00","description":"Calidad y medioambiente. Certificados y sellos que garantizan el compromiso de Cavall de Cartr\u00f3 con los objetivos de excelencia.","breadcrumb":{"@id":"https:\/\/www.cavallcartro.cat\/es\/calidad-y-medio-ambiente#breadcrumb"},"inLanguage":"es","potentialAction":[{"@type":"ReadAction","target":["https:\/\/www.cavallcartro.cat\/es\/calidad-y-medio-ambiente"]}]},{"@type":"ImageObject","inLanguage":"es","@id":"https:\/\/www.cavallcartro.cat\/es\/calidad-y-medio-ambiente#primaryimage","url":"https:\/\/www.cavallcartro.cat\/wp-content\/uploads\/2018\/12\/iso.jpg","contentUrl":"https:\/\/www.cavallcartro.cat\/wp-content\/uploads\/2018\/12\/iso.jpg"},{"@type":"BreadcrumbList","@id":"https:\/\/www.cavallcartro.cat\/es\/calidad-y-medio-ambiente#breadcrumb","itemListElement":[{"@type":"ListItem","position":1,"name":"Portada","item":"https:\/\/www.cavallcartro.cat\/es"},{"@type":"ListItem","position":2,"name":"Calidad y medio ambiente"}]},{"@type":"WebSite","@id":"https:\/\/www.cavallcartro.cat\/#website","url":"https:\/\/www.cavallcartro.cat\/","name":"Cavall de Cartr\u00f3","description":"Gesti\u00f3 d&#039;escoles bressol i llars d&#039;infants municipals a Barcelona i tota Catalunya.","publisher":{"@id":"https:\/\/www.cavallcartro.cat\/#organization"},"potentialAction":[{"@type":"SearchAction","target":{"@type":"EntryPoint","urlTemplate":"https:\/\/www.cavallcartro.cat\/?s={search_term_string}"},"query-input":{"@type":"PropertyValueSpecification","valueRequired":true,"valueName":"search_term_string"}}],"inLanguage":"es"},{"@type":"Organization","@id":"https:\/\/www.cavallcartro.cat\/#organization","name":"Cavall de Cartr\u00f3","url":"https:\/\/www.cavallcartro.cat\/","logo":{"@type":"ImageObject","inLanguage":"es","@id":"https:\/\/www.cavallcartro.cat\/#\/schema\/logo\/image\/","url":"https:\/\/www.cavallcartro.cat\/wp-content\/uploads\/2020\/07\/Logo-Cavall-de-Cartr\u00f3-gesti\u00f3-escoles-bressol-i-menjadors-escolars-e1596129492304.png","contentUrl":"https:\/\/www.cavallcartro.cat\/wp-content\/uploads\/2020\/07\/Logo-Cavall-de-Cartr\u00f3-gesti\u00f3-escoles-bressol-i-menjadors-escolars-e1596129492304.png","width":528,"height":274,"caption":"Cavall de Cartr\u00f3"},"image":{"@id":"https:\/\/www.cavallcartro.cat\/#\/schema\/logo\/image\/"},"sameAs":["https:\/\/www.facebook.com\/cavallcartroedu","https:\/\/x.com\/cavallcartroedu","https:\/\/www.instagram.com\/cavallcartroedu\/","https:\/\/www.youtube.com\/@CavalldeCartro"]},{"@type":"Person","@id":"https:\/\/www.cavallcartro.cat\/#\/schema\/person\/6747bc1660e32d545ab2b8e5927ea542","name":"cgarcia","image":{"@type":"ImageObject","inLanguage":"es","@id":"https:\/\/secure.gravatar.com\/avatar\/469990a84f48a39e93ee0d8243415a74ba5692f608ea41afee8cae0e81f99f77?s=96&d=mm&r=g","url":"https:\/\/secure.gravatar.com\/avatar\/469990a84f48a39e93ee0d8243415a74ba5692f608ea41afee8cae0e81f99f77?s=96&d=mm&r=g","contentUrl":"https:\/\/secure.gravatar.com\/avatar\/469990a84f48a39e93ee0d8243415a74ba5692f608ea41afee8cae0e81f99f77?s=96&d=mm&r=g","caption":"cgarcia"},"url":"https:\/\/www.cavallcartro.cat\/es\/author\/cgarcia"}]}},"_links":{"self":[{"href":"https:\/\/www.cavallcartro.cat\/es\/wp-json\/wp\/v2\/pages\/4152","targetHints":{"allow":["GET"]}}],"collection":[{"href":"https:\/\/www.cavallcartro.cat\/es\/wp-json\/wp\/v2\/pages"}],"about":[{"href":"https:\/\/www.cavallcartro.cat\/es\/wp-json\/wp\/v2\/types\/page"}],"author":[{"embeddable":true,"href":"https:\/\/www.cavallcartro.cat\/es\/wp-json\/wp\/v2\/users\/1"}],"replies":[{"embeddable":true,"href":"https:\/\/www.cavallcartro.cat\/es\/wp-json\/wp\/v2\/comments?post=4152"}],"version-history":[{"count":55,"href":"https:\/\/www.cavallcartro.cat\/es\/wp-json\/wp\/v2\/pages\/4152\/revisions"}],"predecessor-version":[{"id":7032,"href":"https:\/\/www.cavallcartro.cat\/es\/wp-json\/wp\/v2\/pages\/4152\/revisions\/7032"}],"wp:attachment":[{"href":"https:\/\/www.cavallcartro.cat\/es\/wp-json\/wp\/v2\/media?parent=4152"}],"curies":[{"name":"wp","href":"https:\/\/api.w.org\/{rel}","templated":true}]}}