{"id":3688,"date":"2018-08-01T06:51:19","date_gmt":"2018-08-01T06:51:19","guid":{"rendered":"https:\/\/www.cavallcartro.cat\/nuestra-cocina\/seguretat-alimentaria"},"modified":"2018-08-06T20:50:41","modified_gmt":"2018-08-06T20:50:41","slug":"seguridad-alimentaria","status":"publish","type":"page","link":"https:\/\/www.cavallcartro.cat\/es\/nuestra-cocina\/seguridad-alimentaria","title":{"rendered":"Seguridad alimentaria"},"content":{"rendered":"<div class=\"wpb-content-wrapper\">[vc_row][vc_column]<div   >\n                        <div class=\"swmsc_container\">\n                            [vc_row_inner][vc_column_inner]<div  class=\"swmsc_fancy_heading swmsc_fancy_heading_center fh_icon_star\" style=\"margin-top:0;margin-bottom:60px;\">\n                        <div class=\"swmsc_fancy_heading_text\" style=\"font-size:42px;line-height:36px;\">\n                            <span style=\"color: #9fcdb1;\"><strong><span style=\"color: #80b5df;\">Seguridad alimentaria<\/span><br \/>\n<\/strong><\/span>\n                            <div class=\"swmsc_fancy_heading_border\">\n                                <span class=\"swmsc_fancy_heading_border1\" style=\"background:#87888a;\"><\/span>\n                                <span class=\"swmsc_fancy_heading_border2\" style=\"background:#87888a;\"><\/span>\n                                <span class=\"swmsc_fancy_heading_icon\"><i class=\"fa fa-star\"  style=\"color:#9fcdb1;\"><\/i><\/span>\n                            <\/div>\n                        <\/div>\n                    <\/div><div  class=\"swmsc_text_block\" > Evitar la contaminaci\u00f3n por microorganismos pat\u00f3genos exige la aplicaci\u00f3n de una serie de pr\u00e1cticas higi\u00e9nicas que garanticen la inocuidad de los alimentos. Es por ello que debemos ser muy cuidadosos, extremar las medidas higi\u00e9nicas y tener un equipo de profesionales bien formados en seguridad alimentaria. La higiene de las manos, la limpieza de los utensilios de cocina, la limpieza y desinfecci\u00f3n de las frutas y hortalizas, as\u00ed como la limpieza y desinfecci\u00f3n de la cocina, ser\u00e1n actividades fundamentales para evitar una posible contaminaci\u00f3n de los alimentos. Nuestro compromiso es servir alimentos seguros para ni\u00f1os y j\u00f3venes, teniendo siempre cuidado de unas buenas pr\u00e1cticas de manipulaci\u00f3n. Para conseguir estos objetivos y cumplir con la normativa vigente disponemos de un departamento de seguridad alimentaria y con el apoyo de un laboratorio externo especializado, que se responsabiliza del control y supervisi\u00f3n de nuestros centros.<\/p>\n<p>En Cavall de Cartr\u00f3 proporcionamos diferentes men\u00fas, ofreciendo todas las variaciones necesarias para proporcionar men\u00fas aptos para todo tipo de alergias y\/o intolerancias, que se elaboran en base al certificado m\u00e9dico aportado por las familias. Todos estos men\u00fas est\u00e1n elaborados siguiendo las recomendaciones para la alimentaci\u00f3n y los principios de seguridad alimentaria y de nutrici\u00f3n basados \u200b\u200ben las 3S (seguro, saludable y sostenible). Hacemos posible la seguridad en la elaboraci\u00f3n y en la administraci\u00f3n de las comidas, eliminando el aislamiento de los ni\u00f1os y j\u00f3venes que deben comer men\u00fas adaptados, consiguiendo as\u00ed fomentar un ambiente de normalidad. Este objetivo se logra manteniendo un control estricto en nuestros procesos de elaboraci\u00f3n y vigilando en todo momento sus necesidades.<\/div><div  class=\"clear swmsc_gap\" style=\"margin:30px 0 0 0;\"><\/div>[\/vc_column_inner][\/vc_row_inner]\n                            <div class=\"clear\"><\/div>\n                        <\/div>\n                    <\/div>[\/vc_column][\/vc_row]\n<\/div>","protected":false},"excerpt":{"rendered":"<p>[vc_row][vc_column][\/vc_column][\/vc_row]<\/p>\n","protected":false},"author":1,"featured_media":0,"parent":2463,"menu_order":0,"comment_status":"closed","ping_status":"closed","template":"","meta":{"footnotes":""},"class_list":["post-3688","page","type-page","status-publish","hentry"],"yoast_head":"<!-- This site is optimized with the Yoast SEO plugin v27.4 - https:\/\/yoast.com\/product\/yoast-seo-wordpress\/ -->\n<title>Seguridad alimentaria | Cavall de Cartr\u00f3 - Serveis Educatius<\/title>\n<meta name=\"robots\" content=\"index, follow, max-snippet:-1, max-image-preview:large, max-video-preview:-1\" \/>\n<link rel=\"canonical\" href=\"https:\/\/www.cavallcartro.cat\/es\/nuestra-cocina\/seguridad-alimentaria\" \/>\n<meta property=\"og:locale\" content=\"es_ES\" \/>\n<meta property=\"og:type\" content=\"article\" \/>\n<meta property=\"og:title\" content=\"Seguridad alimentaria | Cavall de Cartr\u00f3 - Serveis Educatius\" \/>\n<meta property=\"og:description\" content=\"[vc_row][vc_column][\/vc_column][\/vc_row]\" \/>\n<meta property=\"og:url\" content=\"https:\/\/www.cavallcartro.cat\/es\/nuestra-cocina\/seguridad-alimentaria\" \/>\n<meta property=\"og:site_name\" content=\"Cavall de Cartr\u00f3 - Serveis Educatius\" \/>\n<meta property=\"article:publisher\" content=\"https:\/\/www.facebook.com\/cavallcartroedu\" \/>\n<meta property=\"article:modified_time\" content=\"2018-08-06T20:50:41+00:00\" \/>\n<meta property=\"og:image\" content=\"https:\/\/www.cavallcartro.cat\/wp-content\/uploads\/2019\/03\/Logo-HD-Cavall-de-Cartr\u00f3-Bressol-2019-transparent.png\" \/>\n\t<meta property=\"og:image:width\" content=\"1200\" \/>\n\t<meta property=\"og:image:height\" content=\"496\" \/>\n\t<meta property=\"og:image:type\" content=\"image\/png\" \/>\n<meta name=\"twitter:card\" content=\"summary_large_image\" \/>\n<meta name=\"twitter:site\" content=\"@cavallcartroedu\" \/>\n<meta name=\"twitter:label1\" content=\"Tiempo de lectura\" \/>\n\t<meta name=\"twitter:data1\" content=\"2 minutos\" \/>\n<script type=\"application\/ld+json\" class=\"yoast-schema-graph\">{\"@context\":\"https:\\\/\\\/schema.org\",\"@graph\":[{\"@type\":\"Article\",\"@id\":\"https:\\\/\\\/www.cavallcartro.cat\\\/es\\\/nuestra-cocina\\\/seguridad-alimentaria#article\",\"isPartOf\":{\"@id\":\"https:\\\/\\\/www.cavallcartro.cat\\\/es\\\/nuestra-cocina\\\/seguridad-alimentaria\"},\"author\":{\"name\":\"cgarcia\",\"@id\":\"https:\\\/\\\/www.cavallcartro.cat\\\/#\\\/schema\\\/person\\\/6747bc1660e32d545ab2b8e5927ea542\"},\"headline\":\"Seguridad alimentaria\",\"datePublished\":\"2018-08-01T06:51:19+00:00\",\"dateModified\":\"2018-08-06T20:50:41+00:00\",\"mainEntityOfPage\":{\"@id\":\"https:\\\/\\\/www.cavallcartro.cat\\\/es\\\/nuestra-cocina\\\/seguridad-alimentaria\"},\"wordCount\":365,\"publisher\":{\"@id\":\"https:\\\/\\\/www.cavallcartro.cat\\\/#organization\"},\"inLanguage\":\"es\"},{\"@type\":\"WebPage\",\"@id\":\"https:\\\/\\\/www.cavallcartro.cat\\\/es\\\/nuestra-cocina\\\/seguridad-alimentaria\",\"url\":\"https:\\\/\\\/www.cavallcartro.cat\\\/es\\\/nuestra-cocina\\\/seguridad-alimentaria\",\"name\":\"Seguridad alimentaria | Cavall de Cartr\u00f3 - Serveis Educatius\",\"isPartOf\":{\"@id\":\"https:\\\/\\\/www.cavallcartro.cat\\\/#website\"},\"datePublished\":\"2018-08-01T06:51:19+00:00\",\"dateModified\":\"2018-08-06T20:50:41+00:00\",\"breadcrumb\":{\"@id\":\"https:\\\/\\\/www.cavallcartro.cat\\\/es\\\/nuestra-cocina\\\/seguridad-alimentaria#breadcrumb\"},\"inLanguage\":\"es\",\"potentialAction\":[{\"@type\":\"ReadAction\",\"target\":[\"https:\\\/\\\/www.cavallcartro.cat\\\/es\\\/nuestra-cocina\\\/seguridad-alimentaria\"]}]},{\"@type\":\"BreadcrumbList\",\"@id\":\"https:\\\/\\\/www.cavallcartro.cat\\\/es\\\/nuestra-cocina\\\/seguridad-alimentaria#breadcrumb\",\"itemListElement\":[{\"@type\":\"ListItem\",\"position\":1,\"name\":\"Portada\",\"item\":\"https:\\\/\\\/www.cavallcartro.cat\\\/es\"},{\"@type\":\"ListItem\",\"position\":2,\"name\":\"Nuestra cocina\",\"item\":\"https:\\\/\\\/www.cavallcartro.cat\\\/es\\\/nuestra-cocina\"},{\"@type\":\"ListItem\",\"position\":3,\"name\":\"Seguridad alimentaria\"}]},{\"@type\":\"WebSite\",\"@id\":\"https:\\\/\\\/www.cavallcartro.cat\\\/#website\",\"url\":\"https:\\\/\\\/www.cavallcartro.cat\\\/\",\"name\":\"Cavall de Cartr\u00f3\",\"description\":\"Gesti\u00f3 d&#039;escoles bressol i llars d&#039;infants municipals a Barcelona i tota Catalunya.\",\"publisher\":{\"@id\":\"https:\\\/\\\/www.cavallcartro.cat\\\/#organization\"},\"potentialAction\":[{\"@type\":\"SearchAction\",\"target\":{\"@type\":\"EntryPoint\",\"urlTemplate\":\"https:\\\/\\\/www.cavallcartro.cat\\\/?s={search_term_string}\"},\"query-input\":{\"@type\":\"PropertyValueSpecification\",\"valueRequired\":true,\"valueName\":\"search_term_string\"}}],\"inLanguage\":\"es\"},{\"@type\":\"Organization\",\"@id\":\"https:\\\/\\\/www.cavallcartro.cat\\\/#organization\",\"name\":\"Cavall de Cartr\u00f3\",\"url\":\"https:\\\/\\\/www.cavallcartro.cat\\\/\",\"logo\":{\"@type\":\"ImageObject\",\"inLanguage\":\"es\",\"@id\":\"https:\\\/\\\/www.cavallcartro.cat\\\/#\\\/schema\\\/logo\\\/image\\\/\",\"url\":\"https:\\\/\\\/www.cavallcartro.cat\\\/wp-content\\\/uploads\\\/2020\\\/07\\\/Logo-Cavall-de-Cartr\u00f3-gesti\u00f3-escoles-bressol-i-menjadors-escolars-e1596129492304.png\",\"contentUrl\":\"https:\\\/\\\/www.cavallcartro.cat\\\/wp-content\\\/uploads\\\/2020\\\/07\\\/Logo-Cavall-de-Cartr\u00f3-gesti\u00f3-escoles-bressol-i-menjadors-escolars-e1596129492304.png\",\"width\":528,\"height\":274,\"caption\":\"Cavall de Cartr\u00f3\"},\"image\":{\"@id\":\"https:\\\/\\\/www.cavallcartro.cat\\\/#\\\/schema\\\/logo\\\/image\\\/\"},\"sameAs\":[\"https:\\\/\\\/www.facebook.com\\\/cavallcartroedu\",\"https:\\\/\\\/x.com\\\/cavallcartroedu\",\"https:\\\/\\\/www.instagram.com\\\/cavallcartroedu\\\/\",\"https:\\\/\\\/www.youtube.com\\\/@CavalldeCartro\"]},{\"@type\":\"Person\",\"@id\":\"https:\\\/\\\/www.cavallcartro.cat\\\/#\\\/schema\\\/person\\\/6747bc1660e32d545ab2b8e5927ea542\",\"name\":\"cgarcia\",\"image\":{\"@type\":\"ImageObject\",\"inLanguage\":\"es\",\"@id\":\"https:\\\/\\\/secure.gravatar.com\\\/avatar\\\/469990a84f48a39e93ee0d8243415a74ba5692f608ea41afee8cae0e81f99f77?s=96&d=mm&r=g\",\"url\":\"https:\\\/\\\/secure.gravatar.com\\\/avatar\\\/469990a84f48a39e93ee0d8243415a74ba5692f608ea41afee8cae0e81f99f77?s=96&d=mm&r=g\",\"contentUrl\":\"https:\\\/\\\/secure.gravatar.com\\\/avatar\\\/469990a84f48a39e93ee0d8243415a74ba5692f608ea41afee8cae0e81f99f77?s=96&d=mm&r=g\",\"caption\":\"cgarcia\"},\"url\":\"https:\\\/\\\/www.cavallcartro.cat\\\/es\\\/author\\\/cgarcia\"}]}<\/script>\n<!-- \/ Yoast SEO plugin. -->","yoast_head_json":{"title":"Seguridad alimentaria | Cavall de Cartr\u00f3 - Serveis Educatius","robots":{"index":"index","follow":"follow","max-snippet":"max-snippet:-1","max-image-preview":"max-image-preview:large","max-video-preview":"max-video-preview:-1"},"canonical":"https:\/\/www.cavallcartro.cat\/es\/nuestra-cocina\/seguridad-alimentaria","og_locale":"es_ES","og_type":"article","og_title":"Seguridad alimentaria | Cavall de Cartr\u00f3 - Serveis Educatius","og_description":"[vc_row][vc_column][\/vc_column][\/vc_row]","og_url":"https:\/\/www.cavallcartro.cat\/es\/nuestra-cocina\/seguridad-alimentaria","og_site_name":"Cavall de Cartr\u00f3 - Serveis Educatius","article_publisher":"https:\/\/www.facebook.com\/cavallcartroedu","article_modified_time":"2018-08-06T20:50:41+00:00","og_image":[{"width":1200,"height":496,"url":"https:\/\/www.cavallcartro.cat\/wp-content\/uploads\/2019\/03\/Logo-HD-Cavall-de-Cartr\u00f3-Bressol-2019-transparent.png","type":"image\/png"}],"twitter_card":"summary_large_image","twitter_site":"@cavallcartroedu","twitter_misc":{"Tiempo de lectura":"2 minutos"},"schema":{"@context":"https:\/\/schema.org","@graph":[{"@type":"Article","@id":"https:\/\/www.cavallcartro.cat\/es\/nuestra-cocina\/seguridad-alimentaria#article","isPartOf":{"@id":"https:\/\/www.cavallcartro.cat\/es\/nuestra-cocina\/seguridad-alimentaria"},"author":{"name":"cgarcia","@id":"https:\/\/www.cavallcartro.cat\/#\/schema\/person\/6747bc1660e32d545ab2b8e5927ea542"},"headline":"Seguridad alimentaria","datePublished":"2018-08-01T06:51:19+00:00","dateModified":"2018-08-06T20:50:41+00:00","mainEntityOfPage":{"@id":"https:\/\/www.cavallcartro.cat\/es\/nuestra-cocina\/seguridad-alimentaria"},"wordCount":365,"publisher":{"@id":"https:\/\/www.cavallcartro.cat\/#organization"},"inLanguage":"es"},{"@type":"WebPage","@id":"https:\/\/www.cavallcartro.cat\/es\/nuestra-cocina\/seguridad-alimentaria","url":"https:\/\/www.cavallcartro.cat\/es\/nuestra-cocina\/seguridad-alimentaria","name":"Seguridad alimentaria | Cavall de Cartr\u00f3 - Serveis Educatius","isPartOf":{"@id":"https:\/\/www.cavallcartro.cat\/#website"},"datePublished":"2018-08-01T06:51:19+00:00","dateModified":"2018-08-06T20:50:41+00:00","breadcrumb":{"@id":"https:\/\/www.cavallcartro.cat\/es\/nuestra-cocina\/seguridad-alimentaria#breadcrumb"},"inLanguage":"es","potentialAction":[{"@type":"ReadAction","target":["https:\/\/www.cavallcartro.cat\/es\/nuestra-cocina\/seguridad-alimentaria"]}]},{"@type":"BreadcrumbList","@id":"https:\/\/www.cavallcartro.cat\/es\/nuestra-cocina\/seguridad-alimentaria#breadcrumb","itemListElement":[{"@type":"ListItem","position":1,"name":"Portada","item":"https:\/\/www.cavallcartro.cat\/es"},{"@type":"ListItem","position":2,"name":"Nuestra cocina","item":"https:\/\/www.cavallcartro.cat\/es\/nuestra-cocina"},{"@type":"ListItem","position":3,"name":"Seguridad alimentaria"}]},{"@type":"WebSite","@id":"https:\/\/www.cavallcartro.cat\/#website","url":"https:\/\/www.cavallcartro.cat\/","name":"Cavall de Cartr\u00f3","description":"Gesti\u00f3 d&#039;escoles bressol i llars d&#039;infants municipals a Barcelona i tota Catalunya.","publisher":{"@id":"https:\/\/www.cavallcartro.cat\/#organization"},"potentialAction":[{"@type":"SearchAction","target":{"@type":"EntryPoint","urlTemplate":"https:\/\/www.cavallcartro.cat\/?s={search_term_string}"},"query-input":{"@type":"PropertyValueSpecification","valueRequired":true,"valueName":"search_term_string"}}],"inLanguage":"es"},{"@type":"Organization","@id":"https:\/\/www.cavallcartro.cat\/#organization","name":"Cavall de Cartr\u00f3","url":"https:\/\/www.cavallcartro.cat\/","logo":{"@type":"ImageObject","inLanguage":"es","@id":"https:\/\/www.cavallcartro.cat\/#\/schema\/logo\/image\/","url":"https:\/\/www.cavallcartro.cat\/wp-content\/uploads\/2020\/07\/Logo-Cavall-de-Cartr\u00f3-gesti\u00f3-escoles-bressol-i-menjadors-escolars-e1596129492304.png","contentUrl":"https:\/\/www.cavallcartro.cat\/wp-content\/uploads\/2020\/07\/Logo-Cavall-de-Cartr\u00f3-gesti\u00f3-escoles-bressol-i-menjadors-escolars-e1596129492304.png","width":528,"height":274,"caption":"Cavall de Cartr\u00f3"},"image":{"@id":"https:\/\/www.cavallcartro.cat\/#\/schema\/logo\/image\/"},"sameAs":["https:\/\/www.facebook.com\/cavallcartroedu","https:\/\/x.com\/cavallcartroedu","https:\/\/www.instagram.com\/cavallcartroedu\/","https:\/\/www.youtube.com\/@CavalldeCartro"]},{"@type":"Person","@id":"https:\/\/www.cavallcartro.cat\/#\/schema\/person\/6747bc1660e32d545ab2b8e5927ea542","name":"cgarcia","image":{"@type":"ImageObject","inLanguage":"es","@id":"https:\/\/secure.gravatar.com\/avatar\/469990a84f48a39e93ee0d8243415a74ba5692f608ea41afee8cae0e81f99f77?s=96&d=mm&r=g","url":"https:\/\/secure.gravatar.com\/avatar\/469990a84f48a39e93ee0d8243415a74ba5692f608ea41afee8cae0e81f99f77?s=96&d=mm&r=g","contentUrl":"https:\/\/secure.gravatar.com\/avatar\/469990a84f48a39e93ee0d8243415a74ba5692f608ea41afee8cae0e81f99f77?s=96&d=mm&r=g","caption":"cgarcia"},"url":"https:\/\/www.cavallcartro.cat\/es\/author\/cgarcia"}]}},"_links":{"self":[{"href":"https:\/\/www.cavallcartro.cat\/es\/wp-json\/wp\/v2\/pages\/3688","targetHints":{"allow":["GET"]}}],"collection":[{"href":"https:\/\/www.cavallcartro.cat\/es\/wp-json\/wp\/v2\/pages"}],"about":[{"href":"https:\/\/www.cavallcartro.cat\/es\/wp-json\/wp\/v2\/types\/page"}],"author":[{"embeddable":true,"href":"https:\/\/www.cavallcartro.cat\/es\/wp-json\/wp\/v2\/users\/1"}],"replies":[{"embeddable":true,"href":"https:\/\/www.cavallcartro.cat\/es\/wp-json\/wp\/v2\/comments?post=3688"}],"version-history":[{"count":4,"href":"https:\/\/www.cavallcartro.cat\/es\/wp-json\/wp\/v2\/pages\/3688\/revisions"}],"predecessor-version":[{"id":3739,"href":"https:\/\/www.cavallcartro.cat\/es\/wp-json\/wp\/v2\/pages\/3688\/revisions\/3739"}],"up":[{"embeddable":true,"href":"https:\/\/www.cavallcartro.cat\/es\/wp-json\/wp\/v2\/pages\/2463"}],"wp:attachment":[{"href":"https:\/\/www.cavallcartro.cat\/es\/wp-json\/wp\/v2\/media?parent=3688"}],"curies":[{"name":"wp","href":"https:\/\/api.w.org\/{rel}","templated":true}]}}