{"id":2462,"date":"2016-12-30T11:43:34","date_gmt":"2016-12-30T11:43:34","guid":{"rendered":"http:\/\/www.cavallcartro.cat\/l-infant"},"modified":"2019-02-21T13:05:33","modified_gmt":"2019-02-21T13:05:33","slug":"los-ninos-y-ninas","status":"publish","type":"page","link":"https:\/\/www.cavallcartro.cat\/es\/los-ninos-y-ninas","title":{"rendered":"Los ni\u00f1os y ni\u00f1as | Usuarios de los centros escolares"},"content":{"rendered":"<div class=\"wpb-content-wrapper\">[vc_row][vc_column]<div   >\n                        <div class=\"swmsc_container\">\n                            [vc_row_inner][vc_column_inner]<div  class=\"swmsc_fancy_heading swmsc_fancy_heading_center fh_icon_star\" style=\"margin-top:0;margin-bottom:60px;\">\n                        <div class=\"swmsc_fancy_heading_text\" style=\"font-size:42px;line-height:36px;\">\n                            <span style=\"color: #9fcdb1;\"><strong>Los ni\u00f1os y ni\u00f1as<\/strong><\/span>\n                            <div class=\"swmsc_fancy_heading_border\">\n                                <span class=\"swmsc_fancy_heading_border1\" style=\"background:#87888a;\"><\/span>\n                                <span class=\"swmsc_fancy_heading_border2\" style=\"background:#87888a;\"><\/span>\n                                <span class=\"swmsc_fancy_heading_icon\"><i class=\"fa fa-star\"  style=\"color:#9fcdb1;\"><\/i><\/span>\n                            <\/div>\n                        <\/div>\n                    <\/div>[\/vc_column_inner][\/vc_row_inner]\n                            <div class=\"clear\"><\/div>\n                        <\/div>\n                    <\/div>[\/vc_column][\/vc_row][vc_row css=\u00bb.vc_custom_1459665581274{padding: 0px !important;}\u00bb][vc_column css=\u00bb.vc_custom_1459665604137{padding: 0px !important;}\u00bb]<div  class=\"swmsc_full_width_section\" style=\" background-color:#9fcdb1;background-image:url(https:\/\/www.cavallcartro.cat\/wp-content\/uploads\/2016\/02\/sample-school-sketch-elements-4.png); background-position:center top; background-repeat: repeat; background-attachment: scroll; background-size: auto;  padding-top:20px; padding-bottom:20px; margin-top:0px; margin-bottom:0px; color:#ffffff; \">\n                        <div class=\"swmsc_container\">\n                            [vc_row_inner][vc_column_inner]<div  class=\"swmsc_promotion_box p_border p_box_text_center\" style=\"background:;\">\n                        <div class=\"swmsc_promotion_box_text p_text\">\n                            <div class=\"swmsc_promotion_box_title_text\" style=\" margin-top:8px; font-size:30px; color:#ffffff;\">\n<h2 style=\"text-align: center;\"><em>\u201cUna mirada diferente, m\u00e1s abierta y respetuosa\u201d<\/em><\/h2>\n<div class=\"swmsc_promotion_box_sub_title\" style=\"color:#ffffff; font-size:16px;\"><\/div>\n                            <\/div>\n                        <\/div><div class=\"clear\"><\/div>\n                    <\/div>[\/vc_column_inner][\/vc_row_inner]\n                            <div class=\"clear\"><\/div>\n                        <\/div>\n                    <\/div>[\/vc_column][\/vc_row][vc_row css=\u00bb.vc_custom_1459449116032{padding-top: 60px !important;padding-bottom: 60px !important;}\u00bb][vc_column]<div   >\n                        <div class=\"swmsc_container\">\n                            [vc_row_inner][vc_column_inner]<div  class=\"swmsc_text_block\" > Nos basamos en el respeto a las ni\u00f1as y ni\u00f1os como personas, como seres \u00fanicos que establecen relaciones y que influyen en los acontecimientos de su entorno. Todos y cada uno de los ellos son atendidos <strong>en su diversidad, en un clima de valoraci\u00f3n y de respeto y de comprensi\u00f3n de las diferencias<\/strong>.<\/p>\n<p>Observar y escuchar lo que manifiestan (reacciones, demandas, gestos, silencios, acciones) para poder dar una respuesta individualizada, para saber qu\u00e9 les pasa, para acompa\u00f1arlos y darles la oportunidad de conocerse a \u00e9l\/ella mismo\/a. Acompa\u00f1amos el crecimiento de cada ni\u00f1o y, sobre todo, <strong>valoramos y apoyamos su autonom\u00eda<\/strong>, proporcionando respuestas que le aporten seguridad.<\/p>\n<p>Ofrecemos propuestas de actividades en funci\u00f3n de sus intereses, sin seguir estereotipos sociales vinculados al g\u00e9nero. Por todo ello damos <strong>especial relevancia al lenguaje<\/strong>, a la finalidad de los materiales a las estancias, y en los patios de nuestras escuelas infantiles, y en el uso compartido y plural de los espacios. Somos muy cuidadosos tanto con los mensajes e im\u00e1genes de los cuentos que contamos, como en las propuestas que ofrecemos a los ni\u00f1os y ni\u00f1as.<\/p>\n<p>Creemos en ellos como seres activos, protagonistas de su propio aprendizaje, poseedores de una <strong>disponibilidad natural para explorar el entorno que les rodea<\/strong>.<\/p>\n<p>Las ni\u00f1as y ni\u00f1os tienen muchos recursos y un gran potencial para descubrir, crear, sentir y en definitiva aprender de manera espont\u00e1nea.<\/div>[\/vc_column_inner][\/vc_row_inner]\n                            <div class=\"clear\"><\/div>\n                        <\/div>\n                    <\/div>[\/vc_column][\/vc_row]\n<\/div>","protected":false},"excerpt":{"rendered":"<p>[vc_row][vc_column][\/vc_column][\/vc_row][vc_row css=\u00bb.vc_custom_1459665581274{padding: 0px !important;}\u00bb][vc_column css=\u00bb.vc_custom_1459665604137{padding: 0px !important;}\u00bb][\/vc_column][\/vc_row][vc_row css=\u00bb.vc_custom_1459449116032{padding-top: 60px !important;padding-bottom: 60px !important;}\u00bb][vc_column][\/vc_column][\/vc_row]<\/p>\n","protected":false},"author":1,"featured_media":0,"parent":0,"menu_order":0,"comment_status":"closed","ping_status":"closed","template":"templates\/100-width.php","meta":{"footnotes":""},"class_list":["post-2462","page","type-page","status-publish","hentry"],"yoast_head":"<!-- This site is optimized with the Yoast SEO plugin v27.5 - https:\/\/yoast.com\/product\/yoast-seo-wordpress\/ -->\n<title>Los ni\u00f1os y ni\u00f1as | Usuarios de los centros escolares Cavall de Cartr\u00f3<\/title>\n<meta name=\"description\" content=\"Los ni\u00f1os y ni\u00f1as son protagonistas de su propio aprendizaje en los centros escolares, en funci\u00f3n de su curiosidad y capacidad para entender la realidad.\" \/>\n<meta name=\"robots\" content=\"index, follow, max-snippet:-1, max-image-preview:large, max-video-preview:-1\" \/>\n<link rel=\"canonical\" href=\"https:\/\/www.cavallcartro.cat\/es\/los-ninos-y-ninas\" \/>\n<meta property=\"og:locale\" content=\"es_ES\" \/>\n<meta property=\"og:type\" content=\"article\" \/>\n<meta property=\"og:title\" content=\"Los ni\u00f1os y ni\u00f1as | Usuarios de los centros escolares Cavall de Cartr\u00f3\" \/>\n<meta property=\"og:description\" content=\"Los ni\u00f1os y ni\u00f1as son protagonistas de su propio aprendizaje en los centros escolares, en funci\u00f3n de su curiosidad y capacidad para entender la realidad.\" \/>\n<meta property=\"og:url\" content=\"https:\/\/www.cavallcartro.cat\/es\/los-ninos-y-ninas\" \/>\n<meta property=\"og:site_name\" content=\"Cavall de Cartr\u00f3 - Serveis Educatius\" \/>\n<meta property=\"article:publisher\" content=\"https:\/\/www.facebook.com\/cavallcartroedu\" \/>\n<meta property=\"article:modified_time\" content=\"2019-02-21T13:05:33+00:00\" \/>\n<meta property=\"og:image\" content=\"https:\/\/www.cavallcartro.cat\/wp-content\/uploads\/2019\/03\/Logo-HD-Cavall-de-Cartr\u00f3-Bressol-2019-transparent.png\" \/>\n\t<meta property=\"og:image:width\" content=\"1200\" \/>\n\t<meta property=\"og:image:height\" content=\"496\" \/>\n\t<meta property=\"og:image:type\" content=\"image\/png\" \/>\n<meta name=\"twitter:card\" content=\"summary_large_image\" \/>\n<meta name=\"twitter:site\" content=\"@cavallcartroedu\" \/>\n<meta name=\"twitter:label1\" content=\"Tiempo de lectura\" \/>\n\t<meta name=\"twitter:data1\" content=\"2 minutos\" \/>\n<script type=\"application\/ld+json\" class=\"yoast-schema-graph\">{\"@context\":\"https:\\\/\\\/schema.org\",\"@graph\":[{\"@type\":\"Article\",\"@id\":\"https:\\\/\\\/www.cavallcartro.cat\\\/es\\\/los-ninos-y-ninas#article\",\"isPartOf\":{\"@id\":\"https:\\\/\\\/www.cavallcartro.cat\\\/es\\\/los-ninos-y-ninas\"},\"author\":{\"name\":\"cgarcia\",\"@id\":\"https:\\\/\\\/www.cavallcartro.cat\\\/#\\\/schema\\\/person\\\/6747bc1660e32d545ab2b8e5927ea542\"},\"headline\":\"Los ni\u00f1os y ni\u00f1as | Usuarios de los centros escolares\",\"datePublished\":\"2016-12-30T11:43:34+00:00\",\"dateModified\":\"2019-02-21T13:05:33+00:00\",\"mainEntityOfPage\":{\"@id\":\"https:\\\/\\\/www.cavallcartro.cat\\\/es\\\/los-ninos-y-ninas\"},\"wordCount\":503,\"publisher\":{\"@id\":\"https:\\\/\\\/www.cavallcartro.cat\\\/#organization\"},\"inLanguage\":\"es\"},{\"@type\":\"WebPage\",\"@id\":\"https:\\\/\\\/www.cavallcartro.cat\\\/es\\\/los-ninos-y-ninas\",\"url\":\"https:\\\/\\\/www.cavallcartro.cat\\\/es\\\/los-ninos-y-ninas\",\"name\":\"Los ni\u00f1os y ni\u00f1as | Usuarios de los centros escolares Cavall de Cartr\u00f3\",\"isPartOf\":{\"@id\":\"https:\\\/\\\/www.cavallcartro.cat\\\/#website\"},\"datePublished\":\"2016-12-30T11:43:34+00:00\",\"dateModified\":\"2019-02-21T13:05:33+00:00\",\"description\":\"Los ni\u00f1os y ni\u00f1as son protagonistas de su propio aprendizaje en los centros escolares, en funci\u00f3n de su curiosidad y capacidad para entender la realidad.\",\"breadcrumb\":{\"@id\":\"https:\\\/\\\/www.cavallcartro.cat\\\/es\\\/los-ninos-y-ninas#breadcrumb\"},\"inLanguage\":\"es\",\"potentialAction\":[{\"@type\":\"ReadAction\",\"target\":[\"https:\\\/\\\/www.cavallcartro.cat\\\/es\\\/los-ninos-y-ninas\"]}]},{\"@type\":\"BreadcrumbList\",\"@id\":\"https:\\\/\\\/www.cavallcartro.cat\\\/es\\\/los-ninos-y-ninas#breadcrumb\",\"itemListElement\":[{\"@type\":\"ListItem\",\"position\":1,\"name\":\"Portada\",\"item\":\"https:\\\/\\\/www.cavallcartro.cat\\\/es\"},{\"@type\":\"ListItem\",\"position\":2,\"name\":\"Los ni\u00f1os y ni\u00f1as | Usuarios de los centros escolares\"}]},{\"@type\":\"WebSite\",\"@id\":\"https:\\\/\\\/www.cavallcartro.cat\\\/#website\",\"url\":\"https:\\\/\\\/www.cavallcartro.cat\\\/\",\"name\":\"Cavall de Cartr\u00f3\",\"description\":\"Gesti\u00f3 d&#039;escoles bressol i llars d&#039;infants municipals a Barcelona i tota Catalunya.\",\"publisher\":{\"@id\":\"https:\\\/\\\/www.cavallcartro.cat\\\/#organization\"},\"potentialAction\":[{\"@type\":\"SearchAction\",\"target\":{\"@type\":\"EntryPoint\",\"urlTemplate\":\"https:\\\/\\\/www.cavallcartro.cat\\\/?s={search_term_string}\"},\"query-input\":{\"@type\":\"PropertyValueSpecification\",\"valueRequired\":true,\"valueName\":\"search_term_string\"}}],\"inLanguage\":\"es\"},{\"@type\":\"Organization\",\"@id\":\"https:\\\/\\\/www.cavallcartro.cat\\\/#organization\",\"name\":\"Cavall de Cartr\u00f3\",\"url\":\"https:\\\/\\\/www.cavallcartro.cat\\\/\",\"logo\":{\"@type\":\"ImageObject\",\"inLanguage\":\"es\",\"@id\":\"https:\\\/\\\/www.cavallcartro.cat\\\/#\\\/schema\\\/logo\\\/image\\\/\",\"url\":\"https:\\\/\\\/www.cavallcartro.cat\\\/wp-content\\\/uploads\\\/2020\\\/07\\\/Logo-Cavall-de-Cartr\u00f3-gesti\u00f3-escoles-bressol-i-menjadors-escolars-e1596129492304.png\",\"contentUrl\":\"https:\\\/\\\/www.cavallcartro.cat\\\/wp-content\\\/uploads\\\/2020\\\/07\\\/Logo-Cavall-de-Cartr\u00f3-gesti\u00f3-escoles-bressol-i-menjadors-escolars-e1596129492304.png\",\"width\":528,\"height\":274,\"caption\":\"Cavall de Cartr\u00f3\"},\"image\":{\"@id\":\"https:\\\/\\\/www.cavallcartro.cat\\\/#\\\/schema\\\/logo\\\/image\\\/\"},\"sameAs\":[\"https:\\\/\\\/www.facebook.com\\\/cavallcartroedu\",\"https:\\\/\\\/x.com\\\/cavallcartroedu\",\"https:\\\/\\\/www.instagram.com\\\/cavallcartroedu\\\/\",\"https:\\\/\\\/www.youtube.com\\\/@CavalldeCartro\"]},{\"@type\":\"Person\",\"@id\":\"https:\\\/\\\/www.cavallcartro.cat\\\/#\\\/schema\\\/person\\\/6747bc1660e32d545ab2b8e5927ea542\",\"name\":\"cgarcia\",\"image\":{\"@type\":\"ImageObject\",\"inLanguage\":\"es\",\"@id\":\"https:\\\/\\\/secure.gravatar.com\\\/avatar\\\/469990a84f48a39e93ee0d8243415a74ba5692f608ea41afee8cae0e81f99f77?s=96&d=mm&r=g\",\"url\":\"https:\\\/\\\/secure.gravatar.com\\\/avatar\\\/469990a84f48a39e93ee0d8243415a74ba5692f608ea41afee8cae0e81f99f77?s=96&d=mm&r=g\",\"contentUrl\":\"https:\\\/\\\/secure.gravatar.com\\\/avatar\\\/469990a84f48a39e93ee0d8243415a74ba5692f608ea41afee8cae0e81f99f77?s=96&d=mm&r=g\",\"caption\":\"cgarcia\"},\"url\":\"https:\\\/\\\/www.cavallcartro.cat\\\/es\\\/author\\\/cgarcia\"}]}<\/script>\n<!-- \/ Yoast SEO plugin. -->","yoast_head_json":{"title":"Los ni\u00f1os y ni\u00f1as | Usuarios de los centros escolares Cavall de Cartr\u00f3","description":"Los ni\u00f1os y ni\u00f1as son protagonistas de su propio aprendizaje en los centros escolares, en funci\u00f3n de su curiosidad y capacidad para entender la realidad.","robots":{"index":"index","follow":"follow","max-snippet":"max-snippet:-1","max-image-preview":"max-image-preview:large","max-video-preview":"max-video-preview:-1"},"canonical":"https:\/\/www.cavallcartro.cat\/es\/los-ninos-y-ninas","og_locale":"es_ES","og_type":"article","og_title":"Los ni\u00f1os y ni\u00f1as | Usuarios de los centros escolares Cavall de Cartr\u00f3","og_description":"Los ni\u00f1os y ni\u00f1as son protagonistas de su propio aprendizaje en los centros escolares, en funci\u00f3n de su curiosidad y capacidad para entender la realidad.","og_url":"https:\/\/www.cavallcartro.cat\/es\/los-ninos-y-ninas","og_site_name":"Cavall de Cartr\u00f3 - Serveis Educatius","article_publisher":"https:\/\/www.facebook.com\/cavallcartroedu","article_modified_time":"2019-02-21T13:05:33+00:00","og_image":[{"width":1200,"height":496,"url":"https:\/\/www.cavallcartro.cat\/wp-content\/uploads\/2019\/03\/Logo-HD-Cavall-de-Cartr\u00f3-Bressol-2019-transparent.png","type":"image\/png"}],"twitter_card":"summary_large_image","twitter_site":"@cavallcartroedu","twitter_misc":{"Tiempo de lectura":"2 minutos"},"schema":{"@context":"https:\/\/schema.org","@graph":[{"@type":"Article","@id":"https:\/\/www.cavallcartro.cat\/es\/los-ninos-y-ninas#article","isPartOf":{"@id":"https:\/\/www.cavallcartro.cat\/es\/los-ninos-y-ninas"},"author":{"name":"cgarcia","@id":"https:\/\/www.cavallcartro.cat\/#\/schema\/person\/6747bc1660e32d545ab2b8e5927ea542"},"headline":"Los ni\u00f1os y ni\u00f1as | Usuarios de los centros escolares","datePublished":"2016-12-30T11:43:34+00:00","dateModified":"2019-02-21T13:05:33+00:00","mainEntityOfPage":{"@id":"https:\/\/www.cavallcartro.cat\/es\/los-ninos-y-ninas"},"wordCount":503,"publisher":{"@id":"https:\/\/www.cavallcartro.cat\/#organization"},"inLanguage":"es"},{"@type":"WebPage","@id":"https:\/\/www.cavallcartro.cat\/es\/los-ninos-y-ninas","url":"https:\/\/www.cavallcartro.cat\/es\/los-ninos-y-ninas","name":"Los ni\u00f1os y ni\u00f1as | Usuarios de los centros escolares Cavall de Cartr\u00f3","isPartOf":{"@id":"https:\/\/www.cavallcartro.cat\/#website"},"datePublished":"2016-12-30T11:43:34+00:00","dateModified":"2019-02-21T13:05:33+00:00","description":"Los ni\u00f1os y ni\u00f1as son protagonistas de su propio aprendizaje en los centros escolares, en funci\u00f3n de su curiosidad y capacidad para entender la realidad.","breadcrumb":{"@id":"https:\/\/www.cavallcartro.cat\/es\/los-ninos-y-ninas#breadcrumb"},"inLanguage":"es","potentialAction":[{"@type":"ReadAction","target":["https:\/\/www.cavallcartro.cat\/es\/los-ninos-y-ninas"]}]},{"@type":"BreadcrumbList","@id":"https:\/\/www.cavallcartro.cat\/es\/los-ninos-y-ninas#breadcrumb","itemListElement":[{"@type":"ListItem","position":1,"name":"Portada","item":"https:\/\/www.cavallcartro.cat\/es"},{"@type":"ListItem","position":2,"name":"Los ni\u00f1os y ni\u00f1as | Usuarios de los centros escolares"}]},{"@type":"WebSite","@id":"https:\/\/www.cavallcartro.cat\/#website","url":"https:\/\/www.cavallcartro.cat\/","name":"Cavall de Cartr\u00f3","description":"Gesti\u00f3 d&#039;escoles bressol i llars d&#039;infants municipals a Barcelona i tota Catalunya.","publisher":{"@id":"https:\/\/www.cavallcartro.cat\/#organization"},"potentialAction":[{"@type":"SearchAction","target":{"@type":"EntryPoint","urlTemplate":"https:\/\/www.cavallcartro.cat\/?s={search_term_string}"},"query-input":{"@type":"PropertyValueSpecification","valueRequired":true,"valueName":"search_term_string"}}],"inLanguage":"es"},{"@type":"Organization","@id":"https:\/\/www.cavallcartro.cat\/#organization","name":"Cavall de Cartr\u00f3","url":"https:\/\/www.cavallcartro.cat\/","logo":{"@type":"ImageObject","inLanguage":"es","@id":"https:\/\/www.cavallcartro.cat\/#\/schema\/logo\/image\/","url":"https:\/\/www.cavallcartro.cat\/wp-content\/uploads\/2020\/07\/Logo-Cavall-de-Cartr\u00f3-gesti\u00f3-escoles-bressol-i-menjadors-escolars-e1596129492304.png","contentUrl":"https:\/\/www.cavallcartro.cat\/wp-content\/uploads\/2020\/07\/Logo-Cavall-de-Cartr\u00f3-gesti\u00f3-escoles-bressol-i-menjadors-escolars-e1596129492304.png","width":528,"height":274,"caption":"Cavall de Cartr\u00f3"},"image":{"@id":"https:\/\/www.cavallcartro.cat\/#\/schema\/logo\/image\/"},"sameAs":["https:\/\/www.facebook.com\/cavallcartroedu","https:\/\/x.com\/cavallcartroedu","https:\/\/www.instagram.com\/cavallcartroedu\/","https:\/\/www.youtube.com\/@CavalldeCartro"]},{"@type":"Person","@id":"https:\/\/www.cavallcartro.cat\/#\/schema\/person\/6747bc1660e32d545ab2b8e5927ea542","name":"cgarcia","image":{"@type":"ImageObject","inLanguage":"es","@id":"https:\/\/secure.gravatar.com\/avatar\/469990a84f48a39e93ee0d8243415a74ba5692f608ea41afee8cae0e81f99f77?s=96&d=mm&r=g","url":"https:\/\/secure.gravatar.com\/avatar\/469990a84f48a39e93ee0d8243415a74ba5692f608ea41afee8cae0e81f99f77?s=96&d=mm&r=g","contentUrl":"https:\/\/secure.gravatar.com\/avatar\/469990a84f48a39e93ee0d8243415a74ba5692f608ea41afee8cae0e81f99f77?s=96&d=mm&r=g","caption":"cgarcia"},"url":"https:\/\/www.cavallcartro.cat\/es\/author\/cgarcia"}]}},"_links":{"self":[{"href":"https:\/\/www.cavallcartro.cat\/es\/wp-json\/wp\/v2\/pages\/2462","targetHints":{"allow":["GET"]}}],"collection":[{"href":"https:\/\/www.cavallcartro.cat\/es\/wp-json\/wp\/v2\/pages"}],"about":[{"href":"https:\/\/www.cavallcartro.cat\/es\/wp-json\/wp\/v2\/types\/page"}],"author":[{"embeddable":true,"href":"https:\/\/www.cavallcartro.cat\/es\/wp-json\/wp\/v2\/users\/1"}],"replies":[{"embeddable":true,"href":"https:\/\/www.cavallcartro.cat\/es\/wp-json\/wp\/v2\/comments?post=2462"}],"version-history":[{"count":7,"href":"https:\/\/www.cavallcartro.cat\/es\/wp-json\/wp\/v2\/pages\/2462\/revisions"}],"predecessor-version":[{"id":3785,"href":"https:\/\/www.cavallcartro.cat\/es\/wp-json\/wp\/v2\/pages\/2462\/revisions\/3785"}],"wp:attachment":[{"href":"https:\/\/www.cavallcartro.cat\/es\/wp-json\/wp\/v2\/media?parent=2462"}],"curies":[{"name":"wp","href":"https:\/\/api.w.org\/{rel}","templated":true}]}}