{"id":2422,"date":"2016-12-16T09:06:05","date_gmt":"2016-12-16T09:06:05","guid":{"rendered":"http:\/\/www.cavallcartro.cat\/visio"},"modified":"2023-05-22T09:45:02","modified_gmt":"2023-05-22T09:45:02","slug":"vision","status":"publish","type":"page","link":"https:\/\/www.cavallcartro.cat\/es\/vision","title":{"rendered":"Visi\u00f3n"},"content":{"rendered":"<div class=\"wpb-content-wrapper\">[vc_row][vc_column]<div   >\n                        <div class=\"swmsc_container\">\n                            [vc_row_inner][vc_column_inner]<div  class=\"swmsc_fancy_heading swmsc_fancy_heading_center fh_icon_star\" style=\"margin-top:0;margin-bottom:60px;\">\n                        <div class=\"swmsc_fancy_heading_text\" style=\"font-size:42px;line-height:36px;\">\n                            <span style=\"color: #d0b48f;\"><strong>Visi\u00f3n<br \/>\n<\/strong><\/span>\n                            <div class=\"swmsc_fancy_heading_border\">\n                                <span class=\"swmsc_fancy_heading_border1\" style=\"background:#87888a;\"><\/span>\n                                <span class=\"swmsc_fancy_heading_border2\" style=\"background:#87888a;\"><\/span>\n                                <span class=\"swmsc_fancy_heading_icon\"><i class=\"fa fa-star\"  style=\"color:#d0b48f;\"><\/i><\/span>\n                            <\/div>\n                        <\/div>\n                    <\/div>[\/vc_column_inner][\/vc_row_inner][vc_row_inner][vc_column_inner width=\u00bb1\/2&#8243; css=\u00bb.vc_custom_1459694804581{padding-bottom: 30px !important;}\u00bb]<div  class=\"swmsc_image_lightbox  image_left\" >\n\n                        <div class=\"swmsc_image_lightbox_img\"><img decoding=\"async\" alt=\"Gesti\u00f3n de guarder\u00edas municipales - Cavall de Cartr\u00f3\" src=\"https:\/\/www.cavallcartro.cat\/wp-content\/uploads\/2016\/12\/cavalldecartro-visio-copia.jpg\" class=\"\" style=\"border-radius:10px;\" \/><\/div><\/div>[\/vc_column_inner][vc_column_inner width=\u00bb1\/2&#8243; css=\u00bb.vc_custom_1459694811068{padding-bottom: 30px !important;}\u00bb]<div  class=\"swmsc_text_block\" > <a style=\"color: #d0b48f;\" href=\"https:\/\/www.cavallcartro.cat\"><strong>Cavall de Cartr\u00f3 Serveis Educatius<\/strong><\/a>, como entidad referente en el sector educativo, de cocina y ocio, quiere continuar mejorando el servicio apostando por <strong>la innovaci\u00f3n pedag\u00f3gica y las nuevas tecnolog\u00edas<\/strong>, as\u00ed como adentr\u00e1ndose en otras \u00e1reas del mundo educativo.<\/div>[\/vc_column_inner][\/vc_row_inner]\n                            <div class=\"clear\"><\/div>\n                        <\/div>\n                    <\/div>[\/vc_column][\/vc_row][vc_row][vc_column][vc_column_text]\n[\/vc_column_text][\/vc_column][\/vc_row][vc_row][vc_column]<div   >\n                        <div class=\"swmsc_container\">\n                            [vc_row_inner][vc_column_inner]<div  class=\"swmsc_fancy_heading swmsc_fancy_heading_center fh_icon_star\" style=\"margin-top:0;margin-bottom:60px;\">\n                        <div class=\"swmsc_fancy_heading_text\" style=\"font-size:42px;line-height:36px;\">\n                            <span style=\"color: #d0b48f;\"><strong>Misi\u00f3n<\/strong><\/span>\n                            <div class=\"swmsc_fancy_heading_border\">\n                                <span class=\"swmsc_fancy_heading_border1\" style=\"background:#87888a;\"><\/span>\n                                <span class=\"swmsc_fancy_heading_border2\" style=\"background:#87888a;\"><\/span>\n                                <span class=\"swmsc_fancy_heading_icon\"><i class=\"fa fa-star\"  style=\"color:#d0b48f;\"><\/i><\/span>\n                            <\/div>\n                        <\/div>\n                    <\/div>[\/vc_column_inner][\/vc_row_inner][vc_row_inner][vc_column_inner width=\u00bb1\/2&#8243; css=\u00bb.vc_custom_1459694804581{padding-bottom: 30px !important;}\u00bb]<div  class=\"swmsc_text_block\" > Ofrecemos propuestas de calidad dirigidas a las necesidades de los ni\u00f1os, ni\u00f1as y adolescentes, con la voluntad de contribuir a su <strong>desarrollo integral<\/strong>. Siendo conocedores de la responsabilidad de nuestra tarea, desde <a style=\"color: #d0b48f;\" href=\"https:\/\/www.cavallcartro.cat\"><strong>Cavall de Cartr\u00f3 Serveis Educatius<\/strong><\/a> creamos <strong>proyectos educativos exclusivos<\/strong> para cada una de las actividades, adaptadas tanto a sus caracter\u00edsticas como al entorno social-cultural.<\/p>\n<p>Damos mucha importancia a la <strong>pedagog\u00eda de la vida cotidiana<\/strong> de nuestros ni\u00f1os y j\u00f3venes, acompa\u00f1\u00e1ndolos para establecer la base de los futuros aprendizajes con los que se encontrar\u00e1n m\u00e1s adelante.<\/p>\n<p>Conscientes de la importancia del espacio de la alimentaci\u00f3n en las escuelas, elaboramos <strong>men\u00fas de calidad, variados, equilibrados y con productos de proximidad<\/strong>, adapt\u00e1ndolos a las necesidades alimentarias a nivel individual.<\/div>[\/vc_column_inner][vc_column_inner width=\u00bb1\/2&#8243; css=\u00bb.vc_custom_1459694811068{padding-bottom: 30px !important;}\u00bb]<div  class=\"swmsc_image_lightbox  image_left\" >\n\n                        <div class=\"swmsc_image_lightbox_img\"><img decoding=\"async\" alt=\"Gesti\u00f3 escoles bressol municipals Cavall de Cartr\u00f3\" src=\"https:\/\/www.cavallcartro.cat\/wp-content\/uploads\/2016\/12\/cavalldecartro-missio.jpg\" class=\"\" style=\"border-radius:10px;\" \/><\/div><\/div>[\/vc_column_inner][\/vc_row_inner]\n                            <div class=\"clear\"><\/div>\n                        <\/div>\n                    <\/div>[\/vc_column][\/vc_row][vc_row][vc_column][vc_column_text]\n[\/vc_column_text][\/vc_column][\/vc_row][vc_row][vc_column]<div   >\n                        <div class=\"swmsc_container\">\n                            [vc_row_inner][vc_column_inner]<div  class=\"swmsc_fancy_heading swmsc_fancy_heading_center fh_icon_star\" style=\"margin-top:0;margin-bottom:60px;\">\n                        <div class=\"swmsc_fancy_heading_text\" style=\"font-size:42px;line-height:36px;\">\n                            <span style=\"color: #d0b48f;\"><strong>Valores<br \/>\n<\/strong><\/span>\n                            <div class=\"swmsc_fancy_heading_border\">\n                                <span class=\"swmsc_fancy_heading_border1\" style=\"background:#87888a;\"><\/span>\n                                <span class=\"swmsc_fancy_heading_border2\" style=\"background:#87888a;\"><\/span>\n                                <span class=\"swmsc_fancy_heading_icon\"><i class=\"fa fa-star\"  style=\"color:#d0b48f;\"><\/i><\/span>\n                            <\/div>\n                        <\/div>\n                    <\/div><div  class=\"swmsc_tabs tabs_vertical tab_align_left\" >\n                            <ul class=\"tab-nav tab-clearfix\"><li style=\"background:#ae70af;color:#ffffff;\" class=\"swmTabIcon\" ><a href=\"#swmsc-tab-1\" style=\"color:#ffffff\"><i class=\"fa fa-- Select Icon -\"><\/i>IGUALDAD DE G\u00c9NERO<\/a><span style=\"color:#ae70af\"><i class=\"fa fa-caret-down\"><\/i><\/span><\/li><li style=\"background:#d0b48f;color:#ffffff;\" class=\"swmTabIcon\" ><a href=\"#swmsc-tab-2\" style=\"color:#ffffff\"><i class=\"fa fa-- Select Icon -\"><\/i>RESPETO A LAS PERSONAS<\/a><span style=\"color:#d0b48f\"><i class=\"fa fa-caret-down\"><\/i><\/span><\/li><li style=\"background:#9fcdb1;color:#ffffff;\" class=\"swmTabIcon\" ><a href=\"#swmsc-tab-3\" style=\"color:#ffffff\"><i class=\"fa fa-- Select Icon -\"><\/i>RESPETO HACIA EL MUNDO<\/a><span style=\"color:#9fcdb1\"><i class=\"fa fa-caret-down\"><\/i><\/span><\/li><li style=\"background:#80b5df;color:#ffffff;\" class=\"swmTabIcon\" ><a href=\"#swmsc-tab-4\" style=\"color:#ffffff\"><i class=\"fa fa-- Select Icon -\"><\/i>DI\u00c1LOGO Y COOPERACI\u00d3N<\/a><span style=\"color:#80b5df\"><i class=\"fa fa-caret-down\"><\/i><\/span><\/li><li style=\"background:#f47e40;color:#ffffff;\" class=\"swmTabIcon\" ><a href=\"#swmsc-tab-5\" style=\"color:#ffffff\"><i class=\"fa fa-- Select Icon -\"><\/i>DIVERSIDAD Y TOLERANCIA<\/a><span style=\"color:#f47e40\"><i class=\"fa fa-caret-down\"><\/i><\/span><\/li><li style=\"background:#9295cc;color:#ffffff;\" class=\"swmTabIcon\" ><a href=\"#swmsc-tab-6\" style=\"color:#ffffff\"><i class=\"fa fa-- Select Icon -\"><\/i>CREATIVIDAD<\/a><span style=\"color:#9295cc\"><i class=\"fa fa-caret-down\"><\/i><\/span><\/li><\/ul>\n                            <div id=\"swmsc-tab-1\" class=\"swmsc_tab\"><div  class=\"swmsc_image_lightbox  image_left\" >\n\n                        <div class=\"swmsc_image_lightbox_img\"><img decoding=\"async\" alt=\"\" src=\"https:\/\/www.cavallcartro.cat\/wp-content\/uploads\/2016\/12\/creativitat-1-300x200.jpg\" class=\"\" style=\"border-radius:10px;\" \/><\/div><\/div>\n<h4><span style=\"color: #ae70af;\"><strong>PLAN DE IGUALDAD<\/strong><\/span><\/h4>\n<p>Cavall de Cartr\u00f3 somos una organizaci\u00f3n comprometida con la <strong>igualdad efectiva de mujeres y hombres<\/strong>. Por eso hemos desarrollado nuestro <strong>II Plan de Igualdad<\/strong>, el marco donde se establece nuestro compromiso y las l\u00edneas operativas que nos permitir\u00e1n avanzar en materia de igualdad de g\u00e9nero.<\/p>\n<p>El <strong>Plan de Igualdad<\/strong> es un conjunto ordenado de medidas que sirven para lograr la igualdad de trato y oportunidades en la organizaci\u00f3n, asegurando la ausencia de cualquier tipo de discriminaci\u00f3n por raz\u00f3n de sexo.<\/p>\n<h4><span style=\"color: #ae70af;\"><strong>EXISTENCIA DE LOS PROTOCOLOS<\/strong><\/span><\/h4>\n<p>Disponemos de protocolos de actuaci\u00f3n en <strong>casos de acoso laboral<\/strong>, de acoso <strong>sexual y por raz\u00f3n de g\u00e9nero<\/strong>.<\/p>\n<p>Si son de vuestro inter\u00e9s o bien ten\u00e9is que notificar una incidencia al departamento de igualdad, pod\u00e9is hacerlo a trav\u00e9s de: <a href=\"mailto:canalprotocol@cavallcartro.cat\" target=\"_blank\" rel=\"noopener\">canalprotocol@cavallcartro.cat<\/a> \u2013 o tambi\u00e9n puedes acceder v\u00eda software de gesti\u00f3n de incidencias: <strong>EthicsPoint -Plataforma Navex<\/strong>-.<\/p>\n<p><img loading=\"lazy\" decoding=\"async\" class=\"size-full wp-image-6046 alignleft\" src=\"https:\/\/www.cavallcartro.cat\/wp-content\/uploads\/2023\/05\/Codi-QR-protocols-igualtat.jpg\" alt=\"Codi QR protocols igualtat\" width=\"80\" height=\"89\" \/><div class=\"clear\"><\/div><\/div><div id=\"swmsc-tab-2\" class=\"swmsc_tab\"><div  class=\"swmsc_image_lightbox  image_left\" >\n\n                        <div class=\"swmsc_image_lightbox_img\"><img decoding=\"async\" alt=\"\" src=\"https:\/\/www.cavallcartro.cat\/wp-content\/uploads\/2016\/12\/respecte-i-tolerancia-300x230.jpg\" class=\"\" style=\"border-radius:10px;\" \/><\/div><\/div>\n<h4><span style=\"color: #d0b48f;\">Respeto a las personas<\/span><\/h4>\n<p>Respetar supone aceptar y reconocer a las otras personas, sus derechos y su manera de pensar, del mismo modo que nos aceptamos y reconocemos a nosotros mismos.<div class=\"clear\"><\/div><\/div><div id=\"swmsc-tab-3\" class=\"swmsc_tab\"><div  class=\"swmsc_image_lightbox  image_left\" >\n\n                        <div class=\"swmsc_image_lightbox_img\"><img decoding=\"async\" alt=\"\" src=\"https:\/\/www.cavallcartro.cat\/wp-content\/uploads\/2016\/12\/diversitat-206x300.jpg\" class=\"\" style=\"border-radius:10px;\" \/><\/div><\/div>\n<h4><span style=\"color: #9fcdb1;\">Respeto hacia el mundo<\/span><\/h4>\n<p>valorar y cuidar de nuestro entorno m\u00e1s cercano, la naturaleza y el medio ambiente. <a style=\"color: #9fcdb1;\" href=\"https:\/\/www.cavallcartro.cat\/es\/calidad-medio-ambiente\"><strong>Potenciamos la sostenibilidad<\/strong><\/a>, en el sentido de proveer lo mejor posible hoy, sin poner en peligro los recursos del ma\u00f1ana.<div class=\"clear\"><\/div><\/div><div id=\"swmsc-tab-4\" class=\"swmsc_tab\"><div  class=\"swmsc_image_lightbox  image_left\" >\n\n                        <div class=\"swmsc_image_lightbox_img\"><img decoding=\"async\" alt=\"\" src=\"https:\/\/www.cavallcartro.cat\/wp-content\/uploads\/2016\/12\/solidaritat-300x215.jpg\" class=\"\" style=\"border-radius:10px;\" \/><\/div><\/div>\n<h4><span style=\"color: #80b5df;\"><strong>Di\u00e1logo y cooperaci\u00f3n<\/strong><\/span><\/h4>\n<p>Hablamos y nos relacionamos, hablamos de lo que nos preocupa, intercambiamos ideas y opiniones con los dem\u00e1s, enriqueci\u00e9ndose como personas. Escuchar y dialogar hace que nos conozcamos m\u00e1s, que entendamos mejor c\u00f3mo son y qu\u00e9 piensan los dem\u00e1s.<div class=\"clear\"><\/div><\/div><div id=\"swmsc-tab-5\" class=\"swmsc_tab\"><div  class=\"swmsc_image_lightbox  image_left\" >\n\n                        <div class=\"swmsc_image_lightbox_img\"><img decoding=\"async\" alt=\"\" src=\"https:\/\/www.cavallcartro.cat\/wp-content\/uploads\/2016\/12\/cooperacio-300x218.jpg\" class=\"\" style=\"border-radius:10px;\" \/><\/div><\/div>\n<h4><span style=\"color: #f47e40;\"><strong>Diversidad y tolerancia<\/strong><\/span><\/h4>\n<p>Respetamos la diferencia de razas, religiones, lenguas, valores y creencias. La tolerancia crea una sociedad arm\u00f3nica, sin conflictos, en la que se entiende la diferencia y se respeta.<div class=\"clear\"><\/div><\/div><div id=\"swmsc-tab-6\" class=\"swmsc_tab\"><div  class=\"swmsc_image_lightbox  image_left\" >\n\n                        <div class=\"swmsc_image_lightbox_img\"><img decoding=\"async\" alt=\"\" src=\"https:\/\/www.cavallcartro.cat\/wp-content\/uploads\/2016\/12\/esperit-critic-300x187.jpg\" class=\"\" style=\"border-radius:10px;\" \/><\/div><\/div>\n<h4><span style=\"color: #9295cc;\"><span style=\"color: #ae70af;\"><strong>Creatividad<\/strong><\/span><br \/>\n<\/span><\/h4>\n<p>Potenciamos la utilizaci\u00f3n de los recursos personales para encararse a las diferentes situaciones, creando alternativas y buscando situaciones innovadoras.<div class=\"clear\"><\/div><\/div>\n                        <\/div><div class=\"clear\"><\/div><div  class=\"clear swmsc_gap\" style=\"margin:100px 0 0 0;\"><\/div><div  class=\"swmsc_text_block\" > \n<p style=\"text-align: center;\"><p  class=\"swmsc_alert_success_box swmsc_alert_boxes\" >Plantearnos la misi\u00f3n, la visi\u00f3n y los valores consiste en explicar a la sociedad qui\u00e9nes somos, qu\u00e9 pretendemos hacer y conseguir, y c\u00f3mo lo queremos llevar a cabo.<\/p>\n<\/div>[\/vc_column_inner][\/vc_row_inner]\n                            <div class=\"clear\"><\/div>\n                        <\/div>\n                    <\/div>[\/vc_column][\/vc_row]\n<\/div>","protected":false},"excerpt":{"rendered":"<p>[vc_row][vc_column][\/vc_column][\/vc_row][vc_row][vc_column][vc_column_text] [\/vc_column_text][\/vc_column][\/vc_row][vc_row][vc_column][\/vc_column][\/vc_row][vc_row][vc_column][vc_column_text] [\/vc_column_text][\/vc_column][\/vc_row][vc_row][vc_column][\/vc_column][\/vc_row]<\/p>\n","protected":false},"author":1,"featured_media":0,"parent":0,"menu_order":0,"comment_status":"closed","ping_status":"closed","template":"templates\/100-width.php","meta":{"footnotes":""},"class_list":["post-2422","page","type-page","status-publish","hentry"],"yoast_head":"<!-- This site is optimized with the Yoast SEO plugin v27.5 - https:\/\/yoast.com\/product\/yoast-seo-wordpress\/ -->\n<title>Visi\u00f3n | Cavall de Cartr\u00f3 - Serveis Educatius<\/title>\n<meta name=\"description\" content=\"Visi\u00f3n: En Cavall de Cartr\u00f3 Serveis Educatius apostamos por la innovaci\u00f3n pedag\u00f3gica y las nuevas tecnolog\u00edas, as\u00ed como en otras \u00e1reas del mundo educativo.\" \/>\n<meta name=\"robots\" content=\"index, follow, max-snippet:-1, max-image-preview:large, max-video-preview:-1\" \/>\n<link rel=\"canonical\" href=\"https:\/\/www.cavallcartro.cat\/es\/vision\" \/>\n<meta property=\"og:locale\" content=\"es_ES\" \/>\n<meta property=\"og:type\" content=\"article\" \/>\n<meta property=\"og:title\" content=\"Visi\u00f3n | Cavall de Cartr\u00f3 - Serveis Educatius\" \/>\n<meta property=\"og:description\" content=\"Visi\u00f3n: En Cavall de Cartr\u00f3 Serveis Educatius apostamos por la innovaci\u00f3n pedag\u00f3gica y las nuevas tecnolog\u00edas, as\u00ed como en otras \u00e1reas del mundo educativo.\" \/>\n<meta property=\"og:url\" content=\"https:\/\/www.cavallcartro.cat\/es\/vision\" \/>\n<meta property=\"og:site_name\" content=\"Cavall de Cartr\u00f3 - Serveis Educatius\" \/>\n<meta property=\"article:publisher\" content=\"https:\/\/www.facebook.com\/cavallcartroedu\" \/>\n<meta property=\"article:modified_time\" content=\"2023-05-22T09:45:02+00:00\" \/>\n<meta property=\"og:image\" content=\"https:\/\/www.cavallcartro.cat\/wp-content\/uploads\/2023\/05\/Codi-QR-protocols-igualtat.jpg\" \/>\n<meta name=\"twitter:card\" content=\"summary_large_image\" \/>\n<meta name=\"twitter:site\" content=\"@cavallcartroedu\" \/>\n<meta name=\"twitter:label1\" content=\"Tiempo de lectura\" \/>\n\t<meta name=\"twitter:data1\" content=\"4 minutos\" \/>\n<script type=\"application\/ld+json\" class=\"yoast-schema-graph\">{\"@context\":\"https:\\\/\\\/schema.org\",\"@graph\":[{\"@type\":\"Article\",\"@id\":\"https:\\\/\\\/www.cavallcartro.cat\\\/es\\\/vision#article\",\"isPartOf\":{\"@id\":\"https:\\\/\\\/www.cavallcartro.cat\\\/es\\\/vision\"},\"author\":{\"name\":\"cgarcia\",\"@id\":\"https:\\\/\\\/www.cavallcartro.cat\\\/#\\\/schema\\\/person\\\/6747bc1660e32d545ab2b8e5927ea542\"},\"headline\":\"Visi\u00f3n\",\"datePublished\":\"2016-12-16T09:06:05+00:00\",\"dateModified\":\"2023-05-22T09:45:02+00:00\",\"mainEntityOfPage\":{\"@id\":\"https:\\\/\\\/www.cavallcartro.cat\\\/es\\\/vision\"},\"wordCount\":1224,\"publisher\":{\"@id\":\"https:\\\/\\\/www.cavallcartro.cat\\\/#organization\"},\"image\":{\"@id\":\"https:\\\/\\\/www.cavallcartro.cat\\\/es\\\/vision#primaryimage\"},\"thumbnailUrl\":\"https:\\\/\\\/www.cavallcartro.cat\\\/wp-content\\\/uploads\\\/2023\\\/05\\\/Codi-QR-protocols-igualtat.jpg\",\"inLanguage\":\"es\"},{\"@type\":\"WebPage\",\"@id\":\"https:\\\/\\\/www.cavallcartro.cat\\\/es\\\/vision\",\"url\":\"https:\\\/\\\/www.cavallcartro.cat\\\/es\\\/vision\",\"name\":\"Visi\u00f3n | Cavall de Cartr\u00f3 - Serveis Educatius\",\"isPartOf\":{\"@id\":\"https:\\\/\\\/www.cavallcartro.cat\\\/#website\"},\"primaryImageOfPage\":{\"@id\":\"https:\\\/\\\/www.cavallcartro.cat\\\/es\\\/vision#primaryimage\"},\"image\":{\"@id\":\"https:\\\/\\\/www.cavallcartro.cat\\\/es\\\/vision#primaryimage\"},\"thumbnailUrl\":\"https:\\\/\\\/www.cavallcartro.cat\\\/wp-content\\\/uploads\\\/2023\\\/05\\\/Codi-QR-protocols-igualtat.jpg\",\"datePublished\":\"2016-12-16T09:06:05+00:00\",\"dateModified\":\"2023-05-22T09:45:02+00:00\",\"description\":\"Visi\u00f3n: En Cavall de Cartr\u00f3 Serveis Educatius apostamos por la innovaci\u00f3n pedag\u00f3gica y las nuevas tecnolog\u00edas, as\u00ed como en otras \u00e1reas del mundo educativo.\",\"breadcrumb\":{\"@id\":\"https:\\\/\\\/www.cavallcartro.cat\\\/es\\\/vision#breadcrumb\"},\"inLanguage\":\"es\",\"potentialAction\":[{\"@type\":\"ReadAction\",\"target\":[\"https:\\\/\\\/www.cavallcartro.cat\\\/es\\\/vision\"]}]},{\"@type\":\"ImageObject\",\"inLanguage\":\"es\",\"@id\":\"https:\\\/\\\/www.cavallcartro.cat\\\/es\\\/vision#primaryimage\",\"url\":\"https:\\\/\\\/www.cavallcartro.cat\\\/wp-content\\\/uploads\\\/2023\\\/05\\\/Codi-QR-protocols-igualtat.jpg\",\"contentUrl\":\"https:\\\/\\\/www.cavallcartro.cat\\\/wp-content\\\/uploads\\\/2023\\\/05\\\/Codi-QR-protocols-igualtat.jpg\"},{\"@type\":\"BreadcrumbList\",\"@id\":\"https:\\\/\\\/www.cavallcartro.cat\\\/es\\\/vision#breadcrumb\",\"itemListElement\":[{\"@type\":\"ListItem\",\"position\":1,\"name\":\"Portada\",\"item\":\"https:\\\/\\\/www.cavallcartro.cat\\\/es\"},{\"@type\":\"ListItem\",\"position\":2,\"name\":\"Visi\u00f3n\"}]},{\"@type\":\"WebSite\",\"@id\":\"https:\\\/\\\/www.cavallcartro.cat\\\/#website\",\"url\":\"https:\\\/\\\/www.cavallcartro.cat\\\/\",\"name\":\"Cavall de Cartr\u00f3\",\"description\":\"Gesti\u00f3 d&#039;escoles bressol i llars d&#039;infants municipals a Barcelona i tota Catalunya.\",\"publisher\":{\"@id\":\"https:\\\/\\\/www.cavallcartro.cat\\\/#organization\"},\"potentialAction\":[{\"@type\":\"SearchAction\",\"target\":{\"@type\":\"EntryPoint\",\"urlTemplate\":\"https:\\\/\\\/www.cavallcartro.cat\\\/?s={search_term_string}\"},\"query-input\":{\"@type\":\"PropertyValueSpecification\",\"valueRequired\":true,\"valueName\":\"search_term_string\"}}],\"inLanguage\":\"es\"},{\"@type\":\"Organization\",\"@id\":\"https:\\\/\\\/www.cavallcartro.cat\\\/#organization\",\"name\":\"Cavall de Cartr\u00f3\",\"url\":\"https:\\\/\\\/www.cavallcartro.cat\\\/\",\"logo\":{\"@type\":\"ImageObject\",\"inLanguage\":\"es\",\"@id\":\"https:\\\/\\\/www.cavallcartro.cat\\\/#\\\/schema\\\/logo\\\/image\\\/\",\"url\":\"https:\\\/\\\/www.cavallcartro.cat\\\/wp-content\\\/uploads\\\/2020\\\/07\\\/Logo-Cavall-de-Cartr\u00f3-gesti\u00f3-escoles-bressol-i-menjadors-escolars-e1596129492304.png\",\"contentUrl\":\"https:\\\/\\\/www.cavallcartro.cat\\\/wp-content\\\/uploads\\\/2020\\\/07\\\/Logo-Cavall-de-Cartr\u00f3-gesti\u00f3-escoles-bressol-i-menjadors-escolars-e1596129492304.png\",\"width\":528,\"height\":274,\"caption\":\"Cavall de Cartr\u00f3\"},\"image\":{\"@id\":\"https:\\\/\\\/www.cavallcartro.cat\\\/#\\\/schema\\\/logo\\\/image\\\/\"},\"sameAs\":[\"https:\\\/\\\/www.facebook.com\\\/cavallcartroedu\",\"https:\\\/\\\/x.com\\\/cavallcartroedu\",\"https:\\\/\\\/www.instagram.com\\\/cavallcartroedu\\\/\",\"https:\\\/\\\/www.youtube.com\\\/@CavalldeCartro\"]},{\"@type\":\"Person\",\"@id\":\"https:\\\/\\\/www.cavallcartro.cat\\\/#\\\/schema\\\/person\\\/6747bc1660e32d545ab2b8e5927ea542\",\"name\":\"cgarcia\",\"image\":{\"@type\":\"ImageObject\",\"inLanguage\":\"es\",\"@id\":\"https:\\\/\\\/secure.gravatar.com\\\/avatar\\\/469990a84f48a39e93ee0d8243415a74ba5692f608ea41afee8cae0e81f99f77?s=96&d=mm&r=g\",\"url\":\"https:\\\/\\\/secure.gravatar.com\\\/avatar\\\/469990a84f48a39e93ee0d8243415a74ba5692f608ea41afee8cae0e81f99f77?s=96&d=mm&r=g\",\"contentUrl\":\"https:\\\/\\\/secure.gravatar.com\\\/avatar\\\/469990a84f48a39e93ee0d8243415a74ba5692f608ea41afee8cae0e81f99f77?s=96&d=mm&r=g\",\"caption\":\"cgarcia\"},\"url\":\"https:\\\/\\\/www.cavallcartro.cat\\\/es\\\/author\\\/cgarcia\"}]}<\/script>\n<!-- \/ Yoast SEO plugin. -->","yoast_head_json":{"title":"Visi\u00f3n | Cavall de Cartr\u00f3 - Serveis Educatius","description":"Visi\u00f3n: En Cavall de Cartr\u00f3 Serveis Educatius apostamos por la innovaci\u00f3n pedag\u00f3gica y las nuevas tecnolog\u00edas, as\u00ed como en otras \u00e1reas del mundo educativo.","robots":{"index":"index","follow":"follow","max-snippet":"max-snippet:-1","max-image-preview":"max-image-preview:large","max-video-preview":"max-video-preview:-1"},"canonical":"https:\/\/www.cavallcartro.cat\/es\/vision","og_locale":"es_ES","og_type":"article","og_title":"Visi\u00f3n | Cavall de Cartr\u00f3 - Serveis Educatius","og_description":"Visi\u00f3n: En Cavall de Cartr\u00f3 Serveis Educatius apostamos por la innovaci\u00f3n pedag\u00f3gica y las nuevas tecnolog\u00edas, as\u00ed como en otras \u00e1reas del mundo educativo.","og_url":"https:\/\/www.cavallcartro.cat\/es\/vision","og_site_name":"Cavall de Cartr\u00f3 - Serveis Educatius","article_publisher":"https:\/\/www.facebook.com\/cavallcartroedu","article_modified_time":"2023-05-22T09:45:02+00:00","og_image":[{"url":"https:\/\/www.cavallcartro.cat\/wp-content\/uploads\/2023\/05\/Codi-QR-protocols-igualtat.jpg","type":"","width":"","height":""}],"twitter_card":"summary_large_image","twitter_site":"@cavallcartroedu","twitter_misc":{"Tiempo de lectura":"4 minutos"},"schema":{"@context":"https:\/\/schema.org","@graph":[{"@type":"Article","@id":"https:\/\/www.cavallcartro.cat\/es\/vision#article","isPartOf":{"@id":"https:\/\/www.cavallcartro.cat\/es\/vision"},"author":{"name":"cgarcia","@id":"https:\/\/www.cavallcartro.cat\/#\/schema\/person\/6747bc1660e32d545ab2b8e5927ea542"},"headline":"Visi\u00f3n","datePublished":"2016-12-16T09:06:05+00:00","dateModified":"2023-05-22T09:45:02+00:00","mainEntityOfPage":{"@id":"https:\/\/www.cavallcartro.cat\/es\/vision"},"wordCount":1224,"publisher":{"@id":"https:\/\/www.cavallcartro.cat\/#organization"},"image":{"@id":"https:\/\/www.cavallcartro.cat\/es\/vision#primaryimage"},"thumbnailUrl":"https:\/\/www.cavallcartro.cat\/wp-content\/uploads\/2023\/05\/Codi-QR-protocols-igualtat.jpg","inLanguage":"es"},{"@type":"WebPage","@id":"https:\/\/www.cavallcartro.cat\/es\/vision","url":"https:\/\/www.cavallcartro.cat\/es\/vision","name":"Visi\u00f3n | Cavall de Cartr\u00f3 - Serveis Educatius","isPartOf":{"@id":"https:\/\/www.cavallcartro.cat\/#website"},"primaryImageOfPage":{"@id":"https:\/\/www.cavallcartro.cat\/es\/vision#primaryimage"},"image":{"@id":"https:\/\/www.cavallcartro.cat\/es\/vision#primaryimage"},"thumbnailUrl":"https:\/\/www.cavallcartro.cat\/wp-content\/uploads\/2023\/05\/Codi-QR-protocols-igualtat.jpg","datePublished":"2016-12-16T09:06:05+00:00","dateModified":"2023-05-22T09:45:02+00:00","description":"Visi\u00f3n: En Cavall de Cartr\u00f3 Serveis Educatius apostamos por la innovaci\u00f3n pedag\u00f3gica y las nuevas tecnolog\u00edas, as\u00ed como en otras \u00e1reas del mundo educativo.","breadcrumb":{"@id":"https:\/\/www.cavallcartro.cat\/es\/vision#breadcrumb"},"inLanguage":"es","potentialAction":[{"@type":"ReadAction","target":["https:\/\/www.cavallcartro.cat\/es\/vision"]}]},{"@type":"ImageObject","inLanguage":"es","@id":"https:\/\/www.cavallcartro.cat\/es\/vision#primaryimage","url":"https:\/\/www.cavallcartro.cat\/wp-content\/uploads\/2023\/05\/Codi-QR-protocols-igualtat.jpg","contentUrl":"https:\/\/www.cavallcartro.cat\/wp-content\/uploads\/2023\/05\/Codi-QR-protocols-igualtat.jpg"},{"@type":"BreadcrumbList","@id":"https:\/\/www.cavallcartro.cat\/es\/vision#breadcrumb","itemListElement":[{"@type":"ListItem","position":1,"name":"Portada","item":"https:\/\/www.cavallcartro.cat\/es"},{"@type":"ListItem","position":2,"name":"Visi\u00f3n"}]},{"@type":"WebSite","@id":"https:\/\/www.cavallcartro.cat\/#website","url":"https:\/\/www.cavallcartro.cat\/","name":"Cavall de Cartr\u00f3","description":"Gesti\u00f3 d&#039;escoles bressol i llars d&#039;infants municipals a Barcelona i tota Catalunya.","publisher":{"@id":"https:\/\/www.cavallcartro.cat\/#organization"},"potentialAction":[{"@type":"SearchAction","target":{"@type":"EntryPoint","urlTemplate":"https:\/\/www.cavallcartro.cat\/?s={search_term_string}"},"query-input":{"@type":"PropertyValueSpecification","valueRequired":true,"valueName":"search_term_string"}}],"inLanguage":"es"},{"@type":"Organization","@id":"https:\/\/www.cavallcartro.cat\/#organization","name":"Cavall de Cartr\u00f3","url":"https:\/\/www.cavallcartro.cat\/","logo":{"@type":"ImageObject","inLanguage":"es","@id":"https:\/\/www.cavallcartro.cat\/#\/schema\/logo\/image\/","url":"https:\/\/www.cavallcartro.cat\/wp-content\/uploads\/2020\/07\/Logo-Cavall-de-Cartr\u00f3-gesti\u00f3-escoles-bressol-i-menjadors-escolars-e1596129492304.png","contentUrl":"https:\/\/www.cavallcartro.cat\/wp-content\/uploads\/2020\/07\/Logo-Cavall-de-Cartr\u00f3-gesti\u00f3-escoles-bressol-i-menjadors-escolars-e1596129492304.png","width":528,"height":274,"caption":"Cavall de Cartr\u00f3"},"image":{"@id":"https:\/\/www.cavallcartro.cat\/#\/schema\/logo\/image\/"},"sameAs":["https:\/\/www.facebook.com\/cavallcartroedu","https:\/\/x.com\/cavallcartroedu","https:\/\/www.instagram.com\/cavallcartroedu\/","https:\/\/www.youtube.com\/@CavalldeCartro"]},{"@type":"Person","@id":"https:\/\/www.cavallcartro.cat\/#\/schema\/person\/6747bc1660e32d545ab2b8e5927ea542","name":"cgarcia","image":{"@type":"ImageObject","inLanguage":"es","@id":"https:\/\/secure.gravatar.com\/avatar\/469990a84f48a39e93ee0d8243415a74ba5692f608ea41afee8cae0e81f99f77?s=96&d=mm&r=g","url":"https:\/\/secure.gravatar.com\/avatar\/469990a84f48a39e93ee0d8243415a74ba5692f608ea41afee8cae0e81f99f77?s=96&d=mm&r=g","contentUrl":"https:\/\/secure.gravatar.com\/avatar\/469990a84f48a39e93ee0d8243415a74ba5692f608ea41afee8cae0e81f99f77?s=96&d=mm&r=g","caption":"cgarcia"},"url":"https:\/\/www.cavallcartro.cat\/es\/author\/cgarcia"}]}},"_links":{"self":[{"href":"https:\/\/www.cavallcartro.cat\/es\/wp-json\/wp\/v2\/pages\/2422","targetHints":{"allow":["GET"]}}],"collection":[{"href":"https:\/\/www.cavallcartro.cat\/es\/wp-json\/wp\/v2\/pages"}],"about":[{"href":"https:\/\/www.cavallcartro.cat\/es\/wp-json\/wp\/v2\/types\/page"}],"author":[{"embeddable":true,"href":"https:\/\/www.cavallcartro.cat\/es\/wp-json\/wp\/v2\/users\/1"}],"replies":[{"embeddable":true,"href":"https:\/\/www.cavallcartro.cat\/es\/wp-json\/wp\/v2\/comments?post=2422"}],"version-history":[{"count":17,"href":"https:\/\/www.cavallcartro.cat\/es\/wp-json\/wp\/v2\/pages\/2422\/revisions"}],"predecessor-version":[{"id":6049,"href":"https:\/\/www.cavallcartro.cat\/es\/wp-json\/wp\/v2\/pages\/2422\/revisions\/6049"}],"wp:attachment":[{"href":"https:\/\/www.cavallcartro.cat\/es\/wp-json\/wp\/v2\/media?parent=2422"}],"curies":[{"name":"wp","href":"https:\/\/api.w.org\/{rel}","templated":true}]}}