{"version":"1.0","provider_name":"Cavall de Cartr\u00f3 - Serveis Educatius","provider_url":"https:\/\/www.cavallcartro.cat\/es","author_name":"cgarcia","author_url":"https:\/\/www.cavallcartro.cat\/es\/author\/cgarcia","title":"Las emociones en la peque\u00f1a infancia","type":"rich","width":600,"height":338,"html":"<blockquote class=\"wp-embedded-content\" data-secret=\"E1MQUFeinZ\"><a href=\"https:\/\/www.cavallcartro.cat\/es\/las-emociones-en-la-pequena-infancia\">Las emociones en la peque\u00f1a infancia<\/a><\/blockquote><iframe sandbox=\"allow-scripts\" security=\"restricted\" src=\"https:\/\/www.cavallcartro.cat\/es\/las-emociones-en-la-pequena-infancia\/embed#?secret=E1MQUFeinZ\" width=\"600\" height=\"338\" title=\"\u00abLas emociones en la peque\u00f1a infancia\u00bb \u2014 Cavall de Cartr\u00f3 - Serveis Educatius\" data-secret=\"E1MQUFeinZ\" frameborder=\"0\" marginwidth=\"0\" marginheight=\"0\" scrolling=\"no\" class=\"wp-embedded-content\"><\/iframe><script type=\"text\/javascript\">\n\/* <![CDATA[ *\/\n\/*! This file is auto-generated *\/\n!function(d,l){\"use strict\";l.querySelector&&d.addEventListener&&\"undefined\"!=typeof URL&&(d.wp=d.wp||{},d.wp.receiveEmbedMessage||(d.wp.receiveEmbedMessage=function(e){var t=e.data;if((t||t.secret||t.message||t.value)&&!\/[^a-zA-Z0-9]\/.test(t.secret)){for(var s,r,n,a=l.querySelectorAll('iframe[data-secret=\"'+t.secret+'\"]'),o=l.querySelectorAll('blockquote[data-secret=\"'+t.secret+'\"]'),c=new RegExp(\"^https?:$\",\"i\"),i=0;i<o.length;i++)o[i].style.display=\"none\";for(i=0;i<a.length;i++)s=a[i],e.source===s.contentWindow&&(s.removeAttribute(\"style\"),\"height\"===t.message?(1e3<(r=parseInt(t.value,10))?r=1e3:~~r<200&&(r=200),s.height=r):\"link\"===t.message&&(r=new URL(s.getAttribute(\"src\")),n=new URL(t.value),c.test(n.protocol))&&n.host===r.host&&l.activeElement===s&&(d.top.location.href=t.value))}},d.addEventListener(\"message\",d.wp.receiveEmbedMessage,!1),l.addEventListener(\"DOMContentLoaded\",function(){for(var e,t,s=l.querySelectorAll(\"iframe.wp-embedded-content\"),r=0;r<s.length;r++)(t=(e=s[r]).getAttribute(\"data-secret\"))||(t=Math.random().toString(36).substring(2,12),e.src+=\"#?secret=\"+t,e.setAttribute(\"data-secret\",t)),e.contentWindow.postMessage({message:\"ready\",secret:t},\"*\")},!1)))}(window,document);\n\/\/# sourceURL=https:\/\/www.cavallcartro.cat\/wp-includes\/js\/wp-embed.min.js\n\/* ]]> *\/\n<\/script>\n","thumbnail_url":"https:\/\/www.cavallcartro.cat\/wp-content\/uploads\/2020\/07\/Emocions-a-la-petita-inf\u00e0ncia-i-escoles-bressol.jpg","thumbnail_width":600,"thumbnail_height":300,"description":"Hablamos de emociones en la peque\u00f1a infancia, en un art\u00edculo que disfrutar\u00e9is mucho, a cargo de la directora y una de las educadoras de la escuela infantil municipal Mestre Jan\u00e9. Es muy importante iniciar el escrito reflexionando sobre la importancia de los primeros a\u00f1os de vida de una persona, la [&hellip;]"}